{"id":2913,"date":"2025-08-13T14:01:49","date_gmt":"2025-08-13T12:01:49","guid":{"rendered":"https:\/\/inspirujmese.eu\/cs\/?page_id=2913"},"modified":"2025-10-16T14:58:37","modified_gmt":"2025-10-16T12:58:37","slug":"archiv-2018","status":"publish","type":"page","link":"https:\/\/inspirujmese.eu\/cs\/archiv-2018\/","title":{"rendered":"Archiv 2018"},"content":{"rendered":"[et_pb_section fb_built=&#8220;1&#8243; _builder_version=&#8220;4.27.4&#8243; _module_preset=&#8220;default&#8220; background_enable_color=&#8220;off&#8220; background_image=&#8220;https:\/\/inspirujmese.eu\/wp-content\/uploads\/2025\/08\/P20180227_5048.webp&#8220; background_position=&#8220;bottom_center&#8220; background_vertical_offset=&#8220;64%&#8220; global_colors_info=&#8220;{}&#8220;][et_pb_row _builder_version=&#8220;4.27.4&#8243; _module_preset=&#8220;default&#8220; width=&#8220;100%&#8220; max_width=&#8220;100%&#8220; min_height=&#8220;100%&#8220; height=&#8220;100%&#8220; global_colors_info=&#8220;{}&#8220;][et_pb_column type=&#8220;4_4&#8243; _builder_version=&#8220;4.27.0&#8243; _module_preset=&#8220;default&#8220; global_colors_info=&#8220;{}&#8220;][et_pb_text _builder_version=&#8220;4.27.4&#8243; _module_preset=&#8220;default&#8220; header_font=&#8220;|||on|||||&#8220; header_text_color=&#8220;#FFFFFF&#8220; header_font_size=&#8220;46px&#8220; header_font_size_tablet=&#8220;37px&#8220; header_font_size_phone=&#8220;29px&#8220; header_font_size_last_edited=&#8220;on|phone&#8220; content_sk_sk=&#8220;<h1 class=%22hero-title%22 style=%22text-align: center;%22><span style=%22color: #ffffff;%22>2018 \u2013 INSPIRUJME SE\u2026 M\u011aSTY A REGIONY<\/span><\/h1>&#8220; global_colors_info=&#8220;{}&#8220;]<h1 class=\"hero-title\" style=\"text-align: center;\"><span style=\"color: #ffffff;\">2018 \u2013 INSPIRUJME SE\u2026 M\u011aSTY A REGIONY<\/span><\/h1>[\/et_pb_text][\/et_pb_column][\/et_pb_row][\/et_pb_section][et_pb_section fb_built=&#8220;1&#8243; _builder_version=&#8220;4.27.4&#8243; _module_preset=&#8220;default&#8220; background_color=&#8220;#3c3d3f&#8220; global_colors_info=&#8220;{}&#8220;][et_pb_row _builder_version=&#8220;4.27.0&#8243; _module_preset=&#8220;default&#8220; global_colors_info=&#8220;{}&#8220;][et_pb_column type=&#8220;4_4&#8243; _builder_version=&#8220;4.27.0&#8243; _module_preset=&#8220;default&#8220; global_colors_info=&#8220;{}&#8220;][et_pb_text content_tablet=&#8220;<h2 class=%22space-bottom%22 style=%22text-align: center;%22>O KONFERENCI<\/h2>\n<div style=%22text-align: justify;%22>CENIA, \u010desk\u00e1 informa\u010dn\u00ed agentura \u017eivotn\u00edho prost\u0159ed\u00ed a Ministerstvo \u017eivotn\u00e9ho prostredia Slovenskej republiky v\u00e1s zvou na des\u00e1t\u00fd ro\u010dn\u00edk konference Inspirujme se\u2026 m\u011bsty a regiony.<\/div>\n<div style=%22text-align: justify;%22>Podtitul konference je letos v\u011bnov\u00e1n obc\u00edm a region\u016fm. Ty jsou v oblasti z\u00edsk\u00e1v\u00e1n\u00ed i vyu\u017e\u00edv\u00e1n\u00ed dat pro rozhodov\u00e1n\u00ed a \u0159\u00edzen\u00ed rozvoje \u00fazem\u00ed zcela z\u00e1sadn\u00edmi partnery pro org\u00e1ny st\u00e1tn\u00ed spr\u00e1vy i pro odborn\u00e9 organizace.<\/div>\n<div style=%22text-align: justify;%22>Rozhodov\u00e1n\u00ed zalo\u017een\u00e9 na datech by m\u011blo b\u00fdt ji\u017e standardem na v\u0161ech \u00farovn\u00edch ve\u0159ejn\u00e9 spr\u00e1vy. Data, zpracovan\u00e1 do formy indik\u00e1tor\u016f, umo\u017e\u0148uj\u00ed sledovat posun, rozvoj, zm\u011bnu; vyhodnocovat nov\u011b vznikl\u00e9 situace. Obce a regiony p\u0159itom \u010dasto vyu\u017e\u00edvaj\u00ed nejen vlastn\u00ed, ale t\u00e9\u017e data jin\u00fdch poskytovatel\u016f. Je jim dob\u0159e zn\u00e1mo, jak d\u016fle\u017eit\u00e9 je data otev\u0159en\u011b publikovat, udr\u017eovat aktu\u00e1ln\u00ed a pr\u016fb\u011b\u017en\u011b zvy\u0161ovat jejich kvalitu. Obce a regiony se nav\u00edc stanou i v\u00fdznamn\u00fdmi poskytovateli dat pro INSPIRE.<\/div>\n<div style=%22text-align: justify;%22>Udr\u017eiteln\u00fd rozvoj \u00fazem\u00ed je pr\u016f\u0159ezov\u00fdm principem, jeho\u017e uplat\u0148ov\u00e1n\u00ed je z\u00e1sadn\u00ed ve v\u0161ech oblastech a na v\u0161ech \u00farovn\u00edch ve\u0159ejn\u00e9 spr\u00e1vy. \u010cesk\u00e9 i slovensk\u00e9 obce a regiony se mohou pochlubit zaj\u00edmav\u00fdmi p\u0159\u00edklady vyu\u017eit\u00ed inovativn\u00edch technologi\u00ed p\u0159i z\u00edsk\u00e1v\u00e1n\u00ed a vyu\u017e\u00edv\u00e1n\u00ed dat, stejn\u011b jako p\u0159i \u0159\u00edzen\u00ed ka\u017edodenn\u00edho \u017eivota m\u011bst. Vyu\u017e\u00edvaj\u00ed data a technologie t\u00e9\u017e k lep\u0161\u00ed komunikaci s ob\u010dany a uplat\u0148ov\u00e1n\u00ed participativn\u00edho p\u0159\u00edstupu k \u0159\u00edzen\u00ed. V\u00fdm\u011bna zku\u0161enost\u00ed i otev\u0159en\u00e1 diskuse nad mo\u017enostmi vyu\u017eit\u00ed dostupn\u00fdch dat i technick\u00fdch \u0159e\u0161en\u00ed je jedn\u00edm z hlavn\u00edch c\u00edl\u016f konference.<\/div>\n<div style=%22text-align: justify;%22>Nejde v\u0161ak jen o pohled z m\u011bst a region\u016f. Za uplynul\u00fdch deset let jsme pod hlavi\u010dkou INSPIRE vybudovali v \u010cR i SR stabiln\u00ed infrastrukturu. Publikujeme data, provozujeme port\u00e1ly, s vyu\u017eit\u00edm dat informujeme a zapojujeme ve\u0159ejnost do d\u011bn\u00ed. Data ve\u0159ejnosti d\u00e1le otv\u00edr\u00e1me. Rozv\u00edj\u00edme ji\u017e funguj\u00edc\u00ed eGovernment. A zde u\u017e nemluv\u00edme jen o regionech a obc\u00edch, ale obecn\u011b o ve\u0159ejn\u00e9 spr\u00e1v\u011b, kde je, jak v\u011b\u0159\u00edme, situace st\u00e1le lep\u0161\u00ed.<\/div>\n<div style=%22text-align: justify;%22>Nem\u00e9n\u011b d\u016fle\u017eit\u00fdm c\u00edlem konference je poskytnout i dostatek prostoru povinn\u00fdm poskytovatel\u016fm, jejich prezentac\u00edm dosavadn\u00edch v\u00fdsledk\u016f harmonizace, pr\u00e1ce s datov\u00fdmi modely INSPIRE a evropsk\u00e9ho environment\u00e1ln\u00edho reportingu, nov\u00fdch technick\u00fdch \u0159e\u0161en\u00ed nebo inovativn\u00edch p\u0159\u00edstup\u016f k tomu, co se ji\u017e zd\u00e1lo b\u00fdt vy\u0159e\u0161eno. V tomto sm\u011bru nab\u00edz\u00edme prostor i z\u00e1stupc\u016fm soukrom\u00e9ho sektoru.<\/div>\n<div style=%22text-align: justify;%22>V r\u00e1mci doprovodn\u00e9ho programu prob\u011bhne semin\u00e1\u0159 projektu ATTRACTIVE DANUBE.<\/div>\n<div style=%22text-align: justify;%22>P\u0159ij\u010fte se s n\u00e1mi o va\u0161e zku\u0161enosti pod\u011blit a inspirovat t\u00edm n\u011bkoho dal\u0161\u00edho.<\/div>\n<div style=%22text-align: justify;%22>Na shledanou 27. a 28. 2. 2018 ve Floretu.<\/div>\n<div style=%22text-align: justify;%22>T\u011b\u0161\u00edme se na v\u00e1s!<\/div>\n<div style=%22text-align: center;%22>Organiza\u010dn\u00ed t\u00fdm CENIA a M\u017dP SR<\/div>&#8220; content_phone=&#8220;<h2 class=%22space-bottom%22 style=%22text-align: center;%22>O KONFERENCI<\/h2>\n<div style=%22text-align: justify;%22>CENIA, \u010desk\u00e1 informa\u010dn\u00ed agentura \u017eivotn\u00edho prost\u0159ed\u00ed a Ministerstvo \u017eivotn\u00e9ho prostredia Slovenskej republiky v\u00e1s zvou na des\u00e1t\u00fd ro\u010dn\u00edk konference Inspirujme se\u2026 m\u011bsty a regiony.<\/div>\n<div style=%22text-align: justify;%22>Podtitul konference je letos v\u011bnov\u00e1n obc\u00edm a region\u016fm. Ty jsou v oblasti z\u00edsk\u00e1v\u00e1n\u00ed i vyu\u017e\u00edv\u00e1n\u00ed dat pro rozhodov\u00e1n\u00ed a \u0159\u00edzen\u00ed rozvoje \u00fazem\u00ed zcela z\u00e1sadn\u00edmi partnery pro org\u00e1ny st\u00e1tn\u00ed spr\u00e1vy i pro odborn\u00e9 organizace.<\/div>\n<div style=%22text-align: justify;%22>Rozhodov\u00e1n\u00ed zalo\u017een\u00e9 na datech by m\u011blo b\u00fdt ji\u017e standardem na v\u0161ech \u00farovn\u00edch ve\u0159ejn\u00e9 spr\u00e1vy. Data, zpracovan\u00e1 do formy indik\u00e1tor\u016f, umo\u017e\u0148uj\u00ed sledovat posun, rozvoj, zm\u011bnu; vyhodnocovat nov\u011b vznikl\u00e9 situace. Obce a regiony p\u0159itom \u010dasto vyu\u017e\u00edvaj\u00ed nejen vlastn\u00ed, ale t\u00e9\u017e data jin\u00fdch poskytovatel\u016f. Je jim dob\u0159e zn\u00e1mo, jak d\u016fle\u017eit\u00e9 je data otev\u0159en\u011b publikovat, udr\u017eovat aktu\u00e1ln\u00ed a pr\u016fb\u011b\u017en\u011b zvy\u0161ovat jejich kvalitu. Obce a regiony se nav\u00edc stanou i v\u00fdznamn\u00fdmi poskytovateli dat pro INSPIRE.<\/div>\n<div style=%22text-align: justify;%22>Udr\u017eiteln\u00fd rozvoj \u00fazem\u00ed je pr\u016f\u0159ezov\u00fdm principem, jeho\u017e uplat\u0148ov\u00e1n\u00ed je z\u00e1sadn\u00ed ve v\u0161ech oblastech a na v\u0161ech \u00farovn\u00edch ve\u0159ejn\u00e9 spr\u00e1vy. \u010cesk\u00e9 i slovensk\u00e9 obce a regiony se mohou pochlubit zaj\u00edmav\u00fdmi p\u0159\u00edklady vyu\u017eit\u00ed inovativn\u00edch technologi\u00ed p\u0159i z\u00edsk\u00e1v\u00e1n\u00ed a vyu\u017e\u00edv\u00e1n\u00ed dat, stejn\u011b jako p\u0159i \u0159\u00edzen\u00ed ka\u017edodenn\u00edho \u017eivota m\u011bst. Vyu\u017e\u00edvaj\u00ed data a technologie t\u00e9\u017e k lep\u0161\u00ed komunikaci s ob\u010dany a uplat\u0148ov\u00e1n\u00ed participativn\u00edho p\u0159\u00edstupu k \u0159\u00edzen\u00ed. V\u00fdm\u011bna zku\u0161enost\u00ed i otev\u0159en\u00e1 diskuse nad mo\u017enostmi vyu\u017eit\u00ed dostupn\u00fdch dat i technick\u00fdch \u0159e\u0161en\u00ed je jedn\u00edm z hlavn\u00edch c\u00edl\u016f konference.<\/div>\n<div style=%22text-align: justify;%22>Nejde v\u0161ak jen o pohled z m\u011bst a region\u016f. Za uplynul\u00fdch deset let jsme pod hlavi\u010dkou INSPIRE vybudovali v \u010cR i SR stabiln\u00ed infrastrukturu. Publikujeme data, provozujeme port\u00e1ly, s vyu\u017eit\u00edm dat informujeme a zapojujeme ve\u0159ejnost do d\u011bn\u00ed. Data ve\u0159ejnosti d\u00e1le otv\u00edr\u00e1me. Rozv\u00edj\u00edme ji\u017e funguj\u00edc\u00ed eGovernment. A zde u\u017e nemluv\u00edme jen o regionech a obc\u00edch, ale obecn\u011b o ve\u0159ejn\u00e9 spr\u00e1v\u011b, kde je, jak v\u011b\u0159\u00edme, situace st\u00e1le lep\u0161\u00ed.<\/div>\n<div style=%22text-align: justify;%22>Nem\u00e9n\u011b d\u016fle\u017eit\u00fdm c\u00edlem konference je poskytnout i dostatek prostoru povinn\u00fdm poskytovatel\u016fm, jejich prezentac\u00edm dosavadn\u00edch v\u00fdsledk\u016f harmonizace, pr\u00e1ce s datov\u00fdmi modely INSPIRE a evropsk\u00e9ho environment\u00e1ln\u00edho reportingu, nov\u00fdch technick\u00fdch \u0159e\u0161en\u00ed nebo inovativn\u00edch p\u0159\u00edstup\u016f k tomu, co se ji\u017e zd\u00e1lo b\u00fdt vy\u0159e\u0161eno. V tomto sm\u011bru nab\u00edz\u00edme prostor i z\u00e1stupc\u016fm soukrom\u00e9ho sektoru.<\/div>\n<div style=%22text-align: justify;%22>V r\u00e1mci doprovodn\u00e9ho programu prob\u011bhne semin\u00e1\u0159 projektu ATTRACTIVE DANUBE.<\/div>\n<div style=%22text-align: justify;%22>P\u0159ij\u010fte se s n\u00e1mi o va\u0161e zku\u0161enosti pod\u011blit a inspirovat t\u00edm n\u011bkoho dal\u0161\u00edho.<\/div>\n<div style=%22text-align: justify;%22>Na shledanou 27. a 28. 2. 2018 ve Floretu.<\/div>\n<div style=%22text-align: justify;%22>T\u011b\u0161\u00edme se na v\u00e1s!<\/div>\n<div style=%22text-align: center;%22>Organiza\u010dn\u00ed t\u00fdm CENIA a M\u017dP SR<\/div>&#8220; content_last_edited=&#8220;on|phone&#8220; _builder_version=&#8220;4.27.4&#8243; _module_preset=&#8220;default&#8220; text_font=&#8220;&#8211;et_global_body_font|300|||||||&#8220; text_text_color=&#8220;#FFFFFF&#8220; text_font_size=&#8220;15px&#8220; text_line_height=&#8220;2em&#8220; header_font=&#8220;Roboto||||||||&#8220; header_2_font=&#8220;&#8211;et_global_heading_font|||||||#FFFFFF|&#8220; header_2_text_color=&#8220;#FFFFFF&#8220; header_2_font_size=&#8220;44px&#8220; header_3_text_color=&#8220;#FFFFFF&#8220; header_3_font_size=&#8220;30px&#8220; custom_padding=&#8220;||0px|||&#8220; text_font_size_tablet=&#8220;15px&#8220; text_font_size_phone=&#8220;12px&#8220; text_font_size_last_edited=&#8220;on|phone&#8220; content_sk_sk=&#8220;<h2 class=%22space-bottom%22 style=%22text-align: center;%22>O KONFERENCI<\/h2>\n<div style=%22text-align: justify;%22>CENIA, \u010desk\u00e1 informa\u010dn\u00ed agentura \u017eivotn\u00edho prost\u0159ed\u00ed a Ministerstvo \u017eivotn\u00e9ho prostredia Slovenskej republiky v\u00e1s zvou na des\u00e1t\u00fd ro\u010dn\u00edk konference Inspirujme se\u2026 m\u011bsty a regiony.<\/div>\n<div style=%22text-align: justify;%22>Podtitul konference je letos v\u011bnov\u00e1n obc\u00edm a region\u016fm. Ty jsou v oblasti z\u00edsk\u00e1v\u00e1n\u00ed i vyu\u017e\u00edv\u00e1n\u00ed dat pro rozhodov\u00e1n\u00ed a \u0159\u00edzen\u00ed rozvoje \u00fazem\u00ed zcela z\u00e1sadn\u00edmi partnery pro org\u00e1ny st\u00e1tn\u00ed spr\u00e1vy i pro odborn\u00e9 organizace.<\/div>\n<div style=%22text-align: justify;%22>Rozhodov\u00e1n\u00ed zalo\u017een\u00e9 na datech by m\u011blo b\u00fdt ji\u017e standardem na v\u0161ech \u00farovn\u00edch ve\u0159ejn\u00e9 spr\u00e1vy. Data, zpracovan\u00e1 do formy indik\u00e1tor\u016f, umo\u017e\u0148uj\u00ed sledovat posun, rozvoj, zm\u011bnu; vyhodnocovat nov\u011b vznikl\u00e9 situace. Obce a regiony p\u0159itom \u010dasto vyu\u017e\u00edvaj\u00ed nejen vlastn\u00ed, ale t\u00e9\u017e data jin\u00fdch poskytovatel\u016f. Je jim dob\u0159e zn\u00e1mo, jak d\u016fle\u017eit\u00e9 je data otev\u0159en\u011b publikovat, udr\u017eovat aktu\u00e1ln\u00ed a pr\u016fb\u011b\u017en\u011b zvy\u0161ovat jejich kvalitu. Obce a regiony se nav\u00edc stanou i v\u00fdznamn\u00fdmi poskytovateli dat pro INSPIRE.<\/div>\n<div style=%22text-align: justify;%22>Udr\u017eiteln\u00fd rozvoj \u00fazem\u00ed je pr\u016f\u0159ezov\u00fdm principem, jeho\u017e uplat\u0148ov\u00e1n\u00ed je z\u00e1sadn\u00ed ve v\u0161ech oblastech a na v\u0161ech \u00farovn\u00edch ve\u0159ejn\u00e9 spr\u00e1vy. \u010cesk\u00e9 i slovensk\u00e9 obce a regiony se mohou pochlubit zaj\u00edmav\u00fdmi p\u0159\u00edklady vyu\u017eit\u00ed inovativn\u00edch technologi\u00ed p\u0159i z\u00edsk\u00e1v\u00e1n\u00ed a vyu\u017e\u00edv\u00e1n\u00ed dat, stejn\u011b jako p\u0159i \u0159\u00edzen\u00ed ka\u017edodenn\u00edho \u017eivota m\u011bst. Vyu\u017e\u00edvaj\u00ed data a technologie t\u00e9\u017e k lep\u0161\u00ed komunikaci s ob\u010dany a uplat\u0148ov\u00e1n\u00ed participativn\u00edho p\u0159\u00edstupu k \u0159\u00edzen\u00ed. V\u00fdm\u011bna zku\u0161enost\u00ed i otev\u0159en\u00e1 diskuse nad mo\u017enostmi vyu\u017eit\u00ed dostupn\u00fdch dat i technick\u00fdch \u0159e\u0161en\u00ed je jedn\u00edm z hlavn\u00edch c\u00edl\u016f konference.<\/div>\n<div style=%22text-align: justify;%22>Nejde v\u0161ak jen o pohled z m\u011bst a region\u016f. Za uplynul\u00fdch deset let jsme pod hlavi\u010dkou INSPIRE vybudovali v \u010cR i SR stabiln\u00ed infrastrukturu. Publikujeme data, provozujeme port\u00e1ly, s vyu\u017eit\u00edm dat informujeme a zapojujeme ve\u0159ejnost do d\u011bn\u00ed. Data ve\u0159ejnosti d\u00e1le otv\u00edr\u00e1me. Rozv\u00edj\u00edme ji\u017e funguj\u00edc\u00ed eGovernment. A zde u\u017e nemluv\u00edme jen o regionech a obc\u00edch, ale obecn\u011b o ve\u0159ejn\u00e9 spr\u00e1v\u011b, kde je, jak v\u011b\u0159\u00edme, situace st\u00e1le lep\u0161\u00ed.<\/div>\n<div style=%22text-align: justify;%22>Nem\u00e9n\u011b d\u016fle\u017eit\u00fdm c\u00edlem konference je poskytnout i dostatek prostoru povinn\u00fdm poskytovatel\u016fm, jejich prezentac\u00edm dosavadn\u00edch v\u00fdsledk\u016f harmonizace, pr\u00e1ce s datov\u00fdmi modely INSPIRE a evropsk\u00e9ho environment\u00e1ln\u00edho reportingu, nov\u00fdch technick\u00fdch \u0159e\u0161en\u00ed nebo inovativn\u00edch p\u0159\u00edstup\u016f k tomu, co se ji\u017e zd\u00e1lo b\u00fdt vy\u0159e\u0161eno. V tomto sm\u011bru nab\u00edz\u00edme prostor i z\u00e1stupc\u016fm soukrom\u00e9ho sektoru.<\/div>\n<div style=%22text-align: justify;%22>V r\u00e1mci doprovodn\u00e9ho programu prob\u011bhne semin\u00e1\u0159 projektu ATTRACTIVE DANUBE.<\/div>\n<div style=%22text-align: justify;%22>P\u0159ij\u010fte se s n\u00e1mi o va\u0161e zku\u0161enosti pod\u011blit a inspirovat t\u00edm n\u011bkoho dal\u0161\u00edho.<\/div>\n<div style=%22text-align: justify;%22>Na shledanou 27. a 28. 2. 2018 ve Floretu.<\/div>\n<div style=%22text-align: justify;%22>T\u011b\u0161\u00edme se na v\u00e1s!<\/div>\n<div style=%22text-align: center;%22>Organiza\u010dn\u00ed t\u00fdm CENIA a M\u017dP SR<\/div>&#8220; global_colors_info=&#8220;{}&#8220;]<div class=\"row col-xs-12\">\n<div class=\"section-title-col content-center-sm\" data-type=\"column\">\n<h2 class=\"space-bottom\" style=\"text-align: center;\">O KONFERENCI<\/h2>\n<div style=\"text-align: justify;\">CENIA, \u010desk\u00e1 informa\u010dn\u00ed agentura \u017eivotn\u00edho prost\u0159ed\u00ed a Ministerstvo \u017eivotn\u00e9ho prostredia Slovenskej republiky v\u00e1s zvou na des\u00e1t\u00fd ro\u010dn\u00edk konference Inspirujme se\u2026 m\u011bsty a regiony.<\/div>\n<div style=\"text-align: justify;\">Podtitul konference je letos v\u011bnov\u00e1n obc\u00edm a region\u016fm. Ty jsou v oblasti z\u00edsk\u00e1v\u00e1n\u00ed i vyu\u017e\u00edv\u00e1n\u00ed dat pro rozhodov\u00e1n\u00ed a \u0159\u00edzen\u00ed rozvoje \u00fazem\u00ed zcela z\u00e1sadn\u00edmi partnery pro org\u00e1ny st\u00e1tn\u00ed spr\u00e1vy i pro odborn\u00e9 organizace.<\/div>\n<div style=\"text-align: justify;\">Rozhodov\u00e1n\u00ed zalo\u017een\u00e9 na datech by m\u011blo b\u00fdt ji\u017e standardem na v\u0161ech \u00farovn\u00edch ve\u0159ejn\u00e9 spr\u00e1vy. Data, zpracovan\u00e1 do formy indik\u00e1tor\u016f, umo\u017e\u0148uj\u00ed sledovat posun, rozvoj, zm\u011bnu; vyhodnocovat nov\u011b vznikl\u00e9 situace. Obce a regiony p\u0159itom \u010dasto vyu\u017e\u00edvaj\u00ed nejen vlastn\u00ed, ale t\u00e9\u017e data jin\u00fdch poskytovatel\u016f. Je jim dob\u0159e zn\u00e1mo, jak d\u016fle\u017eit\u00e9 je data otev\u0159en\u011b publikovat, udr\u017eovat aktu\u00e1ln\u00ed a pr\u016fb\u011b\u017en\u011b zvy\u0161ovat jejich kvalitu. Obce a regiony se nav\u00edc stanou i v\u00fdznamn\u00fdmi poskytovateli dat pro INSPIRE.<\/div>\n<div style=\"text-align: justify;\">Udr\u017eiteln\u00fd rozvoj \u00fazem\u00ed je pr\u016f\u0159ezov\u00fdm principem, jeho\u017e uplat\u0148ov\u00e1n\u00ed je z\u00e1sadn\u00ed ve v\u0161ech oblastech a na v\u0161ech \u00farovn\u00edch ve\u0159ejn\u00e9 spr\u00e1vy. \u010cesk\u00e9 i slovensk\u00e9 obce a regiony se mohou pochlubit zaj\u00edmav\u00fdmi p\u0159\u00edklady vyu\u017eit\u00ed inovativn\u00edch technologi\u00ed p\u0159i z\u00edsk\u00e1v\u00e1n\u00ed a vyu\u017e\u00edv\u00e1n\u00ed dat, stejn\u011b jako p\u0159i \u0159\u00edzen\u00ed ka\u017edodenn\u00edho \u017eivota m\u011bst. Vyu\u017e\u00edvaj\u00ed data a technologie t\u00e9\u017e k lep\u0161\u00ed komunikaci s ob\u010dany a uplat\u0148ov\u00e1n\u00ed participativn\u00edho p\u0159\u00edstupu k \u0159\u00edzen\u00ed. V\u00fdm\u011bna zku\u0161enost\u00ed i otev\u0159en\u00e1 diskuse nad mo\u017enostmi vyu\u017eit\u00ed dostupn\u00fdch dat i technick\u00fdch \u0159e\u0161en\u00ed je jedn\u00edm z hlavn\u00edch c\u00edl\u016f konference.<\/div>\n<div style=\"text-align: justify;\">Nejde v\u0161ak jen o pohled z m\u011bst a region\u016f. Za uplynul\u00fdch deset let jsme pod hlavi\u010dkou INSPIRE vybudovali v \u010cR i SR stabiln\u00ed infrastrukturu. Publikujeme data, provozujeme port\u00e1ly, s vyu\u017eit\u00edm dat informujeme a zapojujeme ve\u0159ejnost do d\u011bn\u00ed. Data ve\u0159ejnosti d\u00e1le otv\u00edr\u00e1me. Rozv\u00edj\u00edme ji\u017e funguj\u00edc\u00ed eGovernment. A zde u\u017e nemluv\u00edme jen o regionech a obc\u00edch, ale obecn\u011b o ve\u0159ejn\u00e9 spr\u00e1v\u011b, kde je, jak v\u011b\u0159\u00edme, situace st\u00e1le lep\u0161\u00ed.<\/div>\n<div style=\"text-align: justify;\">Nem\u00e9n\u011b d\u016fle\u017eit\u00fdm c\u00edlem konference je poskytnout i dostatek prostoru povinn\u00fdm poskytovatel\u016fm, jejich prezentac\u00edm dosavadn\u00edch v\u00fdsledk\u016f harmonizace, pr\u00e1ce s datov\u00fdmi modely INSPIRE a evropsk\u00e9ho environment\u00e1ln\u00edho reportingu, nov\u00fdch technick\u00fdch \u0159e\u0161en\u00ed nebo inovativn\u00edch p\u0159\u00edstup\u016f k tomu, co se ji\u017e zd\u00e1lo b\u00fdt vy\u0159e\u0161eno. V tomto sm\u011bru nab\u00edz\u00edme prostor i z\u00e1stupc\u016fm soukrom\u00e9ho sektoru.<\/div>\n<div style=\"text-align: justify;\">V r\u00e1mci doprovodn\u00e9ho programu prob\u011bhne semin\u00e1\u0159 projektu ATTRACTIVE DANUBE.<\/div>\n<div style=\"text-align: justify;\">P\u0159ij\u010fte se s n\u00e1mi o va\u0161e zku\u0161enosti pod\u011blit a inspirovat t\u00edm n\u011bkoho dal\u0161\u00edho.<\/div>\n<div style=\"text-align: justify;\">Na shledanou 27. a 28. 2. 2018 ve Floretu.<\/div>\n<div style=\"text-align: justify;\">T\u011b\u0161\u00edme se na v\u00e1s!<\/div>\n<div style=\"text-align: center;\">Organiza\u010dn\u00ed t\u00fdm CENIA a M\u017dP SR<\/div>\n<\/div>\n<\/div>[\/et_pb_text][\/et_pb_column][\/et_pb_row][\/et_pb_section][et_pb_section fb_built=&#8220;1&#8243; module_id=&#8220;foto&#8220; _builder_version=&#8220;4.27.3&#8243; _module_preset=&#8220;default&#8220; global_colors_info=&#8220;{}&#8220;][et_pb_row _builder_version=&#8220;4.27.0&#8243; _module_preset=&#8220;default&#8220; global_colors_info=&#8220;{}&#8220;][et_pb_column type=&#8220;4_4&#8243; _builder_version=&#8220;4.27.0&#8243; _module_preset=&#8220;default&#8220; global_colors_info=&#8220;{}&#8220;][et_pb_gallery gallery_ids=&#8220;2920,2921,2922,2923,2919,2924,2925,2926,2927,2928,2929,2930,2931,2932,2933,2934,2935,2936,2937,2938,2939,2940,2941,2942,2943,2944,2945,2947,2946,2948,2949,2950,2951,2952,2953,2954,2955,2956,2957,2958,2959,2960,2961,2962,2963,2964,2965,2966,2967,2968,2969,2970,2971,2972,2973,2974,2975,2976,2977,2978,2979,2980,2981,2982,2983,2984,2985,2986,2987,2988,2989,2990,2991,2992,2993,2994,2995,2996,2997,2998,2999,3000,3001,3002,3003,3004,3005,3006,3007,3008,3009,3010,3011,3012,3013,3014,3015,3016,3017,3018,3019,3020,3021,3022,3023,3024,3025,3026,3027,3028,3029,3030,3031,3032,3033,3034,3035,3036,3037,3038,3039,3040,3041,3042,3043,3044,3045,3046,3047,3048,3049,3050,3051,3052,3053,3054,3055,3056,3057,3058,3059,3060,3061,3062,3063&#8243; posts_number=&#8220;16&#8243; show_title_and_caption=&#8220;off&#8220; zoom_icon_color=&#8220;#707070&#8243; hover_icon=&#8220;&#x54;||divi||400&#8243; _builder_version=&#8220;4.27.4&#8243; _module_preset=&#8220;default&#8220; title_level=&#8220;h4&#8243; caption_text_color=&#8220;#000000&#8243; pagination_font=&#8220;||||||||&#8220; pagination_text_color=&#8220;#000000&#8243; custom_css_free_form=&#8220;.mfp-title { display: none !important; }&#8220; global_colors_info=&#8220;{}&#8220;][\/et_pb_gallery][\/et_pb_column][\/et_pb_row][\/et_pb_section][et_pb_section fb_built=&#8220;1&#8243; _builder_version=&#8220;4.27.4&#8243; _module_preset=&#8220;default&#8220; background_enable_color=&#8220;off&#8220; global_colors_info=&#8220;{}&#8220;][et_pb_row _builder_version=&#8220;4.27.4&#8243; _module_preset=&#8220;default&#8220; width=&#8220;100%&#8220; custom_padding=&#8220;0px||0px||false|false&#8220; global_colors_info=&#8220;{}&#8220;][et_pb_column type=&#8220;4_4&#8243; _builder_version=&#8220;4.27.0&#8243; _module_preset=&#8220;default&#8220; global_colors_info=&#8220;{}&#8220;][et_pb_code _builder_version=&#8220;4.27.4&#8243; _module_preset=&#8220;default&#8220; text_orientation=&#8220;center&#8220; hover_enabled=&#8220;0&#8243; global_colors_info=&#8220;{}&#8220; sticky_enabled=&#8220;0&#8243;]<div  data-label=\"program\" data-id=\"content--3\" data-export-id=\"content-6-materialis\" data-category=\"content\" class=\"content-6m content-section-spacing-large content-section\" id=\"program\" style=\"background-color: rgba(255, 255, 255, 0.953); background-image: url(\"https:\/\/inspirujmese.eu\/2018\/obrazky\/20211005_092955.jpg\"); background-size: cover; background-position: center top;\" data-section-ov=\"1\"><div  class=\"gridContainer\"> <div  class=\"row\"><div  class=\"section-title-col large\" data-type=\"column\"> <h2  class=\"space-bottom\"><span  style=\"font-weight: 500;\">PROGRAM<span  id=\"_mce_caret\" data-mce-bogus=\"1\" data-mce-type=\"format-caret\"><\/span><\/span><\/h2><\/div><\/div><!-- [et_pb_line_break_holder] --><!-- [et_pb_line_break_holder] --><!-- [et_pb_line_break_holder] --><!-- [et_pb_line_break_holder] --><!-- [et_pb_line_break_holder] --><div style=\"color: #000000; font-size: 18px; font-family: Calibri; text-align: left; margin-top: 10px; margin-bottom: 20px;\">Program konference ke sta\u017een\u00ed ve form\u00e1tu PDF <a href=\"https:\/\/inspirujmese.eu\/2018\/prezentace\/program_2018_a4.pdf?_t=1760616699\" target=\"_blank\" rel=\"noopener noreferrer\">zde<\/a>.<\/div><!-- [et_pb_line_break_holder] --><div style=\"color: #000000; font-size: 18px; font-family: Calibri; text-align: left; margin-top: 20px; margin-bottom: 20px;\"><strong>\u00daTER\u00dd 27. \u00daNORA<\/strong><\/div><!-- [et_pb_line_break_holder] --><div style=\"color: #000000; font-size: 18px; font-family: Calibri; text-align: left; margin-top: 20px; margin-bottom: 20px;\"><strong>09:00 \u2013 14:00 Registrace<\/strong><\/div><!-- [et_pb_line_break_holder] --><div style=\"color: #000000; font-size: 18px; font-family: Calibri; text-align: left; margin-top: 0px; margin-bottom: 10px;\"><strong>3. n\u00e1rodn\u00ed workshop projektu <a href=\"http:\/\/www.interreg-danube.eu\/approved-projects\/attractive-danube\" target=\"_blank\" rel=\"noopener noreferrer\">ATTRACTIVE DANUBE<\/a> <\/strong><\/div><!-- [et_pb_line_break_holder] --><div style=\"color: #000000; font-size: 18px; font-family: Calibri; text-align: left; margin-top: 0px; margin-bottom: 10px;\"><strong>09:00 \u2013 10:00 workshop 1.\u010d\u00e1st<\/strong><\/div><!-- [et_pb_line_break_holder] --><div style=\"color: #000000; font-size: 18px; font-family: Calibri; text-align: left; margin-top: 10px;\"><strong><a href=\"https:\/\/inspirujmese.eu\/2018\/prezentace\/01_attractive_danube_o_projektu_faugnerova.pdf?_t=1757943744\" target=\"_blank\" rel=\"noopener noreferrer\">Projekt ATTRACTIVE DANUBE: \u00fazemn\u00ed atraktivita a jej\u00ed indik\u00e1tory<\/a><\/strong><\/div><!-- [et_pb_line_break_holder] --><div style=\"color: #000000; font-size: 18px; font-family: Calibri; text-align: left; margin-top: 0px;\"><em>Jitka Faugnerov\u00e1, CENIA, \u010desk\u00e1 informa\u010dn\u00ed agentura \u017eivotn\u00edho prost\u0159ed\u00ed<\/em><\/div><!-- [et_pb_line_break_holder] --><div style=\"color: #000000; font-size: 18px; font-family: Calibri; text-align: left; margin-top: 10px;\"><strong><a href=\"https:\/\/inspirujmese.eu\/2018\/prezentace\/02_attractive_danube_uzemni_atraktivita_cikankova.pdf?_t=1757943761\" target=\"_blank\" rel=\"noopener noreferrer\">\u00dazemn\u00ed atraktivita &#8211; Aktu\u00e1ln\u00ed t\u00e9ma nap\u0159\u00ed\u010d podunajsk\u00fdm regionem<\/a><\/strong><\/div><!-- [et_pb_line_break_holder] --><div style=\"color: #000000; font-size: 18px; font-family: Calibri; text-align: left; margin-top: 0px;\"><em>Jarmila Cik\u00e1nkov\u00e1, CENIA, \u010desk\u00e1 informa\u010dn\u00ed agentura \u017eivotn\u00edho prost\u0159ed\u00ed<\/em><\/div><!-- [et_pb_line_break_holder] --><div style=\"color: #000000; font-size: 18px; font-family: Calibri; text-align: left; margin-top: 20px; margin-bottom: 20px;\"><strong>10:00 \u2013 10:30 P\u0159est\u00e1vka<\/strong><\/div><!-- [et_pb_line_break_holder] --><div style=\"color: #000000; font-size: 18px; font-family: Calibri; text-align: left; margin-top: 10px; margin-bottom: 10px;\"><strong>12:00 \u2013 13:00 workshop 2.\u010d\u00e1st<\/strong><\/div><!-- [et_pb_line_break_holder] --><div style=\"color: #000000; font-size: 18px; font-family: Calibri; text-align: left; margin-top: 10px;\"><strong><a href=\"https:\/\/inspirujmese.eu\/2018\/prezentace\/03_prezentace_ws3_kodetova_v3.pdf?_t=1757943773\" target=\"_blank\" rel=\"noopener noreferrer\">N\u00e1rodn\u00ed platforma pro monitoring atraktivity \u00fazem\u00ed <\/a><\/strong><\/div><!-- [et_pb_line_break_holder] --><div style=\"color: #000000; font-size: 18px; font-family: Calibri; text-align: left; margin-top: 0px;\"><em>Al\u017ebeta Kodetov\u00e1, CENIA, \u010desk\u00e1 informa\u010dn\u00ed agentura \u017eivotn\u00edho prost\u0159ed\u00ed<\/em><\/div><!-- [et_pb_line_break_holder] --><div style=\"color: #000000; font-size: 18px; font-family: Calibri; text-align: left; margin-top: 10px;\"><strong><a href=\"https:\/\/inspirujmese.eu\/2018\/prezentace\/04_ins18_csbkls_27022018.pdf?_t=1757943787\" target=\"_blank\" rel=\"noopener noreferrer\">Komplexnos\u0165 d\u00e1t z h\u013eadiska maximaliz\u00e1cie atraktivity lok\u00e1lnych destin\u00e1ci\u00ed v prospech ekonomiky cestovn\u00e9ho ruchu<\/a><\/strong><\/div><!-- [et_pb_line_break_holder] --><div style=\"color: #000000; font-size: 18px; font-family: Calibri; text-align: left; margin-top: 0px;\"><em>Csaba Sidor, Branislav Kr\u0161\u00e1k, \u013dubom\u00edr \u0160trba, Technick\u00e1 univerzita v Ko\u0161iciach<\/em><\/div><!-- [et_pb_line_break_holder] --><div style=\"color: #000000; font-size: 18px; font-family: Calibri; text-align: left; margin-top: 10px;\"><strong><a href=\"https:\/\/inspirujmese.eu\/2018\/prezentace\/05_d21_inspirujme_se.pdf?_t=1757943797\" target=\"_blank\" rel=\"noopener noreferrer\">M\u011bstsk\u00e1 data: jak na n\u011b<\/a><\/strong><\/div><!-- [et_pb_line_break_holder] --><div style=\"color: #000000; font-size: 18px; font-family: Calibri; text-align: left; margin-top: 0px;\"><em>Tom\u00e1\u0161 R\u00e1kos, D21<\/em><\/div><!-- [et_pb_line_break_holder] --><div style=\"color: #000000; font-size: 18px; font-family: Calibri; text-align: left; margin-top: 10px;\"><strong><a href=\"https:\/\/inspirujmese.eu\/2018\/prezentace\/06_important_steps_towards_a_knowledge-based_society-rs_2018-1.pdf?_t=1757943807\" target=\"_blank\" rel=\"noopener noreferrer\">D\u016fle\u017eit\u00e9 kroky sm\u011brem k spole\u010dnosti zalo\u017een\u00e9 na znalostech<\/a><\/strong><\/div><!-- [et_pb_line_break_holder] --><div style=\"color: #000000; font-size: 18px; font-family: Calibri; text-align: left; margin-top: 0px;\"><em>R\u016f\u017eena Svedelius, BAS konsult<\/em><\/div><!-- [et_pb_line_break_holder] --><div style=\"color: #000000; font-size: 18px; font-family: Calibri; text-align: left; margin-top: 20px;\"><strong>12:00 \u2013 13:00 Ob\u011bd<\/strong><\/div><!-- [et_pb_line_break_holder] --><div style=\"color: #000000; font-size: 18px; font-family: Calibri; text-align: left; margin-top: 20px;\"><strong>14:00 \u2013 16:00 Zah\u00e1jen\u00ed konference Inspirujme se&#8230; m\u011bsty a regiony<\/strong><\/div><!-- [et_pb_line_break_holder] --><div style=\"color: #000000; font-size: 18px; font-family: Calibri; text-align: left; margin-top: 0px;\"><em>z\u00e1stupce Ministerstva \u017eivotn\u00edho prost\u0159ed\u00ed \u010cR<\/em><\/div><!-- [et_pb_line_break_holder] --><div style=\"color: #000000; font-size: 18px; font-family: Calibri; text-align: left; margin-top: 0px;\"><em>Vladim\u00edr Fanta, \u0159editel CENIA, \u010desk\u00e1 informa\u010dn\u00ed agentura \u017eivotn\u00edho prost\u0159ed\u00ed<\/em><\/div><!-- [et_pb_line_break_holder] --><div style=\"color: #000000; font-size: 18px; font-family: Calibri; text-align: left; margin-top: 0px;\"><em>Martin Tuchy\u0148a, z\u00e1stupce Ministerstva \u017eivotn\u00e9ho prostredia SR<\/em><\/div><!-- [et_pb_line_break_holder] --><div style=\"color: #000000; font-size: 18px; font-family: Calibri; text-align: left; margin-top: 20px;\"><strong>13:20 \u2013 14:30 Inspiruj\u00edc\u00ed se m\u011bsta, udr\u017eiteln\u00fd INSPIRE<\/strong><\/div><!-- [et_pb_line_break_holder] --><div style=\"color: #000000; font-size: 18px; font-family: Calibri; text-align: left; margin-top: 10px;\"><strong><a href=\"https:\/\/inspirujmese.eu\/2018\/prezentace\/07_inspire_cz_sk_conference_2018_robertkonrad.pdf?_t=1757943820\" target=\"_blank\" rel=\"noopener noreferrer\">The INSPIRE 2018-2020 compliance promotion strategy<\/a><\/strong><\/div><!-- [et_pb_line_break_holder] --><div style=\"color: #000000; font-size: 18px; font-family: Calibri; text-align: left; margin-top: 0px;\"><em>Robert Konrad, DG ENV, European Commission, Belgium<\/em><\/div><!-- [et_pb_line_break_holder] --><div style=\"color: #000000; font-size: 18px; font-family: Calibri; text-align: left; margin-top: 10px;\"><strong><a href=\"https:\/\/inspirujmese.eu\/2018\/prezentace\/08_mp_insp_2018_mariepetrova.pdf?_t=1757943832\" target=\"_blank\" rel=\"noopener noreferrer\">Udr\u017eiteln\u00e1 m\u011bsta &#8211; komplexn\u00ed p\u0159\u00edstup k pl\u00e1nov\u00e1n\u00ed a \u0159\u00edzen\u00ed<\/a><\/strong><\/div><!-- [et_pb_line_break_holder] --><div style=\"color: #000000; font-size: 18px; font-family: Calibri; text-align: left; margin-top: 0px;\"><em>Marie Petrov\u00e1, Ministerstvo \u017eivotn\u00edho prost\u0159ed\u00ed \u010cR<\/em><\/div><!-- [et_pb_line_break_holder] --><div style=\"color: #000000; font-size: 18px; font-family: Calibri; text-align: left; margin-top: 10px;\"><strong><a href=\"https:\/\/inspirujmese.eu\/2018\/prezentace\/09_prezentace.pdf?_t=1757943849\" target=\"_blank\" rel=\"noopener noreferrer\">Smyslupln\u00e9 aplikace nad INSPIRE aneb \u0158ezn\u00edk a spol. od vina\u0159e cukr\u00e1\u0159em<\/a><\/strong><\/div><!-- [et_pb_line_break_holder] --><div style=\"color: #000000; font-size: 18px; font-family: Calibri; text-align: left; margin-top: 0px;\"><em>Tom\u00e1\u0161 \u0158ezn\u00edk, Asociace Plan4all \u2013 cesta k otev\u0159en\u00fdm harmonizovan\u00fdm dat\u016fm v Evrop\u011b<\/em><\/div><!-- [et_pb_line_break_holder] --><div style=\"color: #000000; font-size: 18px; font-family: Calibri; text-align: left; margin-top: 20px; margin-botom: 20px;\"><strong>14:30\u00a0\u2013 15:00 P\u0159est\u00e1vka<\/strong><\/div><!-- [et_pb_line_break_holder] --><div style=\"color: #000000; font-size: 18px; font-family: Calibri; text-align: left; margin-top: 20px; margin-botom: 10px;\"><strong>16:05 Data o stavu \u017eivotn\u00edho prost\u0159ed\u00ed v INSPIRE<\/strong><\/div><!-- [et_pb_line_break_holder] --><div style=\"color: #000000; font-size: 18px; font-family: Calibri; text-align: left; margin-top: 10px;\"><strong><a href=\"https:\/\/inspirujmese.eu\/2018\/prezentace\/10_inspre_geoportal_thematic_viewer.pdf?_t=1757943859\" target=\"_blank\" rel=\"noopener noreferrer\">INSPIRE Thematic Viewer \u2013 focusing on the Users <\/a><\/strong><\/div><!-- [et_pb_line_break_holder] --><div style=\"color: #000000; font-size: 18px; font-family: Calibri; text-align: left; margin-top: 0px;\"><em>Robert Tomas, DG JRC, European Commission, Italy<\/em><\/div><!-- [et_pb_line_break_holder] --><div style=\"color: #000000; font-size: 18px; font-family: Calibri; text-align: left; margin-top: 10px;\"><strong><a href=\"https:\/\/inspirujmese.eu\/2018\/prezentace\/11_inspire_prioritni_data_pro_zivotni_prostredi_faugnerova.pdf?_t=1757943869\" target=\"_blank\" rel=\"noopener noreferrer\">P\u0159\u00edprava prioritn\u00edch dat o stavu \u017eivotn\u00edho prost\u0159ed\u00ed v \u010cR<\/a><\/strong><\/div><!-- [et_pb_line_break_holder] --><div style=\"color: #000000; font-size: 18px; font-family: Calibri; text-align: left; margin-top: 0px;\"><em>Jitka Faugnerov\u00e1, CENIA, \u010desk\u00e1 informa\u010dn\u00ed agentura \u017eivotn\u00edho prost\u0159ed\u00ed<\/em><\/div><!-- [et_pb_line_break_holder] --><div style=\"color: #000000; font-size: 18px; font-family: Calibri; text-align: left; margin-top: 10px;\"><strong><a href=\"https:\/\/inspirujmese.eu\/2018\/prezentace\/12_20180227_prezentacia_inspire_prioritne_datasety.pdf?_t=1757943881\" target=\"_blank\" rel=\"noopener noreferrer\">P\u0159\u00edprava prioritn\u00edch dat o stavu \u017eivotn\u00edho prost\u0159ed\u00ed v SR <\/a><\/strong><\/div><!-- [et_pb_line_break_holder] --><div style=\"color: #000000; font-size: 18px; font-family: Calibri; text-align: left; margin-top: 0px;\"><em>Martin Tuchy\u0148a, Ministerstvo \u017eivotn\u00e9ho prostredia SR<\/em><\/div><!-- [et_pb_line_break_holder] --><div style=\"color: #000000; font-size: 18px; font-family: Calibri; text-align: left; margin-top: 10px;\"><strong><a href=\"https:\/\/inspirujmese.eu\/2018\/prezentace\/13_quality_assurance_and_usage_analytics_for_inspire_services.pdf?_t=1757943896\" target=\"_blank\" rel=\"noopener noreferrer\">Quality Assurance &#038; Usage Analytics for INSPIRE Services<\/a><\/strong><\/div><!-- [et_pb_line_break_holder] --><div style=\"color: #000000; font-size: 18px; font-family: Calibri; text-align: left; margin-top: 0px;\"><em><em>Fabio Bittencourt, Spatineo<\/em><\/em><!-- [et_pb_line_break_holder] --><div style=\"color: #000000; font-size: 18px; font-family: Calibri; text-align: left; margin-top: 20px; margin-bottom: 20px;\"><strong>16:30 \u2013 17:00 P\u0159est\u00e1vka<\/strong><\/div><!-- [et_pb_line_break_holder] --><div style=\"color: #000000; font-size: 18px; font-family: Calibri; text-align: left; margin-top: 10px;\"><strong>17:00 \u2013 18:50 Chytr\u00e9 m\u011bsto poslouch\u00e1 sv\u00e9 obyvatele &#8211; I.<\/strong><\/div><!-- [et_pb_line_break_holder] --><div style=\"color: #000000; font-size: 18px; font-family: Calibri; text-align: left; margin-top: 10px;\"><strong><a href=\"https:\/\/inspirujmese.eu\/2018\/prezentace\/14_d21_-_pb_-_inspirujme_se.pdf?_t=1757943910\" target=\"_blank\" rel=\"noopener noreferrer\">Participativn\u00ed rozpo\u010dtov\u00e1n\u00ed v \u010cR<\/a><\/strong><\/div><!-- [et_pb_line_break_holder] --><div style=\"color: #000000; font-size: 18px; font-family: Calibri; text-align: left; margin-top: 0px;\"><em>Tom\u00e1\u0161 R\u00e1kos, D21<\/em><\/div><!-- [et_pb_line_break_holder] --><div style=\"color: #000000; font-size: 18px; font-family: Calibri; text-align: left; margin-top: 10px;\"><strong><a href=\"https:\/\/inspirujmese.eu\/2018\/prezentace\/15_cityvizor_prezentace_kolar_v2.pdf?_t=1757943924\" target=\"_blank\" rel=\"noopener noreferrer\">CityVizor<\/a><\/strong><\/div><!-- [et_pb_line_break_holder] --><div style=\"color: #000000; font-size: 18px; font-family: Calibri; text-align: left; margin-top: 0px;\"><em>Daniel Kol\u00e1\u0159, Otev\u0159en\u00e1 m\u011bsta<\/em><\/div><!-- [et_pb_line_break_holder] --><div style=\"color: #000000; font-size: 18px; font-family: Calibri; text-align: left; margin-top: 10px;\"><strong><a href=\"https:\/\/inspirujmese.eu\/2018\/prezentace\/16_cpx.pdf?_t=1757943935\" target=\"_blank\" rel=\"noopener noreferrer\">Jak z\u00edskat kvalitn\u011bj\u0161\u00ed data katastru d\u00edky INSPIRE<\/a><\/strong><\/div><!-- [et_pb_line_break_holder] --><div style=\"color: #000000; font-size: 18px; font-family: Calibri; text-align: left; margin-top: 0px;\"><em>Michal Med, \u010cesk\u00fd \u00fa\u0159ad zem\u011bm\u011b\u0159ick\u00fd a katastr\u00e1ln\u00ed<\/em><\/div><!-- [et_pb_line_break_holder] --><div style=\"color: #000000; font-size: 18px; font-family: Calibri; text-align: left; margin-top: 10px;\"><strong><a href=\"https:\/\/inspirujmese.eu\/2018\/prezentace\/17_udrzitelna_mesta_-_zamereni_na_oblasti_ktere_se_tykaji_kazdodenniho_zivota_obcanu_rs_2018.pdf?_t=1757943951\" target=\"_blank\" rel=\"noopener noreferrer\">Udr\u017eiteln\u00e1 m\u011bsta &#8211; zam\u011b\u0159en\u00ed na oblasti, kter\u00e9 se t\u00fdkaj\u00ed ka\u017edodenn\u00edho \u017eivota ob\u010dan\u016f<\/a><\/strong><\/div><!-- [et_pb_line_break_holder] --><div style=\"color: #000000; font-size: 18px; font-family: Calibri; text-align: left; margin-top: 0px;\"><em>R\u016f\u017eena Svedelius, BAS konsult<\/em><\/div><!-- [et_pb_line_break_holder] --><div style=\"color: #000000; font-size: 18px; font-family: Calibri; text-align: left; margin-top: 10px;\"><strong><a href=\"https:\/\/inspirujmese.eu\/2018\/prezentace\/18_2018_mapy_kolem_nas_-_konference_inspire_1.pdf?_t=1757943963\" target=\"_blank\" rel=\"noopener noreferrer\">Mapy kolem n\u00e1s <\/a><\/strong><\/div><!-- [et_pb_line_break_holder] --><div style=\"color: #000000; font-size: 18px; font-family: Calibri; text-align: left; margin-top: 0px;\"><em>Irena Ko\u0161kov\u00e1, Libereck\u00fd kraj<\/em><\/div><!-- [et_pb_line_break_holder] --><div style=\"color: #000000; font-size: 18px; font-family: Calibri; text-align: left; margin-top: 20px;\"><strong>18:50 Z\u00e1v\u011br prvn\u00edho<\/strong> <strong>dne<\/strong><strong> konference, slosov\u00e1n\u00ed dotazn\u00edk\u016f.<\/strong><\/div><!-- [et_pb_line_break_holder] --><div style=\"color: #000000; font-size: 18px; font-family: Calibri; text-align: left; margin-top: 0px;\"><em>Dotazn\u00edk je sou\u010d\u00e1st\u00ed konferen\u010dn\u00edch materi\u00e1l\u016f. Vypln\u011bn\u00e9 dotazn\u00edky bude mo\u017en\u00e9 odevzdat b\u011bhem cel\u00e9ho dne u registrace. V\u011bcn\u00e9 ceny obdr\u017e\u00ed pouze \u00fa\u010dastn\u00edci p\u0159\u00edtomni v s\u00e1le v dob\u011b slosov\u00e1n\u00ed. <\/em><\/div><!-- [et_pb_line_break_holder] --><div style=\"color: #000000; font-size: 18px; font-family: Calibri; text-align: left; margin-top: 20px;\"><strong>19:00 \u2013 23:00 Spole\u010densk\u00fd ve\u010der<\/strong><\/div><!-- [et_pb_line_break_holder] --><hr class=\"wp-block-separator\" \/><!-- [et_pb_line_break_holder] --><div style=\"color: #000000; font-size: 18px; font-family: Calibri; text-align: left; margin-top: 30px; margin-bottom: 20px;\"><strong>ST\u0158EDA 28. \u00daNORA<\/strong><\/div><!-- [et_pb_line_break_holder] --><div style=\"color: #000000; font-size: 18px; font-family: Calibri; text-align: left; margin-top: 20px; margin-bottom: 20px;\"><strong>08:30 \u2013 10:00 Registrace<\/strong><\/div><!-- [et_pb_line_break_holder] --><div style=\"color: #000000; font-size: 18px; font-family: Calibri; text-align: left; margin-top: 0px; margin-bottom: 10px;\"><strong>09:30 \u2013 11:30 Open data, e-government a prostorov\u00e1 data<\/strong><\/div><!-- [et_pb_line_break_holder] --><div style=\"color: #000000; font-size: 18px; font-family: Calibri; text-align: left; margin-top: 10px;\"><strong><a href=\"https:\/\/inspirujmese.eu\/2018\/prezentace\/19_20180228_prezentacia_inspire_egov_opendata_final.pdf?_t=1757943970\" target=\"_blank\" rel=\"noopener noreferrer\">Synergia aktiv\u00edt INSPIRE, eGovernment a Open Data v SR<\/a><\/strong><\/div><!-- [et_pb_line_break_holder] --><div style=\"color: #000000; font-size: 18px; font-family: Calibri; text-align: left; margin-top: 0px;\"><em>Martin Tuchy\u0148a, J\u00e1n T\u00f3bik, Jozef Nov\u00e1\u010dek, Ministerstvo \u017eivotn\u00e9ho prostredia SR<\/em><\/div><!-- [et_pb_line_break_holder] --><div style=\"color: #000000; font-size: 18px; font-family: Calibri; text-align: left; margin-top: 10px;\"><strong><a href=\"https:\/\/inspirujmese.eu\/2018\/prezentace\/20_Nesnera_Inspirujme_se_2018.pdf?_t=1757943985\" target=\"_blank\" rel=\"noopener noreferrer\">P\u0159es GDPR k otev\u0159en\u00fdm dat\u016fm<\/a><\/strong><\/div><!-- [et_pb_line_break_holder] --><div style=\"color: #000000; font-size: 18px; font-family: Calibri; text-align: left; margin-top: 0px;\"><em>Ladislav Ne\u0161n\u011bra, Otev\u0159en\u00e1 m\u011bsta<\/em><\/div><!-- [et_pb_line_break_holder] --><div style=\"color: #000000; font-size: 18px; font-family: Calibri; text-align: left; margin-top: 10px;\"><strong><a href=\"https:\/\/inspirujmese.eu\/2018\/prezentace\/21_sguds_ako_sucast_evs.pdf?_t=1757943992\" target=\"_blank\" rel=\"noopener noreferrer\">\u0160t\u00e1tny geologick\u00fd \u00fastav Dion\u00fdza \u0160t\u00fara ako s\u00fa\u010das\u0165 efekt\u00edvnej verejnej spr\u00e1vy SR <\/a><\/strong><\/div><!-- [et_pb_line_break_holder] --><div style=\"color: #000000; font-size: 18px; font-family: Calibri; text-align: left; margin-top: 0px;\"><em>\u0160tefan K\u00e1\u010der, R\u00f3bert Cibula, \u0160G\u00daD\u0160<\/em><\/div><!-- [et_pb_line_break_holder] --><div style=\"color: #000000; font-size: 18px; font-family: Calibri; text-align: left; margin-top: 10px;\"><strong><a href=\"https:\/\/inspirujmese.eu\/2018\/prezentace\/22_validace_dat_inspire.pdf?_t=1757944004\" target=\"_blank\" rel=\"noopener noreferrer\">Hodnocen\u00ed m\u00edry implementace INSPIRE <\/a><\/strong><\/div><!-- [et_pb_line_break_holder] --><div style=\"color: #000000; font-size: 18px; font-family: Calibri; text-align: left; margin-top: 0px;\"><em>Veronika K\u016fsov\u00e1, Michal Med, Ji\u0159\u00ed Pol\u00e1\u010dek, Ivana Svat\u00e1, \u010cesk\u00fd \u00fa\u0159ad zem\u011bm\u011b\u0159ick\u00fd a katastr\u00e1ln\u00ed<\/em><\/div><!-- [et_pb_line_break_holder] --><div style=\"color: #000000; font-size: 18px; font-family: Calibri; text-align: left; margin-top: 10px;\"><strong><a href=\"https:\/\/inspirujmese.eu\/2018\/prezentace\/23_inspirujmese.pdf?_t=1757944013\" target=\"_blank\" rel=\"noopener noreferrer\">Novinky rezorte Geod\u00e9zie, kartografie a katastra <\/a><\/strong><\/div><!-- [et_pb_line_break_holder] --><div style=\"color: #000000; font-size: 18px; font-family: Calibri; text-align: left; margin-top: 0px;\"><em>Peter De\u00e1k, V\u00fdskumn\u00fd \u00fastav geod\u00e9zie a kartografie v Bratislave<\/em><\/div><!-- [et_pb_line_break_holder] --><div style=\"color: #000000; font-size: 18px; font-family: Calibri; text-align: left; margin-top: 20px; margin-bottom: 20px;\"><strong>11:30 \u2013 12:00 P\u0159est\u00e1vka<\/strong><\/div><!-- [et_pb_line_break_holder] --><div style=\"color: #000000; font-size: 18px; font-family: Calibri; text-align: left; margin-top: 10px; margin-bottom: 10px;\"><strong>12:00 \u2013 13:00 Chytr\u00e9 m\u011bsto poslouch\u00e1 sv\u00e9 obyvatele &#8211; II.<\/strong><\/div><!-- [et_pb_line_break_holder] --><div style=\"color: #000000; font-size: 18px; font-family: Calibri; text-align: left; margin-top: 10px;\"><strong><a href=\"https:\/\/inspirujmese.eu\/2018\/prezentace\/24_2ins18_csbkls_28022018.pdf?_t=1757944025\" target=\"_blank\" rel=\"noopener noreferrer\">Limity dostupn\u00fdch otvoren\u00fdch geo d\u00e1t pre &#8222;smart&#8220; destina\u010dn\u00fd mana\u017ement<\/a><\/strong><\/div><!-- [et_pb_line_break_holder] --><div style=\"color: #000000; font-size: 18px; font-family: Calibri; text-align: left; margin-top: 0px;\"><em>Csaba Sidor, Branislav Kr\u0161\u00e1k, \u013dubom\u00edr \u0160trba, Technick\u00e1 univerzita v Ko\u0161iciach<\/em><\/div><!-- [et_pb_line_break_holder] --><div style=\"color: #000000; font-size: 18px; font-family: Calibri; text-align: left; margin-top: 10px;\"><strong><a href=\"https:\/\/inspirujmese.eu\/2018\/prezentace\/25_inspire-kobza-rizeni-a-regulace-soustav-vo.pdf?_t=1757944036\" target=\"_blank\" rel=\"noopener noreferrer\">Bezdr\u00e1tov\u00e9 \u0159\u00edzen\u00ed soustav ve\u0159ejn\u00e9ho osv\u011btlen\u00ed <\/a><\/strong><\/div><!-- [et_pb_line_break_holder] --><div style=\"color: #000000; font-size: 18px; font-family: Calibri; text-align: left; margin-top: 0px;\"><em>Jarom\u00edr Kobza, ATEMA SYSTEMS s.r.o.<\/em><\/div><!-- [et_pb_line_break_holder] --><div style=\"color: #000000; font-size: 18px; font-family: Calibri; text-align: left; margin-top: 10px;\"><strong><a href=\"https:\/\/inspirujmese.eu\/2018\/prezentace\/26_180227_konference_inspirujme_se-pruhonice_1ok.pdf?_t=1757944046\" target=\"_blank\" rel=\"noopener noreferrer\">P\u0159eshrani\u010dn\u00ed socioekonomick\u00fd monitoring v n\u00e1rodn\u00edch parc\u00edch \u0160umava a Bavorsk\u00fd les<\/a><\/strong><\/div><!-- [et_pb_line_break_holder] --><div style=\"color: #000000; font-size: 18px; font-family: Calibri; text-align: left; margin-top: 0px;\"><em>Barbora Matt Ku\u010derav\u00e1, Josef \u0160temberk, Spr\u00e1va N\u00e1rodn\u00edho parku \u0160umava<\/em><\/div><!-- [et_pb_line_break_holder] --><div style=\"color: #000000; font-size: 18px; font-family: Calibri; text-align: left; margin-top: 20px; margin-bottom: 20px;\"><strong>13:00 \u2013 14:00 Ob\u011bd<\/strong><\/div><!-- [et_pb_line_break_holder] --><div style=\"color: #000000; font-size: 18px; font-family: Calibri; text-align: left; margin-top: 10px;\"><strong>14:00 \u2013 16:00 INSPIRE a \u00fazemn\u00ed pl\u00e1nov\u00e1n\u00ed<\/strong><\/div><!-- [et_pb_line_break_holder] --><div style=\"color: #000000; font-size: 18px; font-family: Calibri; text-align: left; margin-top: 10px;\"><strong><a href=\"https:\/\/inspirujmese.eu\/2018\/prezentace\/27_abstrakt_inspirujme_se_burian_harbula_vyvoj_dat_uap_olomouckeho_kraje.pdf?_t=1757944054\" target=\"_blank\" rel=\"noopener noreferrer\">Anal\u00fdza v\u00fdvoje dat \u00daAP Olomouck\u00e9ho kraje <\/a><\/strong><\/div><!-- [et_pb_line_break_holder] --><div style=\"color: #000000; font-size: 18px; font-family: Calibri; text-align: left; margin-top: 0px;\"><em>Jaroslav Burian, Jan Harbula, Urban Planner s.r.o., Olomouck\u00fd kraj<\/em><\/div><!-- [et_pb_line_break_holder] --><div style=\"color: #000000; font-size: 18px; font-family: Calibri; text-align: left; margin-top: 10px;\"><strong>INSPIRE a \u00fazemn\u00e9 pl\u00e1novanie na Slovensku v prax [<a href=\"https:\/\/inspirujmese.eu\/2018\/prezentace\/28_inspire_a_uzemne_planovanie_na_slovensku_mzp.pdf?_t=1757944062\" target=\"_blank\" rel=\"noopener noreferrer\">1. \u010d\u00e1st<\/a>], [<a href=\"https:\/\/inspirujmese.eu\/2018\/prezentace\/29_bsk-prezentacia_gis_upn_r_bsk.pdf?_t=1757944072\" target=\"_blank\" rel=\"noopener noreferrer\">2. \u010d\u00e1st<\/a>]<\/strong><\/div><!-- [et_pb_line_break_holder] --><div style=\"color: #000000; font-size: 18px; font-family: Calibri; text-align: left; margin-top: 0px;\"><em>J\u00e1n T\u00f3bik, Zuzana Jankovi\u010dov\u00e1, Ministerstvo \u017eivotn\u00e9ho prostredia SR, Bratislavsk\u00fd samospr\u00e1vn\u00fd kraj<\/em><\/div><!-- [et_pb_line_break_holder] --><div style=\"color: #000000; font-size: 18px; font-family: Calibri; text-align: left; margin-top: 10px;\"><strong><a href=\"https:\/\/inspirujmese.eu\/2018\/prezentace\/30_20180228_pruhonice_inspire.pdf?_t=1757944090\" target=\"_blank\" rel=\"noopener noreferrer\">Harmonizace dat z\u00e1sad \u00fazemn\u00edho rozvoje a \u00fazemn\u00edho pl\u00e1nov\u00e1n\u00ed hl. m. Prahy dle sm\u011brnice INSPIRE <\/a><\/strong><\/div><!-- [et_pb_line_break_holder] --><div style=\"color: #000000; font-size: 18px; font-family: Calibri; text-align: left; margin-top: 0px;\"><em>Ji\u0159\u00ed \u010ctyrok\u00fd, Mari\u00e1n Kolp\u00e1k, Institut pl\u00e1nov\u00e1n\u00ed a rozvoje hl. m. Prahy<\/em><\/div><!-- [et_pb_line_break_holder] --><div style=\"color: #000000; font-size: 18px; font-family: Calibri; text-align: left; margin-top: 10px;\"><strong><a href=\"https:\/\/inspirujmese.eu\/2018\/prezentace\/31_inspire_konference_inspirujme_se_mesty_a_regiony_27_28_2_2018_v5.pdf?_t=1757944100\" target=\"_blank\" rel=\"noopener noreferrer\">INSPIRE a \u00dazemn\u00ed pl\u00e1nov\u00e1n\u00ed v \u010cR <\/a><\/strong><\/div><!-- [et_pb_line_break_holder] --><div style=\"color: #000000; font-size: 18px; font-family: Calibri; text-align: left; margin-top: 0px;\"><em>Roman Vodn\u00fd, Vladim\u00edr Vold\u0159ich, Ministerstvo pro m\u00edstn\u00ed rozvoj \u010cR<\/em><\/div><!-- [et_pb_line_break_holder] --><div style=\"color: #000000; font-size: 18px; font-family: Calibri; text-align: left; margin-top: 0px;\"><em>moderovan\u00e1 diskuse<\/em><\/div><!-- [et_pb_line_break_holder] --><div style=\"color: #000000; font-size: 18px; font-family: Calibri; text-align: left; margin-top: 20px;\"><strong>16:05 Z\u00e1v\u011br konference, slosov\u00e1n\u00ed dotazn\u00edk\u016f.<\/strong><em><strong><!\u2013- [et_pb_br_holder] -\u2013><\/strong><\/em><\/div><!-- [et_pb_line_break_holder] --><div style=\"color: #000000; font-size: 18px; font-family: Calibri; text-align: left; margin-top: 0px;\">Dotazn\u00edk je sou\u010d\u00e1st\u00ed konferen\u010dn\u00edch materi\u00e1l\u016f. Vypln\u011bn\u00e9 dotazn\u00edky bude mo\u017en\u00e9 odevzdat b\u011bhem cel\u00e9ho dne u registrace. V\u011bcn\u00e9 ceny obdr\u017e\u00ed pouze \u00fa\u010dastn\u00edci p\u0159\u00edtomni v s\u00e1le v dob\u011b slosov\u00e1n\u00ed.<\/div><!-- [et_pb_line_break_holder] --><div style=\"color: #000000; font-size: 18px; font-family: Calibri; text-align: left; margin-top: 20px;\">Zm\u011bna programu vyhrazena<\/div><!-- [et_pb_line_break_holder] --><div style=\"color: #000000; font-size: 18px; font-family: Calibri; text-align: left; margin-top: 50px; margin-bottom: 00px;\"><a href=\"https:\/\/inspirujmese.eu\/2018\/prezentace\/2018_abstrakty_attractive_danube.pdf?_t=1757944108\" target=\"_blank\" rel=\"noopener noreferrer\"><strong>Abstrakty jednotliv\u00fdch prezentac\u00ed z workshopu ATTRACTIVE DANUBE<\/strong><\/a><\/div><!-- [et_pb_line_break_holder] --><div style=\"color: #000000; font-size: 18px; font-family: Calibri; text-align: left; margin-top: 00px; margin-bottom: 00px;\"><a href=\"https:\/\/inspirujmese.eu\/2018\/prezentace\/2018_abstrakty_inspirujme_se.pdf?_t=1757944121\" target=\"_blank\" rel=\"noopener noreferrer\"><strong>Abstrakty jednotliv\u00fdch prezentac\u00ed z konference<\/strong><\/a><\/div><!-- [et_pb_line_break_holder] --><\/div><!-- [et_pb_line_break_holder] -->[\/et_pb_code][\/et_pb_column][\/et_pb_row][\/et_pb_section]","protected":false},"excerpt":{"rendered":"<p>2018 \u2013 INSPIRUJME SE\u2026 M\u011aSTY A REGIONY O KONFERENCI CENIA, \u010desk\u00e1 informa\u010dn\u00ed agentura \u017eivotn\u00edho prost\u0159ed\u00ed a Ministerstvo \u017eivotn\u00e9ho prostredia Slovenskej republiky v\u00e1s zvou na des\u00e1t\u00fd ro\u010dn\u00edk konference Inspirujme se\u2026 m\u011bsty a regiony. Podtitul konference je letos v\u011bnov\u00e1n obc\u00edm a region\u016fm. Ty jsou v oblasti z\u00edsk\u00e1v\u00e1n\u00ed i vyu\u017e\u00edv\u00e1n\u00ed dat pro rozhodov\u00e1n\u00ed a \u0159\u00edzen\u00ed rozvoje \u00fazem\u00ed zcela [&hellip;]<\/p>\n","protected":false},"author":5,"featured_media":0,"parent":0,"menu_order":0,"comment_status":"closed","ping_status":"closed","template":"","meta":{"_et_pb_use_builder":"on","_et_pb_old_content":"","_et_gb_content_width":"","footnotes":""},"folder":[],"class_list":["post-2913","page","type-page","status-publish","hentry"],"_links":{"self":[{"href":"https:\/\/inspirujmese.eu\/cs\/wp-json\/wp\/v2\/pages\/2913","targetHints":{"allow":["GET"]}}],"collection":[{"href":"https:\/\/inspirujmese.eu\/cs\/wp-json\/wp\/v2\/pages"}],"about":[{"href":"https:\/\/inspirujmese.eu\/cs\/wp-json\/wp\/v2\/types\/page"}],"author":[{"embeddable":true,"href":"https:\/\/inspirujmese.eu\/cs\/wp-json\/wp\/v2\/users\/5"}],"replies":[{"embeddable":true,"href":"https:\/\/inspirujmese.eu\/cs\/wp-json\/wp\/v2\/comments?post=2913"}],"version-history":[{"count":11,"href":"https:\/\/inspirujmese.eu\/cs\/wp-json\/wp\/v2\/pages\/2913\/revisions"}],"predecessor-version":[{"id":4091,"href":"https:\/\/inspirujmese.eu\/cs\/wp-json\/wp\/v2\/pages\/2913\/revisions\/4091"}],"wp:attachment":[{"href":"https:\/\/inspirujmese.eu\/cs\/wp-json\/wp\/v2\/media?parent=2913"}],"wp:term":[{"taxonomy":"folder","embeddable":true,"href":"https:\/\/inspirujmese.eu\/cs\/wp-json\/wp\/v2\/folder?post=2913"}],"curies":[{"name":"wp","href":"https:\/\/api.w.org\/{rel}","templated":true}]}}