{"id":3174,"date":"2025-08-13T15:02:52","date_gmt":"2025-08-13T13:02:52","guid":{"rendered":"https:\/\/inspirujmese.eu\/cs\/?page_id=3174"},"modified":"2025-10-16T14:04:32","modified_gmt":"2025-10-16T12:04:32","slug":"archiv-2015","status":"publish","type":"page","link":"https:\/\/inspirujmese.eu\/cs\/archiv-2015\/","title":{"rendered":"Archiv 2015"},"content":{"rendered":"[et_pb_section fb_built=&#8220;1&#8243; _builder_version=&#8220;4.27.4&#8243; _module_preset=&#8220;default&#8220; background_enable_color=&#8220;off&#8220; background_image=&#8220;https:\/\/inspirujmese.eu\/wp-content\/uploads\/2025\/08\/p20151125_7798-scaled.webp&#8220; background_position=&#8220;bottom_center&#8220; background_vertical_offset=&#8220;76%&#8220; global_colors_info=&#8220;{}&#8220;][et_pb_row _builder_version=&#8220;4.27.4&#8243; _module_preset=&#8220;default&#8220; width=&#8220;100%&#8220; max_width=&#8220;100%&#8220; min_height=&#8220;100%&#8220; height=&#8220;100%&#8220; global_colors_info=&#8220;{}&#8220;][et_pb_column type=&#8220;4_4&#8243; _builder_version=&#8220;4.27.0&#8243; _module_preset=&#8220;default&#8220; global_colors_info=&#8220;{}&#8220;][et_pb_text _builder_version=&#8220;4.27.4&#8243; _module_preset=&#8220;default&#8220; header_font=&#8220;|||on|||||&#8220; header_text_color=&#8220;#FFFFFF&#8220; header_font_size=&#8220;46px&#8220; header_font_size_tablet=&#8220;37px&#8220; header_font_size_phone=&#8220;29px&#8220; header_font_size_last_edited=&#8220;on|phone&#8220; content_sk_sk=&#8220;<h1 class=%22hero-title%22 style=%22text-align: center;%22><span style=%22color: #ffffff;%22>2015 \u2013 INSPIRUJME SE\u2026<\/span><\/h1>&#8220; global_colors_info=&#8220;{}&#8220;]<h1 class=\"hero-title\" style=\"text-align: center;\"><span style=\"color: #ffffff;\">2015 \u2013 INSPIRUJME SE\u2026<\/span><\/h1>[\/et_pb_text][\/et_pb_column][\/et_pb_row][\/et_pb_section][et_pb_section fb_built=&#8220;1&#8243; _builder_version=&#8220;4.27.4&#8243; _module_preset=&#8220;default&#8220; background_color=&#8220;#3c3d3f&#8220; global_colors_info=&#8220;{}&#8220;][et_pb_row _builder_version=&#8220;4.27.0&#8243; _module_preset=&#8220;default&#8220; global_colors_info=&#8220;{}&#8220;][et_pb_column type=&#8220;4_4&#8243; _builder_version=&#8220;4.27.0&#8243; _module_preset=&#8220;default&#8220; global_colors_info=&#8220;{}&#8220;][et_pb_text content_tablet=&#8220;<h2 class=%22space-bottom%22 style=%22text-align: center;%22>O KONFERENCI<\/h2>\n<div style=%22text-align: justify;%22>\n<div>CENIA, \u010desk\u00e1 informa\u010dn\u00e1 agent\u00fara \u017eivotn\u00edho prost\u0159ed\u00ed a Slovensk\u00e1 agent\u00fara \u017eivotn\u00e9ho prostredia si V\u00e1s dovo\u013euj\u00fa pozva\u0165 na 4. ro\u010dn\u00edk \u010desko-slovenskej konferencie<span> <\/span><strong>Inspirujme se\u2026<\/strong><\/div>\n<div>V INSPIRE, rovnako ako vo v\u0161etk\u00fdch in\u00fdch oblastiach \u013eudskej \u010dinnosti, doch\u00e1dza k v\u00fdvoju. Aj t\u00e1to konferencia sa vyv\u00edja. V prv\u00fdch rokoch st\u00e1la v\u00fdhradne na pr\u00edprave pre po\u017eiadavky a odpor\u00fa\u010dania smernice INSPIRE. Jednotliv\u00e9 sekcie boli zameran\u00e9 na legislat\u00edvu alebo technick\u00e9 nariadenia INSPIRE, ich spr\u00e1vnu interpret\u00e1ciu od oblasti meta\u00fadajov a\u017e po monitoring a reporting.<\/div>\n<div>Dnes je mo\u017en\u00e9 ozna\u010di\u0165 podobn\u00e9 diskusie za \u00favodn\u00fa f\u00e1zu INSPIRE, ktor\u00e1 predch\u00e1dzala samotnej realiz\u00e1cii. \u010ci u\u017e realizujeme \u2013 eur\u00f3psky implementujeme, alebo u\u017e m\u00e1me \u201ehotov\u00e9\u201c, nebolo by spr\u00e1vne poveda\u0165 si, \u017ee teraz tu kone\u010dne m\u00e1me \u201eten INSPIRE\u201c. Nikdy toti\u017e ne\u0161lo o to vystava\u0165 INSPIRE na zelenej l\u00fake. Od svojich po\u010diatkov mal by\u0165 jednou zo s\u00fa\u010dast\u00ed informa\u010dnej siete, ktor\u00e1 je eur\u00f3pskej verejnej spr\u00e1ve k dispoz\u00edcii. Spolu s INSPIRE bol spusten\u00fd eur\u00f3psky program pre monitorovanie \u017eivotn\u00e9ho prostredia a bezpe\u010dnosti Copernicus (predt\u00fdm zn\u00e1my ako GMES), ktor\u00e9mu bola vo v\u0161etk\u00fdch konferenci\u00e1ch<span> <\/span><strong>Inspirujme se\u2026<\/strong><span> <\/span>venovan\u00e1 osobitn\u00e1 sekcia. M\u00e1lokto si tie\u017e uvedomuje, \u017ee niektor\u00e9 \u00fadaje s\u00fa v infra\u0161trukt\u00fare INSPIRE dostupn\u00e9 len v\u010faka povinn\u00e9mu reportingu, ktor\u00fd sa za\u010dal u\u017e v 70. rokoch minul\u00e9ho storo\u010dia.<\/div>\n<div>Cie\u013eom tohto ro\u010dn\u00edka je nielen pokra\u010dovat v hlavnej t\u00e9me \u2013 implement\u00e1cii INSPIRE, ale tie\u017e pouk\u00e1za\u0165 na vz\u00e1jomn\u00fa z\u00e1vislos\u0165 vy\u0161\u0161ie spom\u00ednan\u00fdch eur\u00f3pskych iniciat\u00edv. INSPIRE, Copernicus a v\u00fdstupy z reportingu m\u00f4\u017eu len spolo\u010dne dod\u00e1va\u0165 potrebn\u00e9 inform\u00e1cie pre rozhodovanie v oblasti \u017eivotn\u00e9ho prostredia. Preto bude tento rok predstaven\u00e9, ako m\u00f4\u017ee by\u0165 infra\u0161trukt\u00fara INSPIRE vyu\u017eit\u00e1 pre povinn\u00fd reporting, do akej miery s\u00fa niektor\u00e9 slu\u017eby Copernicus vyu\u017eite\u013en\u00e9 pre INSPIRE alebo ktor\u00fdmi INSPIRE princ\u00edpy sa naopak riadi Copernicus. A ako toto v\u0161etko smeruje k pr\u00edprave dostupn\u00fdch a kvalitn\u00fdch podkladov politiky \u017eivotn\u00e9ho prostredia.<\/div>\n<div>Na konferencii sa stretn\u00fa<span> <\/span><strong>dve zdanlivo rozdielne komunity odborn\u00edkov; z\u00e1stupcov siete Eionet<\/strong><span> <\/span>(European Environment Information and Observation Network), geoinformatiky a odborn\u00edkov na dia\u013ekov\u00fd prieskum Zeme, ktor\u00ed po\u010das dvoch dn\u00ed bud\u00fa ma\u0165 mo\u017enos\u0165 diskutova\u0165 na spolo\u010dn\u00e9 t\u00e9my t\u00fdkaj\u00face sa ich ka\u017edodennej odbornej \u010dinnsoti. Tematick\u00e9 zameranie konferencie m\u00e1 ve\u013ek\u00fa podporu eur\u00f3pskych in\u0161tit\u00faci\u00ed, ktor\u00e9 sa rozhodli akcie akt\u00edvne z\u00fa\u010dastni\u0165. Paralelne k programu prv\u00e9ho d\u0148a konferencie prebehne aj ka\u017edoro\u010dn\u00e9 stretnutie odborn\u00edkov<span> <\/span><strong>N\u00e1rodnej siete Eionet SK<\/strong>, ktor\u00ed odborne zastre\u0161uj\u00fa agendu a plnenie povinnost\u00ed vo\u010di Eur\u00f3pskej environment\u00e1lnej agent\u00fare (EEA), vyppl\u00fdvaj\u00face z \u010dlenstva v EEA a Eur\u00f3pskej \u00fanii.<\/div>\n<div>Ak o konferencii viete a e\u0161te nikdy ste na nej neboli len kv\u00f4li tomu, \u017ee INSPIRE nie je Va\u0161ou pracovnou n\u00e1pl\u0148ou, je prav\u00fd \u010das sa zaregistrova\u0165. Konferencia<span> <\/span><strong>Inspirujme se\u2026<\/strong><span> <\/span>u\u017e nie je len o INSPIRE!<\/div>\n<div>Te\u0161\u00edme sa na stretnutie s vami!<\/div>\n<div style=%22text-align: center;%22>INSPIRE t\u00edm CENIA a SA\u017dP<\/div>\n<\/div>&#8220; content_phone=&#8220;<h2 class=%22space-bottom%22 style=%22text-align: center;%22>O KONFERENCI<\/h2>\n<div style=%22text-align: justify;%22>\n<div>CENIA, \u010desk\u00e1 informa\u010dn\u00e1 agent\u00fara \u017eivotn\u00edho prost\u0159ed\u00ed a Slovensk\u00e1 agent\u00fara \u017eivotn\u00e9ho prostredia si V\u00e1s dovo\u013euj\u00fa pozva\u0165 na 4. ro\u010dn\u00edk \u010desko-slovenskej konferencie<span> <\/span><strong>Inspirujme se\u2026<\/strong><\/div>\n<div>V INSPIRE, rovnako ako vo v\u0161etk\u00fdch in\u00fdch oblastiach \u013eudskej \u010dinnosti, doch\u00e1dza k v\u00fdvoju. Aj t\u00e1to konferencia sa vyv\u00edja. V prv\u00fdch rokoch st\u00e1la v\u00fdhradne na pr\u00edprave pre po\u017eiadavky a odpor\u00fa\u010dania smernice INSPIRE. Jednotliv\u00e9 sekcie boli zameran\u00e9 na legislat\u00edvu alebo technick\u00e9 nariadenia INSPIRE, ich spr\u00e1vnu interpret\u00e1ciu od oblasti meta\u00fadajov a\u017e po monitoring a reporting.<\/div>\n<div>Dnes je mo\u017en\u00e9 ozna\u010di\u0165 podobn\u00e9 diskusie za \u00favodn\u00fa f\u00e1zu INSPIRE, ktor\u00e1 predch\u00e1dzala samotnej realiz\u00e1cii. \u010ci u\u017e realizujeme \u2013 eur\u00f3psky implementujeme, alebo u\u017e m\u00e1me \u201ehotov\u00e9\u201c, nebolo by spr\u00e1vne poveda\u0165 si, \u017ee teraz tu kone\u010dne m\u00e1me \u201eten INSPIRE\u201c. Nikdy toti\u017e ne\u0161lo o to vystava\u0165 INSPIRE na zelenej l\u00fake. Od svojich po\u010diatkov mal by\u0165 jednou zo s\u00fa\u010dast\u00ed informa\u010dnej siete, ktor\u00e1 je eur\u00f3pskej verejnej spr\u00e1ve k dispoz\u00edcii. Spolu s INSPIRE bol spusten\u00fd eur\u00f3psky program pre monitorovanie \u017eivotn\u00e9ho prostredia a bezpe\u010dnosti Copernicus (predt\u00fdm zn\u00e1my ako GMES), ktor\u00e9mu bola vo v\u0161etk\u00fdch konferenci\u00e1ch<span> <\/span><strong>Inspirujme se\u2026<\/strong><span> <\/span>venovan\u00e1 osobitn\u00e1 sekcia. M\u00e1lokto si tie\u017e uvedomuje, \u017ee niektor\u00e9 \u00fadaje s\u00fa v infra\u0161trukt\u00fare INSPIRE dostupn\u00e9 len v\u010faka povinn\u00e9mu reportingu, ktor\u00fd sa za\u010dal u\u017e v 70. rokoch minul\u00e9ho storo\u010dia.<\/div>\n<div>Cie\u013eom tohto ro\u010dn\u00edka je nielen pokra\u010dovat v hlavnej t\u00e9me \u2013 implement\u00e1cii INSPIRE, ale tie\u017e pouk\u00e1za\u0165 na vz\u00e1jomn\u00fa z\u00e1vislos\u0165 vy\u0161\u0161ie spom\u00ednan\u00fdch eur\u00f3pskych iniciat\u00edv. INSPIRE, Copernicus a v\u00fdstupy z reportingu m\u00f4\u017eu len spolo\u010dne dod\u00e1va\u0165 potrebn\u00e9 inform\u00e1cie pre rozhodovanie v oblasti \u017eivotn\u00e9ho prostredia. Preto bude tento rok predstaven\u00e9, ako m\u00f4\u017ee by\u0165 infra\u0161trukt\u00fara INSPIRE vyu\u017eit\u00e1 pre povinn\u00fd reporting, do akej miery s\u00fa niektor\u00e9 slu\u017eby Copernicus vyu\u017eite\u013en\u00e9 pre INSPIRE alebo ktor\u00fdmi INSPIRE princ\u00edpy sa naopak riadi Copernicus. A ako toto v\u0161etko smeruje k pr\u00edprave dostupn\u00fdch a kvalitn\u00fdch podkladov politiky \u017eivotn\u00e9ho prostredia.<\/div>\n<div>Na konferencii sa stretn\u00fa<span> <\/span><strong>dve zdanlivo rozdielne komunity odborn\u00edkov; z\u00e1stupcov siete Eionet<\/strong><span> <\/span>(European Environment Information and Observation Network), geoinformatiky a odborn\u00edkov na dia\u013ekov\u00fd prieskum Zeme, ktor\u00ed po\u010das dvoch dn\u00ed bud\u00fa ma\u0165 mo\u017enos\u0165 diskutova\u0165 na spolo\u010dn\u00e9 t\u00e9my t\u00fdkaj\u00face sa ich ka\u017edodennej odbornej \u010dinnsoti. Tematick\u00e9 zameranie konferencie m\u00e1 ve\u013ek\u00fa podporu eur\u00f3pskych in\u0161tit\u00faci\u00ed, ktor\u00e9 sa rozhodli akcie akt\u00edvne z\u00fa\u010dastni\u0165. Paralelne k programu prv\u00e9ho d\u0148a konferencie prebehne aj ka\u017edoro\u010dn\u00e9 stretnutie odborn\u00edkov<span> <\/span><strong>N\u00e1rodnej siete Eionet SK<\/strong>, ktor\u00ed odborne zastre\u0161uj\u00fa agendu a plnenie povinnost\u00ed vo\u010di Eur\u00f3pskej environment\u00e1lnej agent\u00fare (EEA), vyppl\u00fdvaj\u00face z \u010dlenstva v EEA a Eur\u00f3pskej \u00fanii.<\/div>\n<div>Ak o konferencii viete a e\u0161te nikdy ste na nej neboli len kv\u00f4li tomu, \u017ee INSPIRE nie je Va\u0161ou pracovnou n\u00e1pl\u0148ou, je prav\u00fd \u010das sa zaregistrova\u0165. Konferencia<span> <\/span><strong>Inspirujme se\u2026<\/strong><span> <\/span>u\u017e nie je len o INSPIRE!<\/div>\n<div>Te\u0161\u00edme sa na stretnutie s vami!<\/div>\n<div style=%22text-align: center;%22>INSPIRE t\u00edm CENIA a SA\u017dP<\/div>\n<\/div>\n<div style=%22text-align: justify;%22><\/div>&#8220; content_last_edited=&#8220;on|phone&#8220; _builder_version=&#8220;4.27.4&#8243; _module_preset=&#8220;default&#8220; text_font=&#8220;&#8211;et_global_body_font|300|||||||&#8220; text_text_color=&#8220;#FFFFFF&#8220; text_font_size=&#8220;15px&#8220; text_line_height=&#8220;2em&#8220; header_font=&#8220;Roboto||||||||&#8220; header_2_font=&#8220;&#8211;et_global_heading_font|||||||#FFFFFF|&#8220; header_2_text_color=&#8220;#FFFFFF&#8220; header_2_font_size=&#8220;44px&#8220; header_3_text_color=&#8220;#FFFFFF&#8220; header_3_font_size=&#8220;30px&#8220; custom_padding=&#8220;||0px|||&#8220; text_font_size_tablet=&#8220;15px&#8220; text_font_size_phone=&#8220;12px&#8220; text_font_size_last_edited=&#8220;on|phone&#8220; content_sk_sk=&#8220;<h2 class=%22space-bottom%22 style=%22text-align: center;%22>O KONFERENCI<\/h2>\n<div style=%22text-align: justify;%22>\n<div>CENIA, \u010desk\u00e1 informa\u010dn\u00e1 agent\u00fara \u017eivotn\u00edho prost\u0159ed\u00ed a Slovensk\u00e1 agent\u00fara \u017eivotn\u00e9ho prostredia si V\u00e1s dovo\u013euj\u00fa pozva\u0165 na 4. ro\u010dn\u00edk \u010desko-slovenskej konferencie<span> <\/span><strong>Inspirujme se\u2026<\/strong><\/div>\n<div>V INSPIRE, rovnako ako vo v\u0161etk\u00fdch in\u00fdch oblastiach \u013eudskej \u010dinnosti, doch\u00e1dza k v\u00fdvoju. Aj t\u00e1to konferencia sa vyv\u00edja. V prv\u00fdch rokoch st\u00e1la v\u00fdhradne na pr\u00edprave pre po\u017eiadavky a odpor\u00fa\u010dania smernice INSPIRE. Jednotliv\u00e9 sekcie boli zameran\u00e9 na legislat\u00edvu alebo technick\u00e9 nariadenia INSPIRE, ich spr\u00e1vnu interpret\u00e1ciu od oblasti meta\u00fadajov a\u017e po monitoring a reporting.<\/div>\n<div>Dnes je mo\u017en\u00e9 ozna\u010di\u0165 podobn\u00e9 diskusie za \u00favodn\u00fa f\u00e1zu INSPIRE, ktor\u00e1 predch\u00e1dzala samotnej realiz\u00e1cii. \u010ci u\u017e realizujeme \u2013 eur\u00f3psky implementujeme, alebo u\u017e m\u00e1me \u201ehotov\u00e9\u201c, nebolo by spr\u00e1vne poveda\u0165 si, \u017ee teraz tu kone\u010dne m\u00e1me \u201eten INSPIRE\u201c. Nikdy toti\u017e ne\u0161lo o to vystava\u0165 INSPIRE na zelenej l\u00fake. Od svojich po\u010diatkov mal by\u0165 jednou zo s\u00fa\u010dast\u00ed informa\u010dnej siete, ktor\u00e1 je eur\u00f3pskej verejnej spr\u00e1ve k dispoz\u00edcii. Spolu s INSPIRE bol spusten\u00fd eur\u00f3psky program pre monitorovanie \u017eivotn\u00e9ho prostredia a bezpe\u010dnosti Copernicus (predt\u00fdm zn\u00e1my ako GMES), ktor\u00e9mu bola vo v\u0161etk\u00fdch konferenci\u00e1ch<span> <\/span><strong>Inspirujme se\u2026<\/strong><span> <\/span>venovan\u00e1 osobitn\u00e1 sekcia. M\u00e1lokto si tie\u017e uvedomuje, \u017ee niektor\u00e9 \u00fadaje s\u00fa v infra\u0161trukt\u00fare INSPIRE dostupn\u00e9 len v\u010faka povinn\u00e9mu reportingu, ktor\u00fd sa za\u010dal u\u017e v 70. rokoch minul\u00e9ho storo\u010dia.<\/div>\n<div>Cie\u013eom tohto ro\u010dn\u00edka je nielen pokra\u010dovat v hlavnej t\u00e9me \u2013 implement\u00e1cii INSPIRE, ale tie\u017e pouk\u00e1za\u0165 na vz\u00e1jomn\u00fa z\u00e1vislos\u0165 vy\u0161\u0161ie spom\u00ednan\u00fdch eur\u00f3pskych iniciat\u00edv. INSPIRE, Copernicus a v\u00fdstupy z reportingu m\u00f4\u017eu len spolo\u010dne dod\u00e1va\u0165 potrebn\u00e9 inform\u00e1cie pre rozhodovanie v oblasti \u017eivotn\u00e9ho prostredia. Preto bude tento rok predstaven\u00e9, ako m\u00f4\u017ee by\u0165 infra\u0161trukt\u00fara INSPIRE vyu\u017eit\u00e1 pre povinn\u00fd reporting, do akej miery s\u00fa niektor\u00e9 slu\u017eby Copernicus vyu\u017eite\u013en\u00e9 pre INSPIRE alebo ktor\u00fdmi INSPIRE princ\u00edpy sa naopak riadi Copernicus. A ako toto v\u0161etko smeruje k pr\u00edprave dostupn\u00fdch a kvalitn\u00fdch podkladov politiky \u017eivotn\u00e9ho prostredia.<\/div>\n<div>Na konferencii sa stretn\u00fa<span> <\/span><strong>dve zdanlivo rozdielne komunity odborn\u00edkov; z\u00e1stupcov siete Eionet<\/strong><span> <\/span>(European Environment Information and Observation Network), geoinformatiky a odborn\u00edkov na dia\u013ekov\u00fd prieskum Zeme, ktor\u00ed po\u010das dvoch dn\u00ed bud\u00fa ma\u0165 mo\u017enos\u0165 diskutova\u0165 na spolo\u010dn\u00e9 t\u00e9my t\u00fdkaj\u00face sa ich ka\u017edodennej odbornej \u010dinnsoti. Tematick\u00e9 zameranie konferencie m\u00e1 ve\u013ek\u00fa podporu eur\u00f3pskych in\u0161tit\u00faci\u00ed, ktor\u00e9 sa rozhodli akcie akt\u00edvne z\u00fa\u010dastni\u0165. Paralelne k programu prv\u00e9ho d\u0148a konferencie prebehne aj ka\u017edoro\u010dn\u00e9 stretnutie odborn\u00edkov<span> <\/span><strong>N\u00e1rodnej siete Eionet SK<\/strong>, ktor\u00ed odborne zastre\u0161uj\u00fa agendu a plnenie povinnost\u00ed vo\u010di Eur\u00f3pskej environment\u00e1lnej agent\u00fare (EEA), vyppl\u00fdvaj\u00face z \u010dlenstva v EEA a Eur\u00f3pskej \u00fanii.<\/div>\n<div>Ak o konferencii viete a e\u0161te nikdy ste na nej neboli len kv\u00f4li tomu, \u017ee INSPIRE nie je Va\u0161ou pracovnou n\u00e1pl\u0148ou, je prav\u00fd \u010das sa zaregistrova\u0165. Konferencia<span> <\/span><strong>Inspirujme se\u2026<\/strong><span> <\/span>u\u017e nie je len o INSPIRE!<\/div>\n<div>Te\u0161\u00edme sa na stretnutie s vami!<\/div>\n<div style=%22text-align: center;%22>INSPIRE t\u00edm CENIA a SA\u017dP<\/div>\n<\/div>&#8220; global_colors_info=&#8220;{}&#8220;]<div class=\"row col-xs-12\">\n<div class=\"section-title-col content-center-sm\" data-type=\"column\">\n<h2 class=\"space-bottom\" style=\"text-align: center;\">O KONFERENCI<\/h2>\n<div style=\"text-align: justify;\">\n<div>CENIA, \u010desk\u00e1 informa\u010dn\u00e1 agent\u00fara \u017eivotn\u00edho prost\u0159ed\u00ed a Slovensk\u00e1 agent\u00fara \u017eivotn\u00e9ho prostredia si V\u00e1s dovo\u013euj\u00fa pozva\u0165 na 4. ro\u010dn\u00edk \u010desko-slovenskej konferencie<span>\u00a0<\/span><strong>Inspirujme se\u2026<\/strong><\/div>\n<div>V INSPIRE, rovnako ako vo v\u0161etk\u00fdch in\u00fdch oblastiach \u013eudskej \u010dinnosti, doch\u00e1dza k v\u00fdvoju. Aj t\u00e1to konferencia sa vyv\u00edja. V prv\u00fdch rokoch st\u00e1la v\u00fdhradne na pr\u00edprave pre po\u017eiadavky a odpor\u00fa\u010dania smernice INSPIRE. Jednotliv\u00e9 sekcie boli zameran\u00e9 na legislat\u00edvu alebo technick\u00e9 nariadenia INSPIRE, ich spr\u00e1vnu interpret\u00e1ciu od oblasti meta\u00fadajov a\u017e po monitoring a reporting.<\/div>\n<div>Dnes je mo\u017en\u00e9 ozna\u010di\u0165 podobn\u00e9 diskusie za \u00favodn\u00fa f\u00e1zu INSPIRE, ktor\u00e1 predch\u00e1dzala samotnej realiz\u00e1cii. \u010ci u\u017e realizujeme \u2013 eur\u00f3psky implementujeme, alebo u\u017e m\u00e1me \u201ehotov\u00e9\u201c, nebolo by spr\u00e1vne poveda\u0165 si, \u017ee teraz tu kone\u010dne m\u00e1me \u201eten INSPIRE\u201c. Nikdy toti\u017e ne\u0161lo o to vystava\u0165 INSPIRE na zelenej l\u00fake. Od svojich po\u010diatkov mal by\u0165 jednou zo s\u00fa\u010dast\u00ed informa\u010dnej siete, ktor\u00e1 je eur\u00f3pskej verejnej spr\u00e1ve k dispoz\u00edcii. Spolu s INSPIRE bol spusten\u00fd eur\u00f3psky program pre monitorovanie \u017eivotn\u00e9ho prostredia a bezpe\u010dnosti Copernicus (predt\u00fdm zn\u00e1my ako GMES), ktor\u00e9mu bola vo v\u0161etk\u00fdch konferenci\u00e1ch<span>\u00a0<\/span><strong>Inspirujme se\u2026<\/strong><span>\u00a0<\/span>venovan\u00e1 osobitn\u00e1 sekcia. M\u00e1lokto si tie\u017e uvedomuje, \u017ee niektor\u00e9 \u00fadaje s\u00fa v infra\u0161trukt\u00fare INSPIRE dostupn\u00e9 len v\u010faka povinn\u00e9mu reportingu, ktor\u00fd sa za\u010dal u\u017e v 70. rokoch minul\u00e9ho storo\u010dia.<\/div>\n<div>Cie\u013eom tohto ro\u010dn\u00edka je nielen pokra\u010dovat v hlavnej t\u00e9me \u2013 implement\u00e1cii INSPIRE, ale tie\u017e pouk\u00e1za\u0165 na vz\u00e1jomn\u00fa z\u00e1vislos\u0165 vy\u0161\u0161ie spom\u00ednan\u00fdch eur\u00f3pskych iniciat\u00edv. INSPIRE, Copernicus a v\u00fdstupy z reportingu m\u00f4\u017eu len spolo\u010dne dod\u00e1va\u0165 potrebn\u00e9 inform\u00e1cie pre rozhodovanie v oblasti \u017eivotn\u00e9ho prostredia. Preto bude tento rok predstaven\u00e9, ako m\u00f4\u017ee by\u0165 infra\u0161trukt\u00fara INSPIRE vyu\u017eit\u00e1 pre povinn\u00fd reporting, do akej miery s\u00fa niektor\u00e9 slu\u017eby Copernicus vyu\u017eite\u013en\u00e9 pre INSPIRE alebo ktor\u00fdmi INSPIRE princ\u00edpy sa naopak riadi Copernicus. A ako toto v\u0161etko smeruje k pr\u00edprave dostupn\u00fdch a kvalitn\u00fdch podkladov politiky \u017eivotn\u00e9ho prostredia.<\/div>\n<div>Na konferencii sa stretn\u00fa<span>\u00a0<\/span><strong>dve zdanlivo rozdielne komunity odborn\u00edkov; z\u00e1stupcov siete Eionet<\/strong><span>\u00a0<\/span>(European Environment Information and Observation Network), geoinformatiky a odborn\u00edkov na dia\u013ekov\u00fd prieskum Zeme, ktor\u00ed po\u010das dvoch dn\u00ed bud\u00fa ma\u0165 mo\u017enos\u0165 diskutova\u0165 na spolo\u010dn\u00e9 t\u00e9my t\u00fdkaj\u00face sa ich ka\u017edodennej odbornej \u010dinnsoti. Tematick\u00e9 zameranie konferencie m\u00e1 ve\u013ek\u00fa podporu eur\u00f3pskych in\u0161tit\u00faci\u00ed, ktor\u00e9 sa rozhodli akcie akt\u00edvne z\u00fa\u010dastni\u0165. Paralelne k programu prv\u00e9ho d\u0148a konferencie prebehne aj ka\u017edoro\u010dn\u00e9 stretnutie odborn\u00edkov<span>\u00a0<\/span><strong>N\u00e1rodnej siete Eionet SK<\/strong>, ktor\u00ed odborne zastre\u0161uj\u00fa agendu a plnenie povinnost\u00ed vo\u010di Eur\u00f3pskej environment\u00e1lnej agent\u00fare (EEA), vyppl\u00fdvaj\u00face z \u010dlenstva v EEA a Eur\u00f3pskej \u00fanii.<\/div>\n<div>Ak o konferencii viete a e\u0161te nikdy ste na nej neboli len kv\u00f4li tomu, \u017ee INSPIRE nie je Va\u0161ou pracovnou n\u00e1pl\u0148ou, je prav\u00fd \u010das sa zaregistrova\u0165. Konferencia<span>\u00a0<\/span><strong>Inspirujme se\u2026<\/strong><span>\u00a0<\/span>u\u017e nie je len o INSPIRE!<\/div>\n<div>Te\u0161\u00edme sa na stretnutie s vami!<\/div>\n<div style=\"text-align: center;\">INSPIRE t\u00edm CENIA a SA\u017dP<\/div>\n<\/div>\n<\/div>\n<\/div>[\/et_pb_text][\/et_pb_column][\/et_pb_row][\/et_pb_section][et_pb_section fb_built=&#8220;1&#8243; module_id=&#8220;foto&#8220; _builder_version=&#8220;4.27.3&#8243; _module_preset=&#8220;default&#8220; global_colors_info=&#8220;{}&#8220;][et_pb_row _builder_version=&#8220;4.27.0&#8243; _module_preset=&#8220;default&#8220; global_colors_info=&#8220;{}&#8220;][et_pb_column type=&#8220;4_4&#8243; _builder_version=&#8220;4.27.0&#8243; _module_preset=&#8220;default&#8220; global_colors_info=&#8220;{}&#8220;][et_pb_gallery gallery_ids=&#8220;3171,3172,3173,3175,3178,3179,3180,3181,3182,3183,3184,3185,3186,3187,3188,3189,3190,3192,3193,3195,3196,3197,3198,3199,3200,3201,3202,3203,3204,3205,3206,3207,3208,3209,3210,3211,3212,3213,3214,3215,3216,3217,3218,3219,3221,3222,3224,3225,3226,3227,3228,3229,3230,3231,3232,3233,3234,3235,3236,3237,3238,3239,3240,3241,3242,3243,3244,3245,3246,3247,3248,3249,3250,3251,3252,3253,3254,3255,3256,3257,3258,3259,3260,3261,3262,3263,3264,3265,3266,3267,3268,3269,3270,3271,3272,3273,3274&#8243; posts_number=&#8220;16&#8243; show_title_and_caption=&#8220;off&#8220; zoom_icon_color=&#8220;#707070&#8243; hover_icon=&#8220;&#x54;||divi||400&#8243; _builder_version=&#8220;4.27.4&#8243; _module_preset=&#8220;default&#8220; title_level=&#8220;h4&#8243; caption_text_color=&#8220;#000000&#8243; pagination_font=&#8220;||||||||&#8220; pagination_text_color=&#8220;#000000&#8243; custom_css_free_form=&#8220;.mfp-title { display: none !important; }&#8220; global_colors_info=&#8220;{}&#8220;][\/et_pb_gallery][\/et_pb_column][\/et_pb_row][\/et_pb_section][et_pb_section fb_built=&#8220;1&#8243; _builder_version=&#8220;4.27.4&#8243; _module_preset=&#8220;default&#8220; background_enable_color=&#8220;off&#8220; global_colors_info=&#8220;{}&#8220;][et_pb_row _builder_version=&#8220;4.27.4&#8243; _module_preset=&#8220;default&#8220; width=&#8220;100%&#8220; custom_padding=&#8220;0px||0px||false|false&#8220; global_colors_info=&#8220;{}&#8220;][et_pb_column type=&#8220;4_4&#8243; _builder_version=&#8220;4.27.0&#8243; _module_preset=&#8220;default&#8220; global_colors_info=&#8220;{}&#8220;][et_pb_code _builder_version=&#8220;4.27.4&#8243; _module_preset=&#8220;default&#8220; text_orientation=&#8220;center&#8220; hover_enabled=&#8220;0&#8243; global_colors_info=&#8220;{}&#8220; sticky_enabled=&#8220;0&#8243;]<div  data-label=\"program\" data-id=\"content--3\" data-export-id=\"content-6-materialis\" data-category=\"content\" class=\"content-6m content-section-spacing-large content-section\" id=\"program\" style=\"background-color: rgba(255, 255, 255, 0.953); background-image: url(\"https:\/\/inspirujmese.eu\/2015\/obrazky\/20211005_092955.jpg\"); background-size: cover; background-position: center top;\" data-section-ov=\"1\"><div  class=\"gridContainer\"> <div  class=\"row\"><div  class=\"section-title-col large\" data-type=\"column\"> <h2  class=\"space-bottom\"><span  style=\"font-weight: 500;\">PROGRAM<span  id=\"_mce_caret\" data-mce-bogus=\"1\" data-mce-type=\"format-caret\"><\/span><\/span><\/h2><\/div><\/div><!-- [et_pb_line_break_holder] --><!-- [et_pb_line_break_holder] --><!-- [et_pb_line_break_holder] --><!-- [et_pb_line_break_holder] --><div style=\"color: #000000; font-size: 18px; font-family: Calibri; text-align: left; margin-top: 10px; margin-bottom: 20px;\"><strong>UTOROK 24. NOVEMBRA<\/strong><\/div><!-- [et_pb_line_break_holder] --><div style=\"color: #000000; font-size: 18px; font-family: Calibri; text-align: left; margin-top: 10px; margin-bottom: 10px;\">Konferen\u010dn\u00e1 miestnos\u0165 1<\/div><!-- [et_pb_line_break_holder] --><div style=\"color: #000000; font-size: 18px; font-family: Calibri; text-align: left; margin-top: 20px; margin-bottom: 20px;\"><strong>09:00 \u2013 13:00 Registr\u00e1cia<\/strong><\/div><!-- [et_pb_line_break_holder] --><div style=\"color: #000000; font-size: 18px; font-family: Calibri; text-align: left; margin-top: 10px; margin-bottom: 00px;\"><strong>10:00 \u2013 10:15 Otvorenie konferencie<\/strong><\/div><!-- [et_pb_line_break_holder] --><div style=\"color: #000000; font-size: 18px; font-family: Calibri; text-align: left; margin-top: 0px;\">Z\u00e1stupcovia organiz\u00e1torov<\/div><!-- [et_pb_line_break_holder] --><div style=\"color: #000000; font-size: 18px; font-family: Calibri; text-align: left; margin-top: 10px; margin-bottom: 10px;\"><strong>10:15 \u2013 11:45 INSPIRE a reporting I.<\/strong><\/div><!-- [et_pb_line_break_holder] --><div style=\"color: #000000; font-size: 18px; font-family: Calibri; text-align: left; margin-top: 10px;\"><strong><a href=\"https:\/\/inspirujmese.eu\/2015\/prezentace\/2015_01_inspire_reporting_tc_rt_fin.pdf?_t=1757945322\" target=\"_blank\" rel=\"noopener noreferrer\">Vyu\u017eit\u00ed INSPIRE pro WFD Reporting + 1 rok fungovan\u00ed INSPIRE tematick\u00fdch klastr\u016f<\/a><\/strong><\/div><!-- [et_pb_line_break_holder] --><div style=\"color: #000000; font-size: 18px; font-family: Calibri; text-align: left; margin-top: 0px;\"><em>Robert Tomas, Joint Research Centre<\/em><\/div><!-- [et_pb_line_break_holder] --><div style=\"color: #000000; font-size: 18px; font-family: Calibri; text-align: left; margin-top: 10px;\"><strong><a href=\"https:\/\/inspirujmese.eu\/2015\/prezentace\/2015_02_ssbdrep_konfinspire.pdf?_t=1757945333\" target=\"_blank\" rel=\"noopener noreferrer\">Hodnocen\u00ed a reporting stavu druh\u016f a biotop\u016f podle Sm\u011brnice o stanovi\u0161t\u00edch<\/a><\/strong><\/div><!-- [et_pb_line_break_holder] --><div style=\"color: #000000; font-size: 18px; font-family: Calibri; text-align: left; margin-top: 0px;\"><em>Karel Chobot, Agentura ochrany p\u0159\u00edrody a krajiny<\/em><\/div><!-- [et_pb_line_break_holder] --><div style=\"color: #000000; font-size: 18px; font-family: Calibri; text-align: left; margin-top: 10px;\"><strong><a href=\"https:\/\/inspirujmese.eu\/2015\/prezentace\/2015_03_kims_inspirujmese.pdf?_t=1757945343\" target=\"_blank\" rel=\"noopener noreferrer\">Komplexn\u00fd informa\u010dn\u00fd a monitorovac\u00ed syst\u00e9m \u0160t\u00e1tnej ochrany pr\u00edrody Slovenskej republiky (KIMS)<\/a><\/strong><\/div><!-- [et_pb_line_break_holder] --><div style=\"color: #000000; font-size: 18px; font-family: Calibri; text-align: left; margin-top: 0px;\"><em>Martin Hru\u0161eck\u00fd, J\u00e1n \u010cerneck\u00fd, Andrej Saxa, Andrea Saxov\u00e1, \u0160t\u00e1tna ochrana pr\u00edrody SR<\/em><\/div><!-- [et_pb_line_break_holder] --><div style=\"color: #000000; font-size: 18px; font-family: Calibri; text-align: left; margin-top: 10px;\"><strong><a href=\"https:\/\/inspirujmese.eu\/2015\/prezentace\/2015_04_reporting_szemesova_24_11_2015.pdf?_t=1757945350\" target=\"_blank\" rel=\"noopener noreferrer\">Nov\u00e9 reportingov\u00e9 povinnosti v oblasti emisi\u00ed sklen\u00edkov\u00fdch plynov a zmeny kl\u00edmy<\/a><\/strong><\/div><!-- [et_pb_line_break_holder] --><div style=\"color: #000000; font-size: 18px; font-family: Calibri; text-align: left; margin-top: 0px;\"><em>Janka Szemesov\u00e1, Slovensk\u00fd hydrometeorologick\u00fd \u00fastav<\/em><\/div><!-- [et_pb_line_break_holder] --><div style=\"color: #000000; font-size: 18px; font-family: Calibri; text-align: left; margin-top: 20px; margin-bottom: 20px;\"><strong>11:45 \u2013 12:00 P\u0159est\u00e1vka<\/strong><\/div><!-- [et_pb_line_break_holder] --><div style=\"color: #000000; font-size: 18px; font-family: Calibri; text-align: left; margin-top: 10px; margin-bottom: 10px;\"><strong>12:00 \u2013 13:30 INSPIRE a reporting II.<\/strong><\/div><!-- [et_pb_line_break_holder] --><div style=\"color: #000000; font-size: 18px; font-family: Calibri; text-align: left; margin-top: 10px;\"><strong><a href=\"https:\/\/inspirujmese.eu\/2015\/prezentace\/2015_05_inspire_reporting_kvality_ovzdusi_11_2015.pdf?_t=1757945359\" target=\"_blank\" rel=\"noopener noreferrer\">Reporting kvality ovzdu\u0161\u00ed<\/a><\/strong><\/div><!-- [et_pb_line_break_holder] --><div style=\"color: #000000; font-size: 18px; font-family: Calibri; text-align: left; margin-top: 0px;\"><em>Lucie Kol\u00e1\u0159ov\u00e1, \u010cesk\u00fd hydrometeorologick\u00fd \u00fastav<\/em><\/div><!-- [et_pb_line_break_holder] --><div style=\"color: #000000; font-size: 18px; font-family: Calibri; text-align: left; margin-top: 10px;\"><strong><a href=\"https:\/\/inspirujmese.eu\/2015\/prezentace\/2015_06_inspire_cdda.pdf?_t=1759925724\" target=\"_blank\" rel=\"noopener noreferrer\">Common Database on Designated Areas vs. INSPIRE<\/a><\/strong><\/div><!-- [et_pb_line_break_holder] --><div style=\"color: #000000; font-size: 18px; font-family: Calibri; text-align: left; margin-top: 0px;\"><em>Martin Tuchy\u0148a, Slovensk\u00e1 agent\u00fara pre \u017eivotn\u00e9 prostredia<\/em><\/div><!-- [et_pb_line_break_holder] --><div style=\"color: #000000; font-size: 18px; font-family: Calibri; text-align: left; margin-top: 10px;\"><strong><a href=\"https:\/\/inspirujmese.eu\/2015\/prezentace\/2015_07_inspirujmese_ronen.pdf?_t=1757945368\" target=\"_blank\" rel=\"noopener noreferrer\">Vliv INSPIRE na Reporting Smernice o \u010di\u0161t\u011bn\u00ed m\u011bstsk\u00fdch odpadn\u00edch vod<\/a><\/strong><\/div><!-- [et_pb_line_break_holder] --><div style=\"color: #000000; font-size: 18px; font-family: Calibri; text-align: left; margin-top: 0px;\"><em>Petra Ronen, Evropsk\u00e9 tematick\u00e9 centrum pro vodu<\/em><\/div><!-- [et_pb_line_break_holder] --><div style=\"color: #000000; font-size: 18px; font-family: Calibri; text-align: left; margin-top: 10px;\"><strong>Panelov\u00e1 diskusia<\/strong><\/div><!-- [et_pb_line_break_holder] --><div style=\"color: #000000; font-size: 18px; font-family: Calibri; text-align: left; margin-top: 20px; margin-bottom: 20px;\"><strong>13:30 \u2013 14:30 Obed<\/strong><\/div><!-- [et_pb_line_break_holder] --><div style=\"color: #000000; font-size: 18px; font-family: Calibri; text-align: left;\"><strong>14:30 \u2013 16:30 INSPIRE a jeho implement\u00e1cia<\/strong><\/div><!-- [et_pb_line_break_holder] --><div style=\"color: #000000; font-size: 18px; font-family: Calibri; text-align: left; margin-top: 10px;\"><strong><a href=\"https:\/\/inspirujmese.eu\/2015\/prezentace\/2015_08_inspire_conference_sk.pdf?_t=1757944983\" target=\"_blank\" rel=\"noopener noreferrer\">INSPIRE 2015 \u2013 Ako \u010falej?<\/a><\/strong><\/div><!-- [et_pb_line_break_holder] --><div style=\"color: #000000; font-size: 18px; font-family: Calibri; text-align: left; margin-top: 0px;\"><em>Robert Konr\u00e1d, European Commission<\/em><\/div><!-- [et_pb_line_break_holder] --><div style=\"color: #000000; font-size: 18px; font-family: Calibri; text-align: left; margin-top: 10px;\"><strong><a href=\"https:\/\/inspirujmese.eu\/2015\/prezentace\/2015_09_eskn_15_kl.pdf?_t=1757944994\" target=\"_blank\" rel=\"noopener noreferrer\">15 slu\u017eieb ESKN, aplik\u00e1cie, slu\u017eby pre \u0161irok\u00fa verejnos\u0165<\/a><\/strong><\/div><!-- [et_pb_line_break_holder] --><div style=\"color: #000000; font-size: 18px; font-family: Calibri; text-align: left; margin-top: 0px;\"><em>Katar\u00edna Leitmannov\u00e1, \u00darad geod\u00e9zie, kartografie a katastra Slovenskej republiky<\/em><\/div><!-- [et_pb_line_break_holder] --><div style=\"color: #000000; font-size: 18px; font-family: Calibri; text-align: left; margin-top: 10px;\"><strong><a href=\"https:\/\/inspirujmese.eu\/2015\/prezentace\/2015_10_reznik_aktualizace_narizeni_o_metadatech.pdf?_t=1757945006\" target=\"_blank\" rel=\"noopener noreferrer\">Aktualizace na\u0159\u00edzen\u00ed o metadatech<\/a><\/strong><\/div><!-- [et_pb_line_break_holder] --><div style=\"color: #000000; font-size: 18px; font-family: Calibri; text-align: left; margin-top: 0px;\"><em>Tom\u00e1\u0161 \u0158ezn\u00edk, Masarykova univerzita Brno<\/em><\/div><!-- [et_pb_line_break_holder] --><div style=\"color: #000000; font-size: 18px; font-family: Calibri; text-align: left; margin-top: 10px;\"><strong><a href=\"https:\/\/inspirujmese.eu\/2015\/prezentace\/2015_11_nvcop_eionet_inspire_blavacz.pdf?_t=1757945017\" target=\"_blank\" rel=\"noopener noreferrer\">N\u00e1rodn\u00ed v\u00fdzkumn\u00e9 centrum pro tematickou oblast ochrany p\u016fd, EIONET-soils a INSPIRE<\/a><\/strong><\/div><!-- [et_pb_line_break_holder] --><div style=\"color: #000000; font-size: 18px; font-family: Calibri; text-align: left; margin-top: 0px;\"><em>Igor Dvo\u0159\u00e1k, \u010cesk\u00e1 geologick\u00e1 slu\u017eba<\/em><\/div><!-- [et_pb_line_break_holder] --><div style=\"color: #000000; font-size: 18px; font-family: Calibri; text-align: left; margin-top: 10px;\"><strong><a href=\"https:\/\/inspirujmese.eu\/2015\/prezentace\/2015_12_prezentacia_komanova_mprv_sr.pdf?_t=1757945026\" target=\"_blank\" rel=\"noopener noreferrer\">Jednotn\u00fd pr\u00edstupov\u00fd bod MPRV SR pre implement\u00e1ciu Z\u00e1kona \u010d. 3\/2010 Z.z. o NIPI<\/a><\/strong><\/div><!-- [et_pb_line_break_holder] --><div style=\"color: #000000; font-size: 18px; font-family: Calibri; text-align: left; margin-top: 0px;\"><em>Zuzana Komanov\u00e1, Ministerstvo p\u00f4dohospod\u00e1rstva a rozvoja vidieka SR<\/em><\/div><!-- [et_pb_line_break_holder] --><div style=\"color: #000000; font-size: 18px; font-family: Calibri; text-align: left; margin-top: 10px;\"><strong><a href=\"https:\/\/inspirujmese.eu\/2015\/prezentace\/2015_13_bratislava-soucekp-cuzk.pdf?_t=1757945036\" target=\"_blank\" rel=\"noopener noreferrer\">Implementace INSPIRE v rezortu \u010c\u00daZK<\/a><\/strong><\/div><!-- [et_pb_line_break_holder] --><div style=\"color: #000000; font-size: 18px; font-family: Calibri; text-align: left; margin-top: 0px;\"><em>Petr Sou\u010dek, \u010cesk\u00fd \u00fa\u0159ad zem\u011bm\u011b\u0159ick\u00fd a katastr\u00e1ln\u00ed<\/em><\/div><!-- [et_pb_line_break_holder] --><div style=\"color: #000000; font-size: 18px; font-family: Calibri; text-align: left; margin-top: 20px; margin-bottom: 20px;\"><strong>16:30 \u2013 17:00 Prest\u00e1vka<\/strong><\/div><!-- [et_pb_line_break_holder] --><div style=\"color: #000000; font-size: 18px; font-family: Calibri; text-align: left; margin-top: 10px; margin-bottom: 10px;\"><strong>17:00 \u2013 19:00 INSPIRE a Copernicus<\/strong><\/div><!-- [et_pb_line_break_holder] --><div style=\"color: #000000; font-size: 18px; font-family: Calibri; text-align: left; margin-top: 10px;\"><strong><a href=\"https:\/\/inspirujmese.eu\/2015\/prezentace\/2015_14_sje-skcz-inpire-251115.pdf?_t=1757945047\" target=\"_blank\" rel=\"noopener noreferrer\">Copernicus in-situ and INSPIRE<\/a><\/strong><\/div><!-- [et_pb_line_break_holder] --><div style=\"color: #000000; font-size: 18px; font-family: Calibri; text-align: left; margin-top: 0px;\"><em>Stefan Jensen, European Environment Agency<\/em><\/div><!-- [et_pb_line_break_holder] --><div style=\"color: #000000; font-size: 18px; font-family: Calibri; text-align: left; margin-top: 10px;\"><strong><a href=\"https:\/\/inspirujmese.eu\/2015\/prezentace\/2015_15_program_copernicus_na_slovensku_pastorek_sazp.pdf?_t=1757945058\" target=\"_blank\" rel=\"noopener noreferrer\">Program Copernicus na Slovensku<\/a><\/strong><\/div><!-- [et_pb_line_break_holder] --><div style=\"color: #000000; font-size: 18px; font-family: Calibri; text-align: left; margin-top: 0px;\"><em>Peter Pastorek,Slovensk\u00e1 agent\u00fara \u017eivotn\u00e9ho prostredia<\/em><\/div><!-- [et_pb_line_break_holder] --><div style=\"color: #000000; font-size: 18px; font-family: Calibri; text-align: left; margin-top: 10px;\"><strong><a href=\"https:\/\/inspirujmese.eu\/2015\/prezentace\/2015_16_sentinel_collgs_inspirujme-se_2015_fin.pdf?_t=1757945069\" target=\"_blank\" rel=\"noopener noreferrer\">Spolupracuj\u00edc\u00ed pozemn\u00ed segment Sentinel v \u010cR<\/a><\/strong><\/div><!-- [et_pb_line_break_holder] --><div style=\"color: #000000; font-size: 18px; font-family: Calibri; text-align: left; margin-top: 0px;\"><em>Ond\u0159ej \u0160v\u00e1b, Ministerstvo dopravy \u010cR<\/em><\/div><!-- [et_pb_line_break_holder] --><div style=\"color: #000000; font-size: 18px; font-family: Calibri; text-align: left; margin-top: 10px;\"><strong><a href=\"https:\/\/inspirujmese.eu\/2015\/prezentace\/2015_17_abstrakt_rovnanova_msvv.pdf?_t=1757945077\" target=\"_blank\" rel=\"noopener noreferrer\">ESA a kozmick\u00e9 aktivity na Slovensku (p\u0159\u00edsp\u011bvek bez prezentace)<\/a><\/strong><\/div><!-- [et_pb_line_break_holder] --><div style=\"color: #000000; font-size: 18px; font-family: Calibri; text-align: left; margin-top: 0px;\"><em>Jana Rov\u0148anov\u00e1, Ministerstvo \u0161kolstva, vedy, v\u00fdskumu a \u0161portu SR<\/em><\/div><!-- [et_pb_line_break_holder] --><div style=\"color: #000000; font-size: 18px; font-family: Calibri; text-align: left; margin-top: 10px;\"><strong><a href=\"https:\/\/inspirujmese.eu\/2015\/prezentace\/2015_18_reznik_et_al_propojeni_dat_copernicus_a_geoss_v_narodni_aplikaci_portal_projektu_foodie.pdf?_t=1757945088\" target=\"_blank\" rel=\"noopener noreferrer\">Propojen\u00ed dat Copernicus a GEOSS v n\u00e1rodn\u00ed aplikaci: port\u00e1l projektu FOODIE<\/a><\/strong><\/div><!-- [et_pb_line_break_holder] --><div style=\"color: #000000; font-size: 18px; font-family: Calibri; text-align: left; margin-top: 0px;\"><em>Tom\u00e1\u0161 \u0158ezn\u00edk, WIRELESSINFO<\/em><\/div><!-- [et_pb_line_break_holder] --><div style=\"color: #000000; font-size: 18px; font-family: Calibri; text-align: left; margin-top: 10px;\"><strong><a href=\"https:\/\/inspirujmese.eu\/2015\/prezentace\/2015_19_lisa_copernicus_banko_bratislava_nov_2015.pdf?_t=1757945097\" target=\"_blank\" rel=\"noopener noreferrer\">LISA 2.0: enhancing the land information system of Austria with temporal information form SENTINEL-2 data<\/a><\/strong><\/div><!-- [et_pb_line_break_holder] --><div style=\"color: #000000; font-size: 18px; font-family: Calibri; text-align: left; margin-top: 0px;\"><em>Gebhard Banko, Umweltbundesamt GmbH<\/em><\/div><!-- [et_pb_line_break_holder] --><div style=\"color: #000000; font-size: 18px; font-family: Calibri; text-align: left; margin-top: 10px;\"><strong><a href=\"https:\/\/inspirujmese.eu\/2015\/prezentace\/2015_20_inspirujmese-rozvoj-kozmickych-aktivit-na-sr.pdf?_t=1757945108\" target=\"_blank\" rel=\"noopener noreferrer\">Rozvoj kozmick\u00fdch aktiv\u00edt na Slovensku<\/a><\/strong><\/div><!-- [et_pb_line_break_holder] --><div style=\"color: #000000; font-size: 18px; font-family: Calibri; text-align: left; margin-top: 0px;\"><em>Jakub Kapu\u0161, Slovak organization for space activities<\/em><\/div><!-- [et_pb_line_break_holder] --><div style=\"color: #000000; font-size: 18px; font-family: Calibri; text-align: left; margin-top: 20px; margin-bottom: 00px;\"><strong>19:00 Z\u00e1ver prv\u00e9ho d\u0148a, zlosovanie dotazn\u00edkov<\/strong><\/div><!-- [et_pb_line_break_holder] --><div style=\"color: #000000; font-size: 18px; font-family: Calibri; text-align: left; margin-top: 00px; margin-bottom: 20px;\"><strong>20:00 Spolo\u010densk\u00fd ve\u010der<\/strong><\/div><!-- [et_pb_line_break_holder] --><div style=\"color: #000000; font-size: 18px; font-family: Calibri; text-align: left; margin-top: 00px; margin-bottom: 20px;\">Konferen\u010dn\u00e1 miestnos\u0165 2<\/div><!-- [et_pb_line_break_holder] --><div style=\"color: #000000; font-size: 18px; font-family: Calibri; text-align: left; margin-top: 00px; margin-bottom: 10px;\"><strong>09:00 \u2013 13:00 Zasadnutie EIONET SK<\/strong><\/div><!-- [et_pb_line_break_holder] --><div style=\"color: #000000; font-size: 18px; font-family: Calibri; text-align: left; margin-top: 10px;\"><strong><a href=\"https:\/\/inspirujmese.eu\/2015\/prezentace\/1._s._baslarova_vseobecna_cinnost_mb_a_nfp_sk.pdf?_t=1757945118\" target=\"_blank\" rel=\"noopener noreferrer\">V\u0161eobecn\u00e1 \u010dinnost MB a NFP SK<\/a><\/strong><\/div><!-- [et_pb_line_break_holder] --><div style=\"color: #000000; font-size: 18px; font-family: Calibri; text-align: left; margin-top: 0px;\"><em>Sylvia Baslarov\u00e1, Slovensk\u00e1 agent\u00fara \u017eivotn\u00e9ho prostredia<\/em><\/div><!-- [et_pb_line_break_holder] --><div style=\"color: #000000; font-size: 18px; font-family: Calibri; text-align: left; margin-top: 10px;\"><strong><a href=\"https:\/\/inspirujmese.eu\/2015\/prezentace\/2._r.povazan_nrc_flis.pdf?_t=1757945127\" target=\"_blank\" rel=\"noopener noreferrer\">NRC FLIS \u2013 megatrendy, inov\u00e1cie, zmeny<\/a><\/strong><\/div><!-- [et_pb_line_break_holder] --><div style=\"color: #000000; font-size: 18px; font-family: Calibri; text-align: left; margin-top: 0px;\"><em>Radoslav Pova\u017ean, Slovensk\u00e1 agent\u00fara \u017eivotn\u00e9ho prostredia<\/em><\/div><!-- [et_pb_line_break_holder] --><div style=\"color: #000000; font-size: 18px; font-family: Calibri; text-align: left; margin-top: 10px;\"><strong><a href=\"https:\/\/inspirujmese.eu\/2015\/prezentace\/3._z.lieskovska_soer2015_indikatory_k_7eap.pdf?_t=1757945137\" target=\"_blank\" rel=\"noopener noreferrer\">Sk\u00fasenosti so SOER 2015, Indik\u00e1tory k 7. EAP<\/a><\/strong><\/div><!-- [et_pb_line_break_holder] --><div style=\"color: #000000; font-size: 18px; font-family: Calibri; text-align: left; margin-top: 0px;\"><em>Zuzana Lieskovska, Slovensk\u00e1 agent\u00fara \u017eivotn\u00e9ho prostredia<\/em><\/div><!-- [et_pb_line_break_holder] --><div style=\"color: #000000; font-size: 18px; font-family: Calibri; text-align: left; margin-top: 10px;\"><strong><a href=\"https:\/\/inspirujmese.eu\/2015\/prezentace\/4._a.majovska_reporting_za_vodu_pre_eea_.pdf?_t=1757945146\" target=\"_blank\" rel=\"noopener noreferrer\">Reporting za vodu pre EEA<\/a><\/strong><\/div><!-- [et_pb_line_break_holder] --><div style=\"color: #000000; font-size: 18px; font-family: Calibri; text-align: left; margin-top: 0px;\"><em><em>Andrea M\u00e1jovsk\u00e1, Slovensk\u00fd hydrometeorologick\u00fd \u00fastav<\/em><\/em><\/div><!-- [et_pb_line_break_holder] --><div style=\"color: #000000; font-size: 18px; font-family: Calibri; text-align: left; margin-top: 30px; margin-bottom: 10px;\"><strong>STREDA 25. NOVEMBRA<\/strong><\/div><!-- [et_pb_line_break_holder] --><div style=\"color: #000000; font-size: 18px; font-family: Calibri; text-align: left; margin-top: 10px; margin-bottom: 10px;\">Konferen\u010dn\u00e1 miestnos\u0165 1<\/div><!-- [et_pb_line_break_holder] --><div style=\"color: #000000; font-size: 18px; font-family: Calibri; text-align: left; margin-top: 20px; margin-bottom: 00px;\"><strong>09:00 \u2013 10:30 Koordin\u00e1cia, strat\u00e9gie<\/strong><\/div><!-- [et_pb_line_break_holder] --><div style=\"color: #000000; font-size: 18px; font-family: Calibri; text-align: left; margin-top: 10px;\"><strong><a href=\"https:\/\/inspirujmese.eu\/2015\/prezentace\/2015_21_novela_monitoring_ziacik.pdf?_t=1757945155\" target=\"_blank\" rel=\"noopener noreferrer\">Novela Z\u00e1kona \u010d. 3\/2010 Z.z. o NIPI a mo\u017enosti automatizovan\u00e9ho INSPIRE monitoringu<\/a><\/strong><\/div><!-- [et_pb_line_break_holder] --><div style=\"color: #000000; font-size: 18px; font-family: Calibri; text-align: left; margin-top: 0px;\"><em>Marek \u017dia\u010dik, Slovensk\u00e1 agent\u00fara \u017eivotn\u00e9ho prostredia<\/em><\/div><!-- [et_pb_line_break_holder] --><div style=\"color: #000000; font-size: 18px; font-family: Calibri; text-align: left; margin-top: 10px;\"><strong><a href=\"https:\/\/inspirujmese.eu\/2015\/prezentace\/2015_22_kovin_faugnerova.pdf?_t=1757945167\" target=\"_blank\" rel=\"noopener noreferrer\">\u010cinnost \u010desk\u00e9ho koordina\u010dn\u00edho v\u00fdboru pro INSPIRE<\/a><\/strong><\/div><!-- [et_pb_line_break_holder] --><div style=\"color: #000000; font-size: 18px; font-family: Calibri; text-align: left; margin-top: 0px;\"><em>Jitka Faugnerov\u00e1, CENIA, \u010desk\u00e1 informa\u010dn\u00ed agentura \u017eivotn\u00edho prost\u0159ed\u00ed<\/em><\/div><!-- [et_pb_line_break_holder] --><div style=\"color: #000000; font-size: 18px; font-family: Calibri; text-align: left; margin-top: 10px;\"><strong><a href=\"https:\/\/inspirujmese.eu\/2015\/prezentace\/2015_23_bratislava-soucekp-narodni-datove-sady.pdf?_t=1757945179\" target=\"_blank\" rel=\"noopener noreferrer\">N\u00e1rodn\u00ed datov\u00e9 sady INSPIRE v \u010cR<\/a><\/strong><\/div><!-- [et_pb_line_break_holder] --><div style=\"color: #000000; font-size: 18px; font-family: Calibri; text-align: left; margin-top: 0px;\"><em>Petr Sou\u010dek, \u010cesk\u00fd \u00fa\u0159ad zem\u011bm\u011b\u0159ick\u00fd a katastr\u00e1ln\u00ed<\/em><\/div><!-- [et_pb_line_break_holder] --><div style=\"color: #000000; font-size: 18px; font-family: Calibri; text-align: left; margin-top: 10px;\"><strong><a href=\"https:\/\/inspirujmese.eu\/2015\/prezentace\/2015_24_kubatova_inspirujme_se_gistr.pdf?_t=1757945191\" target=\"_blank\" rel=\"noopener noreferrer\">Implementace GeoInfoStrategie v \u010cR<\/a><\/strong><\/div><!-- [et_pb_line_break_holder] --><div style=\"color: #000000; font-size: 18px; font-family: Calibri; text-align: left; margin-top: 0px;\"><em>Eva Kub\u00e1tov\u00e1, Ministerstvo vnitra \u010cR<\/em><\/div><!-- [et_pb_line_break_holder] --><div style=\"color: #000000; font-size: 18px; font-family: Calibri; text-align: left; margin-top: 20px; margin-bottom: 20px;\"><strong>10:30 \u2013 11:00 Prest\u00e1vka<\/strong><\/div><!-- [et_pb_line_break_holder] --><div style=\"color: #000000; font-size: 18px; font-family: Calibri; text-align: left; margin-top:10px; margin-bottom: 10px;\"><strong>11:00 \u2013 19:00 INSPIRE &#038; Copernicus prakticky<\/strong><\/div><!-- [et_pb_line_break_holder] --><div style=\"color: #000000; font-size: 18px; font-family: Calibri; text-align: left; margin-top: 10px;\"><strong><a href=\"https:\/\/inspirujmese.eu\/2015\/prezentace\/2015_25_inspirujmesecibula.pdf?_t=1757945203\" target=\"_blank\" rel=\"noopener noreferrer\">Vyu\u017eitie Open Technol\u00f3gi\u00ed, IoT a 3D v GIS<\/a><\/strong><\/div><!-- [et_pb_line_break_holder] --><div style=\"color: #000000; font-size: 18px; font-family: Calibri; text-align: left; margin-top: 0px;\"><em>Robert Cibula, \u0160t\u00e1tny geologick\u00fd \u00fastav Dion\u00fdza \u0160t\u00fara<\/em><\/div><!-- [et_pb_line_break_holder] --><div style=\"color: #000000; font-size: 18px; font-family: Calibri; text-align: left; margin-top: 10px;\"><strong><a href=\"https:\/\/inspirujmese.eu\/2015\/prezentace\/2015_26_fatima_inspirujmese.pdf?_t=1757945213\" target=\"_blank\" rel=\"noopener noreferrer\">Aplikace dat DPZ pro precizn\u00ed zem\u011bd\u011blstv\u00ed v projektu FATIMA<\/a><\/strong><\/div><!-- [et_pb_line_break_holder] --><div style=\"color: #000000; font-size: 18px; font-family: Calibri; text-align: left; margin-top: 0px;\"><em>Ji\u0159\u00ed Kvapil, CENIA, \u010desk\u00e1 informa\u010dn\u00ed agentura \u017eivotn\u00edho prost\u0159ed\u00ed<\/em><\/div><!-- [et_pb_line_break_holder] --><div style=\"color: #000000; font-size: 18px; font-family: Calibri; text-align: left; margin-top: 10px;\"><strong><a href=\"https:\/\/inspirujmese.eu\/2015\/prezentace\/2015_27_melicherova_radiacny_monitoring.pdf?_t=1757945222\" target=\"_blank\" rel=\"noopener noreferrer\">Radia\u010dn\u00fd monitoring<\/a><\/strong><\/div><!-- [et_pb_line_break_holder] --><div style=\"color: #000000; font-size: 18px; font-family: Calibri; text-align: left; margin-top: 0px;\"><em>Ter\u00e9zia Melicherov\u00e1, Slovensk\u00fd hydrometeorologick\u00fd \u00fastav<\/em><\/div><!-- [et_pb_line_break_holder] --><div style=\"color: #000000; font-size: 18px; font-family: Calibri; text-align: left; margin-top: 10px;\"><strong><a href=\"https:\/\/inspirujmese.eu\/2015\/prezentace\/2015_28_isvs_voda_bratislava.pdf?_t=1757945233\" target=\"_blank\" rel=\"noopener noreferrer\">ISVS &#8211; VODA v kontextu Sm\u011brnice INSPIRE<\/a><\/strong><\/div><!-- [et_pb_line_break_holder] --><div style=\"color: #000000; font-size: 18px; font-family: Calibri; text-align: left; margin-top: 0px;\"><em>Zden\u011bk Ho\u0161ek, Ministerstvo zem\u011bd\u011blstv\u00ed \u010cR<\/em><\/div><!-- [et_pb_line_break_holder] --><div style=\"color: #000000; font-size: 18px; font-family: Calibri; text-align: left; margin-top: 10px;\"><strong><a href=\"https:\/\/inspirujmese.eu\/2015\/prezentace\/2015_29_mmed_inspirujme_se.pdf?_t=1757945247\" target=\"_blank\" rel=\"noopener noreferrer\">Implementace INSPIRE t\u00e9matu Budovy<\/a><\/strong><\/div><!-- [et_pb_line_break_holder] --><div style=\"color: #000000; font-size: 18px; font-family: Calibri; text-align: left; margin-top: 0px;\"><em>Michal Med, \u010cesk\u00fd \u00fa\u0159ad zem\u011bm\u011b\u0159ick\u00fd a katastr\u00e1ln\u00ed<\/em><\/div><!-- [et_pb_line_break_holder] --><div style=\"color: #000000; font-size: 18px; font-family: Calibri; text-align: left; margin-top: 10px;\"><strong><a href=\"https:\/\/inspirujmese.eu\/2015\/prezentace\/2015_30_inspirujme_se_2015_sdi4apps.pdf?_t=1757945256\" target=\"_blank\" rel=\"noopener noreferrer\">SDI4Apps &#8211; geoaplik\u00e1cie s komunitnou podporou<\/a><\/strong><\/div><!-- [et_pb_line_break_holder] --><div style=\"color: #000000; font-size: 18px; font-family: Calibri; text-align: left; margin-top: 0px;\"><em>Dmitrii Kozhukh, Help Service Remote Sensing<\/em><\/div><!-- [et_pb_line_break_holder] --><div style=\"color: #000000; font-size: 18px; font-family: Calibri; text-align: left; margin-top: 20px; margin-bottom: 20px;\"><strong>13:00 \u2013 14:00 Obed<\/strong><\/div><!-- [et_pb_line_break_holder] --><div style=\"color: #000000; font-size: 18px; font-family: Calibri; text-align: left; margin-top: 10px; margin-bottom: 10px;\"><strong>14:00 \u2013 15:00 Workshop RPI<\/strong><\/div><!-- [et_pb_line_break_holder] --><div style=\"color: #000000; font-size: 18px; font-family: Calibri; text-align: left; margin-top: 10px;\"><strong><a href=\"https:\/\/inspirujmese.eu\/2015\/prezentace\/2015_31_rpi_inspirujemese_vyznam_20151125_v2.pdf?_t=1757945267\" target=\"_blank\" rel=\"noopener noreferrer\">Register priestorov\u00fdch inform\u00e1ci\u00ed \u2013 V\u00fdznam n\u00e1rodn\u00e9ho projektu OPIS<\/a><\/strong><\/div><!-- [et_pb_line_break_holder] --><div style=\"color: #000000; font-size: 18px; font-family: Calibri; text-align: left; margin-top: 0px;\"><em>Martin Ko\u0161ka, Slovensk\u00e1 agent\u00fara \u017eivotn\u00e9ho prostredia<\/em><\/div><!-- [et_pb_line_break_holder] --><div style=\"color: #000000; font-size: 18px; font-family: Calibri; text-align: left; margin-top: 10px;\"><strong><a href=\"https:\/\/inspirujmese.eu\/2015\/prezentace\/2015_32_rpi_narodniprofil.pdf?_t=1757945275\" target=\"_blank\" rel=\"noopener noreferrer\">Register priestorov\u00fdch inform\u00e1ci\u00ed \u2013 Slovensk\u00fd meta\u00fadajov\u00fd profil<\/a><\/strong><\/div><!-- [et_pb_line_break_holder] --><div style=\"color: #000000; font-size: 18px; font-family: Calibri; text-align: left; margin-top: 0px;\"><em>Radoslav Chud\u00fd, G-BASE s.r.o.<\/em><\/div><!-- [et_pb_line_break_holder] --><div style=\"color: #000000; font-size: 18px; font-family: Calibri; text-align: left; margin-top: 10px;\"><strong><a href=\"https:\/\/inspirujmese.eu\/2015\/prezentace\/2015_33_rpi_ukazkyaplikacie.pdf?_t=1757945284\" target=\"_blank\" rel=\"noopener noreferrer\">Register priestorov\u00fdch inform\u00e1ci\u00ed \u2013 Uk\u00e1\u017eky aplik\u00e1cie<\/a><\/strong><\/div><!-- [et_pb_line_break_holder] --><div style=\"color: #000000; font-size: 18px; font-family: Calibri; text-align: left; margin-top: 0px;\"><em>Radoslav Chud\u00fd, G-BASE s.r.o.<\/em><\/div><!-- [et_pb_line_break_holder] --><div style=\"color: #000000; font-size: 18px; font-family: Calibri; text-align: left; margin-top: 20px; margin-bottom: 20px;\"><strong><strong>15:00 \u2013 15:45 Workshop eENVplus [<a href=\"http:\/\/www.eenvplus.eu\/\">link<\/a>], [<a href=\"http:\/\/www.eenvplus.eu\/project\/eenvplus-training\/\">link<\/a>]<\/strong><\/strong><\/div><!-- [et_pb_line_break_holder] --><div style=\"color: #000000; font-size: 18px; font-family: Calibri; text-align: left; margin-top: 10px;\"><strong><a href=\"https:\/\/inspirujmese.eu\/2015\/prezentace\/2015_34_hume_eenvplus_platforma_bratis2015.pdf?_t=1757945291\" target=\"_blank\" rel=\"noopener noreferrer\">Training modul eENVplus<\/a><\/strong><\/div><!-- [et_pb_line_break_holder] --><div style=\"color: #000000; font-size: 18px; font-family: Calibri; text-align: left; margin-top: 0px;\"><em>Shane Hume, CENIA, \u010desk\u00e1 informa\u010dn\u00ed agentura \u017eivotn\u00edho prost\u0159ed\u00ed<\/em><\/div><!-- [et_pb_line_break_holder] --><div style=\"color: #000000; font-size: 18px; font-family: Calibri; text-align: left; margin-top: 10px;\"><strong><a href=\"https:\/\/inspirujmese.eu\/2015\/prezentace\/2015_35_cs_spire_georeportyobecne_faugnerova.pdf?_t=1757945301\" target=\"_blank\" rel=\"noopener noreferrer\">CSspire<\/a><\/strong><\/div><!-- [et_pb_line_break_holder] --><div style=\"color: #000000; font-size: 18px; font-family: Calibri; text-align: left; margin-top: 0px;\"><em>Jitka Faugnerov\u00e1, CENIA, \u010desk\u00e1 informa\u010dn\u00ed agentura \u017eivotn\u00edho prost\u0159ed\u00ed<\/em><\/div><!-- [et_pb_line_break_holder] --><div style=\"color: #000000; font-size: 18px; font-family: Calibri; text-align: left; margin-top: 10px;\"><strong><a href=\"https:\/\/inspirujmese.eu\/2015\/prezentace\/2015_36_training_pilot_sk-hu_final-151123-1_bratislava.pdf?_t=1757945309\" target=\"_blank\" rel=\"noopener noreferrer\">Window on the Protected Areas<\/a><\/strong><\/div><!-- [et_pb_line_break_holder] --><div style=\"color: #000000; font-size: 18px; font-family: Calibri; text-align: left; margin-top: 0px;\"><em>Veronika Ko\u0161kov\u00e1, Jan T\u00f3bik, Slovensk\u00e1 agent\u00fara \u017eivotn\u00e9ho prostredia<\/em><\/div><!-- [et_pb_line_break_holder] --><div style=\"color: #000000; font-size: 18px; font-family: Calibri; text-align: left; margin-top: 20px; margin-bottom: 20px;\"><strong><strong>16:00 Z\u00e1ver druh\u00e9ho d\u0148a, zlosovanie dotazn\u00edkov<\/strong><\/strong><\/div><!-- [et_pb_line_break_holder] --><div style=\"color: #000000; font-size: 18px; font-family: Calibri; text-align: left; margin-top: 30px; margin-bottom: 20px;\"><strong><strong>Ukon\u010denie konferencie<\/strong><\/strong><\/div><!-- [et_pb_line_break_holder] -->[\/et_pb_code][\/et_pb_column][\/et_pb_row][\/et_pb_section]","protected":false},"excerpt":{"rendered":"<p>2015 \u2013 INSPIRUJME SE\u2026 O KONFERENCI CENIA, \u010desk\u00e1 informa\u010dn\u00e1 agent\u00fara \u017eivotn\u00edho prost\u0159ed\u00ed a Slovensk\u00e1 agent\u00fara \u017eivotn\u00e9ho prostredia si V\u00e1s dovo\u013euj\u00fa pozva\u0165 na 4. ro\u010dn\u00edk \u010desko-slovenskej konferencie\u00a0Inspirujme se\u2026 V INSPIRE, rovnako ako vo v\u0161etk\u00fdch in\u00fdch oblastiach \u013eudskej \u010dinnosti, doch\u00e1dza k v\u00fdvoju. Aj t\u00e1to konferencia sa vyv\u00edja. V prv\u00fdch rokoch st\u00e1la v\u00fdhradne na pr\u00edprave pre po\u017eiadavky a [&hellip;]<\/p>\n","protected":false},"author":5,"featured_media":0,"parent":0,"menu_order":0,"comment_status":"closed","ping_status":"closed","template":"","meta":{"_et_pb_use_builder":"on","_et_pb_old_content":"","_et_gb_content_width":"","footnotes":""},"folder":[25],"class_list":["post-3174","page","type-page","status-publish","hentry"],"_links":{"self":[{"href":"https:\/\/inspirujmese.eu\/cs\/wp-json\/wp\/v2\/pages\/3174","targetHints":{"allow":["GET"]}}],"collection":[{"href":"https:\/\/inspirujmese.eu\/cs\/wp-json\/wp\/v2\/pages"}],"about":[{"href":"https:\/\/inspirujmese.eu\/cs\/wp-json\/wp\/v2\/types\/page"}],"author":[{"embeddable":true,"href":"https:\/\/inspirujmese.eu\/cs\/wp-json\/wp\/v2\/users\/5"}],"replies":[{"embeddable":true,"href":"https:\/\/inspirujmese.eu\/cs\/wp-json\/wp\/v2\/comments?post=3174"}],"version-history":[{"count":10,"href":"https:\/\/inspirujmese.eu\/cs\/wp-json\/wp\/v2\/pages\/3174\/revisions"}],"predecessor-version":[{"id":4080,"href":"https:\/\/inspirujmese.eu\/cs\/wp-json\/wp\/v2\/pages\/3174\/revisions\/4080"}],"wp:attachment":[{"href":"https:\/\/inspirujmese.eu\/cs\/wp-json\/wp\/v2\/media?parent=3174"}],"wp:term":[{"taxonomy":"folder","embeddable":true,"href":"https:\/\/inspirujmese.eu\/cs\/wp-json\/wp\/v2\/folder?post=3174"}],"curies":[{"name":"wp","href":"https:\/\/api.w.org\/{rel}","templated":true}]}}