{"id":3307,"date":"2025-08-13T15:26:04","date_gmt":"2025-08-13T13:26:04","guid":{"rendered":"https:\/\/inspirujmese.eu\/cs\/?page_id=3307"},"modified":"2025-10-16T14:05:17","modified_gmt":"2025-10-16T12:05:17","slug":"archiv-2013","status":"publish","type":"page","link":"https:\/\/inspirujmese.eu\/cs\/archiv-2013\/","title":{"rendered":"Archiv 2013"},"content":{"rendered":"[et_pb_section fb_built=&#8220;1&#8243; _builder_version=&#8220;4.27.4&#8243; _module_preset=&#8220;default&#8220; background_enable_color=&#8220;off&#8220; background_image=&#8220;https:\/\/inspirujmese.eu\/wp-content\/uploads\/2025\/08\/DSC0131-scaled.webp&#8220; background_position=&#8220;bottom_center&#8220; background_vertical_offset=&#8220;77%&#8220; global_colors_info=&#8220;{}&#8220;][et_pb_row _builder_version=&#8220;4.27.4&#8243; _module_preset=&#8220;default&#8220; width=&#8220;100%&#8220; max_width=&#8220;100%&#8220; min_height=&#8220;100%&#8220; height=&#8220;100%&#8220; global_colors_info=&#8220;{}&#8220;][et_pb_column type=&#8220;4_4&#8243; _builder_version=&#8220;4.27.0&#8243; _module_preset=&#8220;default&#8220; global_colors_info=&#8220;{}&#8220;][et_pb_text _builder_version=&#8220;4.27.4&#8243; _module_preset=&#8220;default&#8220; header_font=&#8220;|||on|||||&#8220; header_text_color=&#8220;#FFFFFF&#8220; header_font_size=&#8220;46px&#8220; header_font_size_tablet=&#8220;37px&#8220; header_font_size_phone=&#8220;29px&#8220; header_font_size_last_edited=&#8220;on|phone&#8220; content_sk_sk=&#8220;<h1 class=%22hero-title%22 style=%22text-align: center;%22><span style=%22color: #ffffff;%22>2013 \u2013 INSPIRUJME SE\u2026 OTEV\u0158ENOST\u00cd<\/span><\/h1>&#8220; global_colors_info=&#8220;{}&#8220;]<h1 class=\"hero-title\" style=\"text-align: center;\"><span style=\"color: #ffffff;\">2013 \u2013 INSPIRUJME SE\u2026 OTEV\u0158ENOST\u00cd<\/span><\/h1>[\/et_pb_text][\/et_pb_column][\/et_pb_row][\/et_pb_section][et_pb_section fb_built=&#8220;1&#8243; _builder_version=&#8220;4.27.4&#8243; _module_preset=&#8220;default&#8220; background_color=&#8220;#3c3d3f&#8220; global_colors_info=&#8220;{}&#8220;][et_pb_row _builder_version=&#8220;4.27.0&#8243; _module_preset=&#8220;default&#8220; global_colors_info=&#8220;{}&#8220;][et_pb_column type=&#8220;4_4&#8243; _builder_version=&#8220;4.27.0&#8243; _module_preset=&#8220;default&#8220; global_colors_info=&#8220;{}&#8220;][et_pb_text content_tablet=&#8220;<h2 class=%22space-bottom%22 style=%22text-align: center;%22>O KONFERENCI<\/h2>\n<div style=%22text-align: justify;%22>\n<div>Ve dnech 27. a 28. listopadu 2013 prob\u011bhla v prostor\u00e1ch hotelu Tatra v Bratislav\u011b ji\u017e druh\u00e1 \u010desko-slovensk\u00e1 konference s n\u00e1zvem Inspirujme se\u2026otev\u0159enost\u00ed. Op\u011bt se d\u00edky spolupr\u00e1ci CENIA, \u010desk\u00e9 informa\u010dn\u00ed agentury \u017eivotn\u00edho prost\u0159ed\u00ed a Slovensk\u00e9 agent\u00fary \u017eivotn\u00e9ho prostredia a z\u00e1\u0161tit\u011b obou ministerstev \u017eivotn\u00edho prost\u0159ed\u00ed poda\u0159ilo uspo\u0159\u00e1dat akci, kter\u00e1 i po t\u00e9m\u011b\u0159 sedmi letech b\u011bhu Sm\u011brnice INSPIRE v Evrop\u011b, p\u0159il\u00e1kala velk\u00fd po\u010det z\u00e1jemc\u016f. Pokud lo\u0148sk\u00fd ro\u010dn\u00edk s v\u00edce ne\u017e 110 \u00fa\u010dastn\u00edky byl ozna\u010dov\u00e1n za velmi \u00fasp\u011b\u0161n\u00fd, je nutn\u00e9 leto\u0161n\u00ed ro\u010dn\u00edk ozna\u010dit za rekordn\u00ed, proto\u017ee 183 div\u00e1k\u016f konference Inspirujme se\u2026neza\u017eila za cel\u00fdch 6 let sv\u00e9ho trv\u00e1n\u00ed. Lze se jen dohadovat, zda to byl v\u00fdsledek propaga\u010dn\u00ed kampan\u011b obou organiz\u00e1tor\u016f, zaj\u00edmav\u00fd a pe\u010dliv\u011b p\u0159ipraven\u00fd program, nebo nov\u00e9 m\u00edsto kon\u00e1n\u00ed \u2013 poprv\u00e9 na Slovensku. K uspo\u0159\u00e1d\u00e1n\u00ed akce p\u0159isp\u011bli 4 partne\u0159i konference: gener\u00e1ln\u00ed partner akce firma G-BASE s.r.o., a dal\u0161\u00ed t\u0159i partne\u0159i: firmy T-MAPY s.r.o., HELP SERVICE REMOTE SEINSING s.r.o. a Zymestic Solutions s.r.o., kter\u00fdm pat\u0159\u00ed pod\u011bkov\u00e1n\u00ed.<\/div>\n<div>Konferenci zah\u00e1jili z\u00e1stupci organiz\u00e1tor\u016f \u0159editel Centra environmentalistiky a informatiky Slovensk\u00e9 agentury \u017eivotn\u00e9ho prostredia Marek \u017dia\u010dik a \u0159editel CENIA, \u010desk\u00e9 informa\u010dn\u00ed agentury \u017eivotn\u00edho prost\u0159ed\u00ed, Vladim\u00edr Fanta; z\u00e1stupci ministerstev \u017eivotn\u00edho prost\u0159ed\u00ed obou zem\u00ed \u2013 za SR st\u00e1tn\u00ed tajemn\u00edk Vojt\u011bch Ferenc, za \u010cR n\u00e1m\u011bstek ministra st\u00e1tn\u00ed tajemn\u00edk Libor Je\u017eek. K hlavn\u00edm \u0159e\u010dn\u00edk\u016fm byl p\u0159izv\u00e1n tak\u00e9 m\u00edstop\u0159edseda \u010cesk\u00e9ho \u00fa\u0159adu zem\u011bm\u011b\u0159ick\u00e9ho a katastr\u00e1ln\u00edho Karel \u0160tencel. Omluvenou p\u0159edsedkyni \u00dastavu geod\u00e9zie, kartografie a katastra Slovenskej republiky zastoupila v \u00favodn\u00ed \u0159e\u010di Katar\u00edna Leitmanov\u00e1. \u00da\u010dastn\u00edky konference p\u0159iv\u00edtal i gener\u00e1ln\u00ed sponzor Vladim\u00edr Strom\u010dek za firmu G-BASE s.r.o. B\u011bhem dvou dn\u016f v \u0161esti sekc\u00edch m\u011bli poslucha\u010di mo\u017enost shl\u00e9dnout t\u00e9m\u011b\u0159 t\u0159icet p\u011bt prezentac\u00ed z oblasti problematiky otev\u0159en\u00fdch dat, dostupnosti dat, p\u0159\u00edklad\u016f implementace INSPIRE, mezin\u00e1rodn\u00edch projekt\u016f nebo pr\u00e1v\u011b prob\u00edhaj\u00edc\u00edch aktivit v politik\u00e1ch prostorov\u00fdch dat a vzd\u011bl\u00e1v\u00e1n\u00ed v geoinformatice. Mezi prezentuj\u00edc\u00edmi vystoupili i dva z\u00e1stupci evropsk\u00fdch instituc\u00ed s v\u00fdznamnou rol\u00ed v cel\u00e9m procesu INSPIRE \u2013 hned prvn\u00ed den osobn\u011b pan Vlado Cetl z Evropsk\u00e9ho v\u00fdzkumn\u00e9ho centra; program druh\u00e9ho dne pak zah\u00e1jila on-line p\u0159en\u00e1\u0161en\u00e1 prezentace Darji Lihteneger z Evropsk\u00e9 agentury \u017eivotn\u00edho prost\u0159ed\u00ed. Samoz\u0159ejm\u011b zbyl i prostor pro ji\u017e tradi\u010dn\u00ed semin\u00e1\u0159 Geot\u00fdmu Masarykovy univerzity Brno \u2013 Mo\u017enosti vzd\u011bl\u00e1v\u00e1n\u00ed v INSPIRE, kter\u00fd pak spolu se semin\u00e1\u0159em projektu smeSpire konferenci uzav\u00edral.<\/div>\n<div>Z\u00e1v\u011bre\u010dn\u00fd semin\u00e1\u0159 projektu smeSpire, zam\u011b\u0159en\u00fd na mal\u00e9 a st\u0159edn\u00ed firmy podnikaj\u00edc\u00ed v oblasti geo-ICT, m\u011bl za c\u00edl p\u0159edstavit v\u00fdstupy projektu po dal\u0161\u00edm roce jeho trv\u00e1n\u00ed. Semin\u00e1\u0159 uvedla prezentace n\u011bkter\u00fdch v\u00fdsledk\u016f z fin\u00e1ln\u00ed zpr\u00e1vy o vlivu INSPIRE na obchodn\u00ed aktivity mal\u00fdch a st\u0159edn\u00edch firem ve srovn\u00e1n\u00ed s ostatn\u00edmi zem\u011bmi. Bylo p\u0159edstaveno nap\u0159., jak velk\u00e9 (nebo sp\u00ed\u0161e mal\u00e9) jsou tyto firmy, kdo jsou jejich hlavn\u00ed z\u00e1kazn\u00edci, a kde vid\u00ed firmy slab\u00e9 a siln\u00e9 str\u00e1nky INSPIRE. N\u00e1sledovala on line prezentace p\u0159\u00edmo ze str\u00e1nek projektu: datab\u00e1ze firem, v\u00fdukov\u00e9 materi\u00e1ly, mo\u017enosti \u0161kolen\u00ed a pr\u00e1ce s best practice kalatogem (i s uk\u00e1zkou jednoho z\u00e1znamu). I p\u0159esto, \u017ee se jednalo o posledn\u00ed hodiny cel\u00e9 konference, byla \u00fa\u010dast na semin\u00e1\u0159i hojn\u00e1, z\u00e1jem projevily nejen soukrom\u00e9 firmy, ale i agentury st\u00e1tn\u00ed spr\u00e1vy b\u011b\u017en\u011b se zapojuj\u00edc\u00ed do evropsk\u00fdch projekt\u016f a hledaj\u00edc\u00ed pro n\u011b partnery. I takov\u00e9 agentury se sv\u00fdmi p\u0159\u00edklady dobr\u00fdch \u0159e\u0161en\u00ed se mohou st\u00e1t sou\u010d\u00e1st\u00ed projektov\u00e9 datab\u00e1ze, tak jako jsou v t\u00e9to datab\u00e1zi za\u0159azeny CENIA i SA\u017dP. Leto\u0161n\u00ed ro\u010dn\u00edk konference je d\u016fkazem, \u017ee i po sedmi letech je INSPIRE st\u00e1le t\u00e9matem. V roce 2014 tedy op\u011bt v Praze.<\/div>\n<\/div>\n<div style=%22text-align: justify;%22><\/div>&#8220; content_phone=&#8220;<h2 class=%22space-bottom%22 style=%22text-align: center;%22>O KONFERENCI<\/h2>\n<div style=%22text-align: justify;%22>\n<div>Ve dnech 27. a 28. listopadu 2013 prob\u011bhla v prostor\u00e1ch hotelu Tatra v Bratislav\u011b ji\u017e druh\u00e1 \u010desko-slovensk\u00e1 konference s n\u00e1zvem Inspirujme se\u2026otev\u0159enost\u00ed. Op\u011bt se d\u00edky spolupr\u00e1ci CENIA, \u010desk\u00e9 informa\u010dn\u00ed agentury \u017eivotn\u00edho prost\u0159ed\u00ed a Slovensk\u00e9 agent\u00fary \u017eivotn\u00e9ho prostredia a z\u00e1\u0161tit\u011b obou ministerstev \u017eivotn\u00edho prost\u0159ed\u00ed poda\u0159ilo uspo\u0159\u00e1dat akci, kter\u00e1 i po t\u00e9m\u011b\u0159 sedmi letech b\u011bhu Sm\u011brnice INSPIRE v Evrop\u011b, p\u0159il\u00e1kala velk\u00fd po\u010det z\u00e1jemc\u016f. Pokud lo\u0148sk\u00fd ro\u010dn\u00edk s v\u00edce ne\u017e 110 \u00fa\u010dastn\u00edky byl ozna\u010dov\u00e1n za velmi \u00fasp\u011b\u0161n\u00fd, je nutn\u00e9 leto\u0161n\u00ed ro\u010dn\u00edk ozna\u010dit za rekordn\u00ed, proto\u017ee 183 div\u00e1k\u016f konference Inspirujme se\u2026neza\u017eila za cel\u00fdch 6 let sv\u00e9ho trv\u00e1n\u00ed. Lze se jen dohadovat, zda to byl v\u00fdsledek propaga\u010dn\u00ed kampan\u011b obou organiz\u00e1tor\u016f, zaj\u00edmav\u00fd a pe\u010dliv\u011b p\u0159ipraven\u00fd program, nebo nov\u00e9 m\u00edsto kon\u00e1n\u00ed \u2013 poprv\u00e9 na Slovensku. K uspo\u0159\u00e1d\u00e1n\u00ed akce p\u0159isp\u011bli 4 partne\u0159i konference: gener\u00e1ln\u00ed partner akce firma G-BASE s.r.o., a dal\u0161\u00ed t\u0159i partne\u0159i: firmy T-MAPY s.r.o., HELP SERVICE REMOTE SEINSING s.r.o. a Zymestic Solutions s.r.o., kter\u00fdm pat\u0159\u00ed pod\u011bkov\u00e1n\u00ed.<\/div>\n<div>Konferenci zah\u00e1jili z\u00e1stupci organiz\u00e1tor\u016f \u0159editel Centra environmentalistiky a informatiky Slovensk\u00e9 agentury \u017eivotn\u00e9ho prostredia Marek \u017dia\u010dik a \u0159editel CENIA, \u010desk\u00e9 informa\u010dn\u00ed agentury \u017eivotn\u00edho prost\u0159ed\u00ed, Vladim\u00edr Fanta; z\u00e1stupci ministerstev \u017eivotn\u00edho prost\u0159ed\u00ed obou zem\u00ed \u2013 za SR st\u00e1tn\u00ed tajemn\u00edk Vojt\u011bch Ferenc, za \u010cR n\u00e1m\u011bstek ministra st\u00e1tn\u00ed tajemn\u00edk Libor Je\u017eek. K hlavn\u00edm \u0159e\u010dn\u00edk\u016fm byl p\u0159izv\u00e1n tak\u00e9 m\u00edstop\u0159edseda \u010cesk\u00e9ho \u00fa\u0159adu zem\u011bm\u011b\u0159ick\u00e9ho a katastr\u00e1ln\u00edho Karel \u0160tencel. Omluvenou p\u0159edsedkyni \u00dastavu geod\u00e9zie, kartografie a katastra Slovenskej republiky zastoupila v \u00favodn\u00ed \u0159e\u010di Katar\u00edna Leitmanov\u00e1. \u00da\u010dastn\u00edky konference p\u0159iv\u00edtal i gener\u00e1ln\u00ed sponzor Vladim\u00edr Strom\u010dek za firmu G-BASE s.r.o. B\u011bhem dvou dn\u016f v \u0161esti sekc\u00edch m\u011bli poslucha\u010di mo\u017enost shl\u00e9dnout t\u00e9m\u011b\u0159 t\u0159icet p\u011bt prezentac\u00ed z oblasti problematiky otev\u0159en\u00fdch dat, dostupnosti dat, p\u0159\u00edklad\u016f implementace INSPIRE, mezin\u00e1rodn\u00edch projekt\u016f nebo pr\u00e1v\u011b prob\u00edhaj\u00edc\u00edch aktivit v politik\u00e1ch prostorov\u00fdch dat a vzd\u011bl\u00e1v\u00e1n\u00ed v geoinformatice. Mezi prezentuj\u00edc\u00edmi vystoupili i dva z\u00e1stupci evropsk\u00fdch instituc\u00ed s v\u00fdznamnou rol\u00ed v cel\u00e9m procesu INSPIRE \u2013 hned prvn\u00ed den osobn\u011b pan Vlado Cetl z Evropsk\u00e9ho v\u00fdzkumn\u00e9ho centra; program druh\u00e9ho dne pak zah\u00e1jila on-line p\u0159en\u00e1\u0161en\u00e1 prezentace Darji Lihteneger z Evropsk\u00e9 agentury \u017eivotn\u00edho prost\u0159ed\u00ed. Samoz\u0159ejm\u011b zbyl i prostor pro ji\u017e tradi\u010dn\u00ed semin\u00e1\u0159 Geot\u00fdmu Masarykovy univerzity Brno \u2013 Mo\u017enosti vzd\u011bl\u00e1v\u00e1n\u00ed v INSPIRE, kter\u00fd pak spolu se semin\u00e1\u0159em projektu smeSpire konferenci uzav\u00edral.<\/div>\n<div>Z\u00e1v\u011bre\u010dn\u00fd semin\u00e1\u0159 projektu smeSpire, zam\u011b\u0159en\u00fd na mal\u00e9 a st\u0159edn\u00ed firmy podnikaj\u00edc\u00ed v oblasti geo-ICT, m\u011bl za c\u00edl p\u0159edstavit v\u00fdstupy projektu po dal\u0161\u00edm roce jeho trv\u00e1n\u00ed. Semin\u00e1\u0159 uvedla prezentace n\u011bkter\u00fdch v\u00fdsledk\u016f z fin\u00e1ln\u00ed zpr\u00e1vy o vlivu INSPIRE na obchodn\u00ed aktivity mal\u00fdch a st\u0159edn\u00edch firem ve srovn\u00e1n\u00ed s ostatn\u00edmi zem\u011bmi. Bylo p\u0159edstaveno nap\u0159., jak velk\u00e9 (nebo sp\u00ed\u0161e mal\u00e9) jsou tyto firmy, kdo jsou jejich hlavn\u00ed z\u00e1kazn\u00edci, a kde vid\u00ed firmy slab\u00e9 a siln\u00e9 str\u00e1nky INSPIRE. N\u00e1sledovala on line prezentace p\u0159\u00edmo ze str\u00e1nek projektu: datab\u00e1ze firem, v\u00fdukov\u00e9 materi\u00e1ly, mo\u017enosti \u0161kolen\u00ed a pr\u00e1ce s best practice kalatogem (i s uk\u00e1zkou jednoho z\u00e1znamu). I p\u0159esto, \u017ee se jednalo o posledn\u00ed hodiny cel\u00e9 konference, byla \u00fa\u010dast na semin\u00e1\u0159i hojn\u00e1, z\u00e1jem projevily nejen soukrom\u00e9 firmy, ale i agentury st\u00e1tn\u00ed spr\u00e1vy b\u011b\u017en\u011b se zapojuj\u00edc\u00ed do evropsk\u00fdch projekt\u016f a hledaj\u00edc\u00ed pro n\u011b partnery. I takov\u00e9 agentury se sv\u00fdmi p\u0159\u00edklady dobr\u00fdch \u0159e\u0161en\u00ed se mohou st\u00e1t sou\u010d\u00e1st\u00ed projektov\u00e9 datab\u00e1ze, tak jako jsou v t\u00e9to datab\u00e1zi za\u0159azeny CENIA i SA\u017dP. Leto\u0161n\u00ed ro\u010dn\u00edk konference je d\u016fkazem, \u017ee i po sedmi letech je INSPIRE st\u00e1le t\u00e9matem. V roce 2014 tedy op\u011bt v Praze.<\/div>\n<\/div>\n<div style=%22text-align: justify;%22><\/div>\n<div style=%22text-align: justify;%22><\/div>\n<div style=%22text-align: justify;%22><\/div>&#8220; content_last_edited=&#8220;on|phone&#8220; _builder_version=&#8220;4.27.4&#8243; _module_preset=&#8220;default&#8220; text_font=&#8220;&#8211;et_global_body_font|300|||||||&#8220; text_text_color=&#8220;#FFFFFF&#8220; text_font_size=&#8220;15px&#8220; text_line_height=&#8220;2em&#8220; header_font=&#8220;Roboto||||||||&#8220; header_2_font=&#8220;&#8211;et_global_heading_font|||||||#FFFFFF|&#8220; header_2_text_color=&#8220;#FFFFFF&#8220; header_2_font_size=&#8220;44px&#8220; header_3_text_color=&#8220;#FFFFFF&#8220; header_3_font_size=&#8220;30px&#8220; custom_padding=&#8220;||0px|||&#8220; text_font_size_tablet=&#8220;15px&#8220; text_font_size_phone=&#8220;12px&#8220; text_font_size_last_edited=&#8220;on|phone&#8220; content_sk_sk=&#8220;<h2 class=%22space-bottom%22 style=%22text-align: center;%22>O KONFERENCI<\/h2>\n<div style=%22text-align: justify;%22>\n<div>Ve dnech 27. a 28. listopadu 2013 prob\u011bhla v prostor\u00e1ch hotelu Tatra v Bratislav\u011b ji\u017e druh\u00e1 \u010desko-slovensk\u00e1 konference s n\u00e1zvem Inspirujme se\u2026otev\u0159enost\u00ed. Op\u011bt se d\u00edky spolupr\u00e1ci CENIA, \u010desk\u00e9 informa\u010dn\u00ed agentury \u017eivotn\u00edho prost\u0159ed\u00ed a Slovensk\u00e9 agent\u00fary \u017eivotn\u00e9ho prostredia a z\u00e1\u0161tit\u011b obou ministerstev \u017eivotn\u00edho prost\u0159ed\u00ed poda\u0159ilo uspo\u0159\u00e1dat akci, kter\u00e1 i po t\u00e9m\u011b\u0159 sedmi letech b\u011bhu Sm\u011brnice INSPIRE v Evrop\u011b, p\u0159il\u00e1kala velk\u00fd po\u010det z\u00e1jemc\u016f. Pokud lo\u0148sk\u00fd ro\u010dn\u00edk s v\u00edce ne\u017e 110 \u00fa\u010dastn\u00edky byl ozna\u010dov\u00e1n za velmi \u00fasp\u011b\u0161n\u00fd, je nutn\u00e9 leto\u0161n\u00ed ro\u010dn\u00edk ozna\u010dit za rekordn\u00ed, proto\u017ee 183 div\u00e1k\u016f konference Inspirujme se\u2026neza\u017eila za cel\u00fdch 6 let sv\u00e9ho trv\u00e1n\u00ed. Lze se jen dohadovat, zda to byl v\u00fdsledek propaga\u010dn\u00ed kampan\u011b obou organiz\u00e1tor\u016f, zaj\u00edmav\u00fd a pe\u010dliv\u011b p\u0159ipraven\u00fd program, nebo nov\u00e9 m\u00edsto kon\u00e1n\u00ed \u2013 poprv\u00e9 na Slovensku. K uspo\u0159\u00e1d\u00e1n\u00ed akce p\u0159isp\u011bli 4 partne\u0159i konference: gener\u00e1ln\u00ed partner akce firma G-BASE s.r.o., a dal\u0161\u00ed t\u0159i partne\u0159i: firmy T-MAPY s.r.o., HELP SERVICE REMOTE SEINSING s.r.o. a Zymestic Solutions s.r.o., kter\u00fdm pat\u0159\u00ed pod\u011bkov\u00e1n\u00ed.<\/div>\n<div>Konferenci zah\u00e1jili z\u00e1stupci organiz\u00e1tor\u016f \u0159editel Centra environmentalistiky a informatiky Slovensk\u00e9 agentury \u017eivotn\u00e9ho prostredia Marek \u017dia\u010dik a \u0159editel CENIA, \u010desk\u00e9 informa\u010dn\u00ed agentury \u017eivotn\u00edho prost\u0159ed\u00ed, Vladim\u00edr Fanta; z\u00e1stupci ministerstev \u017eivotn\u00edho prost\u0159ed\u00ed obou zem\u00ed \u2013 za SR st\u00e1tn\u00ed tajemn\u00edk Vojt\u011bch Ferenc, za \u010cR n\u00e1m\u011bstek ministra st\u00e1tn\u00ed tajemn\u00edk Libor Je\u017eek. K hlavn\u00edm \u0159e\u010dn\u00edk\u016fm byl p\u0159izv\u00e1n tak\u00e9 m\u00edstop\u0159edseda \u010cesk\u00e9ho \u00fa\u0159adu zem\u011bm\u011b\u0159ick\u00e9ho a katastr\u00e1ln\u00edho Karel \u0160tencel. Omluvenou p\u0159edsedkyni \u00dastavu geod\u00e9zie, kartografie a katastra Slovenskej republiky zastoupila v \u00favodn\u00ed \u0159e\u010di Katar\u00edna Leitmanov\u00e1. \u00da\u010dastn\u00edky konference p\u0159iv\u00edtal i gener\u00e1ln\u00ed sponzor Vladim\u00edr Strom\u010dek za firmu G-BASE s.r.o. B\u011bhem dvou dn\u016f v \u0161esti sekc\u00edch m\u011bli poslucha\u010di mo\u017enost shl\u00e9dnout t\u00e9m\u011b\u0159 t\u0159icet p\u011bt prezentac\u00ed z oblasti problematiky otev\u0159en\u00fdch dat, dostupnosti dat, p\u0159\u00edklad\u016f implementace INSPIRE, mezin\u00e1rodn\u00edch projekt\u016f nebo pr\u00e1v\u011b prob\u00edhaj\u00edc\u00edch aktivit v politik\u00e1ch prostorov\u00fdch dat a vzd\u011bl\u00e1v\u00e1n\u00ed v geoinformatice. Mezi prezentuj\u00edc\u00edmi vystoupili i dva z\u00e1stupci evropsk\u00fdch instituc\u00ed s v\u00fdznamnou rol\u00ed v cel\u00e9m procesu INSPIRE \u2013 hned prvn\u00ed den osobn\u011b pan Vlado Cetl z Evropsk\u00e9ho v\u00fdzkumn\u00e9ho centra; program druh\u00e9ho dne pak zah\u00e1jila on-line p\u0159en\u00e1\u0161en\u00e1 prezentace Darji Lihteneger z Evropsk\u00e9 agentury \u017eivotn\u00edho prost\u0159ed\u00ed. Samoz\u0159ejm\u011b zbyl i prostor pro ji\u017e tradi\u010dn\u00ed semin\u00e1\u0159 Geot\u00fdmu Masarykovy univerzity Brno \u2013 Mo\u017enosti vzd\u011bl\u00e1v\u00e1n\u00ed v INSPIRE, kter\u00fd pak spolu se semin\u00e1\u0159em projektu smeSpire konferenci uzav\u00edral.<\/div>\n<div>Z\u00e1v\u011bre\u010dn\u00fd semin\u00e1\u0159 projektu smeSpire, zam\u011b\u0159en\u00fd na mal\u00e9 a st\u0159edn\u00ed firmy podnikaj\u00edc\u00ed v oblasti geo-ICT, m\u011bl za c\u00edl p\u0159edstavit v\u00fdstupy projektu po dal\u0161\u00edm roce jeho trv\u00e1n\u00ed. Semin\u00e1\u0159 uvedla prezentace n\u011bkter\u00fdch v\u00fdsledk\u016f z fin\u00e1ln\u00ed zpr\u00e1vy o vlivu INSPIRE na obchodn\u00ed aktivity mal\u00fdch a st\u0159edn\u00edch firem ve srovn\u00e1n\u00ed s ostatn\u00edmi zem\u011bmi. Bylo p\u0159edstaveno nap\u0159., jak velk\u00e9 (nebo sp\u00ed\u0161e mal\u00e9) jsou tyto firmy, kdo jsou jejich hlavn\u00ed z\u00e1kazn\u00edci, a kde vid\u00ed firmy slab\u00e9 a siln\u00e9 str\u00e1nky INSPIRE. N\u00e1sledovala on line prezentace p\u0159\u00edmo ze str\u00e1nek projektu: datab\u00e1ze firem, v\u00fdukov\u00e9 materi\u00e1ly, mo\u017enosti \u0161kolen\u00ed a pr\u00e1ce s best practice kalatogem (i s uk\u00e1zkou jednoho z\u00e1znamu). I p\u0159esto, \u017ee se jednalo o posledn\u00ed hodiny cel\u00e9 konference, byla \u00fa\u010dast na semin\u00e1\u0159i hojn\u00e1, z\u00e1jem projevily nejen soukrom\u00e9 firmy, ale i agentury st\u00e1tn\u00ed spr\u00e1vy b\u011b\u017en\u011b se zapojuj\u00edc\u00ed do evropsk\u00fdch projekt\u016f a hledaj\u00edc\u00ed pro n\u011b partnery. I takov\u00e9 agentury se sv\u00fdmi p\u0159\u00edklady dobr\u00fdch \u0159e\u0161en\u00ed se mohou st\u00e1t sou\u010d\u00e1st\u00ed projektov\u00e9 datab\u00e1ze, tak jako jsou v t\u00e9to datab\u00e1zi za\u0159azeny CENIA i SA\u017dP. Leto\u0161n\u00ed ro\u010dn\u00edk konference je d\u016fkazem, \u017ee i po sedmi letech je INSPIRE st\u00e1le t\u00e9matem. V roce 2014 tedy op\u011bt v Praze.<\/div>\n<\/div>&#8220; global_colors_info=&#8220;{}&#8220;]<div class=\"row col-xs-12\">\n<div class=\"section-title-col content-center-sm\" data-type=\"column\">\n<h2 class=\"space-bottom\" style=\"text-align: center;\">O KONFERENCI<\/h2>\n<div style=\"text-align: justify;\">\n<div>Ve dnech 27. a 28. listopadu 2013 prob\u011bhla v prostor\u00e1ch hotelu Tatra v Bratislav\u011b ji\u017e druh\u00e1 \u010desko-slovensk\u00e1 konference s n\u00e1zvem Inspirujme se\u2026otev\u0159enost\u00ed. Op\u011bt se d\u00edky spolupr\u00e1ci CENIA, \u010desk\u00e9 informa\u010dn\u00ed agentury \u017eivotn\u00edho prost\u0159ed\u00ed a Slovensk\u00e9 agent\u00fary \u017eivotn\u00e9ho prostredia a z\u00e1\u0161tit\u011b obou ministerstev \u017eivotn\u00edho prost\u0159ed\u00ed poda\u0159ilo uspo\u0159\u00e1dat akci, kter\u00e1 i po t\u00e9m\u011b\u0159 sedmi letech b\u011bhu Sm\u011brnice INSPIRE v Evrop\u011b, p\u0159il\u00e1kala velk\u00fd po\u010det z\u00e1jemc\u016f. Pokud lo\u0148sk\u00fd ro\u010dn\u00edk s v\u00edce ne\u017e 110 \u00fa\u010dastn\u00edky byl ozna\u010dov\u00e1n za velmi \u00fasp\u011b\u0161n\u00fd, je nutn\u00e9 leto\u0161n\u00ed ro\u010dn\u00edk ozna\u010dit za rekordn\u00ed, proto\u017ee 183 div\u00e1k\u016f konference Inspirujme se\u2026neza\u017eila za cel\u00fdch 6 let sv\u00e9ho trv\u00e1n\u00ed. Lze se jen dohadovat, zda to byl v\u00fdsledek propaga\u010dn\u00ed kampan\u011b obou organiz\u00e1tor\u016f, zaj\u00edmav\u00fd a pe\u010dliv\u011b p\u0159ipraven\u00fd program, nebo nov\u00e9 m\u00edsto kon\u00e1n\u00ed \u2013 poprv\u00e9 na Slovensku. K uspo\u0159\u00e1d\u00e1n\u00ed akce p\u0159isp\u011bli 4 partne\u0159i konference: gener\u00e1ln\u00ed partner akce firma G-BASE s.r.o., a dal\u0161\u00ed t\u0159i partne\u0159i: firmy T-MAPY s.r.o., HELP SERVICE REMOTE SEINSING s.r.o. a Zymestic Solutions s.r.o., kter\u00fdm pat\u0159\u00ed pod\u011bkov\u00e1n\u00ed.<\/div>\n<div>Konferenci zah\u00e1jili z\u00e1stupci organiz\u00e1tor\u016f \u0159editel Centra environmentalistiky a informatiky Slovensk\u00e9 agentury \u017eivotn\u00e9ho prostredia Marek \u017dia\u010dik a \u0159editel CENIA, \u010desk\u00e9 informa\u010dn\u00ed agentury \u017eivotn\u00edho prost\u0159ed\u00ed, Vladim\u00edr Fanta; z\u00e1stupci ministerstev \u017eivotn\u00edho prost\u0159ed\u00ed obou zem\u00ed \u2013 za SR st\u00e1tn\u00ed tajemn\u00edk Vojt\u011bch Ferenc, za \u010cR n\u00e1m\u011bstek ministra st\u00e1tn\u00ed tajemn\u00edk Libor Je\u017eek. K hlavn\u00edm \u0159e\u010dn\u00edk\u016fm byl p\u0159izv\u00e1n tak\u00e9 m\u00edstop\u0159edseda \u010cesk\u00e9ho \u00fa\u0159adu zem\u011bm\u011b\u0159ick\u00e9ho a katastr\u00e1ln\u00edho Karel \u0160tencel. Omluvenou p\u0159edsedkyni \u00dastavu geod\u00e9zie, kartografie a katastra Slovenskej republiky zastoupila v \u00favodn\u00ed \u0159e\u010di Katar\u00edna Leitmanov\u00e1. \u00da\u010dastn\u00edky konference p\u0159iv\u00edtal i gener\u00e1ln\u00ed sponzor Vladim\u00edr Strom\u010dek za firmu G-BASE s.r.o. B\u011bhem dvou dn\u016f v \u0161esti sekc\u00edch m\u011bli poslucha\u010di mo\u017enost shl\u00e9dnout t\u00e9m\u011b\u0159 t\u0159icet p\u011bt prezentac\u00ed z oblasti problematiky otev\u0159en\u00fdch dat, dostupnosti dat, p\u0159\u00edklad\u016f implementace INSPIRE, mezin\u00e1rodn\u00edch projekt\u016f nebo pr\u00e1v\u011b prob\u00edhaj\u00edc\u00edch aktivit v politik\u00e1ch prostorov\u00fdch dat a vzd\u011bl\u00e1v\u00e1n\u00ed v geoinformatice. Mezi prezentuj\u00edc\u00edmi vystoupili i dva z\u00e1stupci evropsk\u00fdch instituc\u00ed s v\u00fdznamnou rol\u00ed v cel\u00e9m procesu INSPIRE \u2013 hned prvn\u00ed den osobn\u011b pan Vlado Cetl z Evropsk\u00e9ho v\u00fdzkumn\u00e9ho centra; program druh\u00e9ho dne pak zah\u00e1jila on-line p\u0159en\u00e1\u0161en\u00e1 prezentace Darji Lihteneger z Evropsk\u00e9 agentury \u017eivotn\u00edho prost\u0159ed\u00ed. Samoz\u0159ejm\u011b zbyl i prostor pro ji\u017e tradi\u010dn\u00ed semin\u00e1\u0159 Geot\u00fdmu Masarykovy univerzity Brno \u2013 Mo\u017enosti vzd\u011bl\u00e1v\u00e1n\u00ed v INSPIRE, kter\u00fd pak spolu se semin\u00e1\u0159em projektu smeSpire konferenci uzav\u00edral.<\/div>\n<div>Z\u00e1v\u011bre\u010dn\u00fd semin\u00e1\u0159 projektu smeSpire, zam\u011b\u0159en\u00fd na mal\u00e9 a st\u0159edn\u00ed firmy podnikaj\u00edc\u00ed v oblasti geo-ICT, m\u011bl za c\u00edl p\u0159edstavit v\u00fdstupy projektu po dal\u0161\u00edm roce jeho trv\u00e1n\u00ed. Semin\u00e1\u0159 uvedla prezentace n\u011bkter\u00fdch v\u00fdsledk\u016f z fin\u00e1ln\u00ed zpr\u00e1vy o vlivu INSPIRE na obchodn\u00ed aktivity mal\u00fdch a st\u0159edn\u00edch firem ve srovn\u00e1n\u00ed s ostatn\u00edmi zem\u011bmi. Bylo p\u0159edstaveno nap\u0159., jak velk\u00e9 (nebo sp\u00ed\u0161e mal\u00e9) jsou tyto firmy, kdo jsou jejich hlavn\u00ed z\u00e1kazn\u00edci, a kde vid\u00ed firmy slab\u00e9 a siln\u00e9 str\u00e1nky INSPIRE. N\u00e1sledovala on line prezentace p\u0159\u00edmo ze str\u00e1nek projektu: datab\u00e1ze firem, v\u00fdukov\u00e9 materi\u00e1ly, mo\u017enosti \u0161kolen\u00ed a pr\u00e1ce s best practice kalatogem (i s uk\u00e1zkou jednoho z\u00e1znamu). I p\u0159esto, \u017ee se jednalo o posledn\u00ed hodiny cel\u00e9 konference, byla \u00fa\u010dast na semin\u00e1\u0159i hojn\u00e1, z\u00e1jem projevily nejen soukrom\u00e9 firmy, ale i agentury st\u00e1tn\u00ed spr\u00e1vy b\u011b\u017en\u011b se zapojuj\u00edc\u00ed do evropsk\u00fdch projekt\u016f a hledaj\u00edc\u00ed pro n\u011b partnery. I takov\u00e9 agentury se sv\u00fdmi p\u0159\u00edklady dobr\u00fdch \u0159e\u0161en\u00ed se mohou st\u00e1t sou\u010d\u00e1st\u00ed projektov\u00e9 datab\u00e1ze, tak jako jsou v t\u00e9to datab\u00e1zi za\u0159azeny CENIA i SA\u017dP. Leto\u0161n\u00ed ro\u010dn\u00edk konference je d\u016fkazem, \u017ee i po sedmi letech je INSPIRE st\u00e1le t\u00e9matem. V roce 2014 tedy op\u011bt v Praze.<\/div>\n<\/div>\n<\/div>\n<\/div>[\/et_pb_text][\/et_pb_column][\/et_pb_row][\/et_pb_section][et_pb_section fb_built=&#8220;1&#8243; module_id=&#8220;foto&#8220; _builder_version=&#8220;4.27.3&#8243; _module_preset=&#8220;default&#8220; global_colors_info=&#8220;{}&#8220;][et_pb_row _builder_version=&#8220;4.27.0&#8243; _module_preset=&#8220;default&#8220; global_colors_info=&#8220;{}&#8220;][et_pb_column type=&#8220;4_4&#8243; _builder_version=&#8220;4.27.0&#8243; _module_preset=&#8220;default&#8220; global_colors_info=&#8220;{}&#8220;][et_pb_gallery gallery_ids=&#8220;3304,3305,3306,3308,3310,3312,3313,3314,3315,3316,3317,3318,3319,3320,3321,3322,3323,3324,3325,3326,3327,3328,3329,3330,3331,3332,3333,3335,3336,3337,3338,3339,3340,3341,3342,3343,3344,3345,3346&#8243; posts_number=&#8220;16&#8243; show_title_and_caption=&#8220;off&#8220; zoom_icon_color=&#8220;#707070&#8243; hover_icon=&#8220;&#x54;||divi||400&#8243; _builder_version=&#8220;4.27.4&#8243; _module_preset=&#8220;default&#8220; title_level=&#8220;h4&#8243; caption_text_color=&#8220;#000000&#8243; pagination_font=&#8220;||||||||&#8220; pagination_text_color=&#8220;#000000&#8243; custom_css_free_form=&#8220;.mfp-title { display: none !important; }&#8220; global_colors_info=&#8220;{}&#8220;][\/et_pb_gallery][\/et_pb_column][\/et_pb_row][\/et_pb_section][et_pb_section fb_built=&#8220;1&#8243; _builder_version=&#8220;4.27.4&#8243; _module_preset=&#8220;default&#8220; background_enable_color=&#8220;off&#8220; global_colors_info=&#8220;{}&#8220;][et_pb_row _builder_version=&#8220;4.27.4&#8243; _module_preset=&#8220;default&#8220; width=&#8220;100%&#8220; custom_padding=&#8220;0px||0px||false|false&#8220; global_colors_info=&#8220;{}&#8220;][et_pb_column type=&#8220;4_4&#8243; _builder_version=&#8220;4.27.0&#8243; _module_preset=&#8220;default&#8220; global_colors_info=&#8220;{}&#8220;][et_pb_code _builder_version=&#8220;4.27.4&#8243; _module_preset=&#8220;default&#8220; text_orientation=&#8220;center&#8220; hover_enabled=&#8220;0&#8243; global_colors_info=&#8220;{}&#8220; sticky_enabled=&#8220;0&#8243;]<div  data-label=\"program\" data-id=\"content--3\" data-export-id=\"content-6-materialis\" data-category=\"content\" class=\"content-6m content-section-spacing-large content-section\" id=\"program\" style=\"background-color: rgba(255, 255, 255, 0.953); background-image: url(\"https:\/\/inspirujmese.eu\/2013\/obrazky\/20211005_092955.jpg\"); background-size: cover; background-position: center top;\" data-section-ov=\"1\"><div  class=\"gridContainer\"> <div  class=\"row\"><div  class=\"section-title-col large\" data-type=\"column\"> <h2  class=\"space-bottom\"><span  style=\"font-weight: 500;\">PROGRAM<span  id=\"_mce_caret\" data-mce-bogus=\"1\" data-mce-type=\"format-caret\"><\/span><\/span><\/h2><\/div><\/div><!-- [et_pb_line_break_holder] --><!-- [et_pb_line_break_holder] --><!-- [et_pb_line_break_holder] --><div style=\"color: #000000; font-size: 18px; font-family: Calibri; text-align: left; margin-top: 10px; margin-bottom: 20px;\"><strong>STREDA 27. LISTOPADU<\/strong><\/div><!-- [et_pb_line_break_holder] --><div style=\"color: #000000; font-size: 18px; font-family: Calibri; text-align: left; margin-top: 10px; margin-bottom: 10px;\"><strong>09:00 \u2013 13:00 Registr\u00e1cia<\/strong><\/div><!-- [et_pb_line_break_holder] --><div style=\"color: #000000; font-size: 18px; font-family: Calibri; text-align: left; margin-top: 10px; margin-bottom: 10px;\"><strong>10:00 \u2013 10:05 Otvorenie konference<\/strong><\/div><!-- [et_pb_line_break_holder] --><div style=\"color: #000000; font-size: 18px; font-family: Calibri; text-align: left; margin-top: 0px;\"><em>Pr\u00edhovor &#8211; Marek \u017dia\u010dik, riaditel&#8216; Centra environmentalistiky a informatiky, Slovensk\u00e1 agent\u00fara \u017eivotn\u00e9ho prostredia<\/em><\/div><!-- [et_pb_line_break_holder] --><div style=\"color: #000000; font-size: 18px; font-family: Calibri; text-align: left; margin-top: 10px;\"><em>Pr\u00edhovor &#8211; Vladim\u00edr Fanta, \u0159editel, CENIA, \u010desk\u00e1 ifnroma\u010dn\u00ed agentura \u017eivotn\u00edho prost\u0159ed\u00ed<\/em><\/div><!-- [et_pb_line_break_holder] --><div style=\"color: #000000; font-size: 18px; font-family: Calibri; text-align: left; margin-top: 10px;\"><em>Pr\u00edhovor &#8211; Vojt\u011bch Ferenc, \u0161t\u00e1tny tajomn\u00edk ministerstva \u017eivotn\u00e9ho protredia, Ministerstvo \u017eivotn\u00e9ho prostredia SR<\/em><\/div><!-- [et_pb_line_break_holder] --><div style=\"color: #000000; font-size: 18px; font-family: Calibri; text-align: left; margin-top: 10px;\"><em>Pr\u00edhovor &#8211; M\u00e1ria Frindrichov\u00e1, predsedni\u010dka \u00daradu geod\u00e9zie, kartografie a katastra Slovenskej republiky<\/em><\/div><!-- [et_pb_line_break_holder] --><div style=\"color: #000000; font-size: 18px; font-family: Calibri; text-align: left; margin-top: 10px;\"><em>Pr\u00edhovor &#8211; Karel \u0160tencel, m\u00edstop\u0159edseda \u00fa\u0159adu, \u010cesk\u00fd \u00fa\u0159ad zem\u011bm\u011b\u0159ick\u00fd a katastr\u00e1ln\u00ed<\/em><\/div><!-- [et_pb_line_break_holder] --><div style=\"color: #000000; font-size: 18px; font-family: Calibri; text-align: left; margin-top: 20px; margin-bottom: 10px;\"><strong>11:00 \u2013 11:05 P\u0159est\u00e1vka<\/strong><\/div><!-- [et_pb_line_break_holder] --><div style=\"color: #000000; font-size: 18px; font-family: Calibri; text-align: left; margin-top: 10px; margin-bottom: 20px;\"><strong>11:05 \u2013 13:00 In\u0161pir\u00e1cia Otvorenou iniciat\u00edvou, hlavn\u00e9 trendy, potenci\u00e1lne pr\u00ednosy, geo-polohv\u00fd rozmer<\/strong><\/div><!-- [et_pb_line_break_holder] --><div style=\"color: #000000; font-size: 18px; font-family: Calibri; text-align: left;\"><strong><a href=\"https:\/\/inspirujmese.eu\/2013\/prezentace\/2013_01_cetlbratislava.pdf?_t=1757946483\" target=\"_blank\" rel=\"noopener noreferrer\">Recent INSPIRE developments<\/a><\/strong><\/div><!-- [et_pb_line_break_holder] --><div style=\"color: #000000; font-size: 18px; font-family: Calibri; text-align: left; margin-top: 0px;\"><em>Vlado Cetl, European Commission Joint Research Centre<\/em><\/div><!-- [et_pb_line_break_holder] --><div style=\"color: #000000; font-size: 18px; font-family: Calibri; text-align: left; margin-top: 10px;\"><strong><a href=\"https:\/\/inspirujmese.eu\/2013\/prezentace\/2013_02_inspire_pr_opendata_lachmann.pdf?_t=1757946492\" target=\"_blank\" rel=\"noopener noreferrer\">Otvoren\u00e9 d\u00e1ta ako kl&#8217;\u00fa\u010dov\u00fd prvok ob\u010dianskej particip\u00e1cie<\/a><\/strong><\/div><!-- [et_pb_line_break_holder] --><div style=\"color: #000000; font-size: 18px; font-family: Calibri; text-align: left; margin-top: 0px;\"><em>Gabriel Lachmann, o.z. Utopia<\/em><\/div><!-- [et_pb_line_break_holder] --><div style=\"color: #000000; font-size: 18px; font-family: Calibri; text-align: left; margin-top: 10px;\"><strong><a href=\"https:\/\/inspirujmese.eu\/2013\/prezentace\/2013_i._03_necasky_2013_11_27_inspirujmese.pdf?_t=1757946500\" target=\"_blank\" rel=\"noopener noreferrer\">Otev\u0159en\u00e1 (a propojiteln\u00e1) data v \u010cR &#8211; aktu\u00e1ln\u00ed stav z pohledu iniciativy OpenData.cz<\/a><\/strong><\/div><!-- [et_pb_line_break_holder] --><div style=\"color: #000000; font-size: 18px; font-family: Calibri; text-align: left; margin-top: 0px;\"><em>Martin Ne\u010dask\u00fd, Matematicko-fyzik\u00e1ln\u00ed fakulta Univerzity Karlovy<\/em><\/div><!-- [et_pb_line_break_holder] --><div style=\"color: #000000; font-size: 18px; font-family: Calibri; text-align: left; margin-top: 10px;\"><strong><a href=\"https:\/\/inspirujmese.eu\/2013\/prezentace\/2013_i._04_hanecak_linked_open_data_aj_na_slovensku.pdf?_t=1757946512\" target=\"_blank\" rel=\"noopener noreferrer\">Open (Linked) Data (aj) na Slovensku<\/a><\/strong><\/div><!-- [et_pb_line_break_holder] --><div style=\"color: #000000; font-size: 18px; font-family: Calibri; text-align: left; margin-top: 0px;\"><em>Peter Hane\u010d\u00e1k, EEA communication solutions<\/em><\/div><!-- [et_pb_line_break_holder] --><div style=\"color: #000000; font-size: 18px; font-family: Calibri; text-align: left; margin-top: 10px;\"><strong><a href=\"https:\/\/inspirujmese.eu\/2013\/prezentace\/2013_i._05_polacek_otevyen_data_a_slussby_final.pdf?_t=1757946522\" target=\"_blank\" rel=\"noopener noreferrer\">Otev\u0159en\u00e1 data a slu\u017eby v \u010c\u00daZK<\/a><\/strong><\/div><!-- [et_pb_line_break_holder] --><div style=\"color: #000000; font-size: 18px; font-family: Calibri; text-align: left; margin-top: 0px;\"><em>Ji\u0159\u00ed Pol\u00e1\u010dek, \u010cesk\u00fd \u00fa\u0159ad zem\u011bm\u011b\u0159ick\u00fd a katastr\u00e1ln\u00ed<\/em><\/div><!-- [et_pb_line_break_holder] --><div style=\"color: #000000; font-size: 18px; font-family: Calibri; text-align: left; margin-top: 10px;\"><strong><a href=\"https:\/\/inspirujmese.eu\/2013\/prezentace\/2013_i._06_palenik_openstreetmap_-_najvzcv_poskytovate-_otvorenech_geo_d_t_na_svete.pdf?_t=1757946530\" target=\"_blank\" rel=\"noopener noreferrer\">OpenStreetMap &#8211; najv\u00e4\u010d\u0161\u00ed poskytovatel&#8216; otvoren\u00fdch geo d\u00e1t na svete<\/a><\/strong><\/div><!-- [et_pb_line_break_holder] --><div style=\"color: #000000; font-size: 18px; font-family: Calibri; text-align: left; margin-top: 0px;\"><em>Michal P\u00e1len\u00edk<\/em><\/div><!-- [et_pb_line_break_holder] --><div style=\"color: #000000; font-size: 18px; font-family: Calibri; text-align: left; margin-top: 10px;\"><strong>Projekt Plan4Business &#8211; otev\u0159en\u00e9 datov\u00e9 zdroje pro pot\u0159eby investor\u016f a realitn\u00edho trhu<\/strong><\/div><!-- [et_pb_line_break_holder] --><div style=\"color: #000000; font-size: 18px; font-family: Calibri; text-align: left; margin-top: 0px;\"><em>Karel Charv\u00e1t, Tom\u00e1\u0161 Mildorf, Jan Je\u017eek, Dmitrij Ko\u017euch, Ota \u010cerba, Karel Charv\u00e1t junior, Help Service Remote Sensing, s.r.o. a projekt Plan4Business<\/em><\/div><!-- [et_pb_line_break_holder] --><div style=\"color: #000000; font-size: 18px; font-family: Calibri; text-align: left; margin-top: 20px; margin-bottom: 10px;\"><strong>13:00 \u2013 14:30 Obed<\/strong><\/div><!-- [et_pb_line_break_holder] --><div style=\"color: #000000; font-size: 18px; font-family: Calibri; text-align: left; margin-top: 10px; margin-bottom: 20px;\"><strong>14:30 \u2013 16:30 Implement\u00e1cia INSPIRE v \u010cR a SR &#8211; \u010das\u0165 I.<\/strong><\/div><!-- [et_pb_line_break_holder] --><div style=\"color: #000000; font-size: 18px; font-family: Calibri; text-align: left; margin-top: 10px;\"><strong><a href=\"https:\/\/inspirujmese.eu\/2013\/prezentace\/2013_01_baron_prezentace_inspire.pdf?_t=1757946539\" target=\"_blank\" rel=\"noopener noreferrer\">Geoport\u00e1l hl.m. Prahy &#8211; M\u00e1me otev\u0159eno<\/a><\/strong><\/div><!-- [et_pb_line_break_holder] --><div style=\"color: #000000; font-size: 18px; font-family: Calibri; text-align: left; margin-top: 0px;\"><em>Bohdan Baron, Ji\u0159\u00ed \u010ctyrok\u00fd, Institut pl\u00e1nov\u00e1n\u00ed a rozvoje hlavn\u00edho m\u011bsta Prahy<\/em><\/div><!-- [et_pb_line_break_holder] --><div style=\"color: #000000; font-size: 18px; font-family: Calibri; text-align: left; margin-top: 10px;\"><strong><a href=\"https:\/\/inspirujmese.eu\/2013\/prezentace\/2013_02_deak_ked_dvaja_robia_to_iste.pdf?_t=1757946547\" target=\"_blank\" rel=\"noopener noreferrer\">Ke\u010f dvaja rob\u00ed to ist\u00e9<\/a><\/strong><\/div><!-- [et_pb_line_break_holder] --><div style=\"color: #000000; font-size: 18px; font-family: Calibri; text-align: left; margin-top: 0px;\"><em>Peter De\u00e1k, V\u00fdskumn\u00fd \u00fastav geod\u00e9zie a kartografie<\/em><\/div><!-- [et_pb_line_break_holder] --><div style=\"color: #000000; font-size: 18px; font-family: Calibri; text-align: left; margin-top: 10px;\"><strong><a href=\"https:\/\/inspirujmese.eu\/2013\/prezentace\/2013_i._07_kvapil_inspire_environmentalni_reporting.pdf?_t=1757946557\" target=\"_blank\" rel=\"noopener noreferrer\">INSPIRE a environment\u00e1ln\u00ed reporting &#8211; sou\u010dasnost a budoucnostRecent INSPIRE developments<\/a><\/strong><\/div><!-- [et_pb_line_break_holder] --><div style=\"color: #000000; font-size: 18px; font-family: Calibri; text-align: left; margin-top: 0px;\"><em>Ji\u0159\u00ed Kvapil, CENIA, \u010desk\u00e1 informa\u010dn\u00ed agentura \u017eivotn\u00edho prost\u0159ed\u00ed<\/em><\/div><!-- [et_pb_line_break_holder] --><div style=\"color: #000000; font-size: 18px; font-family: Calibri; text-align: left; margin-top: 10px;\"><strong><a href=\"https:\/\/inspirujmese.eu\/2013\/prezentace\/2013_i._08_baloga-multiprofesnost.pdf?_t=1757946568\" target=\"_blank\" rel=\"noopener noreferrer\">Multiprofesnos\u0165 \u00fazemn\u00e9ho planovania a GIS<\/a><\/strong><\/div><!-- [et_pb_line_break_holder] --><div style=\"color: #000000; font-size: 18px; font-family: Calibri; text-align: left; margin-top: 0px;\"><em>Martin Baloga, \u00dastav mana\u017ementu STU Bratislava<\/em><\/div><!-- [et_pb_line_break_holder] --><div style=\"color: #000000; font-size: 18px; font-family: Calibri; text-align: left; margin-top: 10px;\"><strong><a href=\"https:\/\/inspirujmese.eu\/2013\/prezentace\/2013_i._09_krejci_registr_subjektu_technicke_infrastruktury.pdf?_t=1757946577\" target=\"_blank\" rel=\"noopener noreferrer\">Registr subjekt\u016f technick\u00e9 infrastrukturyRecent INSPIRE developments<\/a><\/strong><\/div><!-- [et_pb_line_break_holder] --><div style=\"color: #000000; font-size: 18px; font-family: Calibri; text-align: left; margin-top: 0px;\"><em>Tom\u00e1\u0161 Krej\u010d\u00ed, Hrdli\u010dka spol. s.r.o.<\/em><\/div><!-- [et_pb_line_break_holder] --><div style=\"color: #000000; font-size: 18px; font-family: Calibri; text-align: left; margin-top: 10px;\"><strong><a href=\"https:\/\/inspirujmese.eu\/2013\/prezentace\/2013_i._10_inspirujmese_ziacik_2013.pdf?_t=1757946676\" target=\"_blank\" rel=\"noopener noreferrer\">Aktu\u00e1lny stav a vizie n\u00e1rodnej infr\u0161trukt\u00fary pre priestorov\u00e9 inform\u00e1cie<\/a><\/strong><\/div><!-- [et_pb_line_break_holder] --><div style=\"color: #000000; font-size: 18px; font-family: Calibri; text-align: left; margin-top: 0px;\"><em>Marek \u017dia\u010dik, Slovensk\u00e1 agent\u00fara \u017eivotn\u00e9ho prostredia<\/em><\/div><!-- [et_pb_line_break_holder] --><div style=\"color: #000000; font-size: 18px; font-family: Calibri; text-align: left; margin-top: 10px;\"><strong><a href=\"https:\/\/inspirujmese.eu\/2013\/prezentace\/2013_i._11_stromcek_gbaseinspirujmese_fin.pdf?_t=1757946686\" target=\"_blank\" rel=\"noopener noreferrer\">Prezent\u00e1cia gener\u00e1lneho partnera konference<\/a><\/strong><\/div><!-- [et_pb_line_break_holder] --><div style=\"color: #000000; font-size: 18px; font-family: Calibri; text-align: left; margin-top: 0px;\"><em>Vladim\u00edr Strom\u010dek, G-BASE, s.r.o.<\/em><\/div><!-- [et_pb_line_break_holder] --><div style=\"color: #000000; font-size: 18px; font-family: Calibri; text-align: left; margin-top: 20px; margin-bottom: 10px;\"><strong>16:30 \u2013 17:00 Prest\u00e1vka<\/strong><\/div><!-- [et_pb_line_break_holder] --><div style=\"color: #000000; font-size: 18px; font-family: Calibri; text-align: left; margin-top: 10px; margin-bottom: 20px;\"><strong>17:00 \u2013 19:00 Implement\u00e1cia INSPIRE v \u010cR a SR &#8211; \u010das\u0165 II.<\/strong><\/div><!-- [et_pb_line_break_holder] --><div style=\"color: #000000; font-size: 18px; font-family: Calibri; text-align: left; margin-top: 10px;\"><strong><a href=\"https:\/\/inspirujmese.eu\/2013\/prezentace\/2013_i._12_klimes_gis_jihomoravskeho_kraje_bliz_uzivateli.pdf?_t=1757946696\" target=\"_blank\" rel=\"noopener noreferrer\">GIS Jihomoravsk\u00e9ho kraje bl\u00ed\u017e u\u017eivateli<\/a><\/strong><\/div><!-- [et_pb_line_break_holder] --><div style=\"color: #000000; font-size: 18px; font-family: Calibri; text-align: left; margin-top: 0px;\"><em>Vladim\u00edr Klime\u0161, Milan Pachta, Jihomoravsk\u00fd kraj<\/em><\/div><!-- [et_pb_line_break_holder] --><div style=\"color: #000000; font-size: 18px; font-family: Calibri; text-align: left; margin-top: 10px;\"><strong><a href=\"https:\/\/inspirujmese.eu\/2013\/prezentace\/2013_i._13_zavrel_-_geoportal_-_zvolen.pdf?_t=1757946708\" target=\"_blank\" rel=\"noopener noreferrer\">Prezent\u00e1cia partnera konferencie &#8211; Modern\u00fd geoport\u00e1l<\/a><\/strong><\/div><!-- [et_pb_line_break_holder] --><div style=\"color: #000000; font-size: 18px; font-family: Calibri; text-align: left; margin-top: 0px;\"><em>Jan Zav\u0159el, T-MAPY, s.r.o.<\/em><\/div><!-- [et_pb_line_break_holder] --><div style=\"color: #000000; font-size: 18px; font-family: Calibri; text-align: left; margin-top: 10px;\"><strong><a href=\"https:\/\/inspirujmese.eu\/2013\/prezentace\/2013_i._14_gku_stav_harmonizacie_inspirujme_se_2013_0.pdf?_t=1757946719\" target=\"_blank\" rel=\"noopener noreferrer\">Stav harmoniz\u00e1cie \u00fadajov a slu\u017eieb Geodetick\u00e9ho a kartografick\u00e9ho \u00fasatvu podl&#8217;a INSPIRE<\/a><\/strong><\/div><!-- [et_pb_line_break_holder] --><div style=\"color: #000000; font-size: 18px; font-family: Calibri; text-align: left; margin-top: 0px;\"><em>Val\u00e9ria Hutkov\u00e1, Geodetick\u00fd a kartografick\u00fd \u00fastav<\/em><\/div><!-- [et_pb_line_break_holder] --><div style=\"color: #000000; font-size: 18px; font-family: Calibri; text-align: left; margin-top: 10px;\"><strong><a href=\"https:\/\/inspirujmese.eu\/2013\/prezentace\/2013_i._15_soucek_novinky_v_poskytovani_stahovacich_a_prohlizecich_sluzeb_ve_sprave_cuzk.pdf?_t=1757946741\" target=\"_blank\" rel=\"noopener noreferrer\">Novinky v poskytov\u00e1n\u00ed stahovac\u00edch a prohl\u00ed\u017eec\u00edch slu\u017eeb ve spr\u00e1v\u011b \u010c\u00daZK<\/a><\/strong><\/div><!-- [et_pb_line_break_holder] --><div style=\"color: #000000; font-size: 18px; font-family: Calibri; text-align: left; margin-top: 0px;\"><em>Petr Sou\u010dek, \u010cesk\u00fd \u00fa\u0159ad zem\u011bm\u011b\u0159ick\u00fd a katastr\u00e1ln\u00ed<\/em><\/div><!-- [et_pb_line_break_holder] --><div style=\"color: #000000; font-size: 18px; font-family: Calibri; text-align: left; margin-top: 10px;\"><strong><a href=\"https:\/\/inspirujmese.eu\/2013\/prezentace\/2013_i._16_brazda_implementace_inspire_ve_vumop.pdf?_t=1757946750\" target=\"_blank\" rel=\"noopener noreferrer\">Implementace INSPIRE ve V\u00daMOP, v.v.i.<\/a><\/strong><\/div><!-- [et_pb_line_break_holder] --><div style=\"color: #000000; font-size: 18px; font-family: Calibri; text-align: left; margin-top: 0px;\"><em>V\u011bra V\u00e1\u0148ov\u00e1, Eli\u0161ka Skokanov\u00e1, Ji\u0159\u00ed Br\u00e1zda, V\u00fdzkumn\u00fd \u00fastav meliorac\u00ed a ochrany p\u016fd, v.v.i.<\/em><\/div><!-- [et_pb_line_break_holder] --><div style=\"color: #000000; font-size: 18px; font-family: Calibri; text-align: left; margin-top: 10px;\"><strong><a href=\"https:\/\/inspirujmese.eu\/2013\/prezentace\/2013_i._17_data_o_datech_hradec.pdf?_t=1757946766\" target=\"_blank\" rel=\"noopener noreferrer\">Vizualizace dat, metadata a trendu pro podporu rozhodov\u00e1n\u00ed o datech <\/a><\/strong><\/div><!-- [et_pb_line_break_holder] --><div style=\"color: #000000; font-size: 18px; font-family: Calibri; text-align: left; margin-top: 0px;\"><em><em>Ji\u0159\u00ed Hradec, projekt smeSpire<\/em><\/em><\/div><!-- [et_pb_line_break_holder] --><div style=\"color: #000000; font-size: 18px; font-family: Calibri; text-align: left; margin-top: 10px;\"><strong><a href=\"https:\/\/inspirujmese.eu\/2013\/prezentace\/2013_i._18_straka_prezentacia_bratislava_2013.pdf?_t=1757946776\" target=\"_blank\" rel=\"noopener noreferrer\">Harmoniz\u00e1cia priestorov\u00fdch \u00fadajov v kontexte INSPIRE ukl\u00e1dac\u00edch slu\u017eieb<\/a><\/strong><\/div><!-- [et_pb_line_break_holder] --><div style=\"color: #000000; font-size: 18px; font-family: Calibri; text-align: left; margin-top: 0px;\"><em>Juraj Straka, Zymestic Solutions, s.r.o.<\/em><\/div><!-- [et_pb_line_break_holder] --><div style=\"color: #000000; font-size: 18px; font-family: Calibri; text-align: left; margin-top: 20px;\"><strong>19:45 \u2013<\/strong><strong> 24:0<\/strong><strong>0<\/strong><strong> Spolo\u010densk\u00fd ve\u010der<\/strong><\/div><!-- [et_pb_line_break_holder] --><div style=\"color: #000000; font-size: 18px; font-family: Calibri; text-align: left; margin-top: 40px; margin-bottom: 20px;\"><strong>\u0160TVRTOK 28. LISTOPADU<\/strong><\/div><!-- [et_pb_line_break_holder] --><div style=\"color: #000000; font-size: 18px; font-family: Calibri; text-align: left; margin-top: 10px; margin-bottom: 10px;\"><strong>09:00 \u2013 11:00 Medzin\u00e1rodn\u00e9 aktivity a projekty INSPIRE, Copernicus, SEIS<\/strong><\/div><!-- [et_pb_line_break_holder] --><div style=\"color: #000000; font-size: 18px; font-family: Calibri; text-align: left; margin-top: 10px;\"><strong><a href=\"https:\/\/inspirujmese.eu\/2013\/prezentace\/2013_iv._01_darja_lihteneger-eaa-sense-semantic-service.pdf?_t=1757946964\" target=\"_blank\" rel=\"noopener noreferrer\">Use od SENSE for preparation of SOER 2015<\/a><\/strong><\/div><!-- [et_pb_line_break_holder] --><div style=\"color: #000000; font-size: 18px; font-family: Calibri; text-align: left; margin-top: 0px;\"><em>Darja Lihteneger, European Environment Agency<\/em><\/div><!-- [et_pb_line_break_holder] --><div style=\"color: #000000; font-size: 18px; font-family: Calibri; text-align: left; margin-top: 10px;\"><strong><a href=\"https:\/\/inspirujmese.eu\/2013\/prezentace\/2013_iv._02_clc_bratislava_lh.pdf?_t=1757946975\" target=\"_blank\" rel=\"noopener noreferrer\">Corine land cover<\/a><\/strong><\/div><!-- [et_pb_line_break_holder] --><div style=\"color: #000000; font-size: 18px; font-family: Calibri; text-align: left; margin-top: 0px;\"><em>Lenka Hlad\u00edkov\u00e1, CENIA, \u010desk\u00e1 informa\u010dn\u00ed agentura \u017eivotn\u00edho prost\u0159ed\u00ed<\/em><\/div><!-- [et_pb_line_break_holder] --><div style=\"color: #000000; font-size: 18px; font-family: Calibri; text-align: left; margin-top: 10px;\"><strong><a href=\"https:\/\/inspirujmese.eu\/2013\/prezentace\/2013_iv._03_gio_land_inspirujme_se.pdf?_t=1757946986\" target=\"_blank\" rel=\"noopener noreferrer\">T\u00e9my priestorov\u00fdch \u00fadajov II &#8211; Krajinn\u00e1 pokr\u00fdvka (Corine land cover 2012)<\/a><\/strong><\/div><!-- [et_pb_line_break_holder] --><div style=\"color: #000000; font-size: 18px; font-family: Calibri; text-align: left; margin-top: 0px;\"><em>Jan T\u00f3bik, Slovensk\u00e1 agent\u00fara \u017eivotn\u00e9ho prostredia<\/em><\/div><!-- [et_pb_line_break_holder] --><div style=\"color: #000000; font-size: 18px; font-family: Calibri; text-align: left; margin-top: 10px;\"><strong><a href=\"https:\/\/inspirujmese.eu\/2013\/prezentace\/2013_iv._04_koskova-eeenvplus_inspirujmese_2013.pdf?_t=1757946996\" target=\"_blank\" rel=\"noopener noreferrer\">Projekt eENVplus<\/a><\/strong><\/div><!-- [et_pb_line_break_holder] --><div style=\"color: #000000; font-size: 18px; font-family: Calibri; text-align: left; margin-top: 0px;\"><em>Jarmila Cik\u00e1nkov\u00e1, CENIA, \u010desk\u00e1 informa\u010dn\u00ed agentura \u017eivotn\u00edho prost\u0159ed\u00ed<\/em><\/div><!-- [et_pb_line_break_holder] --><div style=\"color: #000000; font-size: 18px; font-family: Calibri; text-align: left; margin-top: 0px;\"><em>V\u011bra , Veronika Ko\u0161kov\u00e1, Slovensk\u00e1 agent\u00fara \u017eivotn\u00e9ho prostredia.<\/em><\/div><!-- [et_pb_line_break_holder] --><div style=\"color: #000000; font-size: 18px; font-family: Calibri; text-align: left; margin-top: 10px;\"><strong><a href=\"https:\/\/inspirujmese.eu\/2013\/prezentace\/2013_iv._05_smart_open_data_final.pdf?_t=1757947004\" target=\"_blank\" rel=\"noopener noreferrer\">Od Habitatsu ku SmartOpenData<\/a><\/strong><\/div><!-- [et_pb_line_break_holder] --><div style=\"color: #000000; font-size: 18px; font-family: Calibri; text-align: left; margin-top: 0px;\"><em>Karel Charv\u00e1t, Martin Tuchy\u0148a, Marek Ml\u010dou\u0161ek, SmartOpenData projekt<\/em><\/div><!-- [et_pb_line_break_holder] --><div style=\"color: #000000; font-size: 18px; font-family: Calibri; text-align: left; margin-top: 10px;\"><strong>Budujeme a vyu\u017e\u00edv\u00e1me virtu\u00e1lny svet na platforme Google Earth API <\/strong><\/div><!-- [et_pb_line_break_holder] --><div style=\"color: #000000; font-size: 18px; font-family: Calibri; text-align: left; margin-top: 0px;\"><em>Jaroslav Piroh, 3D model, s.r.o.<\/em><\/div><!-- [et_pb_line_break_holder] --><div style=\"color: #000000; font-size: 18px; font-family: Calibri; text-align: left; margin-top: 10px;\"><strong><a href=\"https:\/\/inspirujmese.eu\/2013\/prezentace\/2013_iv._07_pacina_is_minig.pdf?_t=1757947014\" target=\"_blank\" rel=\"noopener noreferrer\">Metody rekontrukce zanikl\u00e9 krajiny <\/a><\/strong><\/div><!-- [et_pb_line_break_holder] --><div style=\"color: #000000; font-size: 18px; font-family: Calibri; text-align: left; margin-top: 0px;\"><em>Jan Pacina, Univerzita Jana Evangelisty Purkyn\u011b v \u00dast\u00ed nad Labem<\/em><\/div><!-- [et_pb_line_break_holder] --><div style=\"color: #000000; font-size: 18px; font-family: Calibri; text-align: left; margin-top: 20px; margin-bottom: 10px;\"><strong>11:00 \u2013 11:30 Prest\u00e1vka<\/strong><\/div><!-- [et_pb_line_break_holder] --><div style=\"color: #000000; font-size: 18px; font-family: Calibri; text-align: left; margin-top: 10px; margin-bottom: 20px;\"><strong>11:30 \u2013 13:00 INSPIRE &#8211; aktu\u00e1ln\u011b &#8211; novinky, p\u0159\u00edle\u017eitosti a v\u00fdzvy<\/strong><\/div><!-- [et_pb_line_break_holder] --><div style=\"color: #000000; font-size: 18px; font-family: Calibri; text-align: left; margin-top: 10px;\"><strong><a href=\"https:\/\/inspirujmese.eu\/2013\/prezentace\/2013_v._01_zu_vlcek_inspirujmese_2013_z_ms_office.pdf?_t=1757947022\" target=\"_blank\" rel=\"noopener noreferrer\">Novinky v poskytov\u00e1n\u00ed harmonizovan\u00fdch dat a slu\u017eeb Zem\u011bm\u011b\u0159ick\u00e9ho \u00fa\u0159adu<\/a><\/strong><\/div><!-- [et_pb_line_break_holder] --><div style=\"color: #000000; font-size: 18px; font-family: Calibri; text-align: left; margin-top: 0px;\"><em>Bohumil Vl\u010dek, \u010cesk\u00fd \u00fa\u0159ad zem\u011bm\u011b\u0159ick\u00fd a katastr\u00e1ln\u00ed <\/em><\/div><!-- [et_pb_line_break_holder] --><div style=\"color: #000000; font-size: 18px; font-family: Calibri; text-align: left; margin-top: 10px;\"><strong><a href=\"https:\/\/inspirujmese.eu\/2013\/prezentace\/2013_v._02_kubatova_aktualni_stav_projektu_tvorby.pdf?_t=1757947031\" target=\"_blank\" rel=\"noopener noreferrer\">Aktu\u00e1ln\u00ed stav projektu tvorby strategie rozvoje infrastruktury pro prostorov\u00e9 informace v \u010cR do roku 2020<\/a><\/strong><\/div><!-- [et_pb_line_break_holder] --><div style=\"color: #000000; font-size: 18px; font-family: Calibri; text-align: left; margin-top: 0px;\"><em>Eva Kub\u00e1tov\u00e1, Ministerstvo vnitra \u010cesk\u00e9 republiky<\/em><\/div><!-- [et_pb_line_break_holder] --><div style=\"color: #000000; font-size: 18px; font-family: Calibri; text-align: left; margin-top: 10px;\"><strong><a href=\"https:\/\/inspirujmese.eu\/2013\/prezentace\/2013_v._03_vanis_co_prinesl_inspire_za_vyzvy_a_prilezitosti.pdf?_t=1757947044\" target=\"_blank\" rel=\"noopener noreferrer\">Co p\u0159inesl INSPIRE za v\u00fdzvy a p\u0159\u00edle\u017eitosti?<\/a><\/strong><\/div><!-- [et_pb_line_break_holder] --><div style=\"color: #000000; font-size: 18px; font-family: Calibri; text-align: left; margin-top: 0px;\"><em>Pavel Vani\u0161, \u010cesk\u00fd \u00fa\u0159ad zem\u011bm\u011b\u0159ick\u00fd a katastr\u00e1ln\u00ed<\/em><\/div><!-- [et_pb_line_break_holder] --><div style=\"color: #000000; font-size: 18px; font-family: Calibri; text-align: left; margin-top: 10px;\"><strong><a href=\"https:\/\/inspirujmese.eu\/2013\/prezentace\/2013_v._04_fencik_inspirujme_se_2013.pdf?_t=1757947052\" target=\"_blank\" rel=\"noopener noreferrer\">Geoinformatiz\u00e1cia verejnej spr\u00e1vy na Slovensku<\/a><\/strong><\/div><!-- [et_pb_line_break_holder] --><div style=\"color: #000000; font-size: 18px; font-family: Calibri; text-align: left; margin-top: 0px;\"><em>Robert Fenc\u00edk, Slovensk\u00e1 asoci\u00e1cia pre geoinformatiku<\/em><\/div><!-- [et_pb_line_break_holder] --><div style=\"color: #000000; font-size: 18px; font-family: Calibri; text-align: left; margin-top: 10px;\"><strong><a href=\"https:\/\/inspirujmese.eu\/2013\/prezentace\/2013_v._05_janecka-inspirujme-se-2013-prezentace-cagi2.pdf?_t=1757947060\" target=\"_blank\" rel=\"noopener noreferrer\">GeoInfoStrategie &#8211; \u00faloha CAGI v celo\u017eivotn\u00edm vzd\u011bl\u00e1v\u00e1n\u00ed<\/a><\/strong><\/div><!-- [et_pb_line_break_holder] --><div style=\"color: #000000; font-size: 18px; font-family: Calibri; text-align: left; margin-top: 0px;\"><em>Karel Jane\u010dka, \u010cesk\u00e1 asociace pro geoinformace<\/em><\/div><!-- [et_pb_line_break_holder] --><div style=\"color: #000000; font-size: 18px; font-family: Calibri; text-align: left; margin-top: 10px;\"><strong><a href=\"https:\/\/inspirujmese.eu\/2013\/prezentace\/2013_v._06_sdi4apps.pdf?_t=1757947069\" target=\"_blank\" rel=\"noopener noreferrer\">Projekt SDI4Apps &#8211; Inov\u00e1cie v oblasti aplik\u00e1ci\u00ed a slu\u017eieb nad otvoren\u00fdmi priestorov\u00fdmi inform\u00e1ciami<\/a><\/strong><\/div><!-- [et_pb_line_break_holder] --><div style=\"color: #000000; font-size: 18px; font-family: Calibri; text-align: left; margin-top: 0px;\">Martin Tuchy\u0148a, Karel Charv\u00e1t, projekt SDI4Apps<\/div><!-- [et_pb_line_break_holder] --><div style=\"color: #000000; font-size: 18px; font-family: Calibri; text-align: left; margin-top: 20px; margin-bottom: 20px;\"><strong>13:30 \u2013 14:30 Obed<\/strong><\/div><!-- [et_pb_line_break_holder] --><div style=\"color: #000000; font-size: 18px; font-family: Calibri; text-align: left; margin-top: 10px; margin-bottom: 10px;\"><strong>14:30 \u2013 15:30 Semin\u00e1\u0159 &#8211; vzd\u011bl\u00e1v\u00e1n\u00ed v INSPIRE, Masarykova univerzita Brno<\/strong><\/div><!-- [et_pb_line_break_holder] --><div style=\"color: #000000; font-size: 18px; font-family: Calibri; text-align: left; margin-top: 10px;\"><strong><a href=\"https:\/\/inspirujmese.eu\/2013\/prezentace\/2013_vi._01_kubicek_inspirujme_se_geotym_2013.pdf?_t=1757947077\" target=\"_blank\" rel=\"noopener noreferrer\">Vzd\u011bl\u00e1v\u00e1n\u00ed v n\u00e1vaznosti na SDI &#8211; teoretick\u00e9 znalosti a osobn\u00ed kompetence<\/a><\/strong><\/div><!-- [et_pb_line_break_holder] --><div style=\"color: #000000; font-size: 18px; font-family: Calibri; text-align: left; margin-top: 0px;\"><em>Petr Kub\u00ed\u010dek, Masarykova univerzita Brno<\/em><\/div><!-- [et_pb_line_break_holder] --><div style=\"color: #000000; font-size: 18px; font-family: Calibri; text-align: left; margin-top: 10px;\"><strong><a href=\"https:\/\/inspirujmese.eu\/2013\/prezentace\/2013_vi._02_reznik_3d_modelovani_inspirujmese_2013.pdf?_t=1757947085\" target=\"_blank\" rel=\"noopener noreferrer\">Propojen\u00ed 3D modelov\u00e1n\u00ed budov a INSPIRE<\/a><\/strong><\/div><!-- [et_pb_line_break_holder] --><div style=\"color: #000000; font-size: 18px; font-family: Calibri; text-align: left; margin-top: 0px;\"><em>Tom\u00e1\u0161 \u0158ezn\u00edk, Luk\u00e1\u0161 Herman, Masarykova univerzita Brno<\/em><\/div><!-- [et_pb_line_break_holder] --><div style=\"color: #000000; font-size: 18px; font-family: Calibri; text-align: left; margin-top: 10px;\"><strong><a href=\"https:\/\/inspirujmese.eu\/2013\/prezentace\/2013_vi._03_reznik_metadata_inspire_geoportal_inspirujmese_2013.pdf?_t=1757947093\" target=\"_blank\" rel=\"noopener noreferrer\">Zku\u0161enosti s validac\u00ed metadat na INSPIRE geoport\u00e1lu<\/a><\/strong><\/div><!-- [et_pb_line_break_holder] --><div style=\"color: #000000; font-size: 18px; font-family: Calibri; text-align: left; margin-top: 0px;\"><em>Tom\u00e1\u0161 \u0158ezn\u00edk, Masarykova univerzita Brno<\/em><\/div><!-- [et_pb_line_break_holder] --><div style=\"color: #000000; font-size: 18px; font-family: Calibri; text-align: left; margin-top: 10px;\"><strong><a href=\"https:\/\/inspirujmese.eu\/2013\/prezentace\/2013_vi._04_tuchyna_inspirujmese_gin2k.pdf?_t=1757947101\" target=\"_blank\" rel=\"noopener noreferrer\">Projekt GI N2K: Geoinforma\u010dn\u00e1 znalostn\u00e1 b\u00e1za pre praxou orientovan\u00fd vzdel\u00e1vac\u00ed syst\u00e9m<\/a><\/strong><\/div><!-- [et_pb_line_break_holder] --><div style=\"color: #000000; font-size: 18px; font-family: Calibri; text-align: left; margin-top: 0px;\"><em>Martin Tuchy\u0148a, Slovensk\u00e1 agent\u00fara \u017eivotn\u00e9ho prostredia, Petr Kub\u00ed\u010dek, Masarykova univerzita Brnvo<\/em><\/div><!-- [et_pb_line_break_holder] --><div style=\"color: #000000; font-size: 18px; font-family: Calibri; text-align: left; margin-top: 10px;\"><strong>15:30 \u2013 16:00 <\/strong><a href=\"https:\/\/inspirujmese.eu\/2013\/prezentace\/2013_vii._smespire_faugnerova_2013.pdf?_t=1757947109\"><strong>Semin\u00e1r smeSpire &#8211; INSPIRE pre mal\u00e9 a stredn\u00e9 podniky<\/strong><\/a><\/div><!-- [et_pb_line_break_holder] --><div style=\"color: #000000; font-size: 18px; font-family: Calibri; text-align: left; margin-top: 0px;\"><em>INSPIRE pre mal\u00e9 a stredn\u00e9 podniky. Predstavenie siete zapojen\u00fdch firiem v \u010cR a SR, n\u00e1strojov pre podporu firiem a d&#8217;al\u0161\u00edch krokov do ukon\u010denia projektu. Semin\u00e1r moderuj\u00fa: Martin Ko\u0161ka, Slovensk\u00e1 agent\u00fara pre \u017eivotn\u00e9 prostredia, Jitka Faugnerov\u00e1, CENIA, \u010desk\u00e1 informa\u010dn\u00ed agentura \u017eivotn\u00edho prost\u0159ed\u00ed<\/em><\/div><!-- [et_pb_line_break_holder] --><div style=\"color: #000000; font-size: 18px; font-family: Calibri; text-align: left; margin-top: 10px;\"><strong>16:00\u00a0Ukon\u010denie konferencie<\/strong><\/div><!-- [et_pb_line_break_holder] -->[\/et_pb_code][\/et_pb_column][\/et_pb_row][\/et_pb_section]","protected":false},"excerpt":{"rendered":"<p>2013 \u2013 INSPIRUJME SE\u2026 OTEV\u0158ENOST\u00cd O KONFERENCI Ve dnech 27. a 28. listopadu 2013 prob\u011bhla v prostor\u00e1ch hotelu Tatra v Bratislav\u011b ji\u017e druh\u00e1 \u010desko-slovensk\u00e1 konference s n\u00e1zvem Inspirujme se\u2026otev\u0159enost\u00ed. Op\u011bt se d\u00edky spolupr\u00e1ci CENIA, \u010desk\u00e9 informa\u010dn\u00ed agentury \u017eivotn\u00edho prost\u0159ed\u00ed a Slovensk\u00e9 agent\u00fary \u017eivotn\u00e9ho prostredia a z\u00e1\u0161tit\u011b obou ministerstev \u017eivotn\u00edho prost\u0159ed\u00ed poda\u0159ilo uspo\u0159\u00e1dat akci, kter\u00e1 i [&hellip;]<\/p>\n","protected":false},"author":5,"featured_media":0,"parent":0,"menu_order":0,"comment_status":"closed","ping_status":"closed","template":"","meta":{"_et_pb_use_builder":"on","_et_pb_old_content":"","_et_gb_content_width":"","footnotes":""},"folder":[],"class_list":["post-3307","page","type-page","status-publish","hentry"],"_links":{"self":[{"href":"https:\/\/inspirujmese.eu\/cs\/wp-json\/wp\/v2\/pages\/3307","targetHints":{"allow":["GET"]}}],"collection":[{"href":"https:\/\/inspirujmese.eu\/cs\/wp-json\/wp\/v2\/pages"}],"about":[{"href":"https:\/\/inspirujmese.eu\/cs\/wp-json\/wp\/v2\/types\/page"}],"author":[{"embeddable":true,"href":"https:\/\/inspirujmese.eu\/cs\/wp-json\/wp\/v2\/users\/5"}],"replies":[{"embeddable":true,"href":"https:\/\/inspirujmese.eu\/cs\/wp-json\/wp\/v2\/comments?post=3307"}],"version-history":[{"count":9,"href":"https:\/\/inspirujmese.eu\/cs\/wp-json\/wp\/v2\/pages\/3307\/revisions"}],"predecessor-version":[{"id":4081,"href":"https:\/\/inspirujmese.eu\/cs\/wp-json\/wp\/v2\/pages\/3307\/revisions\/4081"}],"wp:attachment":[{"href":"https:\/\/inspirujmese.eu\/cs\/wp-json\/wp\/v2\/media?parent=3307"}],"wp:term":[{"taxonomy":"folder","embeddable":true,"href":"https:\/\/inspirujmese.eu\/cs\/wp-json\/wp\/v2\/folder?post=3307"}],"curies":[{"name":"wp","href":"https:\/\/api.w.org\/{rel}","templated":true}]}}