{"id":3357,"date":"2025-08-13T15:35:32","date_gmt":"2025-08-13T13:35:32","guid":{"rendered":"https:\/\/inspirujmese.eu\/cs\/?page_id=3357"},"modified":"2025-10-16T13:57:09","modified_gmt":"2025-10-16T11:57:09","slug":"archiv-2012","status":"publish","type":"page","link":"https:\/\/inspirujmese.eu\/cs\/archiv-2012\/","title":{"rendered":"Archiv 2012"},"content":{"rendered":"[et_pb_section fb_built=&#8220;1&#8243; _builder_version=&#8220;4.27.4&#8243; _module_preset=&#8220;default&#8220; background_enable_color=&#8220;off&#8220; background_image=&#8220;https:\/\/inspirujmese.eu\/wp-content\/uploads\/2025\/08\/dsc_0854-scaled.webp&#8220; background_position=&#8220;bottom_center&#8220; background_vertical_offset=&#8220;78%&#8220; global_colors_info=&#8220;{}&#8220;][et_pb_row _builder_version=&#8220;4.27.4&#8243; _module_preset=&#8220;default&#8220; width=&#8220;100%&#8220; max_width=&#8220;100%&#8220; min_height=&#8220;100%&#8220; height=&#8220;100%&#8220; global_colors_info=&#8220;{}&#8220;][et_pb_column type=&#8220;4_4&#8243; _builder_version=&#8220;4.27.0&#8243; _module_preset=&#8220;default&#8220; global_colors_info=&#8220;{}&#8220;][et_pb_text _builder_version=&#8220;4.27.4&#8243; _module_preset=&#8220;default&#8220; header_font=&#8220;|||on|||||&#8220; header_text_color=&#8220;#FFFFFF&#8220; header_font_size=&#8220;46px&#8220; header_font_size_tablet=&#8220;37px&#8220; header_font_size_phone=&#8220;29px&#8220; header_font_size_last_edited=&#8220;on|phone&#8220; content_sk_sk=&#8220;<h1 class=%22hero-title%22 style=%22text-align: center;%22><span style=%22color: #ffffff;%22>2012 \u2013 INSPIRUJME SE\u2026 EFEKTIVITOU<\/span><\/h1>&#8220; global_colors_info=&#8220;{}&#8220;]<h1 class=\"hero-title\" style=\"text-align: center;\"><span style=\"color: #ffffff;\">2012 \u2013 INSPIRUJME SE\u2026 EFEKTIVITOU<\/span><\/h1>[\/et_pb_text][\/et_pb_column][\/et_pb_row][\/et_pb_section][et_pb_section fb_built=&#8220;1&#8243; _builder_version=&#8220;4.27.4&#8243; _module_preset=&#8220;default&#8220; background_color=&#8220;#3c3d3f&#8220; global_colors_info=&#8220;{}&#8220;][et_pb_row _builder_version=&#8220;4.27.0&#8243; _module_preset=&#8220;default&#8220; global_colors_info=&#8220;{}&#8220;][et_pb_column type=&#8220;4_4&#8243; _builder_version=&#8220;4.27.0&#8243; _module_preset=&#8220;default&#8220; global_colors_info=&#8220;{}&#8220;][et_pb_text content_tablet=&#8220;<div class=%22section-title-col content-center-sm%22 data-type=%22column%22>\n<h2 class=%22space-bottom%22 style=%22text-align: center;%22>O KONFERENCI<\/h2>\n<div style=%22text-align: justify;%22>\n<div>\n<div>Ve dnech 27. a 28. listopadu 2012 prob\u011bhla v prostor\u00e1ch Vzd\u011bl\u00e1vac\u00edho a informa\u010dn\u00edho centra Floret v Pr\u016fhonic\u00edch ji\u017e p\u00e1t\u00e1 n\u00e1rodn\u00ed konference o INSPIRE s n\u00e1zvem Inspirujme se\u2026 efektivitou. Pro p\u00e1t\u00fd ro\u010dn\u00edk konference spojil organiz\u00e1tor CENIA, \u010desk\u00e1 informa\u010dn\u00ed agentura \u017eivotn\u00edho prost\u0159ed\u00ed s\u00edly se sv\u00fdm slovensk\u00fdm prot\u011bj\u0161kem Slovenskou agenturou \u017eivotn\u00e9ho prostredia (SA\u017dP) a konference byla uspo\u0159\u00e1d\u00e1na poprv\u00e9 jako \u010desko-slovensk\u00e1 a mezin\u00e1rodn\u00ed. Akci ofici\u00e1ln\u011b za\u0161t\u00edtili st\u00e1tn\u00ed tajemn\u00edci ministerstev \u017eivotn\u00edho prost\u0159ed\u00ed obou zem\u00ed. Nad o\u010dek\u00e1v\u00e1n\u00ed organiz\u00e1tor\u016f lze leto\u0161n\u00ed ro\u010dn\u00edk ozna\u010dit za velmi \u00fasp\u011b\u0161n\u00fd. Konference se z\u00fa\u010dastnilo 110 osob, z toho 49 \u00fa\u010dastn\u00edk\u016f p\u0159ijelo ze Slovenska! Po\u010det \u010desk\u00fdch a slovensk\u00fdch prezentuj\u00edc\u00edch byl t\u00e9m\u011b\u0159 vyrovnan\u00fd.<\/div>\n<div>Hlavn\u00edmu programu konference p\u0159edch\u00e1zel semin\u00e1\u0159 k evropsk\u00e9mu projektu s n\u00e1zvem \u201eSmeSpire- rozvoj va\u0161ich p\u0159\u00edle\u017eitost\u00ed\u201c zam\u011b\u0159en\u00fd na mal\u00e9 a st\u0159edn\u00ed firmy podnikaj\u00edc\u00ed v oblasti GIS. P\u0159es 50 osob z \u010cR i Slovenska bylo informov\u00e1no o smeSpire projektu jako takov\u00e9m, o jeho pl\u00e1novan\u00fdch v\u00fdstupech.<\/div>\n<\/div>\n<div>Hlavn\u00ed program konference byl zah\u00e1jen 27.11.2012 ve 13h \u00favodn\u00edmi slovy obou organiz\u00e1tor\u016f, konkr\u00e9tn\u011b \u0159editele CENIA Vladim\u00edra Fanty a gener\u00e1ln\u00ed \u0159editelky SA\u017dP Dagmar Raj\u010danov\u00e9. N\u00e1sledovali n\u00e1m\u011bstek ministra \u017eivotn\u00edho prost\u0159ed\u00ed, st\u00e1tn\u00ed tajemn\u00edk Libor Je\u017eek, p\u0159edseda \u010cesk\u00e9ho \u00fa\u0159adu zem\u011bm\u011b\u0159ick\u00e9ho a katastr\u00e1ln\u00edho Karel Ve\u010de\u0159e a p\u0159edsedkyn\u011b \u00daradu geod\u00e9zie, kartografie a katastra M\u00e1ria Frindrichov\u00e1. Zah\u00e1jen\u00ed uzav\u0159ela kr\u00e1tk\u00e1 prezentace gener\u00e1ln\u00edho partnera konference, firmy Help Service Remote Sensing. Po zah\u00e1jen\u00ed pokra\u010dovala konference sekcemi zam\u011b\u0159en\u00fdmi na jednotliv\u00e9 \u010d\u00e1sti INSPIRE, tedy na pl\u00e1novan\u00e9 politiky a strategie, na p\u0159\u00edklady aplikac\u00ed a praktick\u00fdch implementac\u00ed podle Sm\u011brnice INSPIRE, na p\u0159edstaven\u00ed n\u011bkter\u00fdch povinn\u00fdch subjekt\u016f a nakonec na povinnosti a v\u00fdzvy pro rok 2013. Nechyb\u011bly ani prezentace z\u00e1stupc\u016f profesn\u00edch sdru\u017een\u00ed pro geoinformatiky \u2013 \u010desk\u00e9 CAGI (\u010cesk\u00e1 asociace pro geoinformaci) a slovensk\u00e9 SAGI (Slovensk\u00e1 asociace pro geoinformaci). Pravideln\u00fdmi p\u0159edn\u00e1\u0161ej\u00edc\u00edmi hosty na konferenci jsou tak\u00e9 studenti a lekto\u0159i Masarykovy univerzity, kte\u0159\u00ed v r\u00e1mci projektu \u201eLidsk\u00fd potenci\u00e1l pro informa\u010dn\u00ed spole\u010dnost vyu\u017e\u00edvaj\u00edc\u00ed prostorov\u00e1 data\u201c p\u0159edstavili ji\u017e t\u0159et\u00ed set kurz\u016f z cyklu Mo\u017enosti internetov\u00e9ho vzd\u011bl\u00e1v\u00e1n\u00ed v oblasti Sm\u011brnice INSPIRE.<\/div>\n<\/div>\n<\/div>\n<div style=%22text-align: justify;%22><\/div>\n<div style=%22text-align: justify;%22><\/div>&#8220; content_phone=&#8220;<div class=%22section-title-col content-center-sm%22 data-type=%22column%22>\n<h2 class=%22space-bottom%22 style=%22text-align: center;%22>O KONFERENCI<\/h2>\n<div style=%22text-align: justify;%22>\n<div>\n<div>Ve dnech 27. a 28. listopadu 2012 prob\u011bhla v prostor\u00e1ch Vzd\u011bl\u00e1vac\u00edho a informa\u010dn\u00edho centra Floret v Pr\u016fhonic\u00edch ji\u017e p\u00e1t\u00e1 n\u00e1rodn\u00ed konference o INSPIRE s n\u00e1zvem Inspirujme se\u2026 efektivitou. Pro p\u00e1t\u00fd ro\u010dn\u00edk konference spojil organiz\u00e1tor CENIA, \u010desk\u00e1 informa\u010dn\u00ed agentura \u017eivotn\u00edho prost\u0159ed\u00ed s\u00edly se sv\u00fdm slovensk\u00fdm prot\u011bj\u0161kem Slovenskou agenturou \u017eivotn\u00e9ho prostredia (SA\u017dP) a konference byla uspo\u0159\u00e1d\u00e1na poprv\u00e9 jako \u010desko-slovensk\u00e1 a mezin\u00e1rodn\u00ed. Akci ofici\u00e1ln\u011b za\u0161t\u00edtili st\u00e1tn\u00ed tajemn\u00edci ministerstev \u017eivotn\u00edho prost\u0159ed\u00ed obou zem\u00ed. Nad o\u010dek\u00e1v\u00e1n\u00ed organiz\u00e1tor\u016f lze leto\u0161n\u00ed ro\u010dn\u00edk ozna\u010dit za velmi \u00fasp\u011b\u0161n\u00fd. Konference se z\u00fa\u010dastnilo 110 osob, z toho 49 \u00fa\u010dastn\u00edk\u016f p\u0159ijelo ze Slovenska! Po\u010det \u010desk\u00fdch a slovensk\u00fdch prezentuj\u00edc\u00edch byl t\u00e9m\u011b\u0159 vyrovnan\u00fd.<\/div>\n<div>Hlavn\u00edmu programu konference p\u0159edch\u00e1zel semin\u00e1\u0159 k evropsk\u00e9mu projektu s n\u00e1zvem \u201eSmeSpire- rozvoj va\u0161ich p\u0159\u00edle\u017eitost\u00ed\u201c zam\u011b\u0159en\u00fd na mal\u00e9 a st\u0159edn\u00ed firmy podnikaj\u00edc\u00ed v oblasti GIS. P\u0159es 50 osob z \u010cR i Slovenska bylo informov\u00e1no o smeSpire projektu jako takov\u00e9m, o jeho pl\u00e1novan\u00fdch v\u00fdstupech.<\/div>\n<\/div>\n<div>Hlavn\u00ed program konference byl zah\u00e1jen 27.11.2012 ve 13h \u00favodn\u00edmi slovy obou organiz\u00e1tor\u016f, konkr\u00e9tn\u011b \u0159editele CENIA Vladim\u00edra Fanty a gener\u00e1ln\u00ed \u0159editelky SA\u017dP Dagmar Raj\u010danov\u00e9. N\u00e1sledovali n\u00e1m\u011bstek ministra \u017eivotn\u00edho prost\u0159ed\u00ed, st\u00e1tn\u00ed tajemn\u00edk Libor Je\u017eek, p\u0159edseda \u010cesk\u00e9ho \u00fa\u0159adu zem\u011bm\u011b\u0159ick\u00e9ho a katastr\u00e1ln\u00edho Karel Ve\u010de\u0159e a p\u0159edsedkyn\u011b \u00daradu geod\u00e9zie, kartografie a katastra M\u00e1ria Frindrichov\u00e1. Zah\u00e1jen\u00ed uzav\u0159ela kr\u00e1tk\u00e1 prezentace gener\u00e1ln\u00edho partnera konference, firmy Help Service Remote Sensing. Po zah\u00e1jen\u00ed pokra\u010dovala konference sekcemi zam\u011b\u0159en\u00fdmi na jednotliv\u00e9 \u010d\u00e1sti INSPIRE, tedy na pl\u00e1novan\u00e9 politiky a strategie, na p\u0159\u00edklady aplikac\u00ed a praktick\u00fdch implementac\u00ed podle Sm\u011brnice INSPIRE, na p\u0159edstaven\u00ed n\u011bkter\u00fdch povinn\u00fdch subjekt\u016f a nakonec na povinnosti a v\u00fdzvy pro rok 2013. Nechyb\u011bly ani prezentace z\u00e1stupc\u016f profesn\u00edch sdru\u017een\u00ed pro geoinformatiky \u2013 \u010desk\u00e9 CAGI (\u010cesk\u00e1 asociace pro geoinformaci) a slovensk\u00e9 SAGI (Slovensk\u00e1 asociace pro geoinformaci). Pravideln\u00fdmi p\u0159edn\u00e1\u0161ej\u00edc\u00edmi hosty na konferenci jsou tak\u00e9 studenti a lekto\u0159i Masarykovy univerzity, kte\u0159\u00ed v r\u00e1mci projektu \u201eLidsk\u00fd potenci\u00e1l pro informa\u010dn\u00ed spole\u010dnost vyu\u017e\u00edvaj\u00edc\u00ed prostorov\u00e1 data\u201c p\u0159edstavili ji\u017e t\u0159et\u00ed set kurz\u016f z cyklu Mo\u017enosti internetov\u00e9ho vzd\u011bl\u00e1v\u00e1n\u00ed v oblasti Sm\u011brnice INSPIRE.<\/div>\n<\/div>\n<\/div>\n<div style=%22text-align: justify;%22><\/div>\n<div style=%22text-align: justify;%22><\/div>\n<div style=%22text-align: justify;%22><\/div>\n<div style=%22text-align: justify;%22><\/div>&#8220; content_last_edited=&#8220;on|phone&#8220; _builder_version=&#8220;4.27.4&#8243; _module_preset=&#8220;default&#8220; text_font=&#8220;&#8211;et_global_body_font|300|||||||&#8220; text_text_color=&#8220;#FFFFFF&#8220; text_font_size=&#8220;15px&#8220; text_line_height=&#8220;2em&#8220; header_font=&#8220;Roboto||||||||&#8220; header_2_font=&#8220;&#8211;et_global_heading_font|||||||#FFFFFF|&#8220; header_2_text_color=&#8220;#FFFFFF&#8220; header_2_font_size=&#8220;44px&#8220; header_3_text_color=&#8220;#FFFFFF&#8220; header_3_font_size=&#8220;30px&#8220; custom_padding=&#8220;||0px|||&#8220; text_font_size_tablet=&#8220;15px&#8220; text_font_size_phone=&#8220;12px&#8220; text_font_size_last_edited=&#8220;on|phone&#8220; content_sk_sk=&#8220;<div class=%22section-title-col content-center-sm%22 data-type=%22column%22>\n<h2 class=%22space-bottom%22 style=%22text-align: center;%22>O KONFERENCI<\/h2>\n<div style=%22text-align: justify;%22>\n<div>\n<div>Ve dnech 27. a 28. listopadu 2012 prob\u011bhla v prostor\u00e1ch Vzd\u011bl\u00e1vac\u00edho a informa\u010dn\u00edho centra Floret v Pr\u016fhonic\u00edch ji\u017e p\u00e1t\u00e1 n\u00e1rodn\u00ed konference o INSPIRE s n\u00e1zvem Inspirujme se\u2026 efektivitou. Pro p\u00e1t\u00fd ro\u010dn\u00edk konference spojil organiz\u00e1tor CENIA, \u010desk\u00e1 informa\u010dn\u00ed agentura \u017eivotn\u00edho prost\u0159ed\u00ed s\u00edly se sv\u00fdm slovensk\u00fdm prot\u011bj\u0161kem Slovenskou agenturou \u017eivotn\u00e9ho prostredia (SA\u017dP) a konference byla uspo\u0159\u00e1d\u00e1na poprv\u00e9 jako \u010desko-slovensk\u00e1 a mezin\u00e1rodn\u00ed. Akci ofici\u00e1ln\u011b za\u0161t\u00edtili st\u00e1tn\u00ed tajemn\u00edci ministerstev \u017eivotn\u00edho prost\u0159ed\u00ed obou zem\u00ed. Nad o\u010dek\u00e1v\u00e1n\u00ed organiz\u00e1tor\u016f lze leto\u0161n\u00ed ro\u010dn\u00edk ozna\u010dit za velmi \u00fasp\u011b\u0161n\u00fd. Konference se z\u00fa\u010dastnilo 110 osob, z toho 49 \u00fa\u010dastn\u00edk\u016f p\u0159ijelo ze Slovenska! Po\u010det \u010desk\u00fdch a slovensk\u00fdch prezentuj\u00edc\u00edch byl t\u00e9m\u011b\u0159 vyrovnan\u00fd.<\/div>\n<div>Hlavn\u00edmu programu konference p\u0159edch\u00e1zel semin\u00e1\u0159 k evropsk\u00e9mu projektu s n\u00e1zvem \u201eSmeSpire- rozvoj va\u0161ich p\u0159\u00edle\u017eitost\u00ed\u201c zam\u011b\u0159en\u00fd na mal\u00e9 a st\u0159edn\u00ed firmy podnikaj\u00edc\u00ed v oblasti GIS. P\u0159es 50 osob z \u010cR i Slovenska bylo informov\u00e1no o smeSpire projektu jako takov\u00e9m, o jeho pl\u00e1novan\u00fdch v\u00fdstupech.<\/div>\n<\/div>\n<div>Hlavn\u00ed program konference byl zah\u00e1jen 27.11.2012 ve 13h \u00favodn\u00edmi slovy obou organiz\u00e1tor\u016f, konkr\u00e9tn\u011b \u0159editele CENIA Vladim\u00edra Fanty a gener\u00e1ln\u00ed \u0159editelky SA\u017dP Dagmar Raj\u010danov\u00e9. N\u00e1sledovali n\u00e1m\u011bstek ministra \u017eivotn\u00edho prost\u0159ed\u00ed, st\u00e1tn\u00ed tajemn\u00edk Libor Je\u017eek, p\u0159edseda \u010cesk\u00e9ho \u00fa\u0159adu zem\u011bm\u011b\u0159ick\u00e9ho a katastr\u00e1ln\u00edho Karel Ve\u010de\u0159e a p\u0159edsedkyn\u011b \u00daradu geod\u00e9zie, kartografie a katastra M\u00e1ria Frindrichov\u00e1. Zah\u00e1jen\u00ed uzav\u0159ela kr\u00e1tk\u00e1 prezentace gener\u00e1ln\u00edho partnera konference, firmy Help Service Remote Sensing. Po zah\u00e1jen\u00ed pokra\u010dovala konference sekcemi zam\u011b\u0159en\u00fdmi na jednotliv\u00e9 \u010d\u00e1sti INSPIRE, tedy na pl\u00e1novan\u00e9 politiky a strategie, na p\u0159\u00edklady aplikac\u00ed a praktick\u00fdch implementac\u00ed podle Sm\u011brnice INSPIRE, na p\u0159edstaven\u00ed n\u011bkter\u00fdch povinn\u00fdch subjekt\u016f a nakonec na povinnosti a v\u00fdzvy pro rok 2013. Nechyb\u011bly ani prezentace z\u00e1stupc\u016f profesn\u00edch sdru\u017een\u00ed pro geoinformatiky \u2013 \u010desk\u00e9 CAGI (\u010cesk\u00e1 asociace pro geoinformaci) a slovensk\u00e9 SAGI (Slovensk\u00e1 asociace pro geoinformaci). Pravideln\u00fdmi p\u0159edn\u00e1\u0161ej\u00edc\u00edmi hosty na konferenci jsou tak\u00e9 studenti a lekto\u0159i Masarykovy univerzity, kte\u0159\u00ed v r\u00e1mci projektu \u201eLidsk\u00fd potenci\u00e1l pro informa\u010dn\u00ed spole\u010dnost vyu\u017e\u00edvaj\u00edc\u00ed prostorov\u00e1 data\u201c p\u0159edstavili ji\u017e t\u0159et\u00ed set kurz\u016f z cyklu Mo\u017enosti internetov\u00e9ho vzd\u011bl\u00e1v\u00e1n\u00ed v oblasti Sm\u011brnice INSPIRE.<\/div>\n<\/div>\n<\/div>&#8220; global_colors_info=&#8220;{}&#8220;]<div class=\"row col-xs-12\">\n<div class=\"section-title-col content-center-sm\" data-type=\"column\">\n<h2 class=\"space-bottom\" style=\"text-align: center;\">O KONFERENCI<\/h2>\n<div style=\"text-align: justify;\">\n<div>\n<div>Ve dnech 27. a 28. listopadu 2012 prob\u011bhla v prostor\u00e1ch Vzd\u011bl\u00e1vac\u00edho a informa\u010dn\u00edho centra Floret v Pr\u016fhonic\u00edch ji\u017e p\u00e1t\u00e1 n\u00e1rodn\u00ed konference o INSPIRE s n\u00e1zvem Inspirujme se\u2026 efektivitou. Pro p\u00e1t\u00fd ro\u010dn\u00edk konference spojil organiz\u00e1tor CENIA, \u010desk\u00e1 informa\u010dn\u00ed agentura \u017eivotn\u00edho prost\u0159ed\u00ed s\u00edly se sv\u00fdm slovensk\u00fdm prot\u011bj\u0161kem Slovenskou agenturou \u017eivotn\u00e9ho prostredia (SA\u017dP) a konference byla uspo\u0159\u00e1d\u00e1na poprv\u00e9 jako \u010desko-slovensk\u00e1 a mezin\u00e1rodn\u00ed. Akci ofici\u00e1ln\u011b za\u0161t\u00edtili st\u00e1tn\u00ed tajemn\u00edci ministerstev \u017eivotn\u00edho prost\u0159ed\u00ed obou zem\u00ed. Nad o\u010dek\u00e1v\u00e1n\u00ed organiz\u00e1tor\u016f lze leto\u0161n\u00ed ro\u010dn\u00edk ozna\u010dit za velmi \u00fasp\u011b\u0161n\u00fd. Konference se z\u00fa\u010dastnilo 110 osob, z toho 49 \u00fa\u010dastn\u00edk\u016f p\u0159ijelo ze Slovenska! Po\u010det \u010desk\u00fdch a slovensk\u00fdch prezentuj\u00edc\u00edch byl t\u00e9m\u011b\u0159 vyrovnan\u00fd.<\/div>\n<div>Hlavn\u00edmu programu konference p\u0159edch\u00e1zel semin\u00e1\u0159 k evropsk\u00e9mu projektu s n\u00e1zvem \u201eSmeSpire- rozvoj va\u0161ich p\u0159\u00edle\u017eitost\u00ed\u201c zam\u011b\u0159en\u00fd na mal\u00e9 a st\u0159edn\u00ed firmy podnikaj\u00edc\u00ed v oblasti GIS. P\u0159es 50 osob z \u010cR i Slovenska bylo informov\u00e1no o smeSpire projektu jako takov\u00e9m, o jeho pl\u00e1novan\u00fdch v\u00fdstupech.<\/div>\n<\/div>\n<div>Hlavn\u00ed program konference byl zah\u00e1jen 27.11.2012 ve 13h \u00favodn\u00edmi slovy obou organiz\u00e1tor\u016f, konkr\u00e9tn\u011b \u0159editele CENIA Vladim\u00edra Fanty a gener\u00e1ln\u00ed \u0159editelky SA\u017dP Dagmar Raj\u010danov\u00e9. N\u00e1sledovali n\u00e1m\u011bstek ministra \u017eivotn\u00edho prost\u0159ed\u00ed, st\u00e1tn\u00ed tajemn\u00edk Libor Je\u017eek, p\u0159edseda \u010cesk\u00e9ho \u00fa\u0159adu zem\u011bm\u011b\u0159ick\u00e9ho a katastr\u00e1ln\u00edho Karel Ve\u010de\u0159e a p\u0159edsedkyn\u011b \u00daradu geod\u00e9zie, kartografie a katastra M\u00e1ria Frindrichov\u00e1. Zah\u00e1jen\u00ed uzav\u0159ela kr\u00e1tk\u00e1 prezentace gener\u00e1ln\u00edho partnera konference, firmy Help Service Remote Sensing. Po zah\u00e1jen\u00ed pokra\u010dovala konference sekcemi zam\u011b\u0159en\u00fdmi na jednotliv\u00e9 \u010d\u00e1sti INSPIRE, tedy na pl\u00e1novan\u00e9 politiky a strategie, na p\u0159\u00edklady aplikac\u00ed a praktick\u00fdch implementac\u00ed podle Sm\u011brnice INSPIRE, na p\u0159edstaven\u00ed n\u011bkter\u00fdch povinn\u00fdch subjekt\u016f a nakonec na povinnosti a v\u00fdzvy pro rok 2013. Nechyb\u011bly ani prezentace z\u00e1stupc\u016f profesn\u00edch sdru\u017een\u00ed pro geoinformatiky \u2013 \u010desk\u00e9 CAGI (\u010cesk\u00e1 asociace pro geoinformaci) a slovensk\u00e9 SAGI (Slovensk\u00e1 asociace pro geoinformaci). Pravideln\u00fdmi p\u0159edn\u00e1\u0161ej\u00edc\u00edmi hosty na konferenci jsou tak\u00e9 studenti a lekto\u0159i Masarykovy univerzity, kte\u0159\u00ed v r\u00e1mci projektu \u201eLidsk\u00fd potenci\u00e1l pro informa\u010dn\u00ed spole\u010dnost vyu\u017e\u00edvaj\u00edc\u00ed prostorov\u00e1 data\u201c p\u0159edstavili ji\u017e t\u0159et\u00ed set kurz\u016f z cyklu Mo\u017enosti internetov\u00e9ho vzd\u011bl\u00e1v\u00e1n\u00ed v oblasti Sm\u011brnice INSPIRE.<\/div>\n<\/div>\n<\/div>\n<\/div>[\/et_pb_text][\/et_pb_column][\/et_pb_row][\/et_pb_section][et_pb_section fb_built=&#8220;1&#8243; module_id=&#8220;foto&#8220; _builder_version=&#8220;4.27.3&#8243; _module_preset=&#8220;default&#8220; global_colors_info=&#8220;{}&#8220;][et_pb_row _builder_version=&#8220;4.27.0&#8243; _module_preset=&#8220;default&#8220; global_colors_info=&#8220;{}&#8220;][et_pb_column type=&#8220;4_4&#8243; _builder_version=&#8220;4.27.0&#8243; _module_preset=&#8220;default&#8220; global_colors_info=&#8220;{}&#8220;][et_pb_gallery gallery_ids=&#8220;3350,3351,3352,3353,3354,3355,3356,3358,3359,3361,3363,3364,3365,3366,3367,3368,3369,3370,3371,3372,3373,3374,3375&#8243; posts_number=&#8220;16&#8243; show_title_and_caption=&#8220;off&#8220; zoom_icon_color=&#8220;#707070&#8243; hover_icon=&#8220;&#x54;||divi||400&#8243; _builder_version=&#8220;4.27.4&#8243; _module_preset=&#8220;default&#8220; title_level=&#8220;h4&#8243; caption_text_color=&#8220;#000000&#8243; pagination_font=&#8220;||||||||&#8220; pagination_text_color=&#8220;#000000&#8243; custom_css_free_form=&#8220;.mfp-title { display: none !important; }&#8220; global_colors_info=&#8220;{}&#8220;][\/et_pb_gallery][\/et_pb_column][\/et_pb_row][\/et_pb_section][et_pb_section fb_built=&#8220;1&#8243; _builder_version=&#8220;4.27.4&#8243; _module_preset=&#8220;default&#8220; background_enable_color=&#8220;off&#8220; global_colors_info=&#8220;{}&#8220;][et_pb_row _builder_version=&#8220;4.27.4&#8243; _module_preset=&#8220;default&#8220; width=&#8220;100%&#8220; custom_padding=&#8220;0px||0px||false|false&#8220; global_colors_info=&#8220;{}&#8220;][et_pb_column type=&#8220;4_4&#8243; _builder_version=&#8220;4.27.0&#8243; _module_preset=&#8220;default&#8220; global_colors_info=&#8220;{}&#8220;][et_pb_code _builder_version=&#8220;4.27.4&#8243; _module_preset=&#8220;default&#8220; text_orientation=&#8220;center&#8220; hover_enabled=&#8220;0&#8243; global_colors_info=&#8220;{}&#8220; sticky_enabled=&#8220;0&#8243;]<div  data-label=\"program\" data-id=\"content--3\" data-export-id=\"content-6-materialis\" data-category=\"content\" class=\"content-6m content-section-spacing-large content-section\" id=\"program\" style=\"background-color: rgba(255, 255, 255, 0.953); background-image: url(\"https:\/\/inspirujmese.eu\/2012\/obrazky\/20211005_092955.jpg\"); background-size: cover; background-position: center top;\" data-section-ov=\"1\"><div  class=\"gridContainer\"> <div  class=\"row\"><div  class=\"section-title-col large\" data-type=\"column\"> <h2  class=\"space-bottom\"><span  style=\"font-weight: 500;\">PROGRAM<span  id=\"_mce_caret\" data-mce-bogus=\"1\" data-mce-type=\"format-caret\"><\/span><\/span><\/h2><\/div><\/div><!-- [et_pb_line_break_holder] --><!-- [et_pb_line_break_holder] --><!-- [et_pb_line_break_holder] --><div style=\"color: #000000; font-size: 18px; font-family: Calibri; text-align: left; margin-top: 10px; margin-bottom: 20px;\"><strong>\u00daTER\u00dd 27. LISTOPADU<\/strong><\/div><!-- [et_pb_line_break_holder] --><div style=\"color: #000000; font-size: 18px; font-family: Calibri; text-align: left; margin-top: 10px; margin-bottom: 10px;\"><strong>09:00 \u2013 13:00 Registrace<\/strong><\/div><!-- [et_pb_line_break_holder] --><div style=\"color: #000000; font-size: 18px; font-family: Calibri; text-align: left; margin-top: 10px; margin-bottom: 10px;\"><strong>10:00 \u2013 11:30 P\u0159edkonfere\u010dn\u00ed semin\u00e1\u0159 \u201eSmeSpire \u2013 rozvoj va\u0161ich p\u0159\u00edle\u017eitost\u00ed&#8220;<\/strong><\/div><!-- [et_pb_line_break_holder] --><div style=\"color: #000000; font-size: 18px; font-family: Calibri; text-align: left; margin-top: 10px;\"><strong><a href=\"https:\/\/inspirujmese.eu\/2012\/prezentace\/2012_100_o_projektu_smespire.pdf?_t=1757947634\" target=\"_blank\" rel=\"noopener noreferrer\">O projektu SmeSpire<\/a><\/strong><\/div><!-- [et_pb_line_break_holder] --><div style=\"color: #000000; font-size: 18px; font-family: Calibri; text-align: left; margin-top: 0px;\"><em>Ji\u0159\u00ed Kvapil, CENIA,\u010desk\u00e1 informa\u010dn\u00ed agentura \u017eivotn\u00edho prost\u0159ed\u00ed<\/em><\/div><!-- [et_pb_line_break_holder] --><div style=\"color: #000000; font-size: 18px; font-family: Calibri; text-align: left; margin-top: 10px;\"><strong>Kr\u00e1tk\u00e9 p\u0159edstaven\u00ed firem<\/a><\/strong><\/div><!-- [et_pb_line_break_holder] --><div style=\"color: #000000; font-size: 18px; font-family: Calibri; text-align: left; margin-top: 0px;\"><em>\u00da\u010dastn\u00edci semin\u00e1\u0159e<\/em><\/div><!-- [et_pb_line_break_holder] --><div style=\"color: #000000; font-size: 18px; font-family: Calibri; text-align: left; margin-top: 10px;\"><strong>P\u0159edstaven\u00ed dotazn\u00edku pro pr\u016fzkum<\/a><\/strong><\/div><!-- [et_pb_line_break_holder] --><div style=\"color: #000000; font-size: 18px; font-family: Calibri; text-align: left; margin-top: 0px;\"><em>Martin Ko\u0161ka, Slovensk\u00e1 agent\u00fara \u017eivotn\u00e9ho prostredia<\/em><\/div><!-- [et_pb_line_break_holder] --><div style=\"color: #000000; font-size: 18px; font-family: Calibri; text-align: left; margin-top: 10px;\"><strong>Diskuse o p\u0159\u00edle\u017eitostech\/probl\u00e9mech se Sm\u011brnic\u00ed INSPIRE <\/a><\/strong><\/div><!-- [et_pb_line_break_holder] --><div style=\"color: #000000; font-size: 18px; font-family: Calibri; text-align: left; margin-top: 0px;\"><em>\u00da\u010dastn\u00edci semin\u00e1\u0159e, moderuje Martin Ko\u0161ka, Slovensk\u00e1 agent\u00fara \u017eivotn\u00e9ho prostredia<\/em><\/div><!-- [et_pb_line_break_holder] --><div style=\"color: #000000; font-size: 18px; font-family: Calibri; text-align: left; margin-top: 20px; margin-bottom: 10px;\"><strong>11:30 \u2013 13:00 Ob\u011bd<\/strong><\/div><!-- [et_pb_line_break_holder] --><div style=\"color: #000000; font-size: 18px; font-family: Calibri; text-align: left; margin-top: 10px; margin-bottom: 20px;\"><strong>13:00 \u2013 14:30 Zah\u00e1jen\u00ed konference<\/strong><\/div><!-- [et_pb_line_break_holder] --><div style=\"color: #000000; font-size: 18px; font-family: Calibri; text-align: left; margin-top: 10px;\"><strong>CENIA, \u010desk\u00e1 informa\u010dn\u00ed agentura \u017eivotn\u00edho prost\u0159ed\u00ed<\/strong><\/div><!-- [et_pb_line_break_holder] --><div style=\"color: #000000; font-size: 18px; font-family: Calibri; text-align: left; margin-top: 0px;\"><em>\u0159editel Vladim\u00edr Fanta<\/em><\/div><!-- [et_pb_line_break_holder] --><div style=\"color: #000000; font-size: 18px; font-family: Calibri; text-align: left; margin-top: 10px;\"><strong>Ministerstvo \u017eivotn\u00e9ho prostredia SR a Slovensk\u00e1 agent\u00fara \u017eivotn\u00e9ho prostredia<\/strong><\/div><!-- [et_pb_line_break_holder] --><div style=\"color: #000000; font-size: 18px; font-family: Calibri; text-align: left; margin-top: 0px;\"><em>gener\u00e1lna riadite\u013eka Slovenskej agent\u00fary \u017eivotn\u00e9ho prostredia Dagmar Raj\u010danov\u00e1<\/em><\/div><!-- [et_pb_line_break_holder] --><div style=\"color: #000000; font-size: 18px; font-family: Calibri; text-align: left; margin-top: 10px;\"><strong>Ministerstvo \u017eivotn\u00edho prost\u0159ed\u00ed \u010cR<\/strong><\/div><!-- [et_pb_line_break_holder] --><div style=\"color: #000000; font-size: 18px; font-family: Calibri; text-align: left; margin-top: 0px;\"><em>n\u00e1m\u011bstek ministra \u2013 st\u00e1tn\u00ed tajemn\u00edk Libor Je\u017eek<\/em><\/div><!-- [et_pb_line_break_holder] --><div style=\"color: #000000; font-size: 18px; font-family: Calibri; text-align: left; margin-top: 10px;\"><strong>Ministerstvo vnitra<\/strong><\/div><!-- [et_pb_line_break_holder] --><div style=\"color: #000000; font-size: 18px; font-family: Calibri; text-align: left; margin-top: 0px;\"><em>n\u00e1m\u011bstek ministra pro ve\u0159ejnou spr\u00e1vu, legislativu a archivnictv\u00ed Robert Ledvinka<\/em><\/div><!-- [et_pb_line_break_holder] --><div style=\"color: #000000; font-size: 18px; font-family: Calibri; text-align: left; margin-top: 10px;\"><strong>\u010cesk\u00fd \u00fa\u0159ad zem\u011bm\u011b\u0159ick\u00fd a katastr\u00e1ln\u00ed<\/strong><\/div><!-- [et_pb_line_break_holder] --><div style=\"color: #000000; font-size: 18px; font-family: Calibri; text-align: left; margin-top: 0px;\"><em>p\u0159edseda Karel Ve\u010de\u0159e<\/em><\/div><!-- [et_pb_line_break_holder] --><div style=\"color: #000000; font-size: 18px; font-family: Calibri; text-align: left; margin-top: 10px;\"><strong>\u00darad geod\u00e9zie, kartografie a katastra Slovenskej republiky<\/strong><\/div><!-- [et_pb_line_break_holder] --><div style=\"color: #000000; font-size: 18px; font-family: Calibri; text-align: left; margin-top: 0px;\"><em>predsedn\u00ed\u010dka M\u00e1ria Frindrichov\u00e1<\/em><\/div><!-- [et_pb_line_break_holder] --><div style=\"color: #000000; font-size: 18px; font-family: Calibri; text-align: left; margin-top: 10px;\"><strong>Gener\u00e1ln\u00ed partner konference Help Service Remote Sensing, s.r.o.<\/strong><\/div><!-- [et_pb_line_break_holder] --><div style=\"color: #000000; font-size: 18px; font-family: Calibri; text-align: left; margin-top: 0px;\"><em>Karel Charv\u00e1t<\/em><\/div><!-- [et_pb_line_break_holder] --><div style=\"color: #000000; font-size: 18px; font-family: Calibri; text-align: left; margin-top: 20px; margin-bottom: 20px;\"><strong>14:30 \u2013 15:00 P\u0159est\u00e1vka<\/strong><\/div><!-- [et_pb_line_break_holder] --><div style=\"color: #000000; font-size: 18px; font-family: Calibri; text-align: left; margin-top: 10px; margin-bottom: 10px;\"><strong>15:00 \u2013 17:00 Infrastruktura v \u010cR a na Slovensku<\/strong><\/div><!-- [et_pb_line_break_holder] --><div style=\"color: #000000; font-size: 18px; font-family: Calibri; text-align: left; margin-top: 10px;\"><strong><a href=\"https:\/\/inspirujmese.eu\/2012\/prezentace\/2012_101_inspire_narodna_infrastruktura_sr.pdf?_t=1757948122\" target=\"_blank\" rel=\"noopener noreferrer\">INSPIRE a N\u00e1rodn\u00e1 infra\u0161trukt\u00fara pre priestorov\u00e9 inform\u00e1cie na Slovensku, v\u00fdzvy do roku 2013<\/a><\/strong><\/div><!-- [et_pb_line_break_holder] --><div style=\"color: #000000; font-size: 18px; font-family: Calibri; text-align: left; margin-top: 0px;\"><em>Marek \u017dia\u010dik, Slovensk\u00e1 agent\u00fara \u017eivotn\u00e9ho prostredia<\/em><\/div><!-- [et_pb_line_break_holder] --><div style=\"color: #000000; font-size: 18px; font-family: Calibri; text-align: left; margin-top: 10px;\"><strong>Strategie rozvoje infrastruktury pro prostorov\u00e9 informace v \u010cesk\u00e9 republice do roku 2020<\/a><\/strong><\/div><!-- [et_pb_line_break_holder] --><div style=\"color: #000000; font-size: 18px; font-family: Calibri; text-align: left; margin-top: 0px;\"><em>Eva Kub\u00e1tov\u00e1, Ministerstvo vnitra<\/em><\/div><!-- [et_pb_line_break_holder] --><div style=\"color: #000000; font-size: 18px; font-family: Calibri; text-align: left; margin-top: 10px;\"><strong><a href=\"https:\/\/inspirujmese.eu\/2012\/prezentace\/2012_103_ulohy_rezrtu_ugkk.pdf?_t=1757948167\" target=\"_blank\" rel=\"noopener noreferrer\">\u00dalohy rezortu geod\u00e9zie, kartografie a katastra pri implement\u00e1cii INSPIRE<\/a><\/strong><\/div><!-- [et_pb_line_break_holder] --><div style=\"color: #000000; font-size: 18px; font-family: Calibri; text-align: left; margin-top: 0px;\"><em>Val\u00e9ria Hutkov\u00e1, \u00darad geod\u00e9zie, kartografie a katastra Slovenskej republiky<\/em><\/div><!-- [et_pb_line_break_holder] --><div style=\"color: #000000; font-size: 18px; font-family: Calibri; text-align: left; margin-top: 10px;\"><strong><a href=\"https:\/\/inspirujmese.eu\/2012\/prezentace\/2012_104_inspire_a_kn_cr.pdf?_t=1757948498\" target=\"_blank\" rel=\"noopener noreferrer\">INSPIRE a katastr nemovitost\u00ed \u010cR<\/a><\/strong><\/div><!-- [et_pb_line_break_holder] --><div style=\"color: #000000; font-size: 18px; font-family: Calibri; text-align: left; margin-top: 0px;\"><em>Ji\u0159\u00ed Pol\u00e1\u010dek, \u010cesk\u00fd \u00fa\u0159ad zem\u011bm\u011b\u0159ick\u00fd a katastr\u00e1ln\u00ed<\/em><\/div><!-- [et_pb_line_break_holder] --><div style=\"color: #000000; font-size: 18px; font-family: Calibri; text-align: left; margin-top: 10px;\"><strong><a href=\"https:\/\/inspirujmese.eu\/2012\/prezentace\/2012_105_pomoze_inspire_lepsej_geoinformatizacii_vs_sr.pdf?_t=1757948516\" target=\"_blank\" rel=\"noopener noreferrer\">Pom\u00f4\u017ee INSPIRE k lep\u0161ej geoinformatiz\u00e1cii verejnej spr\u00e1vy na Slovensku?<\/a><\/strong><\/div><!-- [et_pb_line_break_holder] --><div style=\"color: #000000; font-size: 18px; font-family: Calibri; text-align: left; margin-top: 0px;\"><em>R\u00f3bert Fenc\u00edk, Slovensk\u00e1 asoci\u00e1cia pre geoinformatiku<\/em><\/div><!-- [et_pb_line_break_holder] --><div style=\"color: #000000; font-size: 18px; font-family: Calibri; text-align: left; margin-top: 10px;\"><strong><a href=\"https:\/\/inspirujmese.eu\/2012\/prezentace\/2012_106_cagi_cile_aktivity.pdf?_t=1757948531\" target=\"_blank\" rel=\"noopener noreferrer\">\u010cesk\u00e1 asociace pro geoinformace \u2013 c\u00edle a aktivity<\/a><\/strong><\/div><!-- [et_pb_line_break_holder] --><div style=\"color: #000000; font-size: 18px; font-family: Calibri; text-align: left; margin-top: 0px;\"><em>Karel Jane\u010dka; \u010cesk\u00e1 asociace pro geoinformace<\/em><\/div><!-- [et_pb_line_break_holder] --><div style=\"color: #000000; font-size: 18px; font-family: Calibri; text-align: left; margin-top: 20px; margin-bottom: 20px;\"><strong>17:00 \u2013 17:30 P\u0159est\u00e1vka<\/strong><\/div><!-- [et_pb_line_break_holder] --><div style=\"color: #000000; font-size: 18px; font-family: Calibri; text-align: left; margin-top: 10px; margin-bottom: 10px;\"><strong>17:30 \u2013 19:30 P\u0159\u00edklady praktick\u00e9 implementace INSPIRE<\/strong><\/div><!-- [et_pb_line_break_holder] --><div style=\"color: #000000; font-size: 18px; font-family: Calibri; text-align: left; margin-top: 10px; margin-bottom: 10px;\"><!-- [et_pb_line_break_holder] --><div style=\"color: #000000; font-size: 18px; font-family: Calibri; text-align: left; margin-top: 10px;\"><strong><a href=\"https:\/\/inspirujmese.eu\/2012\/prezentace\/2012_107_lesnicky_gis.pdf?_t=1757948540\" target=\"_blank\" rel=\"noopener noreferrer\">Lesn\u00edcky GIS \u2013 vyu\u017eitie sie\u0165ov\u00fdch slu\u017eieb v aplik\u00e1cii<\/a><\/strong><\/div><!-- [et_pb_line_break_holder] --><div style=\"color: #000000; font-size: 18px; font-family: Calibri; text-align: left; margin-top: 0px;\"><em>R\u00f3bet Cibula, N\u00e1rodn\u00e9 lesn\u00edck\u00e9 centrum<\/em><\/div><!-- [et_pb_line_break_holder] --><div style=\"color: #000000; font-size: 18px; font-family: Calibri; text-align: left; margin-top: 10px;\"><strong><a href=\"https:\/\/inspirujmese.eu\/2012\/prezentace\/2012_108_inspire_infrastruktura_pre_povinne_osoby.pdf?_t=1757948550\" target=\"_blank\" rel=\"noopener noreferrer\">INSPIRE infra\u0161trukt\u00fara priestorov\u00fdch \u00fadajov a slu\u017eieb pre povinn\u00e9 osoby \u2013 pr\u00edklad\u00a0implement\u00e1cie slu\u017eieb v rezorte M\u017dP SR<\/a><\/strong><\/div><!-- [et_pb_line_break_holder] --><div style=\"color: #000000; font-size: 18px; font-family: Calibri; text-align: left; margin-top: 0px;\"><em>Martin Ko\u0161ka, Slovensk\u00e1 agent\u00fara \u017eivotn\u00e9ho prostredia<\/em><\/div><!-- [et_pb_line_break_holder] --><div style=\"color: #000000; font-size: 18px; font-family: Calibri; text-align: left; margin-top: 10px;\"><strong><a href=\"https:\/\/inspirujmese.eu\/2012\/prezentace\/2012_109_inspirujme_se_mobily.pdf?_t=1757948559\" target=\"_blank\" rel=\"noopener noreferrer\">Inspirujme se mobily! (Pou\u017eit\u00ed INSPIRE v mobiln\u00edch za\u0159\u00edzen\u00edch)<\/a><\/strong><\/div><!-- [et_pb_line_break_holder] --><div style=\"color: #000000; font-size: 18px; font-family: Calibri; text-align: left; margin-top: 0px;\"><em>\u0160t\u011bp\u00e1n Kafka, Help Service Remote Sensing, s.r.o.<\/em><\/div><!-- [et_pb_line_break_holder] --><div style=\"color: #000000; font-size: 18px; font-family: Calibri; text-align: left; margin-top: 10px;\"><strong><a href=\"https:\/\/inspirujmese.eu\/2012\/prezentace\/2012_110_gis_v_upn_upn_v_gis.pdf?_t=1757948590\" target=\"_blank\" rel=\"noopener noreferrer\">\u00dazemn\u00fd pl\u00e1n v gis a\/alebo gis v \u00fazemnom pl\u00e1ne<\/a><\/strong><\/div><!-- [et_pb_line_break_holder] --><div style=\"color: #000000; font-size: 18px; font-family: Calibri; text-align: left; margin-top: 0px;\"><em>Martin Baloga, In\u0161tit\u00fat urbanizmu a \u00fazemn\u00e9ho pl\u00e1novovania<\/em><\/div><!-- [et_pb_line_break_holder] --><div style=\"color: #000000; font-size: 18px; font-family: Calibri; text-align: left; margin-top: 10px;\"><strong><a href=\"https:\/\/inspirujmese.eu\/2012\/prezentace\/2012_111_udaje_aplikacie_cestnej_dopravnej_siete_sr.pdf?_t=1757948600\" target=\"_blank\" rel=\"noopener noreferrer\">\u00dadaje a aplik\u00e1cie cestnej dopravnej siete SR <\/a><\/strong><\/div><!-- [et_pb_line_break_holder] --><div style=\"color: #000000; font-size: 18px; font-family: Calibri; text-align: left; margin-top: 0px;\"><em>Alica Szeb\u00e9nyiov\u00e1, Slovensk\u00e1 spr\u00e1va ciest<\/em><\/div><!-- [et_pb_line_break_holder] --><div style=\"color: #000000; font-size: 18px; font-family: Calibri; text-align: left; margin-top: 10px;\"><strong><a href=\"https:\/\/inspirujmese.eu\/2012\/prezentace\/2012_112_sudplan.pdf?_t=1757948605\" target=\"_blank\" rel=\"noopener noreferrer\">Modelov\u00e1n\u00ed kvality ovzdu\u0161\u00ed \u2013 SUDPLAN<\/a><\/strong><\/div><!-- [et_pb_line_break_holder] --><div style=\"color: #000000; font-size: 18px; font-family: Calibri; text-align: left; margin-top: 0px;\"><em>Ji\u0159\u00ed Kvapil, CENIA, \u010desk\u00e1 informa\u010dn\u00ed agentura \u017eivotn\u00edho prost\u0159ed\u00ed<\/em><\/div><!-- [et_pb_line_break_holder] --><div style=\"color: #000000; font-size: 18px; font-family: Calibri; text-align: left; margin-top: 10px; margin-bottom: 10px;\"><strong>19:45 \u2013 23:00 Z\u00e1v\u011br prvn\u00edho dne akce, Spole\u010densk\u00fd ve\u010der<\/strong><\/div><!-- [et_pb_line_break_holder] --><div style=\"color: #000000; font-size: 18px; font-family: Calibri; text-align: left; margin-top: 30px; margin-bottom: 20px;\"><strong>ST\u0158EDA 28. LISTOPADU<\/strong><\/div><!-- [et_pb_line_break_holder] --><div style=\"color: #000000; font-size: 18px; font-family: Calibri; text-align: left; margin-top: 10px; margin-bottom: 10px;\"><strong>09:00 \u2013 11:00 Implementace INSPIRE povinn\u00fdch subjekt\u016f<\/strong><\/div><!-- [et_pb_line_break_holder] --><div style=\"color: #000000; font-size: 18px; font-family: Calibri; text-align: left; margin-top: 10px;\"><strong><a href=\"https:\/\/inspirujmese.eu\/2012\/prezentace\/2012_201_problemy_technicke_implementace_inspire.pdf?_t=1757948618\" target=\"_blank\" rel=\"noopener noreferrer\">Probl\u00e9my s technickou implement\u00e1ciou legislat\u00edvy a vykon\u00e1vac\u00edch pravidiel INSPIRE v rezorte geod\u00e9zie, kartografie a katastra Slovenskej republiky<\/a><\/strong><\/div><!-- [et_pb_line_break_holder] --><div style=\"color: #000000; font-size: 18px; font-family: Calibri; text-align: left; margin-top: 0px;\"><em>Juraj Straka, Zymestic Solutions, s.r.o.<\/em><\/div><!-- [et_pb_line_break_holder] --><div style=\"color: #000000; font-size: 18px; font-family: Calibri; text-align: left; margin-top: 10px;\"><strong><a href=\"https:\/\/inspirujmese.eu\/2012\/prezentace\/2012_202_stav_harmonizace_zu_dle_inspire.pdf?_t=1759919786\" target=\"_blank\" rel=\"noopener noreferrer\">Stav harmonizace dat a slu\u017eeb Zem\u011bm\u011b\u0159ick\u00e9ho \u00fa\u0159adu dle INSPIRE<\/a><\/strong><\/div><!-- [et_pb_line_break_holder] --><div style=\"color: #000000; font-size: 18px; font-family: Calibri; text-align: left; margin-top: 0px;\"><em>Danu\u0161e Svobodov\u00e1, \u010cesk\u00fd \u00fa\u0159ad zem\u011bm\u011b\u0159ick\u00fd a katastr\u00e1ln\u00ed<\/em><\/div><!-- [et_pb_line_break_holder] --><div style=\"color: #000000; font-size: 18px; font-family: Calibri; text-align: left; margin-top: 10px;\"><strong><a href=\"https:\/\/inspirujmese.eu\/2012\/prezentace\/2012_203_zakon_nipi_vupop.pdf?_t=1757947275\" target=\"_blank\" rel=\"noopener noreferrer\">Z\u00e1kon o NIPI na V\u00fdskumnom \u00fastave p\u00f4doznalectva a ochrany p\u00f4dy<\/a><\/strong><\/div><!-- [et_pb_line_break_holder] --><div style=\"color: #000000; font-size: 18px; font-family: Calibri; text-align: left; margin-top: 0px;\"><em>Lenka \u0160o\u0161ovi\u010dkov\u00e1, V\u00fdskumn\u00fd \u00fastav p\u00f4doznalectva a ochrany p\u00f4dy<\/em><\/div><!-- [et_pb_line_break_holder] --><div style=\"color: #000000; font-size: 18px; font-family: Calibri; text-align: left; margin-top: 10px;\"><strong><a href=\"https:\/\/inspirujmese.eu\/2012\/prezentace\/2012_204_byt_v_souladu.pdf?_t=1757947320\" target=\"_blank\" rel=\"noopener noreferrer\">B\u00fdt v souladu<\/a><\/strong><\/div><!-- [et_pb_line_break_holder] --><div style=\"color: #000000; font-size: 18px; font-family: Calibri; text-align: left; margin-top: 0px;\"><em>Martin Mal\u00fd, T-MAPY spol. s r.o.<\/em><\/div><!-- [et_pb_line_break_holder] --><div style=\"color: #000000; font-size: 18px; font-family: Calibri; text-align: left; margin-top: 10px;\"><strong><a href=\"https:\/\/inspirujmese.eu\/2012\/prezentace\/2012_205_tvorba_vyvoj_geologickeho_is.pdf?_t=1757947334\" target=\"_blank\" rel=\"noopener noreferrer\">Tvorba a v\u00fdvoj geologick\u00e9ho informa\u010dn\u00e9ho syst\u00e9mu<\/a><\/strong><\/div><!-- [et_pb_line_break_holder] --><div style=\"color: #000000; font-size: 18px; font-family: Calibri; text-align: left; margin-top: 0px;\"><em>\u0160tefan K\u00e1\u010der, \u0160t\u00e1tny geologick\u00fd \u00fastav Dion\u00fdza \u0160t\u00fara<\/em><\/div><!-- [et_pb_line_break_holder] --><div style=\"color: #000000; font-size: 18px; font-family: Calibri; text-align: left; margin-top: 10px;\"><strong><a href=\"https:\/\/inspirujmese.eu\/2012\/prezentace\/2012_206_historicke_mapove_diela_sazp.pdf?_t=1757947344\" target=\"_blank\" rel=\"noopener noreferrer\">Historicke mapov\u00e9 diela na geoport\u00e1li SA\u017dP<\/a><\/strong><\/div><!-- [et_pb_line_break_holder] --><div style=\"color: #000000; font-size: 18px; font-family: Calibri; text-align: left; margin-top: 0px;\"><em>Martin Zeman, Slovensk\u00e1 agent\u00fara \u017eivotn\u00e9ho prostredia<\/em><\/div><!-- [et_pb_line_break_holder] --><div style=\"color: #000000; font-size: 18px; font-family: Calibri; text-align: left; margin-top: 20px; margin-bottom: 20px;\"><strong>11:00 \u2013 11:30 P\u0159est\u00e1vka<\/strong><\/div><!-- [et_pb_line_break_holder] --><div style=\"color: #000000; font-size: 18px; font-family: Calibri; text-align: left; margin-top: 10px; margin-bottom: 10px;\"><strong>11:30 \u2013 13:00 Mo\u017enosti elektronick\u00e9ho vzd\u011bl\u00e1v\u00e1n\u00ed v oblasti sm\u011brnice INSPIRE III.<\/strong><\/div><!-- [et_pb_line_break_holder] --><div style=\"color: #000000; font-size: 18px; font-family: Calibri; text-align: left;\"><strong><a href=\"https:\/\/inspirujmese.eu\/2012\/prezentace\/2012_207_geotym_vzdelavani_inspire.pdf?_t=1757947351\" target=\"_blank\" rel=\"noopener noreferrer\">Projekt Geot\u00fdm \u2013 nov\u00e9 mo\u017enosti vzd\u011bl\u00e1v\u00e1n\u00ed v oblasti sm\u011brnice INSPIRE <\/a><\/strong><\/div><!-- [et_pb_line_break_holder] --><div style=\"color: #000000; font-size: 18px; font-family: Calibri; text-align: left; margin-top: 0px;\"><em>Zden\u011bk Stacho\u0148, Masarykova univerzita<\/em><\/div><!-- [et_pb_line_break_holder] --><div style=\"color: #000000; font-size: 18px; font-family: Calibri; text-align: left; margin-top: 10px;\"><strong><a href=\"https:\/\/inspirujmese.eu\/2012\/prezentace\/2012_208_3d_inspire.pdf?_t=1757947361\" target=\"_blank\" rel=\"noopener noreferrer\">3D v datov\u00fdch specifikac\u00edch INSPIRE<\/a><\/strong><\/div><!-- [et_pb_line_break_holder] --><div style=\"color: #000000; font-size: 18px; font-family: Calibri; text-align: left; margin-top: 0px;\"><em>Luk\u00e1\u0161 Herman, Masarykova univerzita<\/em><\/div><!-- [et_pb_line_break_holder] --><div style=\"color: #000000; font-size: 18px; font-family: Calibri; text-align: left; margin-top: 10px;\"><strong><a href=\"https:\/\/inspirujmese.eu\/2012\/prezentace\/2012_209_kartograficka_symbolika_inspire.pdf?_t=1757947375\" target=\"_blank\" rel=\"noopener noreferrer\">Kartografick\u00e1 symbolika a INSPIRE<\/a><\/strong><\/div><!-- [et_pb_line_break_holder] --><div style=\"color: #000000; font-size: 18px; font-family: Calibri; text-align: left; margin-top: 0px;\"><em>Ji\u0159\u00ed Kozel, Masarykova univerzita<\/em><\/div><!-- [et_pb_line_break_holder] --><div style=\"color: #000000; font-size: 18px; font-family: Calibri; text-align: left; margin-top: 20px; margin-bottom: 20px;\"><strong>13:00 \u2013 14:00 Ob\u011bd<\/strong><\/div><!-- [et_pb_line_break_holder] --><div style=\"color: #000000; font-size: 18px; font-family: Calibri; text-align: left; margin-top: 10px; margin-bottom: 10px;\"><strong>11:30 \u2013 13:00 Mo\u017enosti elektronick\u00e9ho vzd\u011bl\u00e1v\u00e1n\u00ed v oblasti sm\u011brnice INSPIRE III.<\/strong><\/div><!-- [et_pb_line_break_holder] --><div style=\"color: #000000; font-size: 18px; font-family: Calibri; text-align: left; margin-top: 10px;\"><strong><a href=\"https:\/\/inspirujmese.eu\/2012\/prezentace\/2012_210_monitoring_reporting_2013.pdf?_t=1757947438\" target=\"_blank\" rel=\"noopener noreferrer\">Monitoring a reporting v roce 2013<\/a><\/strong><\/div><!-- [et_pb_line_break_holder] --><div style=\"color: #000000; font-size: 18px; font-family: Calibri; text-align: left; margin-top: 0px;\"><em>Jitka Faugnerov\u00e1, CENIA, \u010desk\u00e1 informa\u010dn\u00ed agentura \u017eivotn\u00edho prost\u0159ed\u00ed<\/em><\/div><!-- [et_pb_line_break_holder] --><div style=\"color: #000000; font-size: 18px; font-family: Calibri; text-align: left; margin-top: 10px;\"><strong><a href=\"https:\/\/inspirujmese.eu\/2012\/prezentace\/2012_211_plan4business.pdf?_t=1757947449\" target=\"_blank\" rel=\"noopener noreferrer\">Plan4business \u2013 servisn\u00ed platforma pro agregaci, zpracov\u00e1n\u00ed a anal\u00fdzu \u00fazemn\u011b pl\u00e1novac\u00edch dat m\u011bst a region\u016f <\/a><\/strong><\/div><!-- [et_pb_line_break_holder] --><div style=\"color: #000000; font-size: 18px; font-family: Calibri; text-align: left; margin-top: 0px;\"><em>Karel Charv\u00e1t, Help Service Remote Sensing,s.r.o.<\/em><\/div><!-- [et_pb_line_break_holder] --><div style=\"color: #000000; font-size: 18px; font-family: Calibri; text-align: left; margin-top: 10px;\"><strong><a href=\"https:\/\/inspirujmese.eu\/2012\/prezentace\/2012_212_stahovaci_sluzby_inspire.pdf?_t=1757947457\" target=\"_blank\" rel=\"noopener noreferrer\">Stahovac\u00ed slu\u017eby INSPIRE \u2013 co n\u00e1\u0161 \u010dek\u00e1 p\u0159\u00ed\u0161t\u00ed rok<\/a><\/strong><\/div><!-- [et_pb_line_break_holder] --><div style=\"color: #000000; font-size: 18px; font-family: Calibri; text-align: left; margin-top: 0px;\"><em>Ji\u0159\u00ed Kvapil, CENIA, \u010desk\u00e1 informa\u010dn\u00ed agentura \u017eivotn\u00edho prost\u0159ed\u00ed<\/em><\/div><!-- [et_pb_line_break_holder] --><div style=\"color: #000000; font-size: 18px; font-family: Calibri; text-align: left; margin-top: 10px;\"><strong><a href=\"https:\/\/inspirujmese.eu\/2012\/prezentace\/2012_213a_eeenvplus_inspire.pdf?_t=1757947465\" target=\"_blank\" rel=\"noopener noreferrer\">Projekt eENVplus \u2013 implementace p\u0159eshrani\u010dn\u00edch aplikac\u00ed s pou\u017eit\u00edm harmonizovan\u00fdch slu\u017eeb a datR<\/a><\/strong><\/div><!-- [et_pb_line_break_holder] --><div style=\"color: #000000; font-size: 18px; font-family: Calibri; text-align: left; margin-top: 0px;\"><em>Jarmila Cik\u00e1nkov\u00e1, CENIA, \u010desk\u00e1 informa\u010dn\u00edagentura \u017eivotn\u00edho prost\u0159ed\u00ed; Martin Ko\u0161ka, Slovensk\u00e1 agent\u00fara \u017eivotn\u00e9ho prostredia<\/em><\/div><!-- [et_pb_line_break_holder] --><div style=\"color: #000000; font-size: 18px; font-family: Calibri; text-align: left; margin-top: 10px;\"><strong><a href=\"https:\/\/inspirujmese.eu\/2012\/prezentace\/2012_214_smespire.pdf?_t=1757947473\" target=\"_blank\" rel=\"noopener noreferrer\">SmeSpire \u2013 INSPIRE pro mal\u00e9 a st\u0159edn\u00ed podniky<\/a><\/strong><\/div><!-- [et_pb_line_break_holder] --><div style=\"color: #000000; font-size: 18px; font-family: Calibri; text-align: left; margin-top: 0px;\"><em>Martin Ko\u0161ka, Slovensk\u00e1 agent\u00fara \u017eivotn\u00e9ho prostredia<\/em><\/div><!-- [et_pb_line_break_holder] --><div style=\"color: #000000; font-size: 18px; font-family: Calibri; text-align: left; margin-top: 10px;\"><strong>15:30 Ukon\u010den\u00ed akce<\/strong><\/div><!-- [et_pb_line_break_holder] --><\/div><!-- [et_pb_line_break_holder] -->[\/et_pb_code][\/et_pb_column][\/et_pb_row][\/et_pb_section]","protected":false},"excerpt":{"rendered":"<p>2012 \u2013 INSPIRUJME SE\u2026 EFEKTIVITOU O KONFERENCI Ve dnech 27. a 28. listopadu 2012 prob\u011bhla v prostor\u00e1ch Vzd\u011bl\u00e1vac\u00edho a informa\u010dn\u00edho centra Floret v Pr\u016fhonic\u00edch ji\u017e p\u00e1t\u00e1 n\u00e1rodn\u00ed konference o INSPIRE s n\u00e1zvem Inspirujme se\u2026 efektivitou. Pro p\u00e1t\u00fd ro\u010dn\u00edk konference spojil organiz\u00e1tor CENIA, \u010desk\u00e1 informa\u010dn\u00ed agentura \u017eivotn\u00edho prost\u0159ed\u00ed s\u00edly se sv\u00fdm slovensk\u00fdm prot\u011bj\u0161kem Slovenskou agenturou \u017eivotn\u00e9ho [&hellip;]<\/p>\n","protected":false},"author":5,"featured_media":0,"parent":0,"menu_order":0,"comment_status":"closed","ping_status":"closed","template":"","meta":{"_et_pb_use_builder":"on","_et_pb_old_content":"","_et_gb_content_width":"","footnotes":""},"folder":[],"class_list":["post-3357","page","type-page","status-publish","hentry"],"_links":{"self":[{"href":"https:\/\/inspirujmese.eu\/cs\/wp-json\/wp\/v2\/pages\/3357","targetHints":{"allow":["GET"]}}],"collection":[{"href":"https:\/\/inspirujmese.eu\/cs\/wp-json\/wp\/v2\/pages"}],"about":[{"href":"https:\/\/inspirujmese.eu\/cs\/wp-json\/wp\/v2\/types\/page"}],"author":[{"embeddable":true,"href":"https:\/\/inspirujmese.eu\/cs\/wp-json\/wp\/v2\/users\/5"}],"replies":[{"embeddable":true,"href":"https:\/\/inspirujmese.eu\/cs\/wp-json\/wp\/v2\/comments?post=3357"}],"version-history":[{"count":9,"href":"https:\/\/inspirujmese.eu\/cs\/wp-json\/wp\/v2\/pages\/3357\/revisions"}],"predecessor-version":[{"id":4076,"href":"https:\/\/inspirujmese.eu\/cs\/wp-json\/wp\/v2\/pages\/3357\/revisions\/4076"}],"wp:attachment":[{"href":"https:\/\/inspirujmese.eu\/cs\/wp-json\/wp\/v2\/media?parent=3357"}],"wp:term":[{"taxonomy":"folder","embeddable":true,"href":"https:\/\/inspirujmese.eu\/cs\/wp-json\/wp\/v2\/folder?post=3357"}],"curies":[{"name":"wp","href":"https:\/\/api.w.org\/{rel}","templated":true}]}}