{"id":3413,"date":"2025-08-13T15:59:06","date_gmt":"2025-08-13T13:59:06","guid":{"rendered":"https:\/\/inspirujmese.eu\/cs\/?page_id=3413"},"modified":"2025-10-08T12:22:05","modified_gmt":"2025-10-08T10:22:05","slug":"archiv-2009","status":"publish","type":"page","link":"https:\/\/inspirujmese.eu\/cs\/archiv-2009\/","title":{"rendered":"Archiv 2009"},"content":{"rendered":"[et_pb_section fb_built=&#8220;1&#8243; _builder_version=&#8220;4.27.4&#8243; _module_preset=&#8220;default&#8220; background_enable_color=&#8220;off&#8220; background_image=&#8220;https:\/\/inspirujmese.eu\/wp-content\/uploads\/2025\/08\/f_2009_PICT0006.webp&#8220; background_position=&#8220;bottom_center&#8220; background_vertical_offset=&#8220;56%&#8220; global_colors_info=&#8220;{}&#8220;][et_pb_row _builder_version=&#8220;4.27.4&#8243; _module_preset=&#8220;default&#8220; width=&#8220;100%&#8220; max_width=&#8220;100%&#8220; min_height=&#8220;100%&#8220; height=&#8220;100%&#8220; global_colors_info=&#8220;{}&#8220;][et_pb_column type=&#8220;4_4&#8243; _builder_version=&#8220;4.27.0&#8243; _module_preset=&#8220;default&#8220; global_colors_info=&#8220;{}&#8220;][et_pb_text _builder_version=&#8220;4.27.4&#8243; _module_preset=&#8220;default&#8220; header_font=&#8220;|||on|||||&#8220; header_text_color=&#8220;#FFFFFF&#8220; header_font_size=&#8220;46px&#8220; header_font_size_tablet=&#8220;37px&#8220; header_font_size_phone=&#8220;29px&#8220; header_font_size_last_edited=&#8220;on|phone&#8220; content_sk_sk=&#8220;<h1 class=%22hero-title%22 style=%22text-align: center;%22><span style=%22color: #ffffff;%22>2009 \u2013 INSPIRUJME SE\u2026 SPOLUPRAC\u00cd<\/span><\/h1>&#8220; global_colors_info=&#8220;{}&#8220;]<h1 class=\"hero-title\" style=\"text-align: center;\"><span style=\"color: #ffffff;\">2009 \u2013 INSPIRUJME SE\u2026 SPOLUPRAC\u00cd<\/span><\/h1>[\/et_pb_text][\/et_pb_column][\/et_pb_row][\/et_pb_section][et_pb_section fb_built=&#8220;1&#8243; _builder_version=&#8220;4.27.4&#8243; _module_preset=&#8220;default&#8220; background_color=&#8220;#3c3d3f&#8220; global_colors_info=&#8220;{}&#8220;][et_pb_row _builder_version=&#8220;4.27.0&#8243; _module_preset=&#8220;default&#8220; global_colors_info=&#8220;{}&#8220;][et_pb_column type=&#8220;4_4&#8243; _builder_version=&#8220;4.27.0&#8243; _module_preset=&#8220;default&#8220; global_colors_info=&#8220;{}&#8220;][et_pb_text content_tablet=&#8220;<div class=%22section-title-col content-center-sm%22 data-type=%22column%22>\n<div class=%22section-title-col content-center-sm%22 data-type=%22column%22>\n<h2 class=%22space-bottom%22 style=%22text-align: center;%22>O KONFERENCI<\/h2>\n<div style=%22text-align: justify;%22><p><span>Ve dnech 24. a 25.11.2009 ji\u017e podruh\u00e9 prob\u011bhla ve vzd\u011bl\u00e1vac\u00edm a informa\u010dn\u00edm centru FLORET v Pr\u016fhonic\u00edch konference INSPIRUJME SE\u2026 tentokr\u00e1t s podtitulem \u201espoluprac\u00ed\u201c, kterou op\u011bt po\u0159\u00e1dala CENIA, \u010desk\u00e1 informa\u010dn\u00ed agentura \u017eivotn\u00edho prost\u0159ed\u00ed. Konference se v leto\u0161n\u00edm roce \u00fa\u010dastnilo v\u00edce ne\u017e 100 z\u00e1stupc\u016f z \u0159ad \u00fa\u0159ad\u016f nebo organizac\u00ed st\u00e1tn\u00ed spr\u00e1vy, \u00fazemn\u00edch samospr\u00e1v, firem podnikaj\u00edc\u00edch v oblasti GIS, profesn\u00edch organizac\u00ed a student\u016f.<\/span><\/p>\n<div>Po lo\u0148sk\u00e9 zku\u0161enosti, \u017ee t\u00e9mat k diskuzi je nep\u0159\u00edli\u0161 mnoho, jsme se rozhodli, \u017ee leto\u0161n\u00ed konferenci prodlou\u017e\u00edme i do druh\u00e9ho dne. Prvn\u00ed den se nesl ve znamen\u00ed spolupr\u00e1ce v jednotliv\u00fdch \u010d\u00e1stech INSPIRE. Prvn\u00edm blokem byla spolupr\u00e1ce s u\u017eivateli p\u0159i zp\u0159\u00edstup\u0148ov\u00e1n\u00ed dat. Ve druh\u00e9 \u010d\u00e1sti se se\u0161li z\u00e1stupci Ministerstva \u017eivotn\u00edho prost\u0159ed\u00ed, Ministerstva vnitra, \u010cesk\u00e9ho \u00fa\u0159adu zem\u011bm\u011b\u0159ick\u00e9ho a katastr\u00e1ln\u00edho a \u010cesk\u00e9 asociace pro geoinformace, kte\u0159\u00ed p\u0159edstavili rozd\u011blen\u00ed rol\u00ed v r\u00e1mci koordinace n\u00e1rodn\u00ed geoinforma\u010dn\u00ed infrastruktury. Po ob\u011bd\u011b byly p\u0159edstaveny iniciativy p\u0159\u00edmo navazuj\u00edc\u00ed na INSPIRE, kter\u00fdmi jsou SEIS a GMES, projekty souvisej\u00edc\u00ed s INSPIRE a aktu\u00e1ln\u00ed stav INSPIRE v Evrop\u011b. Na konci cel\u00e9ho dne se \u00fa\u010dastn\u00edci se\u0161li na z\u00e1v\u011bre\u010dn\u00e9m koktejlu, kde na v\u0161echny op\u011bt \u010dekalo mal\u00e9 p\u0159ekvapen\u00ed, kter\u00fdm letos bylo Geoportsk\u00e9.<\/div>\n<div>Druh\u00fd den r\u00e1no byly p\u0159edstaveny p\u0159\u00ednosy INSPIRE netradi\u010dn\u011b mimo \u017eivotn\u00ed prost\u0159ed\u00ed, pro kter\u00e9 je INSPIRE prim\u00e1rn\u011b ur\u010den. V dal\u0161\u00edm bloku byly podrobn\u011b p\u0159edstaveny implementa\u010dn\u00ed pravidla INSPIRE s detailn\u011bj\u0161\u00edm popisem s\u00ed\u0165ov\u00fdch slu\u017eeb. Po ob\u011bd\u011b n\u00e1sledoval posledn\u00ed blok konference, kter\u00fd byl pojat jako poradna pro jednotliv\u00e9 problematiky INSPIRE, v jeho \u00fapln\u00e9m z\u00e1v\u011bru byl prezentov\u00e1n aktu\u00e1ln\u00ed stav a nejbli\u017e\u0161\u00ed budoucnost INSPIRE v \u010cesk\u00e9 republice.<\/div>\n<\/div>\n<div style=%22text-align: justify;%22><\/div>\n<\/div>\n<div style=%22text-align: justify;%22><\/div>\n<\/div>\n<div style=%22text-align: justify;%22><\/div>\n<div style=%22text-align: justify;%22><\/div>&#8220; content_phone=&#8220;<div class=%22section-title-col content-center-sm%22 data-type=%22column%22>\n<div class=%22section-title-col content-center-sm%22 data-type=%22column%22>\n<h2 class=%22space-bottom%22 style=%22text-align: center;%22>O KONFERENCI<\/h2>\n<div style=%22text-align: justify;%22><p><span>Ve dnech 24. a 25.11.2009 ji\u017e podruh\u00e9 prob\u011bhla ve vzd\u011bl\u00e1vac\u00edm a informa\u010dn\u00edm centru FLORET v Pr\u016fhonic\u00edch konference INSPIRUJME SE\u2026 tentokr\u00e1t s podtitulem \u201espoluprac\u00ed\u201c, kterou op\u011bt po\u0159\u00e1dala CENIA, \u010desk\u00e1 informa\u010dn\u00ed agentura \u017eivotn\u00edho prost\u0159ed\u00ed. Konference se v leto\u0161n\u00edm roce \u00fa\u010dastnilo v\u00edce ne\u017e 100 z\u00e1stupc\u016f z \u0159ad \u00fa\u0159ad\u016f nebo organizac\u00ed st\u00e1tn\u00ed spr\u00e1vy, \u00fazemn\u00edch samospr\u00e1v, firem podnikaj\u00edc\u00edch v oblasti GIS, profesn\u00edch organizac\u00ed a student\u016f.<\/span><\/p>\n<div>Po lo\u0148sk\u00e9 zku\u0161enosti, \u017ee t\u00e9mat k diskuzi je nep\u0159\u00edli\u0161 mnoho, jsme se rozhodli, \u017ee leto\u0161n\u00ed konferenci prodlou\u017e\u00edme i do druh\u00e9ho dne. Prvn\u00ed den se nesl ve znamen\u00ed spolupr\u00e1ce v jednotliv\u00fdch \u010d\u00e1stech INSPIRE. Prvn\u00edm blokem byla spolupr\u00e1ce s u\u017eivateli p\u0159i zp\u0159\u00edstup\u0148ov\u00e1n\u00ed dat. Ve druh\u00e9 \u010d\u00e1sti se se\u0161li z\u00e1stupci Ministerstva \u017eivotn\u00edho prost\u0159ed\u00ed, Ministerstva vnitra, \u010cesk\u00e9ho \u00fa\u0159adu zem\u011bm\u011b\u0159ick\u00e9ho a katastr\u00e1ln\u00edho a \u010cesk\u00e9 asociace pro geoinformace, kte\u0159\u00ed p\u0159edstavili rozd\u011blen\u00ed rol\u00ed v r\u00e1mci koordinace n\u00e1rodn\u00ed geoinforma\u010dn\u00ed infrastruktury. Po ob\u011bd\u011b byly p\u0159edstaveny iniciativy p\u0159\u00edmo navazuj\u00edc\u00ed na INSPIRE, kter\u00fdmi jsou SEIS a GMES, projekty souvisej\u00edc\u00ed s INSPIRE a aktu\u00e1ln\u00ed stav INSPIRE v Evrop\u011b. Na konci cel\u00e9ho dne se \u00fa\u010dastn\u00edci se\u0161li na z\u00e1v\u011bre\u010dn\u00e9m koktejlu, kde na v\u0161echny op\u011bt \u010dekalo mal\u00e9 p\u0159ekvapen\u00ed, kter\u00fdm letos bylo Geoportsk\u00e9.<\/div>\n<div>Druh\u00fd den r\u00e1no byly p\u0159edstaveny p\u0159\u00ednosy INSPIRE netradi\u010dn\u011b mimo \u017eivotn\u00ed prost\u0159ed\u00ed, pro kter\u00e9 je INSPIRE prim\u00e1rn\u011b ur\u010den. V dal\u0161\u00edm bloku byly podrobn\u011b p\u0159edstaveny implementa\u010dn\u00ed pravidla INSPIRE s detailn\u011bj\u0161\u00edm popisem s\u00ed\u0165ov\u00fdch slu\u017eeb. Po ob\u011bd\u011b n\u00e1sledoval posledn\u00ed blok konference, kter\u00fd byl pojat jako poradna pro jednotliv\u00e9 problematiky INSPIRE, v jeho \u00fapln\u00e9m z\u00e1v\u011bru byl prezentov\u00e1n aktu\u00e1ln\u00ed stav a nejbli\u017e\u0161\u00ed budoucnost INSPIRE v \u010cesk\u00e9 republice.<\/div>\n<\/div>\n<div style=%22text-align: justify;%22><\/div>\n<\/div>\n<div style=%22text-align: justify;%22><\/div>\n<\/div>\n<div style=%22text-align: justify;%22><\/div>\n<div style=%22text-align: justify;%22><\/div>\n<div style=%22text-align: justify;%22><\/div>\n<div style=%22text-align: justify;%22><\/div>&#8220; content_last_edited=&#8220;on|phone&#8220; _builder_version=&#8220;4.27.4&#8243; _module_preset=&#8220;default&#8220; text_font=&#8220;&#8211;et_global_body_font|300|||||||&#8220; text_text_color=&#8220;#FFFFFF&#8220; text_font_size=&#8220;15px&#8220; text_line_height=&#8220;2em&#8220; header_font=&#8220;Roboto||||||||&#8220; header_2_font=&#8220;&#8211;et_global_heading_font|||||||#FFFFFF|&#8220; header_2_text_color=&#8220;#FFFFFF&#8220; header_2_font_size=&#8220;44px&#8220; header_3_text_color=&#8220;#FFFFFF&#8220; header_3_font_size=&#8220;30px&#8220; custom_padding=&#8220;||0px|||&#8220; text_font_size_tablet=&#8220;15px&#8220; text_font_size_phone=&#8220;12px&#8220; text_font_size_last_edited=&#8220;on|phone&#8220; content_sk_sk=&#8220;<div class=%22section-title-col content-center-sm%22 data-type=%22column%22>\n<div class=%22section-title-col content-center-sm%22 data-type=%22column%22>\n<h2 class=%22space-bottom%22 style=%22text-align: center;%22>O KONFERENCI<\/h2>\n<div style=%22text-align: justify;%22><p><span>Ve dnech 24. a 25.11.2009 ji\u017e podruh\u00e9 prob\u011bhla ve vzd\u011bl\u00e1vac\u00edm a informa\u010dn\u00edm centru FLORET v Pr\u016fhonic\u00edch konference INSPIRUJME SE\u2026 tentokr\u00e1t s podtitulem \u201espoluprac\u00ed\u201c, kterou op\u011bt po\u0159\u00e1dala CENIA, \u010desk\u00e1 informa\u010dn\u00ed agentura \u017eivotn\u00edho prost\u0159ed\u00ed. Konference se v leto\u0161n\u00edm roce \u00fa\u010dastnilo v\u00edce ne\u017e 100 z\u00e1stupc\u016f z \u0159ad \u00fa\u0159ad\u016f nebo organizac\u00ed st\u00e1tn\u00ed spr\u00e1vy, \u00fazemn\u00edch samospr\u00e1v, firem podnikaj\u00edc\u00edch v oblasti GIS, profesn\u00edch organizac\u00ed a student\u016f.<\/span><\/p>\n<div>Po lo\u0148sk\u00e9 zku\u0161enosti, \u017ee t\u00e9mat k diskuzi je nep\u0159\u00edli\u0161 mnoho, jsme se rozhodli, \u017ee leto\u0161n\u00ed konferenci prodlou\u017e\u00edme i do druh\u00e9ho dne. Prvn\u00ed den se nesl ve znamen\u00ed spolupr\u00e1ce v jednotliv\u00fdch \u010d\u00e1stech INSPIRE. Prvn\u00edm blokem byla spolupr\u00e1ce s u\u017eivateli p\u0159i zp\u0159\u00edstup\u0148ov\u00e1n\u00ed dat. Ve druh\u00e9 \u010d\u00e1sti se se\u0161li z\u00e1stupci Ministerstva \u017eivotn\u00edho prost\u0159ed\u00ed, Ministerstva vnitra, \u010cesk\u00e9ho \u00fa\u0159adu zem\u011bm\u011b\u0159ick\u00e9ho a katastr\u00e1ln\u00edho a \u010cesk\u00e9 asociace pro geoinformace, kte\u0159\u00ed p\u0159edstavili rozd\u011blen\u00ed rol\u00ed v r\u00e1mci koordinace n\u00e1rodn\u00ed geoinforma\u010dn\u00ed infrastruktury. Po ob\u011bd\u011b byly p\u0159edstaveny iniciativy p\u0159\u00edmo navazuj\u00edc\u00ed na INSPIRE, kter\u00fdmi jsou SEIS a GMES, projekty souvisej\u00edc\u00ed s INSPIRE a aktu\u00e1ln\u00ed stav INSPIRE v Evrop\u011b. Na konci cel\u00e9ho dne se \u00fa\u010dastn\u00edci se\u0161li na z\u00e1v\u011bre\u010dn\u00e9m koktejlu, kde na v\u0161echny op\u011bt \u010dekalo mal\u00e9 p\u0159ekvapen\u00ed, kter\u00fdm letos bylo Geoportsk\u00e9.<\/div>\n<div>Druh\u00fd den r\u00e1no byly p\u0159edstaveny p\u0159\u00ednosy INSPIRE netradi\u010dn\u011b mimo \u017eivotn\u00ed prost\u0159ed\u00ed, pro kter\u00e9 je INSPIRE prim\u00e1rn\u011b ur\u010den. V dal\u0161\u00edm bloku byly podrobn\u011b p\u0159edstaveny implementa\u010dn\u00ed pravidla INSPIRE s detailn\u011bj\u0161\u00edm popisem s\u00ed\u0165ov\u00fdch slu\u017eeb. Po ob\u011bd\u011b n\u00e1sledoval posledn\u00ed blok konference, kter\u00fd byl pojat jako poradna pro jednotliv\u00e9 problematiky INSPIRE, v jeho \u00fapln\u00e9m z\u00e1v\u011bru byl prezentov\u00e1n aktu\u00e1ln\u00ed stav a nejbli\u017e\u0161\u00ed budoucnost INSPIRE v \u010cesk\u00e9 republice.<\/div>\n<\/div>\n<\/div>\n<\/div>&#8220; global_colors_info=&#8220;{}&#8220;]<div class=\"row col-xs-12\">\n<div class=\"section-title-col content-center-sm\" data-type=\"column\">\n<h2 class=\"space-bottom\" style=\"text-align: center;\">O KONFERENCI<\/h2>\n<div style=\"text-align: justify;\"><p><span>Ve dnech 24. a 25.11.2009 ji\u017e podruh\u00e9 prob\u011bhla ve vzd\u011bl\u00e1vac\u00edm a informa\u010dn\u00edm centru FLORET v Pr\u016fhonic\u00edch konference INSPIRUJME SE\u2026 tentokr\u00e1t s podtitulem \u201espoluprac\u00ed\u201c, kterou op\u011bt po\u0159\u00e1dala CENIA, \u010desk\u00e1 informa\u010dn\u00ed agentura \u017eivotn\u00edho prost\u0159ed\u00ed. Konference se v leto\u0161n\u00edm roce \u00fa\u010dastnilo v\u00edce ne\u017e 100 z\u00e1stupc\u016f z \u0159ad \u00fa\u0159ad\u016f nebo organizac\u00ed st\u00e1tn\u00ed spr\u00e1vy, \u00fazemn\u00edch samospr\u00e1v, firem podnikaj\u00edc\u00edch v oblasti GIS, profesn\u00edch organizac\u00ed a student\u016f.<\/span><\/p>\n<div>Po lo\u0148sk\u00e9 zku\u0161enosti, \u017ee t\u00e9mat k diskuzi je nep\u0159\u00edli\u0161 mnoho, jsme se rozhodli, \u017ee leto\u0161n\u00ed konferenci prodlou\u017e\u00edme i do druh\u00e9ho dne. Prvn\u00ed den se nesl ve znamen\u00ed spolupr\u00e1ce v jednotliv\u00fdch \u010d\u00e1stech INSPIRE. Prvn\u00edm blokem byla spolupr\u00e1ce s u\u017eivateli p\u0159i zp\u0159\u00edstup\u0148ov\u00e1n\u00ed dat. Ve druh\u00e9 \u010d\u00e1sti se se\u0161li z\u00e1stupci Ministerstva \u017eivotn\u00edho prost\u0159ed\u00ed, Ministerstva vnitra, \u010cesk\u00e9ho \u00fa\u0159adu zem\u011bm\u011b\u0159ick\u00e9ho a katastr\u00e1ln\u00edho a \u010cesk\u00e9 asociace pro geoinformace, kte\u0159\u00ed p\u0159edstavili rozd\u011blen\u00ed rol\u00ed v r\u00e1mci koordinace n\u00e1rodn\u00ed geoinforma\u010dn\u00ed infrastruktury. Po ob\u011bd\u011b byly p\u0159edstaveny iniciativy p\u0159\u00edmo navazuj\u00edc\u00ed na INSPIRE, kter\u00fdmi jsou SEIS a GMES, projekty souvisej\u00edc\u00ed s INSPIRE a aktu\u00e1ln\u00ed stav INSPIRE v Evrop\u011b. Na konci cel\u00e9ho dne se \u00fa\u010dastn\u00edci se\u0161li na z\u00e1v\u011bre\u010dn\u00e9m koktejlu, kde na v\u0161echny op\u011bt \u010dekalo mal\u00e9 p\u0159ekvapen\u00ed, kter\u00fdm letos bylo Geoportsk\u00e9.<\/div>\n<div>Druh\u00fd den r\u00e1no byly p\u0159edstaveny p\u0159\u00ednosy INSPIRE netradi\u010dn\u011b mimo \u017eivotn\u00ed prost\u0159ed\u00ed, pro kter\u00e9 je INSPIRE prim\u00e1rn\u011b ur\u010den. V dal\u0161\u00edm bloku byly podrobn\u011b p\u0159edstaveny implementa\u010dn\u00ed pravidla INSPIRE s detailn\u011bj\u0161\u00edm popisem s\u00ed\u0165ov\u00fdch slu\u017eeb. Po ob\u011bd\u011b n\u00e1sledoval posledn\u00ed blok konference, kter\u00fd byl pojat jako poradna pro jednotliv\u00e9 problematiky INSPIRE, v jeho \u00fapln\u00e9m z\u00e1v\u011bru byl prezentov\u00e1n aktu\u00e1ln\u00ed stav a nejbli\u017e\u0161\u00ed budoucnost INSPIRE v \u010cesk\u00e9 republice.<\/div>\n<\/div>\n<\/div>\n<\/div>[\/et_pb_text][\/et_pb_column][\/et_pb_row][\/et_pb_section][et_pb_section fb_built=&#8220;1&#8243; module_id=&#8220;foto&#8220; _builder_version=&#8220;4.27.3&#8243; _module_preset=&#8220;default&#8220; global_colors_info=&#8220;{}&#8220;][et_pb_row _builder_version=&#8220;4.27.0&#8243; _module_preset=&#8220;default&#8220; global_colors_info=&#8220;{}&#8220;][et_pb_column type=&#8220;4_4&#8243; _builder_version=&#8220;4.27.0&#8243; _module_preset=&#8220;default&#8220; global_colors_info=&#8220;{}&#8220;][et_pb_gallery gallery_ids=&#8220;3409,3410,3411,3412,3414,3416,3417,3419,3420&#8243; posts_number=&#8220;16&#8243; show_title_and_caption=&#8220;off&#8220; zoom_icon_color=&#8220;#707070&#8243; hover_icon=&#8220;&#x54;||divi||400&#8243; _builder_version=&#8220;4.27.4&#8243; _module_preset=&#8220;default&#8220; title_level=&#8220;h4&#8243; caption_text_color=&#8220;#000000&#8243; pagination_font=&#8220;||||||||&#8220; pagination_text_color=&#8220;#000000&#8243; custom_css_free_form=&#8220;.mfp-title { display: none !important; }&#8220; global_colors_info=&#8220;{}&#8220;][\/et_pb_gallery][\/et_pb_column][\/et_pb_row][\/et_pb_section][et_pb_section fb_built=&#8220;1&#8243; _builder_version=&#8220;4.27.4&#8243; _module_preset=&#8220;default&#8220; background_enable_color=&#8220;off&#8220; global_colors_info=&#8220;{}&#8220; disabled_on=&#8220;on|on|on&#8220; disabled=&#8220;on&#8220;][et_pb_row _builder_version=&#8220;4.27.4&#8243; _module_preset=&#8220;default&#8220; width=&#8220;100%&#8220; custom_padding=&#8220;0px||0px||false|false&#8220; global_colors_info=&#8220;{}&#8220;][et_pb_column type=&#8220;4_4&#8243; _builder_version=&#8220;4.27.0&#8243; _module_preset=&#8220;default&#8220; global_colors_info=&#8220;{}&#8220;][et_pb_code _builder_version=&#8220;4.27.4&#8243; _module_preset=&#8220;default&#8220; text_orientation=&#8220;center&#8220; global_colors_info=&#8220;{}&#8220;]<div  data-label=\"program\" data-id=\"content--3\" data-export-id=\"content-6-materialis\" data-category=\"content\" class=\"content-6m content-section-spacing-large content-section\" id=\"program\" style=\"background-color: rgba(255, 255, 255, 0.953); background-image: url(\"https:\/\/inspirujmese.cz\/wp-content\/uploads\/2021\/10\/20211005_092955.jpg\"); background-size: cover; background-position: center top;\" data-section-ov=\"1\"><div  class=\"gridContainer\"> <div  class=\"row\"><div  class=\"section-title-col large\" data-type=\"column\"> <h2  class=\"space-bottom\"><span  style=\"font-weight: 500;\">PROGRAM<span  id=\"_mce_caret\" data-mce-bogus=\"1\" data-mce-type=\"format-caret\"><\/span><\/span><\/h2><\/div><\/div><!-- [et_pb_line_break_holder] --><!-- [et_pb_line_break_holder] --><!-- [et_pb_line_break_holder] --><div style=\"color: #000000; font-size: 18px; font-family: Calibri; text-align: left; margin-top: 10px; margin-bottom: 20px;\"><span style=\"color: #000000;\"><strong>\u00daTER\u00dd 23. LISTOPADU<\/strong><\/span><\/div><!-- [et_pb_line_break_holder] --><div style=\"font-size: 18px; font-family: Calibri; text-align: left;\"><span style=\"color: #000000;\"><strong>08:30 \u2013 13:00 Registrace<\/strong><\/span><\/div><!-- [et_pb_line_break_holder] --><div style=\"font-size: 18px; font-family: Calibri; text-align: left; margin-top: 10px;\"><a href=\"http:\/\/inspirujmese.cz\/wp-content\/uploads\/2019\/08\/2010_100_inspire_zacatecnici.pdf\"><strong>10:00 &#8211; 11:30 INSPIRE pro za\u010d\u00e1te\u010dn\u00edky \u2013 p\u0159edkonferen\u010dn\u00ed semin\u00e1\u0159<\/strong><\/a><\/div><!-- [et_pb_line_break_holder] --><div style=\"font-size: 18px; font-family: Calibri; text-align: left; margin-top: 0px;\"><span style=\"color: #000000;\"><em>Lenka Jir\u00e1skov\u00e1, Jitka Faugnerov\u00e1, CENIA, \u010desk\u00e1 informa\u010dn\u00ed agentura \u017eivotn\u00edho prost\u0159ed\u00ed<\/em><\/span><\/div><!-- [et_pb_line_break_holder] --><div style=\"font-size: 18px; font-family: Calibri; text-align: left; margin-top: 0px;\"><span style=\"color: #000000;\">\u00a0<\/span><\/div><!-- [et_pb_line_break_holder] --><div style=\"font-size: 18px; font-family: Calibri; text-align: left; margin-top: 10px; margin-bottom: 10px;\"><span style=\"color: #000000;\"><strong>11:30 \u2013 13:00 Ob\u011bd<\/strong><\/span><\/div><!-- [et_pb_line_break_holder] --><div style=\"font-size: 18px; font-family: Calibri; text-align: left; margin-top: 10px; margin-bottom: 10px;\"><span style=\"color: #000000;\"><strong>13:00 \u2013 15:00 Zah\u00e1jen\u00ed konference<!\u2013- [et_pb_br_holder] -\u2013><\/strong><\/span><\/div><!-- [et_pb_line_break_holder] --><div style=\"font-size: 18px; font-family: Calibri; text-align: left;\"><span style=\"color: #000000;\">\u00a0<\/span><\/div><!-- [et_pb_line_break_holder] --><div style=\"font-size: 18px; font-family: Calibri; text-align: left; margin-top: 10px;\"><span style=\"color: #000000;\"><strong>\u00davodn\u00ed slovo<\/strong><\/span><\/div><!-- [et_pb_line_break_holder] --><div style=\"font-size: 18px; font-family: Calibri; text-align: left; margin-top: 0px;\"><span style=\"color: #000000;\"><em>Ji\u0159\u00ed Hradec, CENIA, \u010desk\u00e1 informa\u010dn\u00ed agentura \u017eivotn\u00edho prost\u0159ed\u00ed<\/em><\/span><\/div><!-- [et_pb_line_break_holder] --><div style=\"font-size: 18px; font-family: Calibri; text-align: left; margin-top: 10px;\"><span style=\"color: #000000;\"><strong>Implementace INSPIRE<\/strong><\/span><\/div><!-- [et_pb_line_break_holder] --><div style=\"font-size: 18px; font-family: Calibri; text-align: left; margin-top: 0px;\"><span style=\"color: #000000;\"><em>Tom\u00e1\u0161 Vrb\u00edk, n\u00e1m\u011bstek ministra \u017eivotn\u00edho prost\u0159ed\u00ed, Ministerstvo \u017eivotn\u00edho prost\u0159ed\u00ed<\/em><\/span><\/div><!-- [et_pb_line_break_holder] --><div style=\"font-size: 18px; font-family: Calibri; text-align: left; margin-top: 10px;\"><a href=\"http:\/\/inspirujmese.cz\/wp-content\/uploads\/2019\/08\/2010_101_cuzk_inspire.pdf\"><strong>Role \u010c\u00daZK p\u0159i implementaci Sm\u011brnice INSPIRE<\/strong><\/a><\/div><!-- [et_pb_line_break_holder] --><div style=\"font-size: 18px; font-family: Calibri; text-align: left; margin-top: 0px;\"><span style=\"color: #000000;\"><em>Ji\u0159\u00ed Pol\u00e1\u010dek, \u010cesk\u00fd \u00fa\u0159ad zem\u011bm\u011b\u0159ick\u00fd a katastr\u00e1ln\u00ed<\/em><\/span><\/div><!-- [et_pb_line_break_holder] --><div style=\"font-size: 18px; font-family: Calibri; text-align: left; margin-top: 10px;\"><strong><span style=\"color: #000000;\">Vystoupen\u00ed partner\u016f konference<\/span> <\/strong><\/div><!-- [et_pb_line_break_holder] --><div style=\"font-size: 18px; font-family: Calibri; text-align: left; margin-top: 0px;\"><a href=\"http:\/\/inspirujmese.cz\/wp-content\/uploads\/2019\/08\/2010_102_2_ibm.pdf\"><em>Ladislav M\u00fcller, IBM<\/em><\/a><\/div><!-- [et_pb_line_break_holder] --><div style=\"font-size: 18px; font-family: Calibri; text-align: left; margin-top: 0px;\"><a href=\"http:\/\/inspirujmese.cz\/wp-content\/uploads\/2019\/08\/2010_102_3_intergraph.pdf\"><em>Leo\u0161 Svoboda, Intergraph a rozvoj skupiny Hexagon, Intergraph<\/em><\/a><\/div><!-- [et_pb_line_break_holder] --><div style=\"font-size: 18px; font-family: Calibri; text-align: left; margin-top: 0px;\"><a href=\"http:\/\/inspirujmese.cz\/wp-content\/uploads\/2019\/08\/2010_102_1_hsrs.pdf\"><em>Stanislav Hol\u00fd, Help Service Remote Sensing, s.r.o.<\/em><\/a><\/div><!-- [et_pb_line_break_holder] --><div style=\"font-size: 18px; font-family: Calibri; text-align: left; margin-top: 10px;\"><span style=\"color: #000000;\"><strong>P\u0159edstaven\u00ed N\u00e1rodn\u00edho geoport\u00e1lu<\/strong><\/span><\/div><!-- [et_pb_line_break_holder] --><div style=\"font-size: 18px; font-family: Calibri; text-align: left; margin-top: 0px;\"><span style=\"color: #000000;\"><em>Lenka Jir\u00e1skov\u00e1, Jitka Faugnerov\u00e1, Ji\u0159\u00ed Kvapil; CENIA, \u010desk\u00e1 informa\u010dn\u00ed agentura \u017eivotn\u00edho prost\u0159ed\u00ed <\/em><\/span><\/div><!-- [et_pb_line_break_holder] --><div style=\"font-size: 18px; font-family: Calibri; text-align: left; margin-top: 10px; margin-bottom: 10px;\"><span style=\"color: #000000;\"><strong>15:00 \u2013 15:15 P\u0159est\u00e1vka<\/strong><\/span><\/div><!-- [et_pb_line_break_holder] --><div style=\"font-size: 18px; font-family: Calibri; text-align: left; margin-top: 10px; margin-bottom: 10px;\"><strong><span style=\"color: #000000;\">15:15 \u2013 16:45 \u0158e\u0161en\u00ed pro geoport\u00e1l \u2013 1. \u010d\u00e1st<\/span><!\u2013- [et_pb_br_holder] -\u2013><\/strong><\/div><!-- [et_pb_line_break_holder] --><div style=\"font-size: 18px; font-family: Calibri; text-align: left; margin-top: 10px;\"><strong><a href=\"http:\/\/inspirujmese.cz\/wp-content\/uploads\/2019\/08\/2010_103_metadata_geoporta_cuzk.pdf\" target=\"_blank\" rel=\"noopener noreferrer\">Metadata a geoport\u00e1l \u010c\u00daZK<\/a><\/strong><\/div><!-- [et_pb_line_break_holder] --><div style=\"font-size: 18px; font-family: Calibri; text-align: left; margin-top: 0px;\"><span style=\"color: #000000;\"><em>Petr Dvo\u0159\u00e1\u010dek, Bohumil Vl\u010dek,\u010cesk\u00fd \u00fa\u0159ad zem\u011bm\u011b\u0159ick\u00fd a kastr\u00e1ln\u00ed<\/em><\/span><\/div><!-- [et_pb_line_break_holder] --><div style=\"font-size: 18px; font-family: Calibri; text-align: left; margin-top: 10px;\"><strong><a href=\"http:\/\/inspirujmese.cz\/wp-content\/uploads\/2019\/08\/2010_104_arcgis_for_inspire.pdf\" target=\"_blank\" rel=\"noopener noreferrer\">\u0158e\u0161en\u00ed ArcGIS pro INSPIRE<\/a><\/strong><\/div><!-- [et_pb_line_break_holder] --><div style=\"font-size: 18px; font-family: Calibri; text-align: left; margin-top: 0px;\"><span style=\"color: #000000;\"><em>Petr Panec, ARCDATA Praha<\/em><\/span><\/div><!-- [et_pb_line_break_holder] --><div style=\"font-size: 18px; font-family: Calibri; text-align: left; margin-top: 10px;\"><strong><a href=\"http:\/\/inspirujmese.cz\/wp-content\/uploads\/2019\/08\/2010_105_geoportal_inspire_urm.pdf\" target=\"_blank\" rel=\"noopener noreferrer\">P\u0159\u00edprava geoport\u00e1lu INSPIRE hl. m. Prahy<\/a><\/strong><\/div><!-- [et_pb_line_break_holder] --><div style=\"font-size: 18px; font-family: Calibri; text-align: left; margin-top: 0px;\"><span style=\"color: #000000;\"><em>Bohdan Baron, Ji\u0159\u00ed \u010ctyrok\u00fd, \u00datvar rozvoje hl.m. Prahy<\/em><\/span><\/div><!-- [et_pb_line_break_holder] --><div style=\"font-size: 18px; font-family: Calibri; text-align: left; margin-top: 10px;\"><span style=\"color: #000000;\"><strong>Integraph \u2013 Port\u00e1l nejen pro INSPIRE<\/strong><\/span><\/div><!-- [et_pb_line_break_holder] --><div style=\"font-size: 18px; font-family: Calibri; text-align: left; margin-top: 0px;\"><span style=\"color: #000000;\"><em>Vladim\u00edr \u0160pa\u010dek, Luk\u00e1\u0161 Piln\u00fd, Intergraph<\/em><\/span><\/div><!-- [et_pb_line_break_holder] --><div style=\"font-size: 18px; font-family: Calibri; text-align: left; margin-top: 10px; margin-bottom: 10px;\"><span style=\"color: #000000;\"><strong>16:45 \u2013 17:15 P\u0159est\u00e1vka<\/strong><\/span><\/div><!-- [et_pb_line_break_holder] --><div style=\"font-size: 18px; font-family: Calibri; text-align: left; margin-top: 10px; margin-bottom: 10px;\"><span style=\"color: #000000;\"><strong>17:15 \u2013 18:30 \u0158e\u0161en\u00ed pro geoport\u00e1l \u2013 2. \u010d\u00e1st<!\u2013- [et_pb_br_holder] -\u2013><\/strong><\/span><\/div><!-- [et_pb_line_break_holder] --><div style=\"font-size: 18px; font-family: Calibri; text-align: left; margin-top: 10px; margin-bottom: 0px;\"><span style=\"color: #000000;\"><strong>Panelov\u00e1 diskuze<!\u2013- [et_pb_br_holder] -\u2013><\/strong><\/span><\/div><!-- [et_pb_line_break_holder] --><div style=\"font-size: 18px; font-family: Calibri; text-align: left; margin-top: 0px;\"><span style=\"color: #000000;\"><em>\u00fa\u010dastn\u00edci: Ji\u0159\u00ed Hiess, Eva Kub\u00e1tov\u00e1, Karel \u0160tencel a dal\u0161\u00ed<\/em><\/span><\/div><!-- [et_pb_line_break_holder] --><div style=\"font-size: 18px; font-family: Calibri; text-align: left; margin-top: 0px;\"><span style=\"color: #000000;\"><em>moderuje: Ji\u0159\u00ed Hradec<\/em><\/span><\/div><!-- [et_pb_line_break_holder] --><div style=\"font-size: 18px; font-family: Calibri; text-align: left; margin-top: 10px; margin-bottom: 10px;\"><span style=\"color: #000000;\"><strong>20:00 \u2013 23:00 Spole\u010densk\u00fd ve\u010der<\/strong><\/span><\/div><!-- [et_pb_line_break_holder] --><div style=\"font-size: 18px; font-family: Calibri; text-align: left; margin-top: 10px; margin-bottom: 10px;\"><span style=\"color: #000000;\">\u00a0<\/span><\/div><!-- [et_pb_line_break_holder] --><div style=\"color: #000000; font-size: 18px; font-family: Calibri; text-align: left; margin-top: 10px; margin-bottom: 20px;\"><span style=\"color: #000000;\"><strong>ST\u0158EDA 24. LISTOPADU<\/strong><\/span><\/div><!-- [et_pb_line_break_holder] --><div style=\"font-size: 18px; font-family: Calibri; text-align: left; margin-top: 10px; margin-bottom: 10px;\"><strong><span style=\"color: #000000;\">09:30 \u2013 11:00 Datov\u00e9 specifikace p\u0159\u00edlohy II a III \u2013 1. \u010d\u00e1st<\/span><!\u2013- [et_pb_br_holder] -\u2013><\/strong><\/div><!-- [et_pb_line_break_holder] --><div style=\"font-size: 18px; font-family: Calibri; text-align: left; margin-top: 10px;\"><strong><a href=\"http:\/\/inspirujmese.cz\/wp-content\/uploads\/2019\/08\/2010_209_specifikace_dat_annex_ii_a_iii.pdf\" target=\"_blank\" rel=\"noopener noreferrer\">V\u00fdvoj implementa\u010dn\u00edch pravidel pro datov\u00e9 specifikace p\u0159\u00edlohy II a III<\/a><\/strong><\/div><!-- [et_pb_line_break_holder] --><div style=\"font-size: 18px; font-family: Calibri; text-align: left; margin-top: 0px;\"><span style=\"color: #000000;\"><em>Tom\u00e1\u0161 \u0158ezn\u00edk, Masarykova univerzita Brno<\/em><\/span><\/div><!-- [et_pb_line_break_holder] --><div style=\"font-size: 18px; font-family: Calibri; text-align: left; margin-top: 10px;\"><a href=\"http:\/\/inspirujmese.cz\/wp-content\/uploads\/2019\/08\/2010_210_datove_specifikace_plan4all.pdf\"><strong>N\u00e1vrh datov\u00fdch specifikac\u00ed pro INSPIRE v kontextu projektu Plan4all<\/strong><\/a><\/div><!-- [et_pb_line_break_holder] --><div style=\"font-size: 18px; font-family: Calibri; text-align: left; margin-top: 0px;\"><span style=\"color: #000000;\"><em>Tom\u00e1\u0161 Mildorf, Z\u00e1pado\u010desk\u00e1 univerzita v Plzni<\/em><\/span><\/div><!-- [et_pb_line_break_holder] --><div style=\"font-size: 18px; font-family: Calibri; text-align: left; margin-top: 10px;\"><strong><a href=\"http:\/\/inspirujmese.cz\/wp-content\/uploads\/2019\/08\/2010_211_uap_inspire.pdf\" target=\"_blank\" rel=\"noopener noreferrer\">\u00daAP a INSPIRE \u2013 hled\u00e1n\u00ed souvislost\u00ed<\/a><\/strong><\/div><!-- [et_pb_line_break_holder] --><div style=\"font-size: 18px; font-family: Calibri; text-align: left; margin-top: 0px;\"><span style=\"color: #000000;\"><em>Jana Hurn\u00edkov\u00e1, Marie Pole\u0161\u00e1kov\u00e1, \u00dastav \u00fazemn\u00edho rozvoje<\/em><\/span><\/div><!-- [et_pb_line_break_holder] --><div style=\"font-size: 18px; font-family: Calibri; text-align: left; margin-top: 10px;\"><a href=\"http:\/\/inspirujmese.cz\/wp-content\/uploads\/2019\/08\/2010_212_naturesdi_harmonizace.pdf\" target=\"_blank\" rel=\"noopener noreferrer\"><strong>SDI pro ochranu p\u0159\u00edrody: P\u0159\u00edstup projektu NatureSDI plus k harmonizaci dat<\/strong><\/a><\/div><!-- [et_pb_line_break_holder] --><div style=\"font-size: 18px; font-family: Calibri; text-align: left; margin-top: 0px;\"><span style=\"color: #000000;\"><em>Pavel Vani\u0161, V\u00fdzkumn\u00fd \u00fastav geodetick\u00fd, topografick\u00fd a kartografick\u00fd, v.v.i.<\/em><\/span><\/div><!-- [et_pb_line_break_holder] --><div style=\"font-size: 18px; font-family: Calibri; text-align: left; margin-top: 10px; margin-bottom: 10px;\"><span style=\"color: #000000;\"><strong>11:00 \u2013 11:30 P\u0159est\u00e1vka<\/strong><\/span><\/div><!-- [et_pb_line_break_holder] --><div style=\"font-size: 18px; font-family: Calibri; text-align: left; margin-top: 10px; margin-bottom: 10px;\"><strong><span style=\"color: #000000;\">11:30 \u2013 13:00 Datov\u00e9 specifikace p\u0159\u00edlohy II a III \u2013 2. \u010d\u00e1st<\/span><!\u2013- [et_pb_br_holder] -\u2013><\/strong><\/div><!-- [et_pb_line_break_holder] --><div style=\"font-size: 18px; font-family: Calibri; text-align: left; margin-top: 10px;\"><strong><a href=\"http:\/\/inspirujmese.cz\/wp-content\/uploads\/2019\/08\/2010_213_mapove_sluzby_onege.pdf\" target=\"_blank\" rel=\"noopener noreferrer\">Mapov\u00e9 slu\u017eby pro projekt One Geology Europe<\/a><\/strong><\/div><!-- [et_pb_line_break_holder] --><div style=\"font-size: 18px; font-family: Calibri; text-align: left; margin-top: 0px;\"><span style=\"color: #000000;\"><em>Lucie Kondrov\u00e1, \u010cesk\u00e1 geologick\u00e1 slu\u017eba <\/em><\/span><\/div><!-- [et_pb_line_break_holder] --><div style=\"font-size: 18px; font-family: Calibri; text-align: left; margin-top: 10px;\"><span style=\"color: #000000;\"><strong>INSPIRE MashUP \u2013 ke\u010f INSPIRE predbieha technol\u00f3gie<\/strong><\/span><\/div><!-- [et_pb_line_break_holder] --><div style=\"font-size: 18px; font-family: Calibri; text-align: left; margin-top: 0px;\"><span style=\"color: #000000;\"><em>Peter Mozolik; Slovensk\u00e1 agent\u00fara \u017eivotn\u00e9ho prostredia<\/em><\/span><\/div><!-- [et_pb_line_break_holder] --><div style=\"font-size: 18px; font-family: Calibri; text-align: left; margin-top: 10px;\"><strong><a href=\"http:\/\/inspirujmese.cz\/wp-content\/uploads\/2019\/08\/2010_216_eurogeographic_1.pdf\" target=\"_blank\" rel=\"noopener noreferrer\">Zku\u0161enosti resortu \u010c\u00daZK z celoevropsk\u00fdch projekt\u016f EuroGeographics \u010d\u00e1st 1<\/a><\/strong><\/div><!-- [et_pb_line_break_holder] --><div style=\"font-size: 18px; font-family: Calibri; text-align: left; margin-top: 0px;\"><strong><a href=\"http:\/\/inspirujmese.cz\/wp-content\/uploads\/2019\/08\/2010_216_eurogeographic_2.pdf\" target=\"_blank\" rel=\"noopener noreferrer\">Zku\u0161enosti resortu \u010c\u00daZK z celoevropsk\u00fdch projekt\u016f EuroGeographics \u010d\u00e1st 2<\/a><\/strong><\/div><!-- [et_pb_line_break_holder] --><div style=\"font-size: 18px; font-family: Calibri; text-align: left; margin-top: 0px;\"><span style=\"color: #000000;\"><em>Jarmila V\u00e1\u0148ov\u00e1, Eva Pauknerov\u00e1, \u010cesk\u00fd \u00fa\u0159ad zem\u011bm\u011b\u0159ick\u00fd a kastr\u00e1ln\u00ed<\/em><\/span><\/div><!-- [et_pb_line_break_holder] --><div style=\"font-size: 18px; font-family: Calibri; text-align: left; margin-top: 10px; margin-bottom: 10px;\"><span style=\"color: #000000;\"><strong>13:00 \u2013 14:00 Ob\u011bd<\/strong><\/span><\/div><!-- [et_pb_line_break_holder] --><div style=\"font-size: 18px; font-family: Calibri; text-align: left; margin-top: 10px; margin-bottom: 10px;\"><strong><span style=\"color: #000000;\">14:00 \u2013 15:00 Mo\u017enosti elektronick\u00e9ho vzd\u011bl\u00e1v\u00e1n\u00ed v oblasti sm\u011brnice INSPIRE<\/span><!\u2013- [et_pb_br_holder] -\u2013><\/strong><\/div><!-- [et_pb_line_break_holder] --><div style=\"font-size: 18px; font-family: Calibri; text-align: left; margin-top: 10px; margin-bottom: 10px;\">\u00a0<\/div><!-- [et_pb_line_break_holder] --><div style=\"font-size: 18px; font-family: Calibri; text-align: left; margin-top: 10px; margin-bottom: 10px;\">\u00a0<\/div><!-- [et_pb_line_break_holder] -->[\/et_pb_code][\/et_pb_column][\/et_pb_row][\/et_pb_section]","protected":false},"excerpt":{"rendered":"<p>2009 \u2013 INSPIRUJME SE\u2026 SPOLUPRAC\u00cd O KONFERENCI Ve dnech 24. a 25.11.2009 ji\u017e podruh\u00e9 prob\u011bhla ve vzd\u011bl\u00e1vac\u00edm a informa\u010dn\u00edm centru FLORET v Pr\u016fhonic\u00edch konference INSPIRUJME SE\u2026 tentokr\u00e1t s podtitulem \u201espoluprac\u00ed\u201c, kterou op\u011bt po\u0159\u00e1dala CENIA, \u010desk\u00e1 informa\u010dn\u00ed agentura \u017eivotn\u00edho prost\u0159ed\u00ed. Konference se v leto\u0161n\u00edm roce \u00fa\u010dastnilo v\u00edce ne\u017e 100 z\u00e1stupc\u016f z \u0159ad \u00fa\u0159ad\u016f nebo organizac\u00ed st\u00e1tn\u00ed [&hellip;]<\/p>\n","protected":false},"author":5,"featured_media":0,"parent":0,"menu_order":0,"comment_status":"closed","ping_status":"closed","template":"","meta":{"_et_pb_use_builder":"on","_et_pb_old_content":"","_et_gb_content_width":"","footnotes":""},"folder":[],"class_list":["post-3413","page","type-page","status-publish","hentry"],"_links":{"self":[{"href":"https:\/\/inspirujmese.eu\/cs\/wp-json\/wp\/v2\/pages\/3413","targetHints":{"allow":["GET"]}}],"collection":[{"href":"https:\/\/inspirujmese.eu\/cs\/wp-json\/wp\/v2\/pages"}],"about":[{"href":"https:\/\/inspirujmese.eu\/cs\/wp-json\/wp\/v2\/types\/page"}],"author":[{"embeddable":true,"href":"https:\/\/inspirujmese.eu\/cs\/wp-json\/wp\/v2\/users\/5"}],"replies":[{"embeddable":true,"href":"https:\/\/inspirujmese.eu\/cs\/wp-json\/wp\/v2\/comments?post=3413"}],"version-history":[{"count":7,"href":"https:\/\/inspirujmese.eu\/cs\/wp-json\/wp\/v2\/pages\/3413\/revisions"}],"predecessor-version":[{"id":4022,"href":"https:\/\/inspirujmese.eu\/cs\/wp-json\/wp\/v2\/pages\/3413\/revisions\/4022"}],"wp:attachment":[{"href":"https:\/\/inspirujmese.eu\/cs\/wp-json\/wp\/v2\/media?parent=3413"}],"wp:term":[{"taxonomy":"folder","embeddable":true,"href":"https:\/\/inspirujmese.eu\/cs\/wp-json\/wp\/v2\/folder?post=3413"}],"curies":[{"name":"wp","href":"https:\/\/api.w.org\/{rel}","templated":true}]}}