{"id":3424,"date":"2025-08-13T16:05:27","date_gmt":"2025-08-13T14:05:27","guid":{"rendered":"https:\/\/inspirujmese.eu\/cs\/?page_id=3424"},"modified":"2025-10-16T13:49:56","modified_gmt":"2025-10-16T11:49:56","slug":"archiv-2008","status":"publish","type":"page","link":"https:\/\/inspirujmese.eu\/cs\/archiv-2008\/","title":{"rendered":"Archiv 2008"},"content":{"rendered":"[et_pb_section fb_built=&#8220;1&#8243; _builder_version=&#8220;4.27.4&#8243; _module_preset=&#8220;default&#8220; background_enable_color=&#8220;off&#8220; background_image=&#8220;https:\/\/inspirujmese.eu\/wp-content\/uploads\/2025\/08\/P20191008_3384.webp&#8220; background_position=&#8220;bottom_center&#8220; background_vertical_offset=&#8220;72%&#8220; global_colors_info=&#8220;{}&#8220;][et_pb_row _builder_version=&#8220;4.27.4&#8243; _module_preset=&#8220;default&#8220; width=&#8220;100%&#8220; max_width=&#8220;100%&#8220; min_height=&#8220;100%&#8220; height=&#8220;100%&#8220; global_colors_info=&#8220;{}&#8220;][et_pb_column type=&#8220;4_4&#8243; _builder_version=&#8220;4.27.0&#8243; _module_preset=&#8220;default&#8220; global_colors_info=&#8220;{}&#8220;][et_pb_text _builder_version=&#8220;4.27.4&#8243; _module_preset=&#8220;default&#8220; header_font=&#8220;|||on|||||&#8220; header_text_color=&#8220;#FFFFFF&#8220; header_font_size=&#8220;46px&#8220; header_font_size_tablet=&#8220;37px&#8220; header_font_size_phone=&#8220;29px&#8220; header_font_size_last_edited=&#8220;on|phone&#8220; content_sk_sk=&#8220;<h1 class=%22hero-title%22 style=%22text-align: center;%22><span style=%22color: #333333;%22>2008 \u2013 INSPIRUJME SE\u2026 DATY<\/span><\/h1>&#8220; global_colors_info=&#8220;{}&#8220;]<h1 class=\"hero-title\" style=\"text-align: center;\"><span style=\"color: #333333;\">2008 \u2013 INSPIRUJME SE\u2026 DATY<\/span><\/h1>[\/et_pb_text][\/et_pb_column][\/et_pb_row][\/et_pb_section][et_pb_section fb_built=&#8220;1&#8243; _builder_version=&#8220;4.27.4&#8243; _module_preset=&#8220;default&#8220; background_color=&#8220;#3c3d3f&#8220; global_colors_info=&#8220;{}&#8220;][et_pb_row _builder_version=&#8220;4.27.0&#8243; _module_preset=&#8220;default&#8220; global_colors_info=&#8220;{}&#8220;][et_pb_column type=&#8220;4_4&#8243; _builder_version=&#8220;4.27.0&#8243; _module_preset=&#8220;default&#8220; global_colors_info=&#8220;{}&#8220;][et_pb_text content_tablet=&#8220;<div class=%22section-title-col content-center-sm%22 data-type=%22column%22>\n<div class=%22section-title-col content-center-sm%22 data-type=%22column%22>\n<div class=%22section-title-col content-center-sm%22 data-type=%22column%22>\n<h2 class=%22space-bottom%22 style=%22text-align: center;%22>O KONFERENCI<\/h2>\n<div style=%22text-align: justify;%22>\n<p style=%22text-align: justify;%22><span>Ve st\u0159edu 19. 11. 2008 \u00fasp\u011b\u0161n\u011b prob\u011bhla konference Inspirujme se\u2026daty. Konferenci nav\u0161t\u00edvilo na 130 \u00fa\u010dastn\u00edk\u016f z \u0159ad st\u00e1tn\u00ed sp\u00e1vy, samospr\u00e1vy, odborn\u00fdch firem podnikaj\u00edc\u00edch v oblasti GIS a student\u016f vysok\u00fdch \u0161kol. Konferenci uzav\u0159elo p\u0159edstaven\u00ed vize st\u00e1tn\u00ed geoinforma\u010dn\u00ed politiky n\u00e1m\u011bstkyn\u00ed ministra \u017eivotn\u00edho prost\u0159ed\u00ed Rut B\u00edzkovou a n\u00e1m\u011bstkem ministra vnitra Zde\u0148kem Zaj\u00ed\u010dkem.<\/span><\/p>\n<\/div>\n<\/div>\n<div style=%22text-align: justify;%22><\/div>\n<div style=%22text-align: justify;%22><\/div>\n<\/div>\n<div style=%22text-align: justify;%22><\/div>\n<\/div>\n<div style=%22text-align: justify;%22><\/div>\n<div style=%22text-align: justify;%22><\/div>&#8220; content_phone=&#8220;<div class=%22section-title-col content-center-sm%22 data-type=%22column%22>\n<div class=%22section-title-col content-center-sm%22 data-type=%22column%22>\n<div class=%22section-title-col content-center-sm%22 data-type=%22column%22>\n<h2 class=%22space-bottom%22 style=%22text-align: center;%22>O KONFERENCI<\/h2>\n<div style=%22text-align: justify;%22>\n<p style=%22text-align: justify;%22><span>Ve st\u0159edu 19. 11. 2008 \u00fasp\u011b\u0161n\u011b prob\u011bhla konference Inspirujme se\u2026daty. Konferenci nav\u0161t\u00edvilo na 130 \u00fa\u010dastn\u00edk\u016f z \u0159ad st\u00e1tn\u00ed sp\u00e1vy, samospr\u00e1vy, odborn\u00fdch firem podnikaj\u00edc\u00edch v oblasti GIS a student\u016f vysok\u00fdch \u0161kol. Konferenci uzav\u0159elo p\u0159edstaven\u00ed vize st\u00e1tn\u00ed geoinforma\u010dn\u00ed politiky n\u00e1m\u011bstkyn\u00ed ministra \u017eivotn\u00edho prost\u0159ed\u00ed Rut B\u00edzkovou a n\u00e1m\u011bstkem ministra vnitra Zde\u0148kem Zaj\u00ed\u010dkem.<\/span><\/p>\n<\/div>\n<\/div>\n<div style=%22text-align: justify;%22><\/div>\n<div style=%22text-align: justify;%22><\/div>\n<\/div>\n<div style=%22text-align: justify;%22><\/div>\n<\/div>\n<div style=%22text-align: justify;%22><\/div>\n<div style=%22text-align: justify;%22><\/div>\n<div style=%22text-align: justify;%22><\/div>\n<div style=%22text-align: justify;%22><\/div>&#8220; content_last_edited=&#8220;on|phone&#8220; _builder_version=&#8220;4.27.4&#8243; _module_preset=&#8220;default&#8220; text_font=&#8220;&#8211;et_global_body_font|300|||||||&#8220; text_text_color=&#8220;#FFFFFF&#8220; text_font_size=&#8220;15px&#8220; text_line_height=&#8220;2em&#8220; header_font=&#8220;Roboto||||||||&#8220; header_2_font=&#8220;&#8211;et_global_heading_font|||||||#FFFFFF|&#8220; header_2_text_color=&#8220;#FFFFFF&#8220; header_2_font_size=&#8220;44px&#8220; header_3_text_color=&#8220;#FFFFFF&#8220; header_3_font_size=&#8220;30px&#8220; custom_padding=&#8220;||0px|||&#8220; text_font_size_tablet=&#8220;15px&#8220; text_font_size_phone=&#8220;12px&#8220; text_font_size_last_edited=&#8220;on|phone&#8220; content_sk_sk=&#8220;<div class=%22section-title-col content-center-sm%22 data-type=%22column%22>\n<div class=%22section-title-col content-center-sm%22 data-type=%22column%22>\n<div class=%22section-title-col content-center-sm%22 data-type=%22column%22>\n<h2 class=%22space-bottom%22 style=%22text-align: center;%22>O KONFERENCI<\/h2>\n<div style=%22text-align: justify;%22>\n<p style=%22text-align: justify;%22><span>Ve st\u0159edu 19. 11. 2008 \u00fasp\u011b\u0161n\u011b prob\u011bhla konference Inspirujme se\u2026daty. Konferenci nav\u0161t\u00edvilo na 130 \u00fa\u010dastn\u00edk\u016f z \u0159ad st\u00e1tn\u00ed sp\u00e1vy, samospr\u00e1vy, odborn\u00fdch firem podnikaj\u00edc\u00edch v oblasti GIS a student\u016f vysok\u00fdch \u0161kol. Konferenci uzav\u0159elo p\u0159edstaven\u00ed vize st\u00e1tn\u00ed geoinforma\u010dn\u00ed politiky n\u00e1m\u011bstkyn\u00ed ministra \u017eivotn\u00edho prost\u0159ed\u00ed Rut B\u00edzkovou a n\u00e1m\u011bstkem ministra vnitra Zde\u0148kem Zaj\u00ed\u010dkem.<\/span><\/p>\n<\/div>\n<\/div>\n<\/div>\n<\/div>&#8220; global_colors_info=&#8220;{}&#8220;]<div class=\"row col-xs-12\">\n<div class=\"section-title-col content-center-sm\" data-type=\"column\">\n<h2 class=\"space-bottom\" style=\"text-align: center;\">O KONFERENCI<\/h2>\n<div style=\"text-align: justify;\">\n<p style=\"text-align: justify;\"><span>Ve st\u0159edu 19. 11. 2008 \u00fasp\u011b\u0161n\u011b prob\u011bhla konference Inspirujme se\u2026daty. Konferenci nav\u0161t\u00edvilo na 130 \u00fa\u010dastn\u00edk\u016f z \u0159ad st\u00e1tn\u00ed sp\u00e1vy, samospr\u00e1vy, odborn\u00fdch firem podnikaj\u00edc\u00edch v oblasti GIS a student\u016f vysok\u00fdch \u0161kol. Konferenci uzav\u0159elo p\u0159edstaven\u00ed vize st\u00e1tn\u00ed geoinforma\u010dn\u00ed politiky n\u00e1m\u011bstkyn\u00ed ministra \u017eivotn\u00edho prost\u0159ed\u00ed Rut B\u00edzkovou a n\u00e1m\u011bstkem ministra vnitra Zde\u0148kem Zaj\u00ed\u010dkem.<\/span><\/p>\n<\/div>\n<\/div>\n<\/div>[\/et_pb_text][\/et_pb_column][\/et_pb_row][\/et_pb_section][et_pb_section fb_built=&#8220;1&#8243; module_id=&#8220;foto&#8220; _builder_version=&#8220;4.27.3&#8243; _module_preset=&#8220;default&#8220; global_colors_info=&#8220;{}&#8220;][\/et_pb_section][et_pb_section fb_built=&#8220;1&#8243; _builder_version=&#8220;4.27.4&#8243; _module_preset=&#8220;default&#8220; background_enable_color=&#8220;off&#8220; global_colors_info=&#8220;{}&#8220;][et_pb_row _builder_version=&#8220;4.27.4&#8243; _module_preset=&#8220;default&#8220; width=&#8220;100%&#8220; custom_padding=&#8220;0px||0px||false|false&#8220; global_colors_info=&#8220;{}&#8220;][et_pb_column type=&#8220;4_4&#8243; _builder_version=&#8220;4.27.0&#8243; _module_preset=&#8220;default&#8220; global_colors_info=&#8220;{}&#8220;][et_pb_code _builder_version=&#8220;4.27.4&#8243; _module_preset=&#8220;default&#8220; text_orientation=&#8220;center&#8220; hover_enabled=&#8220;0&#8243; global_colors_info=&#8220;{}&#8220; sticky_enabled=&#8220;0&#8243;]<div  data-label=\"program\" data-id=\"content--3\" data-export-id=\"content-6-materialis\" data-category=\"content\" class=\"content-6m content-section-spacing-large content-section\" id=\"program\" style=\"background-color: rgba(255, 255, 255, 0.953); background-image: url(\"https:\/\/inspirujmese.eu\/2008\/obrazky\/20211005_092955.jpg\"); background-size: cover; background-position: center top;\" data-section-ov=\"1\"><div  class=\"gridContainer\"> <div  class=\"row\"><div  class=\"section-title-col large\" data-type=\"column\"> <h2  class=\"space-bottom\"><span  style=\"font-weight: 500;\">PROGRAM<span  id=\"_mce_caret\" data-mce-bogus=\"1\" data-mce-type=\"format-caret\"><\/span><\/span><\/h2><\/div><\/div><!-- [et_pb_line_break_holder] --><!-- [et_pb_line_break_holder] --><!-- [et_pb_line_break_holder] --><div style=\"font-size: 18px; font-family: Calibri; color: #000000;\"><!--1. Den - \u00dater\u00fd 18.listopadu--><!-- [et_pb_line_break_holder] --><div style=\"color: #000000; font-size: 18px; font-family: Calibri; text-align: left; margin-top: 10px; margin-bottom: 20px;\"><strong>\u00daTER\u00dd 18. LISTOPADU<\/strong><\/div><!-- [et_pb_line_break_holder] --><div style=\"font-size: 18px; font-family: Calibri; text-align: left;\"><strong>08:00 \u2013 09:00 Registrace<\/strong><\/div><!-- [et_pb_line_break_holder] --><div style=\"font-size: 18px; font-family: Calibri; text-align: left; margin-top: 10px;\"><strong>09:00 \u2013 09:20 \u00davodn\u00ed slovo, zah\u00e1jen\u00ed konference <\/strong><\/div><!-- [et_pb_line_break_holder] --><div style=\"font-size: 18px; font-family: Calibri; text-align: left; margin-top: 0px;\"><em>Ji\u0159\u00ed Hradec, Pavel Bure\u0161 (CENIA, Ministerstvo vnitra \u010cR)<\/em><\/div><!-- [et_pb_line_break_holder] --><div style=\"font-size: 18px; font-family: Calibri; text-align: left; margin-top: 10px;\"><strong>09:20 \u2013 10:40 Workshop Nebojte se INSPIRE \u2013 1. \u010d\u00e1st (technologie) <\/strong><\/div><!-- [et_pb_line_break_holder] --><div style=\"font-size: 18px; font-family: Calibri; text-align: left; margin-top: 10px;\"><strong><a href=\"https:\/\/inspirujmese.eu\/2008\/prezentace\/2008_01_soulad_pp_a_inspire_metadata_editoru-1.pdf?_t=1759914164\" target=\"_blank\" rel=\"noopener noreferrer\">Soulad metadatov\u00e9ho editoru INSPIRE a IP pro metadata<\/a><\/strong><\/div><!-- [et_pb_line_break_holder] --><div style=\"font-size: 18px; font-family: Calibri; text-align: left; margin-top: 0px;\"><em>Tom\u00e1\u0161 \u0158ezn\u00edk, Masarykova univerzita Brno<\/em><\/div><!-- [et_pb_line_break_holder] --><div style=\"font-size: 18px; font-family: Calibri; text-align: left; margin-top: 10px;\"><strong><a href=\"https:\/\/inspirujmese.eu\/2008\/prezentace\/2008_02_metadatovy_portal_mzp-1.pdf?_t=1759914164\" target=\"_blank\" rel=\"noopener noreferrer\">Metadatov\u00fd port\u00e1l Ministerstva \u017eivotn\u00edho prost\u0159ed\u00ed (MICKA)<\/a><\/strong><\/div><!-- [et_pb_line_break_holder] --><div style=\"font-size: 18px; font-family: Calibri; text-align: left; margin-top: 0px;\"><em>\u0160t\u011bp\u00e1n Kafka, Help Service Remote Sensing. s.r.o. <\/em><\/div><!-- [et_pb_line_break_holder] --><div style=\"font-size: 18px; font-family: Calibri; text-align: left; margin-top: 10px;\"><strong><a href=\"https:\/\/inspirujmese.eu\/2008\/prezentace\/2008_03_metis_metadata_prakticky-1.pdf?_t=1759914164\" target=\"_blank\" rel=\"noopener noreferrer\">MetIS metadata prakticky<\/a><\/strong><\/div><!-- [et_pb_line_break_holder] --><div style=\"font-size: 18px; font-family: Calibri; text-align: left; margin-top: 0px;\"><em>Petr \u0158\u00edha, T- mapy , s.r.o. <\/em><\/div><!-- [et_pb_line_break_holder] --><div style=\"font-size: 18px; font-family: Calibri; text-align: left; margin-top: 10px;\"><strong><a href=\"https:\/\/inspirujmese.eu\/2008\/prezentace\/2008_04_earthlookcz-1.pdf?_t=1759914164\" target=\"_blank\" rel=\"noopener noreferrer\">EarthLookCZ \u2013 prototyp port\u00e1lov\u00e9ho \u0159e\u0161en\u00ed spr\u00e1vy geoprostorov\u00fdch dat pro pot\u0159eby GMES\/Kopernikus<\/a><\/strong><\/div><!-- [et_pb_line_break_holder] --><div style=\"font-size: 18px; font-family: Calibri; text-align: left; margin-top: 0px;\"><em>Petr Hor\u00e1k, Martin Vlk, Wirelessinfo<\/em><\/div><!-- [et_pb_line_break_holder] --><div style=\"font-size: 18px; font-family: Calibri; text-align: left; margin-top: 10px; margin-bottom: 10px;\"><strong>10:40 \u2013 11:00 P\u0159est\u00e1vka<\/strong><\/div><!-- [et_pb_line_break_holder] --><div style=\"font-size: 18px; font-family: Calibri; text-align: left; margin-top: 10px; margin-bottom: 10px;\"><strong>10:40 \u2013 11:00 Workshop Nebojte se INSPIRE \u2013 2. \u010d\u00e1st (technologie)<!\u2013- [et_pb_br_holder] -\u2013><\/strong><\/div><!-- [et_pb_line_break_holder] --><div style=\"font-size: 18px; font-family: Calibri; text-align: left; margin-top: 10px; margin-bottom: 10px;\"><!-- [et_pb_line_break_holder] --><div style=\"font-size: 18px; font-family: Calibri; text-align: left; margin-top: 10px;\"><strong><a href=\"https:\/\/inspirujmese.eu\/2008\/prezentace\/2008_05_zpristupneni_dat-1.pdf?_t=1759914164\" target=\"_blank\" rel=\"noopener noreferrer\">Geoport\u00e1l a n\u00e1stroje pro zp\u0159\u00edstupn\u011bn\u00ed Va\u0161ich dat<\/a><\/strong><\/div><!-- [et_pb_line_break_holder] --><div style=\"font-size: 18px; font-family: Calibri; text-align: left; margin-top: 0px;\"><em>Jakub Svat\u00fd, Intergraph CS s.r.o.<\/em><\/div><!-- [et_pb_line_break_holder] --><\/div><!-- [et_pb_line_break_holder] --><div style=\"font-size: 18px; font-family: Calibri; text-align: left; margin-top: 10px; margin-bottom: 10px;\"><!-- [et_pb_line_break_holder] --><div style=\"font-size: 18px; font-family: Calibri; text-align: left; margin-top: 10px;\"><strong><a href=\"https:\/\/inspirujmese.eu\/2008\/prezentace\/2008_06_arcgis_inspirativni_technologie-1.pdf?_t=1759914164\" target=\"_blank\" rel=\"noopener noreferrer\">ArcGIS \u2013 inspirativn\u00ed technologie<\/a><\/strong><\/div><!-- [et_pb_line_break_holder] --><div style=\"font-size: 18px; font-family: Calibri; text-align: left; margin-top: 0px;\"><em>Radek Kuttelwascher, ARCDATA PRAHA, s.r.o.<!\u2013- [et_pb_br_holder] -\u2013><\/em><\/div><!-- [et_pb_line_break_holder] --><div style=\"font-size: 18px; font-family: Calibri; text-align: left; margin-top: 0px;\"><!-- [et_pb_line_break_holder] --><div style=\"font-size: 18px; font-family: Calibri; text-align: left; margin-top: 10px;\"><strong><a href=\"https:\/\/inspirujmese.eu\/2008\/prezentace\/2008_03_metis_metadata_prakticky-1.pdf?_t=1759914164\" target=\"_blank\" rel=\"noopener noreferrer\">Geohosting \u2013 vypus\u0165te svoje data do sv\u011bta<\/a><\/strong><\/div><!-- [et_pb_line_break_holder] --><div style=\"font-size: 18px; font-family: Calibri; text-align: left; margin-top: 0px;\"><em>Petr Hor\u00e1k, Martin Vlk, Wirelessinfo <\/em><\/div><!-- [et_pb_line_break_holder] --><div style=\"font-size: 18px; font-family: Calibri; text-align: left; margin-top: 0px;\"><!-- [et_pb_line_break_holder] --><div style=\"font-size: 18px; font-family: Calibri; text-align: left; margin-top: 10px;\"><strong>Interaktivn\u00ed 3D vizualizace \u2013 inspirace pro V\u00e1s <\/strong><\/div><!-- [et_pb_line_break_holder] --><div style=\"font-size: 18px; font-family: Calibri; text-align: left; margin-top: 0px;\"><em>Radim Hole\u010dek, GEOMETRA OPAVA, spol. s r.o. <\/em><\/div><!-- [et_pb_line_break_holder] --><\/div><!-- [et_pb_line_break_holder] --><\/div><!-- [et_pb_line_break_holder] --><\/div><!-- [et_pb_line_break_holder] --><div style=\"font-size: 18px; font-family: Calibri; text-align: left; margin-top: 10px; margin-bottom: 10px;\"><strong>12:45 \u2013 14:00 Ob\u011bd<\/strong><\/div><!-- [et_pb_line_break_holder] --><div style=\"font-size: 18px; font-family: Calibri; text-align: left; margin-top: 10px; margin-bottom: 10px;\"><strong>14:00 \u2013 16:00 Co u\u017e m\u00e1me\u2026 kaleidoskop dat a slu\u017eeb<!\u2013- [et_pb_br_holder] -\u2013><\/strong><\/div><!-- [et_pb_line_break_holder] --><!--2. Den - St\u0159eda 9.\u0159\u00edjna--><!-- [et_pb_line_break_holder] --><div style=\"font-size: 18px; font-family: Calibri; text-align: left;\"><strong><a href=\"https:\/\/inspirujmese.eu\/2008\/prezentace\/2008_09_redesign_stat_systemu-1.pdf?_t=1759914164\" target=\"_blank\" rel=\"noopener noreferrer\">\u010cesk\u00fd statistick\u00fd \u00fa\u0159ad jako poskytovatel dat pro INSPIRE<\/a><\/strong><\/div><!-- [et_pb_line_break_holder] --><div style=\"font-size: 18px; font-family: Calibri; text-align: left; margin-top: 0px;\"><em>Zde\u0148ka Udr\u017ealov\u00e1, \u010cesk\u00fd statistick\u00fd \u00fa\u0159ad <\/em><\/div><!-- [et_pb_line_break_holder] --><div style=\"font-size: 18px; font-family: Calibri; text-align: left; margin-top: 10px;\"><strong><a href=\"https:\/\/inspirujmese.eu\/2008\/prezentace\/2008_10_met_is_mzp_sk-1.pdf?_t=1759914164\" target=\"_blank\" rel=\"noopener noreferrer\">EnviroInfo? Metainforma\u010dn\u00fd syst\u00e9m \u017eivotn\u00e9ho prostredia<\/a><\/strong><\/div><!-- [et_pb_line_break_holder] --><div style=\"font-size: 18px; font-family: Calibri; text-align: left; margin-top: 0px;\"><em>Jan T\u00f3bik, Martin Tuchy\u0148a, Slovensk\u00e1 agent\u00fara \u017eivotn\u00e9ho prostredia <\/em><\/div><!-- [et_pb_line_break_holder] --><div style=\"font-size: 18px; font-family: Calibri; text-align: left; margin-top: 10px;\"><strong><a href=\"https:\/\/inspirujmese.eu\/2008\/prezentace\/2008_11_data_zu-1.pdf?_t=1759914164\" target=\"_blank\" rel=\"noopener noreferrer\">Mo\u017enosti a podm\u00ednky vyu\u017eit\u00ed prostorov\u00fdch dat Zem\u011bm\u011b\u0159i\u010dsk\u00e9ho \u00fa\u0159adu<\/a><\/strong><\/div><!-- [et_pb_line_break_holder] --><div style=\"font-size: 18px; font-family: Calibri; text-align: left; margin-top: 0px;\"><em>Petr Dvo\u0159\u00e1\u010dek, Zem\u011bm\u011b\u0159ick\u00fd \u00fa\u0159ad <\/em><\/div><!-- [et_pb_line_break_holder] --><div style=\"font-size: 18px; font-family: Calibri; text-align: left; margin-top: 10px;\"><strong><a href=\"https:\/\/inspirujmese.eu\/2008\/prezentace\/2008_12_portal_plzen-1.pdf?_t=1759914164\" target=\"_blank\" rel=\"noopener noreferrer\">Geoport\u00e1l Plze\u0148<\/a><\/strong><\/div><!-- [et_pb_line_break_holder] --><div style=\"font-size: 18px; font-family: Calibri; text-align: left; margin-top: 0px;\"><em>V\u00e1clav Ku\u010dera, Stanislav \u0160tangl, Magistr\u00e1t m\u011bsta Plzn\u011b<\/em><\/div><!-- [et_pb_line_break_holder] --><div style=\"font-size: 18px; font-family: Calibri; text-align: left; margin-top: 10px;\"><strong><a href=\"https:\/\/inspirujmese.eu\/2008\/prezentace\/2008_13_licencni_politika-1.pdf?_t=1759914164\" target=\"_blank\" rel=\"noopener noreferrer\">Ve\u0159ejn\u011b dostupn\u00e1 data a licen\u010dn\u00ed politika<\/a><\/strong><\/div><!-- [et_pb_line_break_holder] --><div style=\"font-size: 18px; font-family: Calibri; text-align: left; margin-top: 0px;\"><em>Karel Charv\u00e1t, \u010cesk\u00e9 centrum pro v\u011bdu a spole\u010dnost<\/em><\/div><!-- [et_pb_line_break_holder] --><div style=\"font-size: 18px; font-family: Calibri; text-align: left; margin-top: 10px;\"><strong><a href=\"https:\/\/inspirujmese.eu\/2008\/prezentace\/2008_14_onegeology_europe-1.pdf?_t=1759914164\" target=\"_blank\" rel=\"noopener noreferrer\">One Geology Europe and INSPIRE a \u010cesk\u00e1 geologick\u00e1 slu\u017eba<\/a><\/strong><\/div><!-- [et_pb_line_break_holder] --><div style=\"font-size: 18px; font-family: Calibri; text-align: left; margin-top: 0px;\"><em>Robert Tomas, \u010cesk\u00e1 geologick\u00e1 slu\u017eba<\/em><\/div><!-- [et_pb_line_break_holder] --><div style=\"font-size: 18px; font-family: Calibri; text-align: left; margin-top: 0px;\"><!-- [et_pb_line_break_holder] --><div style=\"font-size: 18px; font-family: Calibri; text-align: left; margin-top: 10px;\"><strong><a href=\"https:\/\/inspirujmese.eu\/2008\/prezentace\/2008_15_krnap_inspire-1.pdf?_t=1759914164\" target=\"_blank\" rel=\"noopener noreferrer\">INSPIRE v Krkono\u0161\u00edch \u2013 v\u00fdvoj spolupr\u00e1ce \u010desk\u00e9ho a polsk\u00e9ho n\u00e1rodn\u00edho parku<\/a><\/strong><\/div><!-- [et_pb_line_break_holder] --><div style=\"font-size: 18px; font-family: Calibri; text-align: left; margin-top: 0px;\"><em>Tom\u00e1\u0161 Lhota, Spr\u00e1va Krkono\u0161sk\u00e9ho n\u00e1rodn\u00edho parku<\/em><\/div><!-- [et_pb_line_break_holder] --><div style=\"font-size: 18px; font-family: Calibri; text-align: left; margin-top: 0px;\"><!-- [et_pb_line_break_holder] --><div style=\"font-size: 18px; font-family: Calibri; text-align: left; margin-top: 10px; margin-bottom: 10px;\"><strong>16:00 \u2013 16:30 P\u0159est\u00e1vka<\/strong><\/div><!-- [et_pb_line_break_holder] --><div style=\"font-size: 18px; font-family: Calibri; text-align: left; margin-top: 10px; margin-bottom: 10px;\"><strong>16:30 \u2013 17:30 P\u0159edstaven\u00ed aktu\u00e1ln\u00ed stav u INSPIRE v\u00fdvoje implementa\u010dn\u00edch pravidel <a href=\"https:\/\/inspirujmese.eu\/2008\/prezentace\/2008_16_1_inspire_status-1.pdf?_t=1759914164\">[1. \u010d\u00e1st]<\/a>, <a href=\"https:\/\/inspirujmese.eu\/2008\/prezentace\/2008_16_2_inspire_ds_development-1.pdf?_t=1759914164\">[2.\u010d\u00e1st]<\/a><!\u2013- [et_pb_br_holder] -\u2013><\/strong><\/div><!-- [et_pb_line_break_holder] --><div style=\"font-size: 18px; font-family: Calibri; text-align: left; margin-top: 10px; margin-bottom: 10px;\"><em>Martin Tuchy\u0148a, Joint Research Centre <\/em><\/div><!-- [et_pb_line_break_holder] --><div style=\"font-size: 18px; font-family: Calibri; text-align: left; margin-top: 10px;\"><strong>17:30 \u2013 18:30 Koordinace n\u00e1rodn\u00ed infrastruktury prostorov\u00fdch dat<\/strong><\/div><!-- [et_pb_line_break_holder] --><div style=\"font-size: 18px; font-family: Calibri; text-align: left; margin-top: 0px;\"><em>Vize st\u00e1tn\u00ed geoinforma\u010dn\u00ed politiky p\u0159edstaven\u00e1 n\u00e1m\u011bstkyn\u00ed ministra \u017eivotn\u00edho prost\u0159ed\u00ed R\u00fat B\u00edzkovou, <a href=\"https:\/\/inspirujmese.eu\/2008\/prezentace\/2008_17_03_inspirujeme_se_daty-1.pdf?_t=1759915646\">n\u00e1m\u011bstkem ministra vnitra Zde\u0148kem Zaj\u00ed\u010dkem<\/a>, <a href=\"https:\/\/inspirujmese.eu\/2008\/prezentace\/2008_17_04_vliv_smernice_inspire_na_data_ruian-1.pdf?_t=1759915684\">m\u00edstop\u0159edsedou \u010cesk\u00e9ho \u00fa\u0159adu zem\u011bm\u011b\u0159ick\u00e9ho a katastr\u00e1ln\u00edho Karlem \u0160tencelem<\/a> a p\u0159edsedou \u010cesk\u00e9 asociace pro geoinformace Ji\u0159\u00edm Hiessem.<\/em><\/div><!-- [et_pb_line_break_holder] --><div style=\"font-size: 18px; font-family: Calibri; text-align: left; margin-top: 0px;\">\u00a0<\/div><!-- [et_pb_line_break_holder] --><div style=\"font-size: 18px; font-family: Calibri; text-align: left; margin-top: 0px;\"><em><strong>18:30 \u2013 20:00 Z\u00e1v\u011bre\u010dn\u00fd koktejl<!\u2013- [et_pb_br_holder] -\u2013><\/strong><\/em><\/div><!-- [et_pb_line_break_holder] --><\/div><!-- [et_pb_line_break_holder] --><\/div><!-- [et_pb_line_break_holder] --><\/div><!-- [et_pb_line_break_holder] -->[\/et_pb_code][\/et_pb_column][\/et_pb_row][\/et_pb_section]","protected":false},"excerpt":{"rendered":"<p>2008 \u2013 INSPIRUJME SE\u2026 DATY O KONFERENCI Ve st\u0159edu 19. 11. 2008 \u00fasp\u011b\u0161n\u011b prob\u011bhla konference Inspirujme se\u2026daty. Konferenci nav\u0161t\u00edvilo na 130 \u00fa\u010dastn\u00edk\u016f z \u0159ad st\u00e1tn\u00ed sp\u00e1vy, samospr\u00e1vy, odborn\u00fdch firem podnikaj\u00edc\u00edch v oblasti GIS a student\u016f vysok\u00fdch \u0161kol. Konferenci uzav\u0159elo p\u0159edstaven\u00ed vize st\u00e1tn\u00ed geoinforma\u010dn\u00ed politiky n\u00e1m\u011bstkyn\u00ed ministra \u017eivotn\u00edho prost\u0159ed\u00ed Rut B\u00edzkovou a n\u00e1m\u011bstkem ministra vnitra Zde\u0148kem [&hellip;]<\/p>\n","protected":false},"author":5,"featured_media":0,"parent":0,"menu_order":0,"comment_status":"closed","ping_status":"closed","template":"","meta":{"_et_pb_use_builder":"on","_et_pb_old_content":"","_et_gb_content_width":"","footnotes":""},"folder":[],"class_list":["post-3424","page","type-page","status-publish","hentry"],"_links":{"self":[{"href":"https:\/\/inspirujmese.eu\/cs\/wp-json\/wp\/v2\/pages\/3424","targetHints":{"allow":["GET"]}}],"collection":[{"href":"https:\/\/inspirujmese.eu\/cs\/wp-json\/wp\/v2\/pages"}],"about":[{"href":"https:\/\/inspirujmese.eu\/cs\/wp-json\/wp\/v2\/types\/page"}],"author":[{"embeddable":true,"href":"https:\/\/inspirujmese.eu\/cs\/wp-json\/wp\/v2\/users\/5"}],"replies":[{"embeddable":true,"href":"https:\/\/inspirujmese.eu\/cs\/wp-json\/wp\/v2\/comments?post=3424"}],"version-history":[{"count":6,"href":"https:\/\/inspirujmese.eu\/cs\/wp-json\/wp\/v2\/pages\/3424\/revisions"}],"predecessor-version":[{"id":4072,"href":"https:\/\/inspirujmese.eu\/cs\/wp-json\/wp\/v2\/pages\/3424\/revisions\/4072"}],"wp:attachment":[{"href":"https:\/\/inspirujmese.eu\/cs\/wp-json\/wp\/v2\/media?parent=3424"}],"wp:term":[{"taxonomy":"folder","embeddable":true,"href":"https:\/\/inspirujmese.eu\/cs\/wp-json\/wp\/v2\/folder?post=3424"}],"curies":[{"name":"wp","href":"https:\/\/api.w.org\/{rel}","templated":true}]}}