{"id":4463,"date":"2026-03-05T14:06:29","date_gmt":"2026-03-05T13:06:29","guid":{"rendered":"https:\/\/inspirujmese.eu\/?page_id=4463"},"modified":"2026-03-05T15:00:46","modified_gmt":"2026-03-05T14:00:46","slug":"den-s-inspire-2020","status":"publish","type":"page","link":"https:\/\/inspirujmese.eu\/cs\/den-s-inspire-2020\/","title":{"rendered":"DEN S INSPIRE 2020"},"content":{"rendered":"<p>[et_pb_section fb_built=&#8220;1&#8243; _builder_version=&#8220;4.27.5&#8243; _module_preset=&#8220;default&#8220; background_color=&#8220;RGBA(255,255,255,0)&#8220; background_image=&#8220;https:\/\/inspirujmese.eu\/wp-content\/uploads\/2026\/03\/cropped-1.jpg&#8220; global_colors_info=&#8220;{}&#8220;][et_pb_row _builder_version=&#8220;4.27.5&#8243; _module_preset=&#8220;default&#8220; global_colors_info=&#8220;{}&#8220;][et_pb_column type=&#8220;4_4&#8243; _builder_version=&#8220;4.27.0&#8243; _module_preset=&#8220;default&#8220; global_colors_info=&#8220;{}&#8220;][et_pb_text _builder_version=&#8220;4.27.5&#8243; _module_preset=&#8220;default&#8220; header_font=&#8220;|||on|||||&#8220; header_text_color=&#8220;#FFFFFF&#8220; header_font_size=&#8220;37px&#8220; header_line_height=&#8220;1.4em&#8220; header_font_size_tablet=&#8220;37px&#8220; header_font_size_phone=&#8220;29px&#8220; header_font_size_last_edited=&#8220;on|phone&#8220; global_colors_info=&#8220;{}&#8220;]<\/p>\n<h1 style=\"text-align: center;\">DEN S INSPIRE 2020<\/h1>\n<p>[\/et_pb_text][\/et_pb_column][\/et_pb_row][\/et_pb_section][et_pb_section fb_built=&#8220;1&#8243; _builder_version=&#8220;4.27.5&#8243; _module_preset=&#8220;default&#8220; background_color=&#8220;#d5d9db&#8220; global_colors_info=&#8220;{}&#8220;][et_pb_row _builder_version=&#8220;4.27.0&#8243; _module_preset=&#8220;default&#8220; global_colors_info=&#8220;{}&#8220;][et_pb_column type=&#8220;4_4&#8243; _builder_version=&#8220;4.27.0&#8243; _module_preset=&#8220;default&#8220; global_colors_info=&#8220;{}&#8220;][et_pb_text content_tablet=&#8220;<\/p>\n<div class=%22row col-xs-12%22>\n<div class=%22section-title-col content-center-sm%22 data-type=%22column%22>\n<h2 class=%22%22 style=%22text-align: center;%22><span>O KONFERENCI<\/span><\/h2>\n<p><span><\/span><\/p>\n<p class=%22lead%22 style=%22text-align: center;%22><strong>Zveme v\u00e1s na konferenci \u201eCopernicus forum a Inspirujme se 2023\u201c, kter\u00e1 se uskute\u010dn\u00ed ve dnech 29. \u2013 30. 11. 2023 ve Hv\u011bzd\u00e1rn\u011b a planet\u00e1riu Brno.<\/strong><span><\/span><\/p>\n<p class=%22lead%22 style=%22text-align: center;%22><strong><\/strong><\/p>\n<\/div>\n<\/div>\n<div class=%22row col-xs-12%22>\n<div class=%22button-holder space-bottom space-bottom-small content-center-sm%22 data-type=%22column%22>\n<p class=%22lead%22 style=%22text-align: center;%22><span>Evropsk\u00e1 unie i v dne\u0161n\u00ed dob\u011b pln\u00e9 nejistoty podporuje vyu\u017e\u00edv\u00e1n\u00ed modern\u00edch technologi\u00ed a lidsk\u00e9ho potenci\u00e1lu pro podporu sb\u011bru, tvorby a vyu\u017e\u00edv\u00e1n\u00ed dat o planet\u011b Zemi.<\/span><br \/><span>Program Copernicus zam\u011b\u0159en\u00fd na d\u00e1lkov\u00fd pr\u016fzkum Zem\u011b a infrastruktura INSPIRE adresuj\u00edc\u00ed harmonizovan\u00e9 sd\u00edlen\u00ed prostorov\u00fdch dat pat\u0159\u00ed mezi d\u016fle\u017eit\u00e9 iniciativy \u0159\u00edzen\u00e9 a podporovan\u00e9 Evropskou komis\u00ed ve spolupr\u00e1ci s Evropskou vesm\u00edrnou agenturou (ESA), Evropskou agenturou \u017eivotn\u00edho prost\u0159ed\u00ed (EEA), Evropskou organizac\u00ed pro vyu\u017e\u00edv\u00e1n\u00ed meteorologick\u00fdch dru\u017eic (EUMETSAT), Evropsk\u00fdm centrem pro st\u0159edn\u011bdobou p\u0159edpov\u011b\u010f po\u010das\u00ed (ECMWF) a dal\u0161\u00edmi institucemi.<\/span><br \/><span>Ob\u011b iniciativy vznikly za \u00fa\u010delem chr\u00e1nit \u017eivotn\u00ed prost\u0159ed\u00ed vyu\u017e\u00edv\u00e1n\u00edm dostate\u010dn\u00e9ho mno\u017estv\u00ed harmonizovan\u00fdch dat, kter\u00e1 jsou pro ochranu planety nezbytn\u00e9. Spojen\u00e1 konference organizov\u00e1na pod nejv\u011bt\u0161\u00ed akc\u00ed zam\u011b\u0159enou na kosmick\u00fd pr\u016fmysl Czech Space Week proto p\u0159irozen\u011b vytv\u00e1\u0159\u00ed prost\u0159ed\u00ed pro propojen\u00ed komunit a hled\u00e1n\u00ed synergi\u00ed mezi potenci\u00e1ly a v\u00fdzvami obou iniciativ.<\/span><br \/><span>V\u011b\u0159\u00edme, \u017ee tato akce p\u0159inese \u00fa\u010dastn\u00edk\u016fm novou inspiraci a poskytne p\u0159\u00edle\u017eitost pro nov\u00e9 formy spolupr\u00e1ce. Leto\u0161n\u00ed ro\u010dn\u00edk spojen\u00fdch konferenc\u00ed \u010cesk\u00e9 u\u017eivatelsk\u00e9 f\u00f3rum Copernicus a Inspirujme se tak\u00e9 poprv\u00e9 prob\u011bhne na p\u016fl cesty mezi \u010deskou a slovenskou komunitou v inspirativn\u00edm prost\u0159ed\u00ed Hv\u011bzd\u00e1rny a planet\u00e1ria v Brn\u011b.<\/span><br \/><span>Samotn\u00e1 konference v r\u00e1mci nov\u00e9ho konceptu nab\u00eddne dva dny rozd\u011blen\u00e9 dle t\u00e9mat, ka\u017ed\u00e9 z nich bude m\u00edt sv\u016fj konferen\u010dn\u00ed den a den pouze pro workshopy. Program Copernicus dostane prostor pro p\u0159edn\u00e1\u0161ky v prvn\u00edm dni, druh\u00fd den bude zam\u011b\u0159en na praktick\u00e9 workshopy. INSPIRE prob\u011bhne naopak. V nult\u00e9m dni (tedy 28. 11. 2023) pro v\u00e1s tak\u00e9 chyst\u00e1me kulturn\u00ed program.<\/span><\/p>\n<\/div>\n<\/div>\n<p>&#8220; content_phone=&#8220;<\/p>\n<div class=%22row col-xs-12%22>\n<div class=%22section-title-col content-center-sm%22 data-type=%22column%22>\n<h3 style=%22text-align: center;%22><span>O KONFERENCI<\/span><\/h3>\n<p><span><\/span><\/p>\n<p class=%22lead%22 style=%22text-align: center;%22><strong>Zveme v\u00e1s na konferenci \u201eCopernicus forum a Inspirujme se 2023\u201c, kter\u00e1 se uskute\u010dn\u00ed ve dnech 29. \u2013 30. 11. 2023 ve Hv\u011bzd\u00e1rn\u011b a planet\u00e1riu Brno.<\/strong><span><\/span><\/p>\n<p class=%22lead%22 style=%22text-align: center;%22><strong><\/strong><\/p>\n<\/div>\n<\/div>\n<div class=%22row col-xs-12%22>\n<div class=%22button-holder space-bottom space-bottom-small content-center-sm%22 data-type=%22column%22>\n<p class=%22lead%22 style=%22text-align: center;%22><span>Evropsk\u00e1 unie i v dne\u0161n\u00ed dob\u011b pln\u00e9 nejistoty podporuje vyu\u017e\u00edv\u00e1n\u00ed modern\u00edch technologi\u00ed a lidsk\u00e9ho potenci\u00e1lu pro podporu sb\u011bru, tvorby a vyu\u017e\u00edv\u00e1n\u00ed dat o planet\u011b Zemi.<\/span><br \/><span>Program Copernicus zam\u011b\u0159en\u00fd na d\u00e1lkov\u00fd pr\u016fzkum Zem\u011b a infrastruktura INSPIRE adresuj\u00edc\u00ed harmonizovan\u00e9 sd\u00edlen\u00ed prostorov\u00fdch dat pat\u0159\u00ed mezi d\u016fle\u017eit\u00e9 iniciativy \u0159\u00edzen\u00e9 a podporovan\u00e9 Evropskou komis\u00ed ve spolupr\u00e1ci s Evropskou vesm\u00edrnou agenturou (ESA), Evropskou agenturou \u017eivotn\u00edho prost\u0159ed\u00ed (EEA), Evropskou organizac\u00ed pro vyu\u017e\u00edv\u00e1n\u00ed meteorologick\u00fdch dru\u017eic (EUMETSAT), Evropsk\u00fdm centrem pro st\u0159edn\u011bdobou p\u0159edpov\u011b\u010f po\u010das\u00ed (ECMWF) a dal\u0161\u00edmi institucemi.<\/span><br \/><span>Ob\u011b iniciativy vznikly za \u00fa\u010delem chr\u00e1nit \u017eivotn\u00ed prost\u0159ed\u00ed vyu\u017e\u00edv\u00e1n\u00edm dostate\u010dn\u00e9ho mno\u017estv\u00ed harmonizovan\u00fdch dat, kter\u00e1 jsou pro ochranu planety nezbytn\u00e9. Spojen\u00e1 konference organizov\u00e1na pod nejv\u011bt\u0161\u00ed akc\u00ed zam\u011b\u0159enou na kosmick\u00fd pr\u016fmysl Czech Space Week proto p\u0159irozen\u011b vytv\u00e1\u0159\u00ed prost\u0159ed\u00ed pro propojen\u00ed komunit a hled\u00e1n\u00ed synergi\u00ed mezi potenci\u00e1ly a v\u00fdzvami obou iniciativ.<\/span><br \/><span>V\u011b\u0159\u00edme, \u017ee tato akce p\u0159inese \u00fa\u010dastn\u00edk\u016fm novou inspiraci a poskytne p\u0159\u00edle\u017eitost pro nov\u00e9 formy spolupr\u00e1ce. Leto\u0161n\u00ed ro\u010dn\u00edk spojen\u00fdch konferenc\u00ed \u010cesk\u00e9 u\u017eivatelsk\u00e9 f\u00f3rum Copernicus a Inspirujme se tak\u00e9 poprv\u00e9 prob\u011bhne na p\u016fl cesty mezi \u010deskou a slovenskou komunitou v inspirativn\u00edm prost\u0159ed\u00ed Hv\u011bzd\u00e1rny a planet\u00e1ria v Brn\u011b.<\/span><br \/><span>Samotn\u00e1 konference v r\u00e1mci nov\u00e9ho konceptu nab\u00eddne dva dny rozd\u011blen\u00e9 dle t\u00e9mat, ka\u017ed\u00e9 z nich bude m\u00edt sv\u016fj konferen\u010dn\u00ed den a den pouze pro workshopy. Program Copernicus dostane prostor pro p\u0159edn\u00e1\u0161ky v prvn\u00edm dni, druh\u00fd den bude zam\u011b\u0159en na praktick\u00e9 workshopy. INSPIRE prob\u011bhne naopak. V nult\u00e9m dni (tedy 28. 11. 2023) pro v\u00e1s tak\u00e9 chyst\u00e1me kulturn\u00ed program.<\/span><\/p>\n<\/div>\n<\/div>\n<p>&#8220; content_last_edited=&#8220;off|desktop&#8220; _builder_version=&#8220;4.27.5&#8243; _module_preset=&#8220;default&#8220; text_font=&#8220;&#8211;et_global_body_font|300|||||||&#8220; text_text_color=&#8220;#000000&#8243; text_font_size=&#8220;15px&#8220; text_line_height=&#8220;2em&#8220; header_font=&#8220;Roboto||||||||&#8220; header_2_font=&#8220;&#8211;et_global_heading_font||||on|||#FFFFFF|&#8220; header_2_text_color=&#8220;#FFFFFF&#8220; header_2_font_size=&#8220;44px&#8220; header_3_text_color=&#8220;#FFFFFF&#8220; header_3_font_size=&#8220;30px&#8220; hover_enabled=&#8220;0&#8243; text_font_size_tablet=&#8220;15px&#8220; text_font_size_phone=&#8220;12px&#8220; text_font_size_last_edited=&#8220;on|phone&#8220; content_sk_sk=&#8220;<\/p>\n<div class=%22row col-xs-12%22>\n<div class=%22section-title-col content-center-sm%22 data-type=%22column%22>\n<h2 class=%22%22 style=%22text-align: center;%22><span>O KONFERENCI<\/span><\/h2>\n<p><span><\/span><\/p>\n<p class=%22lead%22 style=%22text-align: center;%22><strong>Zveme v\u00e1s na konferenci \u201eCopernicus forum a Inspirujme se 2023\u201c, kter\u00e1 se uskute\u010dn\u00ed ve dnech 29. \u2013 30. 11. 2023 ve Hv\u011bzd\u00e1rn\u011b a planet\u00e1riu Brno.<\/strong><span><\/span><\/p>\n<p class=%22lead%22 style=%22text-align: center;%22><strong><\/strong><\/p>\n<\/div>\n<\/div>\n<div class=%22row col-xs-12%22>\n<div class=%22button-holder space-bottom space-bottom-small content-center-sm%22 data-type=%22column%22>\n<p class=%22lead%22 style=%22text-align: center;%22><span>Evropsk\u00e1 unie i v dne\u0161n\u00ed dob\u011b pln\u00e9 nejistoty podporuje vyu\u017e\u00edv\u00e1n\u00ed modern\u00edch technologi\u00ed a lidsk\u00e9ho potenci\u00e1lu pro podporu sb\u011bru, tvorby a vyu\u017e\u00edv\u00e1n\u00ed dat o planet\u011b Zemi.<\/span><br \/><span>Program Copernicus zam\u011b\u0159en\u00fd na d\u00e1lkov\u00fd pr\u016fzkum Zem\u011b a infrastruktura INSPIRE adresuj\u00edc\u00ed harmonizovan\u00e9 sd\u00edlen\u00ed prostorov\u00fdch dat pat\u0159\u00ed mezi d\u016fle\u017eit\u00e9 iniciativy \u0159\u00edzen\u00e9 a podporovan\u00e9 Evropskou komis\u00ed ve spolupr\u00e1ci s Evropskou vesm\u00edrnou agenturou (ESA), Evropskou agenturou \u017eivotn\u00edho prost\u0159ed\u00ed (EEA), Evropskou organizac\u00ed pro vyu\u017e\u00edv\u00e1n\u00ed meteorologick\u00fdch dru\u017eic (EUMETSAT), Evropsk\u00fdm centrem pro st\u0159edn\u011bdobou p\u0159edpov\u011b\u010f po\u010das\u00ed (ECMWF) a dal\u0161\u00edmi institucemi.<\/span><br \/><span>Ob\u011b iniciativy vznikly za \u00fa\u010delem chr\u00e1nit \u017eivotn\u00ed prost\u0159ed\u00ed vyu\u017e\u00edv\u00e1n\u00edm dostate\u010dn\u00e9ho mno\u017estv\u00ed harmonizovan\u00fdch dat, kter\u00e1 jsou pro ochranu planety nezbytn\u00e9. Spojen\u00e1 konference organizov\u00e1na pod nejv\u011bt\u0161\u00ed akc\u00ed zam\u011b\u0159enou na kosmick\u00fd pr\u016fmysl Czech Space Week proto p\u0159irozen\u011b vytv\u00e1\u0159\u00ed prost\u0159ed\u00ed pro propojen\u00ed komunit a hled\u00e1n\u00ed synergi\u00ed mezi potenci\u00e1ly a v\u00fdzvami obou iniciativ.<\/span><br \/><span>V\u011b\u0159\u00edme, \u017ee tato akce p\u0159inese \u00fa\u010dastn\u00edk\u016fm novou inspiraci a poskytne p\u0159\u00edle\u017eitost pro nov\u00e9 formy spolupr\u00e1ce. Leto\u0161n\u00ed ro\u010dn\u00edk spojen\u00fdch konferenc\u00ed \u010cesk\u00e9 u\u017eivatelsk\u00e9 f\u00f3rum Copernicus a Inspirujme se tak\u00e9 poprv\u00e9 prob\u011bhne na p\u016fl cesty mezi \u010deskou a slovenskou komunitou v inspirativn\u00edm prost\u0159ed\u00ed Hv\u011bzd\u00e1rny a planet\u00e1ria v Brn\u011b.<\/span><br \/><span>Samotn\u00e1 konference v r\u00e1mci nov\u00e9ho konceptu nab\u00eddne dva dny rozd\u011blen\u00e9 dle t\u00e9mat, ka\u017ed\u00e9 z nich bude m\u00edt sv\u016fj konferen\u010dn\u00ed den a den pouze pro workshopy. Program Copernicus dostane prostor pro p\u0159edn\u00e1\u0161ky v prvn\u00edm dni, druh\u00fd den bude zam\u011b\u0159en na praktick\u00e9 workshopy. INSPIRE prob\u011bhne naopak. V nult\u00e9m dni (tedy 28. 11. 2023) pro v\u00e1s tak\u00e9 chyst\u00e1me kulturn\u00ed program.<\/span><\/p>\n<\/div>\n<\/div>\n<p>&#8220; global_colors_info=&#8220;{}&#8220; sticky_enabled=&#8220;0&#8243;]<\/p>\n<div class=\"row col-xs-12\">\n<div class=\"section-title-col content-center-sm\" data-type=\"column\"><span>CENIA, \u010desk\u00e1 informa\u010dn\u00ed agentura \u017eivotn\u00edho prost\u0159ed\u00ed v\u00e1s zve na semin\u00e1\u0159 \u2013 Den s INSPIRE. Leto\u0161n\u00ed ro\u010dn\u00edk se s ohledem na sou\u010dasn\u00e9 epidemiologick\u00e9 podm\u00ednky spojen\u00e9 s COVID-19 uskute\u010dn\u00ed online, a to ve t\u0159ech term\u00ednech. P\u0159ipravili jsme pro V\u00e1s prezentace zam\u011b\u0159en\u00e9 na INSPIRE metadata 2.0, harmonizaci dat za pomoc\u00ed programu HALE studio, zm\u011bny v legislativ\u011b a p\u0159edstaven\u00ed katalogu po\u017eadavk\u016f pro nov\u00fd geoport\u00e1l. \u00da\u010dast na akci je pro v\u0161echny registrovan\u00e9 zdarma. Pod\u00edvejte se na zve\u0159ejn\u011bn\u00fd program a zaregistrujte se na V\u00e1mi vybran\u00e9 term\u00edny!<\/span><\/div>\n<\/div>\n<p>[\/et_pb_text][\/et_pb_column][\/et_pb_row][\/et_pb_section][et_pb_section fb_built=&#8220;1&#8243; _builder_version=&#8220;4.27.5&#8243; _module_preset=&#8220;default&#8220; global_colors_info=&#8220;{}&#8220;][et_pb_row _builder_version=&#8220;4.27.5&#8243; _module_preset=&#8220;default&#8220; global_colors_info=&#8220;{}&#8220;][et_pb_column type=&#8220;4_4&#8243; _builder_version=&#8220;4.27.5&#8243; _module_preset=&#8220;default&#8220; global_colors_info=&#8220;{}&#8220;][et_pb_text _builder_version=&#8220;4.27.5&#8243; _module_preset=&#8220;default&#8220; hover_enabled=&#8220;0&#8243; global_colors_info=&#8220;{}&#8220; sticky_enabled=&#8220;0&#8243;]<\/p>\n<p><strong>PROGRAM:<\/strong><\/p>\n<p><strong>1. TERM\u00cdN 10. 11. 2020 (10:00\u201312:00) \u2013 METADATA<\/strong><br \/><span>Jak vytvo\u0159it metadata ve form\u00e1tu 2.0 na N\u00e1rodn\u00edm geoport\u00e1lu INSPIRE, Harvesting a validace metadat (Jitka Faugnerov\u00e1, Magdalena Kab\u00e1tov\u00e1, CENIA)<\/span><br \/><span><a href=\"https:\/\/inspirujmese.eu\/souvisejici-akce\/1_Den-s-INSPIRE_metadata_uvod.pdf\" target=\"_blank\" rel=\"noopener noreferrer\">prezentace v pdf<\/a><\/span><br \/><span><a href=\"https:\/\/youtu.be\/GJtiYhddqnk\" target=\"_blank\" rel=\"noopener noreferrer\" class=\"\">videoz\u00e1znam p\u0159edn\u00e1\u0161ky<\/a><br \/><a href=\"https:\/\/geoportal.gov.cz\/c\/document_library\/get_file?uuid=b24cf983-4ee2-4556-ad58-3a4a8cea8ef9&amp;groupId=10138\" target=\"_blank\" rel=\"noopener noreferrer\" class=\"\">n\u00e1vod k nov\u00e9mu metadatov\u00e9mu editoru<\/a><br \/><\/span><br \/><span>P\u0159echod na metadata 2.0 (Veronika K\u016fsov\u00e1, \u010c\u00daZK)<\/span><br \/><span><a href=\"https:\/\/inspirujmese.eu\/souvisejici-akce\/2_metadata_2.0_Veronika-Kusova_CUZK.pdf\" target=\"_blank\" rel=\"noopener noreferrer\">prezentace v pdf<\/a><br \/><a href=\"https:\/\/youtu.be\/DeXfZQt65Yc\" target=\"_blank\" rel=\"noopener noreferrer\" class=\"\">videoz\u00e1znam p\u0159edn\u00e1\u0161ky<\/a><\/span><\/p>\n<p><span>Metadata pro n\u00e1rodn\u00ed infrastrukturu pro prostorov\u00e9 informace podle ISO norem geografick\u00e9 informace (Radek Makovec, V\u00daGTK)<\/span><br \/><span><a href=\"https:\/\/inspirujmese.eu\/souvisejici-akce\/3_Metadata-pro-NIPI.pdf\" target=\"_blank\" rel=\"noopener noreferrer\">prezentace v pdf<\/a><\/span><br \/><span><a href=\"https:\/\/youtu.be\/7j-9lwR3vQU\" target=\"_blank\" rel=\"noopener noreferrer\" class=\"\">videoz\u00e1znam p\u0159edn\u00e1\u0161ky<\/a><\/span><span><\/span><\/p>\n<p><span><strong>2. TERM\u00cdN 18. 11. 2020 (10:00\u201312:00) \u2013 HARMONIZACE DAT<\/strong><br \/>Harmonizace dat pro INSPIRE pomoc\u00ed programu HALE studio<\/span><br \/><span><a href=\"https:\/\/inspirujmese.eu\/souvisejici-akce\/Den_s_INSPIRE_20201118.pdf\" target=\"_blank\" rel=\"noopener noreferrer\">Pr\u016fvodn\u00ed dokument k jednotliv\u00fdm \u010d\u00e1stem semin\u00e1\u0159e (Miroslav Fanta, CENIA)<\/a><\/span><br \/><span>Dokument obsahuje URL odkazy na prezentace, webov\u00e9 str\u00e1nky a dal\u0161\u00ed dokumenty pou\u017e\u00edvan\u00e9 a zmi\u0148ovan\u00e9 b\u011bhem v\u0161ech \u010d\u00e1st\u00ed semin\u00e1\u0159e.<\/span><\/p>\n<p>Jak pracovat s datov\u00fdmi specifikacemi INSPIRE<br \/><span><a href=\"https:\/\/youtu.be\/mx4u2twl6Ug?t=155\" target=\"_blank\" rel=\"noopener noreferrer\" class=\"\">videoz\u00e1znam p\u0159edn\u00e1\u0161ky<\/a><\/span><br \/><span><br \/>U\u017eite\u010dn\u00e9 tipy ze souboru prezentac\u00ed \u201eINSPIRE data specifications advanced\u201c<\/span><br \/><span><a href=\"https:\/\/youtu.be\/mx4u2twl6Ug?t=673\" target=\"_blank\" rel=\"noopener noreferrer\" class=\"\">videoz\u00e1znam p\u0159edn\u00e1\u0161ky<\/a><\/span><br \/><span><br \/>HALE: stru\u010dn\u00fd pr\u016fvodce webem<\/span><br \/><span><a href=\"https:\/\/youtu.be\/mx4u2twl6Ug?t=2497\" target=\"_blank\" rel=\"noopener noreferrer\" class=\"\">videoz\u00e1znam p\u0159edn\u00e1\u0161ky<\/a><\/span><br \/><span><br \/>HALE studio: kapitoly n\u00e1pov\u011bdy doporu\u010den\u00e9 pro za\u010d\u00e1te\u010dn\u00edky<\/span><br \/><span><a href=\"https:\/\/youtu.be\/mx4u2twl6Ug?t=2789\" target=\"_blank\" rel=\"noopener noreferrer\" class=\"\">videoz\u00e1znam p\u0159edn\u00e1\u0161ky<\/a><\/span><br \/><span><br \/>HALE studio: p\u0159\u00edklady, praktick\u00e1 uk\u00e1zka pr\u00e1ce s programem<\/span><br \/><span><a href=\"https:\/\/youtu.be\/mx4u2twl6Ug?t=3239\" target=\"_blank\" rel=\"noopener noreferrer\" class=\"\">videoz\u00e1znam p\u0159edn\u00e1\u0161ky<\/a><\/span><br \/><span><br \/>Podpora pro INSPIRE: Web spole\u010dnosti Epsilon Italia<\/span><br \/><span><a href=\"https:\/\/youtu.be\/mx4u2twl6Ug?t=6009\" target=\"_blank\" rel=\"noopener noreferrer\" class=\"\">videoz\u00e1znam p\u0159edn\u00e1\u0161ky<\/a><\/span><br \/><span><br \/>Web GeoSolutions: u\u017eite\u010dn\u00e9 tipy pro pr\u00e1ci s programem HALE<\/span><br \/><span><a href=\"https:\/\/youtu.be\/mx4u2twl6Ug?t=6030\" target=\"_blank\" rel=\"noopener noreferrer\" class=\"\">videoz\u00e1znam p\u0159edn\u00e1\u0161ky<\/a><\/span><\/p>\n<p><strong>3. TERM\u00cdN 25. 11. 2020 (10:00\u201312:00) \u2013 N\u00c1RODN\u00cd GEOPORT\u00c1L A ZM\u011aNY V LEGISLATIV\u011a<\/strong><span><\/span><span><br \/>Novelizace z\u00e1kona 123\/1998 Sb. (Jitka Faugnerov\u00e1, CENIA)<\/span><br \/><span><a href=\"https:\/\/inspirujmese.eu\/souvisejici-akce\/Den-s-INSPIRE_Legislativa.pdf\" target=\"_blank\" rel=\"noopener noreferrer\">p\u0159edn\u00e1\u0161ka v pdf<\/a><\/span><br \/><span><a href=\"https:\/\/youtu.be\/m5tTKhP17HM?t=81\" target=\"_blank\" rel=\"noopener noreferrer\" class=\"\">videoz\u00e1znam p\u0159edn\u00e1\u0161ky<\/a><\/span><br \/><span><br \/>P\u0159edstaven\u00ed katalogu po\u017eadavk\u016f pro nov\u00fd geoport\u00e1l (Jitka Faugnerov\u00e1, CENIA)<\/span><br \/><span><a href=\"https:\/\/inspirujmese.eu\/souvisejici-akce\/Den-s-INSPIRE_Geoportal.pdf\" target=\"_blank\" rel=\"noopener noreferrer\">p\u0159edn\u00e1\u0161ka v pdf<\/a><\/span><br \/><span><a href=\"https:\/\/youtu.be\/m5tTKhP17HM?t=451\" target=\"_blank\" rel=\"noopener noreferrer\" class=\"\">videoz\u00e1znam p\u0159edn\u00e1\u0161ky<\/a><\/span><\/p>\n<p>[\/et_pb_text][\/et_pb_column][\/et_pb_row][\/et_pb_section]<\/p>\n","protected":false},"excerpt":{"rendered":"<p>DEN S INSPIRE 2020 CENIA, \u010desk\u00e1 informa\u010dn\u00ed agentura \u017eivotn\u00edho prost\u0159ed\u00ed v\u00e1s zve na semin\u00e1\u0159 \u2013 Den s INSPIRE. Leto\u0161n\u00ed ro\u010dn\u00edk se s ohledem na sou\u010dasn\u00e9 epidemiologick\u00e9 podm\u00ednky spojen\u00e9 s COVID-19 uskute\u010dn\u00ed online, a to ve t\u0159ech term\u00ednech. P\u0159ipravili jsme pro V\u00e1s prezentace zam\u011b\u0159en\u00e9 na INSPIRE metadata 2.0, harmonizaci dat za pomoc\u00ed programu HALE studio, zm\u011bny [&hellip;]<\/p>\n","protected":false},"author":3,"featured_media":0,"parent":0,"menu_order":0,"comment_status":"closed","ping_status":"closed","template":"","meta":{"_et_pb_use_builder":"on","_et_pb_old_content":"","_et_gb_content_width":"","footnotes":""},"folder":[],"class_list":["post-4463","page","type-page","status-publish","hentry"],"_links":{"self":[{"href":"https:\/\/inspirujmese.eu\/cs\/wp-json\/wp\/v2\/pages\/4463","targetHints":{"allow":["GET"]}}],"collection":[{"href":"https:\/\/inspirujmese.eu\/cs\/wp-json\/wp\/v2\/pages"}],"about":[{"href":"https:\/\/inspirujmese.eu\/cs\/wp-json\/wp\/v2\/types\/page"}],"author":[{"embeddable":true,"href":"https:\/\/inspirujmese.eu\/cs\/wp-json\/wp\/v2\/users\/3"}],"replies":[{"embeddable":true,"href":"https:\/\/inspirujmese.eu\/cs\/wp-json\/wp\/v2\/comments?post=4463"}],"version-history":[{"count":7,"href":"https:\/\/inspirujmese.eu\/cs\/wp-json\/wp\/v2\/pages\/4463\/revisions"}],"predecessor-version":[{"id":4487,"href":"https:\/\/inspirujmese.eu\/cs\/wp-json\/wp\/v2\/pages\/4463\/revisions\/4487"}],"wp:attachment":[{"href":"https:\/\/inspirujmese.eu\/cs\/wp-json\/wp\/v2\/media?parent=4463"}],"wp:term":[{"taxonomy":"folder","embeddable":true,"href":"https:\/\/inspirujmese.eu\/cs\/wp-json\/wp\/v2\/folder?post=4463"}],"curies":[{"name":"wp","href":"https:\/\/api.w.org\/{rel}","templated":true}]}}