{"id":1325,"date":"2024-11-27T09:45:53","date_gmt":"2024-11-27T08:45:53","guid":{"rendered":"https:\/\/inspirujmese.eu\/cs\/?page_id=1325"},"modified":"2026-03-05T15:09:30","modified_gmt":"2026-03-05T14:09:30","slug":"archiv-2023","status":"publish","type":"page","link":"https:\/\/inspirujmese.eu\/sk\/archiv-2023\/","title":{"rendered":"Archiv 2023"},"content":{"rendered":"<p>[et_pb_section fb_built=&#8220;1&#8243; _builder_version=&#8220;4.27.0&#8243; _module_preset=&#8220;default&#8220; background_color=&#8220;#000000&#8243; global_colors_info=&#8220;{}&#8220;][et_pb_row _builder_version=&#8220;4.27.0&#8243; _module_preset=&#8220;default&#8220; global_colors_info=&#8220;{}&#8220;][et_pb_column type=&#8220;4_4&#8243; _builder_version=&#8220;4.27.0&#8243; _module_preset=&#8220;default&#8220; global_colors_info=&#8220;{}&#8220;][et_pb_text _builder_version=&#8220;4.27.0&#8243; _module_preset=&#8220;default&#8220; header_font=&#8220;|||on|||||&#8220; header_text_color=&#8220;#FFFFFF&#8220; header_font_size=&#8220;37px&#8220; header_font_size_tablet=&#8220;37px&#8220; header_font_size_phone=&#8220;29px&#8220; header_font_size_last_edited=&#8220;on|phone&#8220; global_colors_info=&#8220;{}&#8220;]<\/p>\n<h1 style=\"text-align: center;\">Copernicus forum a Inspirujme se 2023<\/h1>\n<p>[\/et_pb_text][\/et_pb_column][\/et_pb_row][\/et_pb_section][et_pb_section fb_built=&#8220;1&#8243; _builder_version=&#8220;4.27.0&#8243; _module_preset=&#8220;default&#8220; background_color=&#8220;#6f7070&#8243; global_colors_info=&#8220;{}&#8220;][et_pb_row _builder_version=&#8220;4.27.0&#8243; _module_preset=&#8220;default&#8220; global_colors_info=&#8220;{}&#8220;][et_pb_column type=&#8220;4_4&#8243; _builder_version=&#8220;4.27.0&#8243; _module_preset=&#8220;default&#8220; global_colors_info=&#8220;{}&#8220;][et_pb_text content_tablet=&#8220;<\/p>\n<div class=%22row col-xs-12%22>\n<div class=%22section-title-col content-center-sm%22 data-type=%22column%22>\n<h2 class=%22%22 style=%22text-align: center;%22><span>O KONFERENCI<\/span><\/h2>\n<p><span><\/span><\/p>\n<p class=%22lead%22 style=%22text-align: center;%22><strong>Zveme v\u00e1s na konferenci \u201eCopernicus forum a Inspirujme se 2023\u201c, kter\u00e1 se uskute\u010dn\u00ed ve dnech 29. \u2013 30. 11. 2023 ve Hv\u011bzd\u00e1rn\u011b a planet\u00e1riu Brno.<\/strong><span><\/span><\/p>\n<p class=%22lead%22 style=%22text-align: center;%22><strong><\/strong><\/p>\n<\/div>\n<\/div>\n<div class=%22row col-xs-12%22>\n<div class=%22button-holder space-bottom space-bottom-small content-center-sm%22 data-type=%22column%22>\n<p class=%22lead%22 style=%22text-align: center;%22><span>Evropsk\u00e1 unie i v dne\u0161n\u00ed dob\u011b pln\u00e9 nejistoty podporuje vyu\u017e\u00edv\u00e1n\u00ed modern\u00edch technologi\u00ed a lidsk\u00e9ho potenci\u00e1lu pro podporu sb\u011bru, tvorby a vyu\u017e\u00edv\u00e1n\u00ed dat o planet\u011b Zemi.<\/span><br \/><span>Program Copernicus zam\u011b\u0159en\u00fd na d\u00e1lkov\u00fd pr\u016fzkum Zem\u011b a infrastruktura INSPIRE adresuj\u00edc\u00ed harmonizovan\u00e9 sd\u00edlen\u00ed prostorov\u00fdch dat pat\u0159\u00ed mezi d\u016fle\u017eit\u00e9 iniciativy \u0159\u00edzen\u00e9 a podporovan\u00e9 Evropskou komis\u00ed ve spolupr\u00e1ci s Evropskou vesm\u00edrnou agenturou (ESA), Evropskou agenturou \u017eivotn\u00edho prost\u0159ed\u00ed (EEA), Evropskou organizac\u00ed pro vyu\u017e\u00edv\u00e1n\u00ed meteorologick\u00fdch dru\u017eic (EUMETSAT), Evropsk\u00fdm centrem pro st\u0159edn\u011bdobou p\u0159edpov\u011b\u010f po\u010das\u00ed (ECMWF) a dal\u0161\u00edmi institucemi.<\/span><br \/><span>Ob\u011b iniciativy vznikly za \u00fa\u010delem chr\u00e1nit \u017eivotn\u00ed prost\u0159ed\u00ed vyu\u017e\u00edv\u00e1n\u00edm dostate\u010dn\u00e9ho mno\u017estv\u00ed harmonizovan\u00fdch dat, kter\u00e1 jsou pro ochranu planety nezbytn\u00e9. Spojen\u00e1 konference organizov\u00e1na pod nejv\u011bt\u0161\u00ed akc\u00ed zam\u011b\u0159enou na kosmick\u00fd pr\u016fmysl Czech Space Week proto p\u0159irozen\u011b vytv\u00e1\u0159\u00ed prost\u0159ed\u00ed pro propojen\u00ed komunit a hled\u00e1n\u00ed synergi\u00ed mezi potenci\u00e1ly a v\u00fdzvami obou iniciativ.<\/span><br \/><span>V\u011b\u0159\u00edme, \u017ee tato akce p\u0159inese \u00fa\u010dastn\u00edk\u016fm novou inspiraci a poskytne p\u0159\u00edle\u017eitost pro nov\u00e9 formy spolupr\u00e1ce. Leto\u0161n\u00ed ro\u010dn\u00edk spojen\u00fdch konferenc\u00ed \u010cesk\u00e9 u\u017eivatelsk\u00e9 f\u00f3rum Copernicus a Inspirujme se tak\u00e9 poprv\u00e9 prob\u011bhne na p\u016fl cesty mezi \u010deskou a slovenskou komunitou v inspirativn\u00edm prost\u0159ed\u00ed Hv\u011bzd\u00e1rny a planet\u00e1ria v Brn\u011b.<\/span><br \/><span>Samotn\u00e1 konference v r\u00e1mci nov\u00e9ho konceptu nab\u00eddne dva dny rozd\u011blen\u00e9 dle t\u00e9mat, ka\u017ed\u00e9 z nich bude m\u00edt sv\u016fj konferen\u010dn\u00ed den a den pouze pro workshopy. Program Copernicus dostane prostor pro p\u0159edn\u00e1\u0161ky v prvn\u00edm dni, druh\u00fd den bude zam\u011b\u0159en na praktick\u00e9 workshopy. INSPIRE prob\u011bhne naopak. V nult\u00e9m dni (tedy 28. 11. 2023) pro v\u00e1s tak\u00e9 chyst\u00e1me kulturn\u00ed program.<\/span><\/p>\n<\/div>\n<\/div>\n<p>&#8220; content_phone=&#8220;<\/p>\n<div class=%22row col-xs-12%22>\n<div class=%22section-title-col content-center-sm%22 data-type=%22column%22>\n<h3 style=%22text-align: center;%22><span>O KONFERENCI<\/span><\/h3>\n<p><span><\/span><\/p>\n<p class=%22lead%22 style=%22text-align: center;%22><strong>Zveme v\u00e1s na konferenci \u201eCopernicus forum a Inspirujme se 2023\u201c, kter\u00e1 se uskute\u010dn\u00ed ve dnech 29. \u2013 30. 11. 2023 ve Hv\u011bzd\u00e1rn\u011b a planet\u00e1riu Brno.<\/strong><span><\/span><\/p>\n<p class=%22lead%22 style=%22text-align: center;%22><strong><\/strong><\/p>\n<\/div>\n<\/div>\n<div class=%22row col-xs-12%22>\n<div class=%22button-holder space-bottom space-bottom-small content-center-sm%22 data-type=%22column%22>\n<p class=%22lead%22 style=%22text-align: center;%22><span>Evropsk\u00e1 unie i v dne\u0161n\u00ed dob\u011b pln\u00e9 nejistoty podporuje vyu\u017e\u00edv\u00e1n\u00ed modern\u00edch technologi\u00ed a lidsk\u00e9ho potenci\u00e1lu pro podporu sb\u011bru, tvorby a vyu\u017e\u00edv\u00e1n\u00ed dat o planet\u011b Zemi.<\/span><br \/><span>Program Copernicus zam\u011b\u0159en\u00fd na d\u00e1lkov\u00fd pr\u016fzkum Zem\u011b a infrastruktura INSPIRE adresuj\u00edc\u00ed harmonizovan\u00e9 sd\u00edlen\u00ed prostorov\u00fdch dat pat\u0159\u00ed mezi d\u016fle\u017eit\u00e9 iniciativy \u0159\u00edzen\u00e9 a podporovan\u00e9 Evropskou komis\u00ed ve spolupr\u00e1ci s Evropskou vesm\u00edrnou agenturou (ESA), Evropskou agenturou \u017eivotn\u00edho prost\u0159ed\u00ed (EEA), Evropskou organizac\u00ed pro vyu\u017e\u00edv\u00e1n\u00ed meteorologick\u00fdch dru\u017eic (EUMETSAT), Evropsk\u00fdm centrem pro st\u0159edn\u011bdobou p\u0159edpov\u011b\u010f po\u010das\u00ed (ECMWF) a dal\u0161\u00edmi institucemi.<\/span><br \/><span>Ob\u011b iniciativy vznikly za \u00fa\u010delem chr\u00e1nit \u017eivotn\u00ed prost\u0159ed\u00ed vyu\u017e\u00edv\u00e1n\u00edm dostate\u010dn\u00e9ho mno\u017estv\u00ed harmonizovan\u00fdch dat, kter\u00e1 jsou pro ochranu planety nezbytn\u00e9. Spojen\u00e1 konference organizov\u00e1na pod nejv\u011bt\u0161\u00ed akc\u00ed zam\u011b\u0159enou na kosmick\u00fd pr\u016fmysl Czech Space Week proto p\u0159irozen\u011b vytv\u00e1\u0159\u00ed prost\u0159ed\u00ed pro propojen\u00ed komunit a hled\u00e1n\u00ed synergi\u00ed mezi potenci\u00e1ly a v\u00fdzvami obou iniciativ.<\/span><br \/><span>V\u011b\u0159\u00edme, \u017ee tato akce p\u0159inese \u00fa\u010dastn\u00edk\u016fm novou inspiraci a poskytne p\u0159\u00edle\u017eitost pro nov\u00e9 formy spolupr\u00e1ce. Leto\u0161n\u00ed ro\u010dn\u00edk spojen\u00fdch konferenc\u00ed \u010cesk\u00e9 u\u017eivatelsk\u00e9 f\u00f3rum Copernicus a Inspirujme se tak\u00e9 poprv\u00e9 prob\u011bhne na p\u016fl cesty mezi \u010deskou a slovenskou komunitou v inspirativn\u00edm prost\u0159ed\u00ed Hv\u011bzd\u00e1rny a planet\u00e1ria v Brn\u011b.<\/span><br \/><span>Samotn\u00e1 konference v r\u00e1mci nov\u00e9ho konceptu nab\u00eddne dva dny rozd\u011blen\u00e9 dle t\u00e9mat, ka\u017ed\u00e9 z nich bude m\u00edt sv\u016fj konferen\u010dn\u00ed den a den pouze pro workshopy. Program Copernicus dostane prostor pro p\u0159edn\u00e1\u0161ky v prvn\u00edm dni, druh\u00fd den bude zam\u011b\u0159en na praktick\u00e9 workshopy. INSPIRE prob\u011bhne naopak. V nult\u00e9m dni (tedy 28. 11. 2023) pro v\u00e1s tak\u00e9 chyst\u00e1me kulturn\u00ed program.<\/span><\/p>\n<\/div>\n<\/div>\n<p>&#8220; content_last_edited=&#8220;on|phone&#8220; _builder_version=&#8220;4.27.4&#8243; _module_preset=&#8220;default&#8220; text_font=&#8220;&#8211;et_global_body_font|300|||||||&#8220; text_text_color=&#8220;#FFFFFF&#8220; text_font_size=&#8220;15px&#8220; text_line_height=&#8220;2em&#8220; header_font=&#8220;Roboto||||||||&#8220; header_2_font=&#8220;&#8211;et_global_heading_font||||on|||#FFFFFF|&#8220; header_2_text_color=&#8220;#FFFFFF&#8220; header_2_font_size=&#8220;44px&#8220; header_3_text_color=&#8220;#FFFFFF&#8220; header_3_font_size=&#8220;30px&#8220; text_font_size_tablet=&#8220;15px&#8220; text_font_size_phone=&#8220;12px&#8220; text_font_size_last_edited=&#8220;on|phone&#8220; content_sk_sk=&#8220;<\/p>\n<div class=%22row col-xs-12%22>\n<div class=%22section-title-col content-center-sm%22 data-type=%22column%22>\n<h2 class=%22%22 style=%22text-align: center;%22><span>O KONFERENCI<\/span><\/h2>\n<p><span><\/span><\/p>\n<p class=%22lead%22 style=%22text-align: center;%22><strong>Zveme v\u00e1s na konferenci \u201eCopernicus forum a Inspirujme se 2023\u201c, kter\u00e1 se uskute\u010dn\u00ed ve dnech 29. \u2013 30. 11. 2023 ve Hv\u011bzd\u00e1rn\u011b a planet\u00e1riu Brno.<\/strong><span><\/span><\/p>\n<p class=%22lead%22 style=%22text-align: center;%22><strong><\/strong><\/p>\n<\/div>\n<\/div>\n<div class=%22row col-xs-12%22>\n<div class=%22button-holder space-bottom space-bottom-small content-center-sm%22 data-type=%22column%22>\n<p class=%22lead%22 style=%22text-align: center;%22><span>Evropsk\u00e1 unie i v dne\u0161n\u00ed dob\u011b pln\u00e9 nejistoty podporuje vyu\u017e\u00edv\u00e1n\u00ed modern\u00edch technologi\u00ed a lidsk\u00e9ho potenci\u00e1lu pro podporu sb\u011bru, tvorby a vyu\u017e\u00edv\u00e1n\u00ed dat o planet\u011b Zemi.<\/span><br \/><span>Program Copernicus zam\u011b\u0159en\u00fd na d\u00e1lkov\u00fd pr\u016fzkum Zem\u011b a infrastruktura INSPIRE adresuj\u00edc\u00ed harmonizovan\u00e9 sd\u00edlen\u00ed prostorov\u00fdch dat pat\u0159\u00ed mezi d\u016fle\u017eit\u00e9 iniciativy \u0159\u00edzen\u00e9 a podporovan\u00e9 Evropskou komis\u00ed ve spolupr\u00e1ci s Evropskou vesm\u00edrnou agenturou (ESA), Evropskou agenturou \u017eivotn\u00edho prost\u0159ed\u00ed (EEA), Evropskou organizac\u00ed pro vyu\u017e\u00edv\u00e1n\u00ed meteorologick\u00fdch dru\u017eic (EUMETSAT), Evropsk\u00fdm centrem pro st\u0159edn\u011bdobou p\u0159edpov\u011b\u010f po\u010das\u00ed (ECMWF) a dal\u0161\u00edmi institucemi.<\/span><br \/><span>Ob\u011b iniciativy vznikly za \u00fa\u010delem chr\u00e1nit \u017eivotn\u00ed prost\u0159ed\u00ed vyu\u017e\u00edv\u00e1n\u00edm dostate\u010dn\u00e9ho mno\u017estv\u00ed harmonizovan\u00fdch dat, kter\u00e1 jsou pro ochranu planety nezbytn\u00e9. Spojen\u00e1 konference organizov\u00e1na pod nejv\u011bt\u0161\u00ed akc\u00ed zam\u011b\u0159enou na kosmick\u00fd pr\u016fmysl Czech Space Week proto p\u0159irozen\u011b vytv\u00e1\u0159\u00ed prost\u0159ed\u00ed pro propojen\u00ed komunit a hled\u00e1n\u00ed synergi\u00ed mezi potenci\u00e1ly a v\u00fdzvami obou iniciativ.<\/span><br \/><span>V\u011b\u0159\u00edme, \u017ee tato akce p\u0159inese \u00fa\u010dastn\u00edk\u016fm novou inspiraci a poskytne p\u0159\u00edle\u017eitost pro nov\u00e9 formy spolupr\u00e1ce. Leto\u0161n\u00ed ro\u010dn\u00edk spojen\u00fdch konferenc\u00ed \u010cesk\u00e9 u\u017eivatelsk\u00e9 f\u00f3rum Copernicus a Inspirujme se tak\u00e9 poprv\u00e9 prob\u011bhne na p\u016fl cesty mezi \u010deskou a slovenskou komunitou v inspirativn\u00edm prost\u0159ed\u00ed Hv\u011bzd\u00e1rny a planet\u00e1ria v Brn\u011b.<\/span><br \/><span>Samotn\u00e1 konference v r\u00e1mci nov\u00e9ho konceptu nab\u00eddne dva dny rozd\u011blen\u00e9 dle t\u00e9mat, ka\u017ed\u00e9 z nich bude m\u00edt sv\u016fj konferen\u010dn\u00ed den a den pouze pro workshopy. Program Copernicus dostane prostor pro p\u0159edn\u00e1\u0161ky v prvn\u00edm dni, druh\u00fd den bude zam\u011b\u0159en na praktick\u00e9 workshopy. INSPIRE prob\u011bhne naopak. V nult\u00e9m dni (tedy 28. 11. 2023) pro v\u00e1s tak\u00e9 chyst\u00e1me kulturn\u00ed program.<\/span><\/p>\n<\/div>\n<\/div>\n<p>&#8220; global_colors_info=&#8220;{}&#8220;]<\/p>\n<div class=\"row col-xs-12\">\n<div class=\"section-title-col content-center-sm\" data-type=\"column\">\n<h2 class=\"\" style=\"text-align: center;\"><span>O KONFERENCI<\/span><\/h2>\n<p><span><\/span><\/p>\n<p class=\"lead\" style=\"text-align: center;\"><strong>Zveme v\u00e1s na konferenci \u201eCopernicus forum a Inspirujme se 2023\u201c, kter\u00e1 se uskute\u010dn\u00ed ve dnech 29. \u2013 30. 11. 2023 ve Hv\u011bzd\u00e1rn\u011b a planet\u00e1riu Brno.<\/strong><span><\/span><\/p>\n<p class=\"lead\" style=\"text-align: center;\"><strong><\/strong><\/p>\n<\/div>\n<\/div>\n<div class=\"row col-xs-12\">\n<div class=\"button-holder space-bottom space-bottom-small content-center-sm\" data-type=\"column\">\n<p class=\"lead\" style=\"text-align: center;\"><span>Evropsk\u00e1 unie i v dne\u0161n\u00ed dob\u011b pln\u00e9 nejistoty podporuje vyu\u017e\u00edv\u00e1n\u00ed modern\u00edch technologi\u00ed a lidsk\u00e9ho potenci\u00e1lu pro podporu sb\u011bru, tvorby a vyu\u017e\u00edv\u00e1n\u00ed dat o planet\u011b Zemi.<\/span><br \/><span>Program Copernicus zam\u011b\u0159en\u00fd na d\u00e1lkov\u00fd pr\u016fzkum Zem\u011b a infrastruktura INSPIRE adresuj\u00edc\u00ed harmonizovan\u00e9 sd\u00edlen\u00ed prostorov\u00fdch dat pat\u0159\u00ed mezi d\u016fle\u017eit\u00e9 iniciativy \u0159\u00edzen\u00e9 a podporovan\u00e9 Evropskou komis\u00ed ve spolupr\u00e1ci s Evropskou vesm\u00edrnou agenturou (ESA), Evropskou agenturou \u017eivotn\u00edho prost\u0159ed\u00ed (EEA), Evropskou organizac\u00ed pro vyu\u017e\u00edv\u00e1n\u00ed meteorologick\u00fdch dru\u017eic (EUMETSAT), Evropsk\u00fdm centrem pro st\u0159edn\u011bdobou p\u0159edpov\u011b\u010f po\u010das\u00ed (ECMWF) a dal\u0161\u00edmi institucemi.<\/span><br \/><span>Ob\u011b iniciativy vznikly za \u00fa\u010delem chr\u00e1nit \u017eivotn\u00ed prost\u0159ed\u00ed vyu\u017e\u00edv\u00e1n\u00edm dostate\u010dn\u00e9ho mno\u017estv\u00ed harmonizovan\u00fdch dat, kter\u00e1 jsou pro ochranu planety nezbytn\u00e9. Spojen\u00e1 konference organizov\u00e1na pod nejv\u011bt\u0161\u00ed akc\u00ed zam\u011b\u0159enou na kosmick\u00fd pr\u016fmysl Czech Space Week proto p\u0159irozen\u011b vytv\u00e1\u0159\u00ed prost\u0159ed\u00ed pro propojen\u00ed komunit a hled\u00e1n\u00ed synergi\u00ed mezi potenci\u00e1ly a v\u00fdzvami obou iniciativ.<\/span><br \/><span>V\u011b\u0159\u00edme, \u017ee tato akce p\u0159inese \u00fa\u010dastn\u00edk\u016fm novou inspiraci a poskytne p\u0159\u00edle\u017eitost pro nov\u00e9 formy spolupr\u00e1ce. Leto\u0161n\u00ed ro\u010dn\u00edk spojen\u00fdch konferenc\u00ed \u010cesk\u00e9 u\u017eivatelsk\u00e9 f\u00f3rum Copernicus a Inspirujme se tak\u00e9 poprv\u00e9 prob\u011bhne na p\u016fl cesty mezi \u010deskou a slovenskou komunitou v inspirativn\u00edm prost\u0159ed\u00ed Hv\u011bzd\u00e1rny a planet\u00e1ria v Brn\u011b.<\/span><br \/><span>Samotn\u00e1 konference v r\u00e1mci nov\u00e9ho konceptu nab\u00eddne dva dny rozd\u011blen\u00e9 dle t\u00e9mat, ka\u017ed\u00e9 z nich bude m\u00edt sv\u016fj konferen\u010dn\u00ed den a den pouze pro workshopy. Program Copernicus dostane prostor pro p\u0159edn\u00e1\u0161ky v prvn\u00edm dni, druh\u00fd den bude zam\u011b\u0159en na praktick\u00e9 workshopy. INSPIRE prob\u011bhne naopak. V nult\u00e9m dni (tedy 28. 11. 2023) pro v\u00e1s tak\u00e9 chyst\u00e1me kulturn\u00ed program.<\/span><\/p>\n<\/div>\n<\/div>\n<p>[\/et_pb_text][\/et_pb_column][\/et_pb_row][et_pb_row column_structure=&#8220;1_2,1_2&#8243; _builder_version=&#8220;4.27.0&#8243; _module_preset=&#8220;default&#8220; global_colors_info=&#8220;{}&#8220;][et_pb_column type=&#8220;1_2&#8243; _builder_version=&#8220;4.27.0&#8243; _module_preset=&#8220;default&#8220; custom_padding=&#8220;|0px|||false|false&#8220; global_colors_info=&#8220;{}&#8220;][et_pb_button button_text=&#8220;V\u00cdCE O COPERNICUS&#8220; button_alignment=&#8220;right&#8220; button_alignment_tablet=&#8220;right&#8220; button_alignment_phone=&#8220;center&#8220; button_alignment_last_edited=&#8220;on|phone&#8220; _builder_version=&#8220;4.27.0&#8243; _module_preset=&#8220;default&#8220; custom_button=&#8220;on&#8220; button_text_size=&#8220;14px&#8220; button_font=&#8220;&#8211;et_global_heading_font||||||||&#8220; background_layout=&#8220;dark&#8220; custom_margin=&#8220;|-25px|||false|false&#8220; custom_margin_tablet=&#8220;|-25px|||false|false&#8220; custom_margin_phone=&#8220;|0px|||false|false&#8220; custom_margin_last_edited=&#8220;on|phone&#8220; global_colors_info=&#8220;{}&#8220;][\/et_pb_button][\/et_pb_column][et_pb_column type=&#8220;1_2&#8243; _builder_version=&#8220;4.27.0&#8243; _module_preset=&#8220;default&#8220; custom_padding=&#8220;|||0px|false|false&#8220; global_colors_info=&#8220;{}&#8220;][et_pb_button button_text=&#8220;V\u00cdCE O COPERNICUS&#8220; button_alignment=&#8220;left&#8220; button_alignment_tablet=&#8220;left&#8220; button_alignment_phone=&#8220;center&#8220; button_alignment_last_edited=&#8220;on|phone&#8220; _builder_version=&#8220;4.27.0&#8243; _module_preset=&#8220;default&#8220; custom_button=&#8220;on&#8220; button_text_size=&#8220;14px&#8220; button_font=&#8220;&#8211;et_global_heading_font||||||||&#8220; background_layout=&#8220;dark&#8220; custom_margin=&#8220;|||-25px|false|false&#8220; custom_margin_tablet=&#8220;|||-25px|false|false&#8220; custom_margin_phone=&#8220;|||0px|false|false&#8220; custom_margin_last_edited=&#8220;on|phone&#8220; global_colors_info=&#8220;{}&#8220;][\/et_pb_button][\/et_pb_column][\/et_pb_row][\/et_pb_section][et_pb_section fb_built=&#8220;1&#8243; module_id=&#8220;foto&#8220; _builder_version=&#8220;4.27.3&#8243; _module_preset=&#8220;default&#8220; global_colors_info=&#8220;{}&#8220;][et_pb_row _builder_version=&#8220;4.27.0&#8243; _module_preset=&#8220;default&#8220; global_colors_info=&#8220;{}&#8220;][et_pb_column type=&#8220;4_4&#8243; _builder_version=&#8220;4.27.0&#8243; _module_preset=&#8220;default&#8220; global_colors_info=&#8220;{}&#8220;][et_pb_gallery gallery_ids=&#8220;3529,3530,3531,3532,3533,3534,3535,3536,3537,3538,3539,3540,3541,3542,3543,3544,3545,3546,3547,3548,3549,3550,3551,3552,3553,3554,3555,3556,3557,3558,3559,3560,3561,3562,3563,3564,3565,3566,3567,3568,3569,3570,3571,3572,3573,3574,3575,3576,3577,3578,3579,3580,3581,3582,3583,3584,3585,3586,3587,3588,3589,3590,3591,3592,3593,3594,3595,3596,3597,3598,3599,3600,3601,3602,3603,3604,3605,3606,3607,3608,3609,3610,3611,3612,3613,3614,3615,3616,3617,3618,3619,3620,3621,3622,3623,3624,3625,3626,3627,3628,3629,3630,3631,3632,3633,3634,3635,3636,3637,3638,3639,3640,3641,3642,3643,3644,3645,3646,3647,3648,3649,3650,3651,3652,3653,3654,3655,3656,3657,3658,3659,3660,3661,3662&#8243; posts_number=&#8220;16&#8243; show_title_and_caption=&#8220;off&#8220; zoom_icon_color=&#8220;#707070&#8243; hover_icon=&#8220;&#x54;||divi||400&#8243; _builder_version=&#8220;4.27.4&#8243; _module_preset=&#8220;default&#8220; title_level=&#8220;h4&#8243; caption_text_color=&#8220;#000000&#8243; pagination_font=&#8220;||||||||&#8220; pagination_text_color=&#8220;#000000&#8243; custom_css_free_form=&#8220;.mfp-title { display: none !important; }&#8220; global_colors_info=&#8220;{}&#8220;][\/et_pb_gallery][\/et_pb_column][\/et_pb_row][\/et_pb_section][et_pb_section fb_built=&#8220;1&#8243; _builder_version=&#8220;4.27.0&#8243; _module_preset=&#8220;default&#8220; background_color=&#8220;#000000&#8243; custom_padding=&#8220;40px||40px||false|false&#8220; global_colors_info=&#8220;{}&#8220;][et_pb_row column_structure=&#8220;1_2,1_2&#8243; _builder_version=&#8220;4.27.0&#8243; _module_preset=&#8220;default&#8220; custom_margin=&#8220;0px||||false|false&#8220; custom_padding=&#8220;0px||0px||false|false&#8220; global_colors_info=&#8220;{}&#8220;][et_pb_column type=&#8220;1_2&#8243; _builder_version=&#8220;4.27.0&#8243; _module_preset=&#8220;default&#8220; custom_padding=&#8220;|0px|||false|false&#8220; global_colors_info=&#8220;{}&#8220;][et_pb_button button_text=&#8220;Videoz\u00e1znam 1. den&#8220; button_alignment=&#8220;right&#8220; button_alignment_tablet=&#8220;right&#8220; button_alignment_phone=&#8220;center&#8220; button_alignment_last_edited=&#8220;on|phone&#8220; _builder_version=&#8220;4.27.0&#8243; _module_preset=&#8220;default&#8220; custom_button=&#8220;on&#8220; button_text_size=&#8220;16px&#8220; button_border_width=&#8220;2px&#8220; button_border_radius=&#8220;3px&#8220; button_letter_spacing=&#8220;0px&#8220; button_font=&#8220;&#8211;et_global_heading_font||||||||&#8220; background_layout=&#8220;dark&#8220; custom_margin=&#8220;|-25px|||false|false&#8220; custom_margin_tablet=&#8220;|-25px|||false|false&#8220; custom_margin_phone=&#8220;|0px|||false|false&#8220; custom_margin_last_edited=&#8220;on|phone&#8220; global_colors_info=&#8220;{}&#8220;][\/et_pb_button][\/et_pb_column][et_pb_column type=&#8220;1_2&#8243; _builder_version=&#8220;4.27.0&#8243; _module_preset=&#8220;default&#8220; custom_padding=&#8220;|||0px|false|false&#8220; global_colors_info=&#8220;{}&#8220;][et_pb_button button_text=&#8220;Videoz\u00e1znam 2. den&#8220; button_alignment=&#8220;left&#8220; button_alignment_tablet=&#8220;left&#8220; button_alignment_phone=&#8220;center&#8220; button_alignment_last_edited=&#8220;on|phone&#8220; _builder_version=&#8220;4.27.4&#8243; _module_preset=&#8220;default&#8220; custom_button=&#8220;on&#8220; button_text_size=&#8220;16px&#8220; button_border_width=&#8220;2px&#8220; button_border_radius=&#8220;3px&#8220; button_letter_spacing=&#8220;0px&#8220; button_font=&#8220;&#8211;et_global_heading_font||||||||&#8220; background_layout=&#8220;dark&#8220; custom_margin=&#8220;|||-25px|false|false&#8220; custom_margin_tablet=&#8220;|||-25px|false|false&#8220; custom_margin_phone=&#8220;|||0px|false|false&#8220; custom_margin_last_edited=&#8220;on|phone&#8220; global_colors_info=&#8220;{}&#8220;][\/et_pb_button][\/et_pb_column][\/et_pb_row][\/et_pb_section][et_pb_section fb_built=&#8220;1&#8243; _builder_version=&#8220;4.27.0&#8243; _module_preset=&#8220;default&#8220; background_color=&#8220;#252526&#8243; custom_padding=&#8220;0px||0px||false|false&#8220; global_colors_info=&#8220;{}&#8220;][et_pb_row _builder_version=&#8220;4.27.0&#8243; _module_preset=&#8220;default&#8220; width=&#8220;40%&#8220; global_colors_info=&#8220;{}&#8220;][et_pb_column type=&#8220;4_4&#8243; _builder_version=&#8220;4.27.0&#8243; _module_preset=&#8220;default&#8220; global_colors_info=&#8220;{}&#8220;][inftnc_youtube_embed youtube_url=&#8220;https:\/\/youtu.be\/jk1OmyYUzro?si=HA7bvYQJrXJqNB-b&#8220; _builder_version=&#8220;4.27.4&#8243; _module_preset=&#8220;default&#8220; global_colors_info=&#8220;{}&#8220;][\/inftnc_youtube_embed][\/et_pb_column][\/et_pb_row][\/et_pb_section][et_pb_section fb_built=&#8220;1&#8243; _builder_version=&#8220;4.27.0&#8243; _module_preset=&#8220;default&#8220; background_color=&#8220;#000000&#8243; custom_padding=&#8220;40px||40px||false|false&#8220; global_colors_info=&#8220;{}&#8220;][et_pb_row column_structure=&#8220;1_2,1_2&#8243; _builder_version=&#8220;4.27.0&#8243; _module_preset=&#8220;default&#8220; custom_margin=&#8220;0px||||false|false&#8220; custom_padding=&#8220;0px||0px||false|false&#8220; global_colors_info=&#8220;{}&#8220;][et_pb_column type=&#8220;1_2&#8243; _builder_version=&#8220;4.27.0&#8243; _module_preset=&#8220;default&#8220; custom_padding=&#8220;|0px|||false|false&#8220; border_width_right=&#8220;2px&#8220; border_color_right=&#8220;#FFFFFF&#8220; border_width_right_tablet=&#8220;2px&#8220; border_width_right_phone=&#8220;0px&#8220; border_width_right_last_edited=&#8220;on|phone&#8220; global_colors_info=&#8220;{}&#8220;][et_pb_button button_url=&#8220;https:\/\/inspirujmese.eu\/2023\/prezentace\/Program_CUFI_2023.pdf?_t=1760613032&#8243; url_new_window=&#8220;on&#8220; button_text=&#8220;PROGRAM V PDF&#8220; button_alignment=&#8220;center&#8220; _builder_version=&#8220;4.27.5&#8243; _module_preset=&#8220;default&#8220; custom_button=&#8220;on&#8220; button_text_size=&#8220;16px&#8220; button_border_width=&#8220;2px&#8220; button_border_radius=&#8220;3px&#8220; button_letter_spacing=&#8220;0px&#8220; button_font=&#8220;&#8211;et_global_heading_font||||||||&#8220; background_layout=&#8220;dark&#8220; custom_margin=&#8220;||||false|false&#8220; hover_enabled=&#8220;0&#8243; global_colors_info=&#8220;{}&#8220; sticky_enabled=&#8220;0&#8243;][\/et_pb_button][et_pb_text _builder_version=&#8220;4.27.4&#8243; _module_preset=&#8220;default&#8220; text_font=&#8220;&#8211;et_global_body_font||||||||&#8220; text_text_color=&#8220;#FFFFFF&#8220; text_font_size=&#8220;13px&#8220; text_orientation=&#8220;center&#8220; global_colors_info=&#8220;{}&#8220;]<\/p>\n<p><span>St\u00e1hn\u011bte si program v PDF<\/span><\/p>\n<p>[\/et_pb_text][\/et_pb_column][et_pb_column type=&#8220;1_2&#8243; _builder_version=&#8220;4.27.0&#8243; _module_preset=&#8220;default&#8220; custom_padding=&#8220;|||0px|false|false&#8220; global_colors_info=&#8220;{}&#8220;][et_pb_button button_url=&#8220;https:\/\/inspirujmese.eu\/2023\/prezentace\/Abstrakty_prehled_2023.pdf?_t=1760613032&#8243; url_new_window=&#8220;on&#8220; button_text=&#8220;P\u0158EHLED ABSTRAKT\u016e&#8220; button_alignment=&#8220;center&#8220; _builder_version=&#8220;4.27.4&#8243; _module_preset=&#8220;default&#8220; custom_button=&#8220;on&#8220; button_text_size=&#8220;16px&#8220; button_border_width=&#8220;2px&#8220; button_border_radius=&#8220;3px&#8220; button_letter_spacing=&#8220;0px&#8220; button_font=&#8220;&#8211;et_global_heading_font||||||||&#8220; background_layout=&#8220;dark&#8220; custom_margin=&#8220;||||false|false&#8220; global_colors_info=&#8220;{}&#8220;][\/et_pb_button][et_pb_text _builder_version=&#8220;4.27.4&#8243; _module_preset=&#8220;default&#8220; text_font=&#8220;&#8211;et_global_body_font||||||||&#8220; text_text_color=&#8220;#FFFFFF&#8220; text_font_size=&#8220;13px&#8220; text_orientation=&#8220;center&#8220; global_colors_info=&#8220;{}&#8220;]<\/p>\n<p><span>Pod\u00edvejte se na p\u0159ehled abstrakt\u016f jednotliv\u00fdch prezentac\u00ed.<\/span><\/p>\n<p>[\/et_pb_text][\/et_pb_column][\/et_pb_row][\/et_pb_section][et_pb_section fb_built=&#8220;1&#8243; _builder_version=&#8220;4.27.0&#8243; _module_preset=&#8220;default&#8220; background_color=&#8220;#f5fafd&#8220; global_colors_info=&#8220;{}&#8220;][et_pb_row _builder_version=&#8220;4.27.4&#8243; _module_preset=&#8220;default&#8220; width=&#8220;100%&#8220; custom_padding=&#8220;0px||0px||false|false&#8220; global_colors_info=&#8220;{}&#8220;][et_pb_column type=&#8220;4_4&#8243; _builder_version=&#8220;4.27.0&#8243; _module_preset=&#8220;default&#8220; global_colors_info=&#8220;{}&#8220;][et_pb_code raw_content_tablet=&#8220;&#8220; raw_content_phone=&#8220;<iframe src=%22https:\/\/inspirujmese.eu\/2023\/Inspirujmese_program_v11_videozaznam_bez zahlavi.html%22width=%22100%%22 height=%224000%22 ><\/p>\n<p><\/iframe>&#8220; raw_content_last_edited=&#8220;on|desktop&#8220; _builder_version=&#8220;4.27.4&#8243; _module_preset=&#8220;default&#8220; custom_margin_tablet=&#8220;&#8220; custom_margin_phone=&#8220;|||-50px|false|false&#8220; custom_margin_last_edited=&#8220;on|phone&#8220; custom_padding=&#8220;||3px|||&#8220; custom_padding_tablet=&#8220;||3px|||&#8220; custom_padding_phone=&#8220;||3px||false|false&#8220; custom_padding_last_edited=&#8220;on|phone&#8220; global_colors_info=&#8220;{}&#8220;]<iframe src=\"https:\/\/inspirujmese.eu\/2023\/Inspirujmese_program_v11_videozaznam_bez zahlavi_3.html\"width=\"100%\" height=\"4500\" ><!-- [et_pb_line_break_holder] -->  <!-- [et_pb_line_break_holder] --><\/iframe>[\/et_pb_code][\/et_pb_column][\/et_pb_row][\/et_pb_section][et_pb_section fb_built=&#8220;1&#8243; _builder_version=&#8220;4.27.0&#8243; _module_preset=&#8220;default&#8220; background_color=&#8220;#6f7070&#8243; global_colors_info=&#8220;{}&#8220;][et_pb_row _builder_version=&#8220;4.27.0&#8243; _module_preset=&#8220;default&#8220; global_colors_info=&#8220;{}&#8220;][et_pb_column type=&#8220;4_4&#8243; _builder_version=&#8220;4.27.0&#8243; _module_preset=&#8220;default&#8220; global_colors_info=&#8220;{}&#8220;][et_pb_text _builder_version=&#8220;4.27.0&#8243; _module_preset=&#8220;default&#8220; text_text_color=&#8220;#FFFFFF&#8220; header_2_text_color=&#8220;#FFFFFF&#8220; global_colors_info=&#8220;{}&#8220;]<\/p>\n<h2 class=\"\" style=\"text-align: center;\"><span>ORGANIZ\u00c1TO\u0158I<\/span><\/h2>\n<p class=\"lead\" style=\"text-align: center;\"><span>Kontakty na organiz\u00e1tory konference<\/span><\/p>\n<p>[\/et_pb_text][\/et_pb_column][\/et_pb_row][et_pb_row column_structure=&#8220;1_3,1_3,1_3&#8243; _builder_version=&#8220;4.27.0&#8243; _module_preset=&#8220;default&#8220; width=&#8220;70%&#8220; max_width=&#8220;60%&#8220; global_colors_info=&#8220;{}&#8220;][et_pb_column type=&#8220;1_3&#8243; _builder_version=&#8220;4.27.0&#8243; _module_preset=&#8220;default&#8220; global_colors_info=&#8220;{}&#8220;][et_pb_image src=&#8220;https:\/\/inspirujmese.eu\/wp-content\/uploads\/2025\/01\/logo_cenia_bile.jpg&#8220; title_text=&#8220;logo_cenia_bile&#8220; align=&#8220;center&#8220; _builder_version=&#8220;4.27.4&#8243; _module_preset=&#8220;default&#8220; background_color=&#8220;#FFFFFF&#8220; width=&#8220;347px&#8220; max_width=&#8220;347px&#8220; height=&#8220;79px&#8220; custom_margin=&#8220;||30px||false|false&#8220; custom_margin_tablet=&#8220;||30px||false|false&#8220; custom_margin_phone=&#8220;||30px||false|false&#8220; custom_margin_last_edited=&#8220;on|desktop&#8220; global_colors_info=&#8220;{}&#8220;][\/et_pb_image][et_pb_text _builder_version=&#8220;4.27.0&#8243; _module_preset=&#8220;default&#8220; text_font=&#8220;&#8211;et_global_body_font||||||||&#8220; text_text_color=&#8220;#FFFFFF&#8220; text_font_size=&#8220;12px&#8220; text_orientation=&#8220;center&#8220; custom_margin=&#8220;||20px||false|false&#8220; global_colors_info=&#8220;{}&#8220;]<\/p>\n<p class=\"no-margin-bottom font-700\"><strong>\u010cesk\u00e1 informa\u010dn\u00ed agentura \u017eivotn\u00edho prost\u0159ed\u00ed<\/strong><br \/><span>Moskevsk\u00e1 1523\/63<br \/>101 00 Praha 10<\/span><br \/><span>tel.: + 420 797 872 011<\/span><\/p>\n<p>[\/et_pb_text][\/et_pb_column][et_pb_column type=&#8220;1_3&#8243; _builder_version=&#8220;4.27.0&#8243; _module_preset=&#8220;default&#8220; custom_padding=&#8220;||||false|false&#8220; global_colors_info=&#8220;{}&#8220;][et_pb_image src=&#8220;https:\/\/inspirujmese.eu\/2023\/Logo\/MZP_SR_LOGO_PRUSVITNE.png&#8220; align=&#8220;center&#8220; _builder_version=&#8220;4.27.4&#8243; _module_preset=&#8220;default&#8220; background_color=&#8220;#FFFFFF&#8220; width=&#8220;347px&#8220; max_width=&#8220;347px&#8220; height=&#8220;79px&#8220; custom_margin=&#8220;||30px||false|false&#8220; custom_margin_tablet=&#8220;||30px||false|false&#8220; custom_margin_phone=&#8220;||30px||false|false&#8220; custom_margin_last_edited=&#8220;on|desktop&#8220; custom_padding=&#8220;|10px||10px|false|false&#8220; global_colors_info=&#8220;{}&#8220;][\/et_pb_image][et_pb_text _builder_version=&#8220;4.27.4&#8243; _module_preset=&#8220;default&#8220; text_font=&#8220;&#8211;et_global_body_font||||||||&#8220; text_text_color=&#8220;#FFFFFF&#8220; text_font_size=&#8220;12px&#8220; text_orientation=&#8220;center&#8220; custom_margin=&#8220;||20px||false|false&#8220; global_colors_info=&#8220;{}&#8220;]<\/p>\n<p class=\"no-margin-bottom font-700\"><strong>Ministerstvo \u017eivotn\u00e9ho prostredia Slovenskej republiky<\/strong><br \/><span>N\u00e1m. L\u2018. \u0160t\u00fara 1<br \/>812 35 Bratislava<\/span><br \/><span>tel.: +421 48 4374 523<\/span><\/p>\n<p>[\/et_pb_text][\/et_pb_column][et_pb_column type=&#8220;1_3&#8243; _builder_version=&#8220;4.27.0&#8243; _module_preset=&#8220;default&#8220; global_colors_info=&#8220;{}&#8220;][et_pb_image src=&#8220;https:\/\/inspirujmese.eu\/2023\/Logo\/logo_mzp_cr_bila.jpg&#8220; align=&#8220;center&#8220; _builder_version=&#8220;4.27.0&#8243; _module_preset=&#8220;default&#8220; width=&#8220;347px&#8220; height=&#8220;79px&#8220; custom_margin=&#8220;||30px||false|false&#8220; custom_margin_tablet=&#8220;||30px||false|false&#8220; custom_margin_phone=&#8220;||30px||false|false&#8220; custom_margin_last_edited=&#8220;on|desktop&#8220; custom_padding=&#8220;|10px||10px|false|false&#8220; global_colors_info=&#8220;{}&#8220;][\/et_pb_image][et_pb_text _builder_version=&#8220;4.27.4&#8243; _module_preset=&#8220;default&#8220; text_font=&#8220;&#8211;et_global_body_font||||||||&#8220; text_text_color=&#8220;#FFFFFF&#8220; text_font_size=&#8220;12px&#8220; text_orientation=&#8220;center&#8220; custom_margin=&#8220;||20px||false|false&#8220; global_colors_info=&#8220;{}&#8220;]<\/p>\n<p class=\"no-margin-bottom font-700\"><strong><span>Ministerstvo \u017eivotn\u00edho prost\u0159ed\u00ed<\/span><\/strong><br \/>\n<span>Vr\u0161ovick\u00e1 1442\/65<\/span><span><br \/>\n100 10\u00a0 Praha 10<\/span><\/p>\n<p>[\/et_pb_text][\/et_pb_column][\/et_pb_row][et_pb_row column_structure=&#8220;1_2,1_2&#8243; _builder_version=&#8220;4.27.4&#8243; _module_preset=&#8220;default&#8220; custom_margin=&#8220;||||false|false&#8220; global_colors_info=&#8220;{}&#8220;][et_pb_column type=&#8220;1_2&#8243; _builder_version=&#8220;4.27.4&#8243; _module_preset=&#8220;default&#8220; custom_padding=&#8220;|||80px|false|false&#8220; custom_padding_tablet=&#8220;|||0px|false|false&#8220; custom_padding_phone=&#8220;|||0px|false|false&#8220; custom_padding_last_edited=&#8220;on|phone&#8220; global_colors_info=&#8220;{}&#8220;][et_pb_image src=&#8220;https:\/\/inspirujmese.eu\/2023\/Logo\/logo_md_bila.jpg&#8220; align=&#8220;center&#8220; _builder_version=&#8220;4.27.4&#8243; _module_preset=&#8220;default&#8220; background_color=&#8220;#FFFFFF&#8220; max_width=&#8220;347px&#8220; max_height=&#8220;79px&#8220; custom_margin=&#8220;||30px||false|false&#8220; custom_margin_tablet=&#8220;||30px||false|false&#8220; custom_margin_phone=&#8220;||30px||false|false&#8220; custom_margin_last_edited=&#8220;on|desktop&#8220; global_colors_info=&#8220;{}&#8220;][\/et_pb_image][et_pb_text _builder_version=&#8220;4.27.4&#8243; _module_preset=&#8220;default&#8220; text_font=&#8220;&#8211;et_global_body_font||||||||&#8220; text_text_color=&#8220;#FFFFFF&#8220; text_font_size=&#8220;12px&#8220; text_orientation=&#8220;center&#8220; custom_margin=&#8220;||20px||false|false&#8220; global_colors_info=&#8220;{}&#8220;]<\/p>\n<p class=\"no-margin-bottom font-700\"><strong>Ministerstvo dopravy<\/strong><br \/>n\u00e1b\u0159e\u017e\u00ed Ludv\u00edka Svobody 1222\/12<br \/>110 15 Praha 1<\/p>\n<p>[\/et_pb_text][\/et_pb_column][et_pb_column type=&#8220;1_2&#8243; _builder_version=&#8220;4.27.4&#8243; _module_preset=&#8220;default&#8220; custom_padding=&#8220;|80px|||false|false&#8220; custom_padding_tablet=&#8220;|0px|||false|false&#8220; custom_padding_phone=&#8220;|0px|||false|false&#8220; custom_padding_last_edited=&#8220;on|phone&#8220; global_colors_info=&#8220;{}&#8220;][et_pb_image src=&#8220;https:\/\/inspirujmese.eu\/2023\/Logo\/logo_HPB.jpg&#8220; align=&#8220;center&#8220; _builder_version=&#8220;4.27.0&#8243; _module_preset=&#8220;default&#8220; background_color=&#8220;#FFFFFF&#8220; max_width=&#8220;347px&#8220; max_height=&#8220;79px&#8220; custom_margin=&#8220;||30px||false|false&#8220; custom_margin_tablet=&#8220;||30px||false|false&#8220; custom_margin_phone=&#8220;||30px||false|false&#8220; custom_margin_last_edited=&#8220;on|desktop&#8220; global_colors_info=&#8220;{}&#8220;][\/et_pb_image][et_pb_text _builder_version=&#8220;4.27.4&#8243; _module_preset=&#8220;default&#8220; text_font=&#8220;&#8211;et_global_body_font||||||||&#8220; text_text_color=&#8220;#FFFFFF&#8220; text_font_size=&#8220;12px&#8220; text_orientation=&#8220;center&#8220; custom_margin=&#8220;||20px||false|false&#8220; global_colors_info=&#8220;{}&#8220;]<\/p>\n<p class=\"no-margin-bottom font-700\"><strong>Hv\u011bzd\u00e1rna a planet\u00e1rium Brno<\/strong><br \/>Krav\u00ed hora 2,<br \/>616 00 Brno<\/p>\n<p>[\/et_pb_text][\/et_pb_column][\/et_pb_row][et_pb_row _builder_version=&#8220;4.27.4&#8243; _module_preset=&#8220;default&#8220; locked=&#8220;off&#8220; global_colors_info=&#8220;{}&#8220;][et_pb_column type=&#8220;4_4&#8243; _builder_version=&#8220;4.27.4&#8243; _module_preset=&#8220;default&#8220; global_colors_info=&#8220;{}&#8220;][et_pb_text _builder_version=&#8220;4.27.4&#8243; _module_preset=&#8220;default&#8220; text_text_color=&#8220;#FFFFFF&#8220; header_2_text_color=&#8220;#FFFFFF&#8220; global_colors_info=&#8220;{}&#8220;]<\/p>\n<h2 class=\"\" style=\"text-align: center;\"><span>SPONZO\u0158I A MEDI\u00c1LN\u00cd PARTNE\u0158I<\/span><\/h2>\n<p>[\/et_pb_text][\/et_pb_column][\/et_pb_row][et_pb_row column_structure=&#8220;1_3,1_3,1_3&#8243; _builder_version=&#8220;4.27.4&#8243; _module_preset=&#8220;default&#8220; width=&#8220;70%&#8220; max_width=&#8220;60%&#8220; custom_margin=&#8220;||||false|false&#8220; locked=&#8220;off&#8220; global_colors_info=&#8220;{}&#8220;][et_pb_column type=&#8220;1_3&#8243; _builder_version=&#8220;4.27.4&#8243; _module_preset=&#8220;default&#8220; custom_padding=&#8220;|||80px|false|false&#8220; custom_padding_tablet=&#8220;|||0px|false|false&#8220; custom_padding_phone=&#8220;|||0px|false|false&#8220; custom_padding_last_edited=&#8220;on|phone&#8220; global_colors_info=&#8220;{}&#8220;][et_pb_image src=&#8220;https:\/\/inspirujmese.eu\/wp-content\/uploads\/2024\/06\/logo_gisportal_bila.jpg&#8220; title_text=&#8220;logo_gisportal_bila&#8220; align=&#8220;center&#8220; _builder_version=&#8220;4.27.4&#8243; _module_preset=&#8220;default&#8220; background_color=&#8220;#FFFFFF&#8220; max_width=&#8220;347px&#8220; max_height=&#8220;79px&#8220; global_colors_info=&#8220;{}&#8220;][\/et_pb_image][et_pb_button button_url=&#8220;https:\/\/gisportal.cz\/&#8220; url_new_window=&#8220;on&#8220; button_text=&#8220;GISportal.cz&#8220; button_alignment=&#8220;center&#8220; button_alignment_tablet=&#8220;center&#8220; button_alignment_phone=&#8220;center&#8220; button_alignment_last_edited=&#8220;on|tablet&#8220; _builder_version=&#8220;4.27.4&#8243; _module_preset=&#8220;default&#8220; custom_button=&#8220;on&#8220; button_text_size=&#8220;14px&#8220; button_font=&#8220;&#8211;et_global_heading_font||||||||&#8220; background_layout=&#8220;dark&#8220; custom_margin=&#8220;||20px||false|false&#8220; custom_margin_tablet=&#8220;|||-25px|false|false&#8220; custom_margin_phone=&#8220;|||0px|false|false&#8220; custom_margin_last_edited=&#8220;on|phone&#8220; custom_padding=&#8220;||||false|false&#8220; global_colors_info=&#8220;{}&#8220;][\/et_pb_button][et_pb_text _builder_version=&#8220;4.27.4&#8243; _module_preset=&#8220;default&#8220; custom_margin=&#8220;0px||||false|false&#8220; custom_padding=&#8220;0px||||false|false&#8220; global_colors_info=&#8220;{}&#8220;]<\/p>\n<p style=\"text-align: center;\"><span style=\"color: #ffffff;\">medi\u00e1ln\u00ed partnerencie<\/span><\/p>\n<p>[\/et_pb_text][\/et_pb_column][et_pb_column type=&#8220;1_3&#8243; _builder_version=&#8220;4.27.4&#8243; _module_preset=&#8220;default&#8220; custom_padding_tablet=&#8220;|80px|||false|false&#8220; custom_padding_phone=&#8220;|0px|||false|false&#8220; custom_padding_last_edited=&#8220;off|desktop&#8220; global_colors_info=&#8220;{}&#8220;][et_pb_image src=&#8220;https:\/\/inspirujmese.eu\/wp-content\/uploads\/2025\/01\/gako_logo.jpg&#8220; title_text=&#8220;gako_logo&#8220; align=&#8220;center&#8220; _builder_version=&#8220;4.27.4&#8243; _module_preset=&#8220;default&#8220; background_color=&#8220;#FFFFFF&#8220; max_width=&#8220;347px&#8220; max_height=&#8220;79px&#8220; global_colors_info=&#8220;{}&#8220;][\/et_pb_image][et_pb_button button_url=&#8220;https:\/\/egako.eu\/cs\/o-casopise\/&#8220; url_new_window=&#8220;on&#8220; button_text=&#8220;GaKO&#8220; button_alignment=&#8220;center&#8220; button_alignment_tablet=&#8220;center&#8220; button_alignment_phone=&#8220;center&#8220; button_alignment_last_edited=&#8220;on|tablet&#8220; _builder_version=&#8220;4.27.4&#8243; _module_preset=&#8220;default&#8220; custom_button=&#8220;on&#8220; button_text_size=&#8220;14px&#8220; button_font=&#8220;&#8211;et_global_heading_font||||||||&#8220; background_layout=&#8220;dark&#8220; custom_margin=&#8220;||20px||false|false&#8220; custom_margin_tablet=&#8220;|||-25px|false|false&#8220; custom_margin_phone=&#8220;|||0px|false|false&#8220; custom_margin_last_edited=&#8220;on|phone&#8220; custom_padding=&#8220;||||false|false&#8220; global_colors_info=&#8220;{}&#8220;][\/et_pb_button][et_pb_text _builder_version=&#8220;4.27.4&#8243; _module_preset=&#8220;default&#8220; custom_margin=&#8220;0px||||false|false&#8220; custom_padding=&#8220;0px||||false|false&#8220; global_colors_info=&#8220;{}&#8220;]<\/p>\n<p style=\"text-align: center;\"><span style=\"color: #ffffff;\">medi\u00e1ln\u00ed partnercie<\/span><\/p>\n<p>[\/et_pb_text][\/et_pb_column][et_pb_column type=&#8220;1_3&#8243; _builder_version=&#8220;4.27.4&#8243; _module_preset=&#8220;default&#8220; custom_padding=&#8220;|80px|||false|false&#8220; custom_padding_tablet=&#8220;|0px|||false|false&#8220; custom_padding_phone=&#8220;|0px|||false|false&#8220; custom_padding_last_edited=&#8220;on|phone&#8220; global_colors_info=&#8220;{}&#8220;][et_pb_image src=&#8220;https:\/\/inspirujmese.eu\/wp-content\/uploads\/2025\/01\/logo-geokomunita-inspirujmese.jpg&#8220; title_text=&#8220;logo-geokomunita-inspirujmese&#8220; align=&#8220;center&#8220; _builder_version=&#8220;4.27.4&#8243; _module_preset=&#8220;default&#8220; background_color=&#8220;#FFFFFF&#8220; max_width=&#8220;347px&#8220; max_height=&#8220;79px&#8220; global_colors_info=&#8220;{}&#8220;][\/et_pb_image][et_pb_button button_url=&#8220;https:\/\/www.geocommunity.cz\/&#8220; url_new_window=&#8220;on&#8220; button_text=&#8220;Geokomunita&#8220; button_alignment=&#8220;center&#8220; button_alignment_tablet=&#8220;center&#8220; button_alignment_phone=&#8220;center&#8220; button_alignment_last_edited=&#8220;on|tablet&#8220; _builder_version=&#8220;4.27.4&#8243; _module_preset=&#8220;default&#8220; custom_button=&#8220;on&#8220; button_text_size=&#8220;14px&#8220; button_font=&#8220;&#8211;et_global_heading_font||||||||&#8220; background_layout=&#8220;dark&#8220; custom_margin=&#8220;||20px||false|false&#8220; custom_margin_tablet=&#8220;|||-25px|false|false&#8220; custom_margin_phone=&#8220;|||0px|false|false&#8220; custom_margin_last_edited=&#8220;on|phone&#8220; custom_padding=&#8220;||||false|false&#8220; global_colors_info=&#8220;{}&#8220;][\/et_pb_button][et_pb_text _builder_version=&#8220;4.27.4&#8243; _module_preset=&#8220;default&#8220; custom_margin=&#8220;0px||||false|false&#8220; custom_padding=&#8220;0px||||false|false&#8220; global_colors_info=&#8220;{}&#8220;]<\/p>\n<p style=\"text-align: center;\"><span style=\"color: #ffffff;\">medi\u00e1ln\u00ed partner<\/span><\/p>\n<p>[\/et_pb_text][\/et_pb_column][\/et_pb_row][et_pb_row _builder_version=&#8220;4.27.4&#8243; _module_preset=&#8220;default&#8220; locked=&#8220;off&#8220; global_colors_info=&#8220;{}&#8220;][et_pb_column type=&#8220;4_4&#8243; _builder_version=&#8220;4.27.4&#8243; _module_preset=&#8220;default&#8220; global_colors_info=&#8220;{}&#8220;][et_pb_text _builder_version=&#8220;4.27.4&#8243; _module_preset=&#8220;default&#8220; text_text_color=&#8220;#FFFFFF&#8220; header_2_text_color=&#8220;#FFFFFF&#8220; global_colors_info=&#8220;{}&#8220;]<\/p>\n<h2 class=\"\" style=\"text-align: center;\"><span>Z\u00c1\u0160TITA<\/span><\/h2>\n<p style=\"text-align: center;\"><span>Akce se kon\u00e1 pod z\u00e1\u0161titou Ministerstva \u017eivotn\u00edho prost\u0159ed\u00ed \u010cesk\u00e9 republiky a Ministerstva \u017eivotn\u00edho prost\u0159ed\u00ed Slovensk\u00e9 republiky.<\/span><\/p>\n<p>[\/et_pb_text][\/et_pb_column][\/et_pb_row][et_pb_row column_structure=&#8220;1_2,1_2&#8243; _builder_version=&#8220;4.27.4&#8243; _module_preset=&#8220;default&#8220; global_colors_info=&#8220;{}&#8220;][et_pb_column type=&#8220;1_2&#8243; _builder_version=&#8220;4.27.4&#8243; _module_preset=&#8220;default&#8220; custom_padding=&#8220;|||80px|false|false&#8220; custom_padding_tablet=&#8220;|||0px|false|false&#8220; custom_padding_phone=&#8220;|||0px|false|false&#8220; custom_padding_last_edited=&#8220;on|phone&#8220; global_colors_info=&#8220;{}&#8220;][et_pb_image src=&#8220;https:\/\/inspirujmese.eu\/wp-content\/uploads\/2025\/01\/logo_cenia_bile.jpg&#8220; title_text=&#8220;logo_cenia_bile&#8220; align=&#8220;center&#8220; _builder_version=&#8220;4.27.4&#8243; _module_preset=&#8220;default&#8220; background_color=&#8220;#FFFFFF&#8220; width=&#8220;347px&#8220; max_width=&#8220;347px&#8220; height=&#8220;79px&#8220; custom_margin=&#8220;||30px||false|false&#8220; custom_margin_tablet=&#8220;||30px||false|false&#8220; custom_margin_phone=&#8220;||30px||false|false&#8220; custom_margin_last_edited=&#8220;on|desktop&#8220; global_colors_info=&#8220;{}&#8220;][\/et_pb_image][et_pb_text _builder_version=&#8220;4.27.0&#8243; _module_preset=&#8220;default&#8220; text_font=&#8220;&#8211;et_global_body_font||||||||&#8220; text_text_color=&#8220;#FFFFFF&#8220; text_font_size=&#8220;12px&#8220; text_orientation=&#8220;center&#8220; custom_margin=&#8220;||20px||false|false&#8220; global_colors_info=&#8220;{}&#8220;]<\/p>\n<p class=\"no-margin-bottom font-700\"><strong>\u010cesk\u00e1 informa\u010dn\u00ed agentura \u017eivotn\u00edho prost\u0159ed\u00ed<\/strong><br \/><span>Moskevsk\u00e1 1523\/63<br \/>101 00 Praha 10<\/span><br \/><span>tel.: + 420 797 872 011<\/span><\/p>\n<p>[\/et_pb_text][\/et_pb_column][et_pb_column type=&#8220;1_2&#8243; _builder_version=&#8220;4.27.4&#8243; _module_preset=&#8220;default&#8220; custom_padding=&#8220;|80px|||false|false&#8220; custom_padding_tablet=&#8220;|0px|||false|false&#8220; custom_padding_phone=&#8220;|0px|||false|false&#8220; custom_padding_last_edited=&#8220;on|phone&#8220; global_colors_info=&#8220;{}&#8220;][et_pb_image src=&#8220;https:\/\/inspirujmese.eu\/2023\/Logo\/MZP_SR_LOGO_PRUSVITNE.png&#8220; align=&#8220;center&#8220; _builder_version=&#8220;4.27.4&#8243; _module_preset=&#8220;default&#8220; background_color=&#8220;#FFFFFF&#8220; width=&#8220;347px&#8220; max_width=&#8220;347px&#8220; height=&#8220;79px&#8220; custom_margin=&#8220;||30px||false|false&#8220; custom_margin_tablet=&#8220;||30px||false|false&#8220; custom_margin_phone=&#8220;||30px||false|false&#8220; custom_margin_last_edited=&#8220;on|desktop&#8220; custom_padding=&#8220;|10px||10px|false|false&#8220; global_colors_info=&#8220;{}&#8220;][\/et_pb_image][et_pb_text _builder_version=&#8220;4.27.4&#8243; _module_preset=&#8220;default&#8220; text_font=&#8220;&#8211;et_global_body_font||||||||&#8220; text_text_color=&#8220;#FFFFFF&#8220; text_font_size=&#8220;12px&#8220; text_orientation=&#8220;center&#8220; custom_margin=&#8220;||20px||false|false&#8220; global_colors_info=&#8220;{}&#8220;]<\/p>\n<p class=\"no-margin-bottom font-700\"><strong>Ministerstvo \u017eivotn\u00e9ho prostredia Slovenskej republiky<\/strong><br \/><span>N\u00e1m. L\u2018. \u0160t\u00fara 1<br \/>812 35 Bratislava<\/span><br \/><span>tel.: +421 48 4374 523<\/span><\/p>\n<p>[\/et_pb_text][\/et_pb_column][\/et_pb_row][\/et_pb_section]<\/p>\n","protected":false},"excerpt":{"rendered":"<p>Copernicus forum a Inspirujme se 2023 O KONFERENCI Zveme v\u00e1s na konferenci \u201eCopernicus forum a Inspirujme se 2023\u201c, kter\u00e1 se uskute\u010dn\u00ed ve dnech 29. \u2013 30. 11. 2023 ve Hv\u011bzd\u00e1rn\u011b a planet\u00e1riu Brno. Evropsk\u00e1 unie i v dne\u0161n\u00ed dob\u011b pln\u00e9 nejistoty podporuje vyu\u017e\u00edv\u00e1n\u00ed modern\u00edch technologi\u00ed a lidsk\u00e9ho potenci\u00e1lu pro podporu sb\u011bru, tvorby a vyu\u017e\u00edv\u00e1n\u00ed dat [&hellip;]<\/p>\n","protected":false},"author":3,"featured_media":0,"parent":0,"menu_order":0,"comment_status":"closed","ping_status":"closed","template":"","meta":{"_et_pb_use_builder":"on","_et_pb_old_content":"","_et_gb_content_width":"","footnotes":""},"folder":[],"class_list":["post-1325","page","type-page","status-publish","hentry"],"_links":{"self":[{"href":"https:\/\/inspirujmese.eu\/sk\/wp-json\/wp\/v2\/pages\/1325","targetHints":{"allow":["GET"]}}],"collection":[{"href":"https:\/\/inspirujmese.eu\/sk\/wp-json\/wp\/v2\/pages"}],"about":[{"href":"https:\/\/inspirujmese.eu\/sk\/wp-json\/wp\/v2\/types\/page"}],"author":[{"embeddable":true,"href":"https:\/\/inspirujmese.eu\/sk\/wp-json\/wp\/v2\/users\/3"}],"replies":[{"embeddable":true,"href":"https:\/\/inspirujmese.eu\/sk\/wp-json\/wp\/v2\/comments?post=1325"}],"version-history":[{"count":42,"href":"https:\/\/inspirujmese.eu\/sk\/wp-json\/wp\/v2\/pages\/1325\/revisions"}],"predecessor-version":[{"id":4493,"href":"https:\/\/inspirujmese.eu\/sk\/wp-json\/wp\/v2\/pages\/1325\/revisions\/4493"}],"wp:attachment":[{"href":"https:\/\/inspirujmese.eu\/sk\/wp-json\/wp\/v2\/media?parent=1325"}],"wp:term":[{"taxonomy":"folder","embeddable":true,"href":"https:\/\/inspirujmese.eu\/sk\/wp-json\/wp\/v2\/folder?post=1325"}],"curies":[{"name":"wp","href":"https:\/\/api.w.org\/{rel}","templated":true}]}}