{"id":2037,"date":"2025-01-09T10:23:26","date_gmt":"2025-01-09T09:23:26","guid":{"rendered":"https:\/\/inspirujmese.eu\/cs\/?page_id=2037"},"modified":"2025-10-16T14:47:28","modified_gmt":"2025-10-16T12:47:28","slug":"archiv-2022","status":"publish","type":"page","link":"https:\/\/inspirujmese.eu\/sk\/archiv-2022\/","title":{"rendered":"Archiv 2022"},"content":{"rendered":"<p>[et_pb_section fb_built=&#8220;1&#8243; _builder_version=&#8220;4.27.4&#8243; _module_preset=&#8220;default&#8220; background_enable_color=&#8220;off&#8220; background_image=&#8220;https:\/\/inspirujmese.eu\/wp-content\/uploads\/2025\/01\/tatry_panorama_uvod_1.jpg&#8220; global_colors_info=&#8220;{}&#8220;][et_pb_row _builder_version=&#8220;4.27.4&#8243; _module_preset=&#8220;default&#8220; width=&#8220;90%&#8220; max_width=&#8220;90%&#8220; global_colors_info=&#8220;{}&#8220;][et_pb_column type=&#8220;4_4&#8243; _builder_version=&#8220;4.27.0&#8243; _module_preset=&#8220;default&#8220; global_colors_info=&#8220;{}&#8220;][et_pb_text _builder_version=&#8220;4.27.4&#8243; _module_preset=&#8220;default&#8220; header_font=&#8220;|||on|||||&#8220; header_text_color=&#8220;#FFFFFF&#8220; header_font_size=&#8220;46px&#8220; header_font_size_tablet=&#8220;37px&#8220; header_font_size_phone=&#8220;29px&#8220; header_font_size_last_edited=&#8220;on|phone&#8220; global_colors_info=&#8220;{}&#8220;]<\/p>\n<h1 class=\"hero-title\" style=\"text-align: center;\">3. INSPIRE ESPUS konferencia &amp; Inspirujme se 2022<\/h1>\n<p>[\/et_pb_text][\/et_pb_column][\/et_pb_row][\/et_pb_section][et_pb_section fb_built=&#8220;1&#8243; _builder_version=&#8220;4.27.4&#8243; _module_preset=&#8220;default&#8220; background_color=&#8220;#3c3d3f&#8220; global_colors_info=&#8220;{}&#8220;][et_pb_row _builder_version=&#8220;4.27.0&#8243; _module_preset=&#8220;default&#8220; global_colors_info=&#8220;{}&#8220;][et_pb_column type=&#8220;4_4&#8243; _builder_version=&#8220;4.27.0&#8243; _module_preset=&#8220;default&#8220; global_colors_info=&#8220;{}&#8220;][et_pb_text content_tablet=&#8220;<\/p>\n<div class=%22row col-xs-12%22>\n<div class=%22section-title-col content-center-sm%22 data-type=%22column%22>\n<h2 class=%22%22 style=%22text-align: center;%22><span>O KONFERENCI<\/span><\/h2>\n<p><span><\/span><\/p>\n<p class=%22lead%22 style=%22text-align: center;%22><strong>Zveme v\u00e1s na konferenci \u201eCopernicus forum a Inspirujme se 2023\u201c, kter\u00e1 se uskute\u010dn\u00ed ve dnech 29. \u2013 30. 11. 2023 ve Hv\u011bzd\u00e1rn\u011b a planet\u00e1riu Brno.<\/strong><span><\/span><\/p>\n<p class=%22lead%22 style=%22text-align: center;%22><strong><\/strong><\/p>\n<\/div>\n<\/div>\n<div class=%22row col-xs-12%22>\n<div class=%22button-holder space-bottom space-bottom-small content-center-sm%22 data-type=%22column%22>\n<p class=%22lead%22 style=%22text-align: center;%22><span>Evropsk\u00e1 unie i v dne\u0161n\u00ed dob\u011b pln\u00e9 nejistoty podporuje vyu\u017e\u00edv\u00e1n\u00ed modern\u00edch technologi\u00ed a lidsk\u00e9ho potenci\u00e1lu pro podporu sb\u011bru, tvorby a vyu\u017e\u00edv\u00e1n\u00ed dat o planet\u011b Zemi.<\/span><br \/><span>Program Copernicus zam\u011b\u0159en\u00fd na d\u00e1lkov\u00fd pr\u016fzkum Zem\u011b a infrastruktura INSPIRE adresuj\u00edc\u00ed harmonizovan\u00e9 sd\u00edlen\u00ed prostorov\u00fdch dat pat\u0159\u00ed mezi d\u016fle\u017eit\u00e9 iniciativy \u0159\u00edzen\u00e9 a podporovan\u00e9 Evropskou komis\u00ed ve spolupr\u00e1ci s Evropskou vesm\u00edrnou agenturou (ESA), Evropskou agenturou \u017eivotn\u00edho prost\u0159ed\u00ed (EEA), Evropskou organizac\u00ed pro vyu\u017e\u00edv\u00e1n\u00ed meteorologick\u00fdch dru\u017eic (EUMETSAT), Evropsk\u00fdm centrem pro st\u0159edn\u011bdobou p\u0159edpov\u011b\u010f po\u010das\u00ed (ECMWF) a dal\u0161\u00edmi institucemi.<\/span><br \/><span>Ob\u011b iniciativy vznikly za \u00fa\u010delem chr\u00e1nit \u017eivotn\u00ed prost\u0159ed\u00ed vyu\u017e\u00edv\u00e1n\u00edm dostate\u010dn\u00e9ho mno\u017estv\u00ed harmonizovan\u00fdch dat, kter\u00e1 jsou pro ochranu planety nezbytn\u00e9. Spojen\u00e1 konference organizov\u00e1na pod nejv\u011bt\u0161\u00ed akc\u00ed zam\u011b\u0159enou na kosmick\u00fd pr\u016fmysl Czech Space Week proto p\u0159irozen\u011b vytv\u00e1\u0159\u00ed prost\u0159ed\u00ed pro propojen\u00ed komunit a hled\u00e1n\u00ed synergi\u00ed mezi potenci\u00e1ly a v\u00fdzvami obou iniciativ.<\/span><br \/><span>V\u011b\u0159\u00edme, \u017ee tato akce p\u0159inese \u00fa\u010dastn\u00edk\u016fm novou inspiraci a poskytne p\u0159\u00edle\u017eitost pro nov\u00e9 formy spolupr\u00e1ce. Leto\u0161n\u00ed ro\u010dn\u00edk spojen\u00fdch konferenc\u00ed \u010cesk\u00e9 u\u017eivatelsk\u00e9 f\u00f3rum Copernicus a Inspirujme se tak\u00e9 poprv\u00e9 prob\u011bhne na p\u016fl cesty mezi \u010deskou a slovenskou komunitou v inspirativn\u00edm prost\u0159ed\u00ed Hv\u011bzd\u00e1rny a planet\u00e1ria v Brn\u011b.<\/span><br \/><span>Samotn\u00e1 konference v r\u00e1mci nov\u00e9ho konceptu nab\u00eddne dva dny rozd\u011blen\u00e9 dle t\u00e9mat, ka\u017ed\u00e9 z nich bude m\u00edt sv\u016fj konferen\u010dn\u00ed den a den pouze pro workshopy. Program Copernicus dostane prostor pro p\u0159edn\u00e1\u0161ky v prvn\u00edm dni, druh\u00fd den bude zam\u011b\u0159en na praktick\u00e9 workshopy. INSPIRE prob\u011bhne naopak. V nult\u00e9m dni (tedy 28. 11. 2023) pro v\u00e1s tak\u00e9 chyst\u00e1me kulturn\u00ed program.<\/span><\/p>\n<\/div>\n<\/div>\n<p>&#8220; content_phone=&#8220;<\/p>\n<div class=%22row col-xs-12%22>\n<div class=%22section-title-col content-center-sm%22 data-type=%22column%22>\n<h3 style=%22text-align: center;%22><span>O KONFERENCI<\/span><\/h3>\n<p><span><\/span><\/p>\n<p class=%22lead%22 style=%22text-align: center;%22><strong>Zveme v\u00e1s na konferenci \u201eCopernicus forum a Inspirujme se 2023\u201c, kter\u00e1 se uskute\u010dn\u00ed ve dnech 29. \u2013 30. 11. 2023 ve Hv\u011bzd\u00e1rn\u011b a planet\u00e1riu Brno.<\/strong><span><\/span><\/p>\n<p class=%22lead%22 style=%22text-align: center;%22><strong><\/strong><\/p>\n<\/div>\n<\/div>\n<div class=%22row col-xs-12%22>\n<div class=%22button-holder space-bottom space-bottom-small content-center-sm%22 data-type=%22column%22>\n<p class=%22lead%22 style=%22text-align: center;%22><span>Evropsk\u00e1 unie i v dne\u0161n\u00ed dob\u011b pln\u00e9 nejistoty podporuje vyu\u017e\u00edv\u00e1n\u00ed modern\u00edch technologi\u00ed a lidsk\u00e9ho potenci\u00e1lu pro podporu sb\u011bru, tvorby a vyu\u017e\u00edv\u00e1n\u00ed dat o planet\u011b Zemi.<\/span><br \/><span>Program Copernicus zam\u011b\u0159en\u00fd na d\u00e1lkov\u00fd pr\u016fzkum Zem\u011b a infrastruktura INSPIRE adresuj\u00edc\u00ed harmonizovan\u00e9 sd\u00edlen\u00ed prostorov\u00fdch dat pat\u0159\u00ed mezi d\u016fle\u017eit\u00e9 iniciativy \u0159\u00edzen\u00e9 a podporovan\u00e9 Evropskou komis\u00ed ve spolupr\u00e1ci s Evropskou vesm\u00edrnou agenturou (ESA), Evropskou agenturou \u017eivotn\u00edho prost\u0159ed\u00ed (EEA), Evropskou organizac\u00ed pro vyu\u017e\u00edv\u00e1n\u00ed meteorologick\u00fdch dru\u017eic (EUMETSAT), Evropsk\u00fdm centrem pro st\u0159edn\u011bdobou p\u0159edpov\u011b\u010f po\u010das\u00ed (ECMWF) a dal\u0161\u00edmi institucemi.<\/span><br \/><span>Ob\u011b iniciativy vznikly za \u00fa\u010delem chr\u00e1nit \u017eivotn\u00ed prost\u0159ed\u00ed vyu\u017e\u00edv\u00e1n\u00edm dostate\u010dn\u00e9ho mno\u017estv\u00ed harmonizovan\u00fdch dat, kter\u00e1 jsou pro ochranu planety nezbytn\u00e9. Spojen\u00e1 konference organizov\u00e1na pod nejv\u011bt\u0161\u00ed akc\u00ed zam\u011b\u0159enou na kosmick\u00fd pr\u016fmysl Czech Space Week proto p\u0159irozen\u011b vytv\u00e1\u0159\u00ed prost\u0159ed\u00ed pro propojen\u00ed komunit a hled\u00e1n\u00ed synergi\u00ed mezi potenci\u00e1ly a v\u00fdzvami obou iniciativ.<\/span><br \/><span>V\u011b\u0159\u00edme, \u017ee tato akce p\u0159inese \u00fa\u010dastn\u00edk\u016fm novou inspiraci a poskytne p\u0159\u00edle\u017eitost pro nov\u00e9 formy spolupr\u00e1ce. Leto\u0161n\u00ed ro\u010dn\u00edk spojen\u00fdch konferenc\u00ed \u010cesk\u00e9 u\u017eivatelsk\u00e9 f\u00f3rum Copernicus a Inspirujme se tak\u00e9 poprv\u00e9 prob\u011bhne na p\u016fl cesty mezi \u010deskou a slovenskou komunitou v inspirativn\u00edm prost\u0159ed\u00ed Hv\u011bzd\u00e1rny a planet\u00e1ria v Brn\u011b.<\/span><br \/><span>Samotn\u00e1 konference v r\u00e1mci nov\u00e9ho konceptu nab\u00eddne dva dny rozd\u011blen\u00e9 dle t\u00e9mat, ka\u017ed\u00e9 z nich bude m\u00edt sv\u016fj konferen\u010dn\u00ed den a den pouze pro workshopy. Program Copernicus dostane prostor pro p\u0159edn\u00e1\u0161ky v prvn\u00edm dni, druh\u00fd den bude zam\u011b\u0159en na praktick\u00e9 workshopy. INSPIRE prob\u011bhne naopak. V nult\u00e9m dni (tedy 28. 11. 2023) pro v\u00e1s tak\u00e9 chyst\u00e1me kulturn\u00ed program.<\/span><\/p>\n<\/div>\n<\/div>\n<p>&#8220; content_last_edited=&#8220;on|phone&#8220; _builder_version=&#8220;4.27.4&#8243; _module_preset=&#8220;default&#8220; text_font=&#8220;&#8211;et_global_body_font|300|||||||&#8220; text_text_color=&#8220;#FFFFFF&#8220; text_font_size=&#8220;15px&#8220; text_line_height=&#8220;2em&#8220; header_font=&#8220;Roboto||||||||&#8220; header_2_font=&#8220;&#8211;et_global_heading_font|||||||#FFFFFF|&#8220; header_2_text_color=&#8220;#FFFFFF&#8220; header_2_font_size=&#8220;44px&#8220; header_3_text_color=&#8220;#FFFFFF&#8220; header_3_font_size=&#8220;30px&#8220; text_font_size_tablet=&#8220;15px&#8220; text_font_size_phone=&#8220;12px&#8220; text_font_size_last_edited=&#8220;on|phone&#8220; global_colors_info=&#8220;{}&#8220;]<\/p>\n<div class=\"row col-xs-12\">\n<div class=\"section-title-col content-center-sm\" data-type=\"column\">\n<h2 class=\"space-bottom\" style=\"text-align: center;\">O KONFERENCII<\/h2>\n<p class=\"lead\"><span>Ministerstvo \u017eivotn\u00e9ho prostredia Slovenskej republiky a \u010cesk\u00e1 informa\u010dn\u00ed agentura \u017eivotn\u00edho prost\u0159ed\u00ed V\u00e1s poz\u00fdvaj\u00fa\u00a07. \u2013 8. decembra 2022 na \u0160trbsk\u00e9 Pleso, kde sa uskuto\u010dn\u00ed \u201e3. INSPIRE ESPUS konferencia &amp; Inspirujme se 2022\u201c.<br \/><\/span><br \/><span>ESPUS je akronym projektu Efekt\u00edvny mana\u017ement priestorov\u00fdch \u00fadajov a slu\u017eieb, ktor\u00fd realizuje Ministerstvo \u017eivotn\u00e9ho prostredia SR od roku 2020. Ke\u010f\u017ee 3. INSPIRE ESPUS konferencia mala prinies\u0165 ku koncu roku 2022 jeho zhodnotenie a s\u00fa\u010dasne prich\u00e1dza obdobie tradi\u010dnej konferencie Inspirujme se \u2026efekt\u00edvnym rie\u0161en\u00edm je ich vz\u00e1jomn\u00e9 spojenie.<br \/><\/span><br \/><span>T\u00e9ma efekt\u00edvnosti a \u00fa\u010dinnosti bola hlavnou t\u00e9mou konferencie Inspirujme se\u2026 u\u017e v roku 2012. Vtedy sa diskutovalo o v\u00fdhod\u00e1ch zdie\u013eania inform\u00e1ci\u00ed a rie\u0161eniach pri implement\u00e1cii komplexn\u00fdch povinnost\u00ed smernice INSPIRE. Tento rok by sme sa chceli op\u00e4\u0165 vr\u00e1ti\u0165 k efekt\u00edvnosti. U\u017e nie z poh\u013eadu \u00faspory \u010dasu a pe\u0148az\u00ed, ale sk\u00f4r s \u00favahou, ako efekt\u00edvne vyu\u017ei\u0165 to, \u010do bolo zriaden\u00e9 a vybudovan\u00e9, a to nielen v\u010faka INSPIRE. Rezervy vid\u00edme v tom, ako \u010dasto sa priestorov\u00e9 \u00fadaje re\u00e1lne vyu\u017e\u00edvaj\u00fa a na \u010do v\u0161etko sa daj\u00fa vyu\u017ei\u0165, ke\u010f\u017ee by mohli by\u0165 jedn\u00fdm zo z\u00e1kladn\u00fdch pilierov e-governmentu v \u010ceskej republike a na Slovensku, ak by sa ich v\u00fdznam vhodne odkomunikoval relevantn\u00fdm cie\u013eov\u00fdm skupin\u00e1m.<br \/><\/span><br \/><span>Komunita GIS je trochu uzavret\u00fd svet a je potrebn\u00e9 h\u013eada\u0165 cesty komunik\u00e1cie a porozumenia s in\u00fdmi komunitami a dom\u00e9nami. Tradi\u010dn\u00e9 t\u00e9my t\u00fdkaj\u00face sa priestorov\u00fdch \u00fadajov, ich harmoniz\u00e1cie, slu\u017eieb priestorov\u00fdch \u00fadajov alebo n\u00e1strojov na ich tvorbu preto dopln\u00ed netechnick\u00e1 oblas\u0165, a tou je komunik\u00e1cia. Ako mo\u017eno inform\u00e1cie o priestorov\u00fdch \u00fadajoch sprostredkova\u0165 k\u013e\u00fa\u010dov\u00fdm cie\u013eov\u00fdm skupin\u00e1m? \u010eal\u0161ou novou t\u00e9mou bude architekt\u00fara, \u0161ir\u0161\u00ed kontext a podpora strategick\u00e9ho pl\u00e1novania. \u010casto toti\u017e len kv\u00f4li povinnostiam nevn\u00edmame \u0161ir\u0161ie s\u00favislosti. M\u00f4\u017eeme e\u0161te vyst\u00fapi\u0165 z tohto sveta a n\u00e1js\u0165 miesta a mo\u017enosti, kam priestorov\u00e9 \u00fadaje v spolo\u010dnosti patria?<br \/><\/span><br \/><span>D\u00fafame, \u017ee niektor\u00e9 z hlavn\u00fdch t\u00e9m bud\u00fa s Vami rezonova\u0165 a budete sa s nami chcie\u0165 podeli\u0165 o Va\u0161e \u00faspechy, ale i v\u00fdzvy, ktor\u00fdm \u010del\u00edte. Hoci podujatie oznamujeme len v kr\u00e1tkom \u010dase, d\u00fafame, \u017ee pracovn\u00e9 a rodinn\u00e9 povinnosti V\u00e1m umo\u017enia pr\u00eds\u0165 do Vysok\u00fdch Tatier osobne.<br \/><\/span><br \/><span>Ver\u00edme, \u017ee sa n\u00e1m spolo\u010dne podar\u00ed vytvori\u0165 priestor pre op\u00e4tovn\u00e9 stretnutia, nov\u00e9 spolupr\u00e1ce a vz\u00e1jomn\u00fa in\u0161pir\u00e1ciu.<\/span><\/p>\n<\/div>\n<\/div>\n<p>[\/et_pb_text][\/et_pb_column][\/et_pb_row][et_pb_row column_structure=&#8220;1_2,1_2&#8243; _builder_version=&#8220;4.27.0&#8243; _module_preset=&#8220;default&#8220; global_colors_info=&#8220;{}&#8220;][et_pb_column type=&#8220;1_2&#8243; _builder_version=&#8220;4.27.0&#8243; _module_preset=&#8220;default&#8220; custom_padding=&#8220;|0px|||false|false&#8220; global_colors_info=&#8220;{}&#8220;][et_pb_button button_url=&#8220;https:\/\/geoportal.gov.cz\/web\/guest\/about-inspire&#8220; url_new_window=&#8220;on&#8220; button_text=&#8220;V\u00cdCE O INSPIRE&#8220; button_alignment=&#8220;right&#8220; button_alignment_tablet=&#8220;right&#8220; button_alignment_phone=&#8220;center&#8220; button_alignment_last_edited=&#8220;on|phone&#8220; _builder_version=&#8220;4.27.4&#8243; _module_preset=&#8220;default&#8220; custom_button=&#8220;on&#8220; button_text_size=&#8220;14px&#8220; button_font=&#8220;&#8211;et_global_heading_font||||||||&#8220; background_layout=&#8220;dark&#8220; custom_margin=&#8220;|-25px|||false|false&#8220; custom_margin_tablet=&#8220;|-25px|||false|false&#8220; custom_margin_phone=&#8220;|0px|||false|false&#8220; custom_margin_last_edited=&#8220;on|phone&#8220; global_colors_info=&#8220;{}&#8220;][\/et_pb_button][\/et_pb_column][et_pb_column type=&#8220;1_2&#8243; _builder_version=&#8220;4.27.0&#8243; _module_preset=&#8220;default&#8220; custom_padding=&#8220;|||0px|false|false&#8220; global_colors_info=&#8220;{}&#8220;][et_pb_button button_url=&#8220;https:\/\/inspire.gov.sk\/projekty\/espus&#8220; url_new_window=&#8220;on&#8220; button_text=&#8220;V\u00cdCE O ESPUS&#8220; button_alignment=&#8220;left&#8220; button_alignment_tablet=&#8220;left&#8220; button_alignment_phone=&#8220;center&#8220; button_alignment_last_edited=&#8220;on|phone&#8220; _builder_version=&#8220;4.27.4&#8243; _module_preset=&#8220;default&#8220; custom_button=&#8220;on&#8220; button_text_size=&#8220;14px&#8220; button_font=&#8220;&#8211;et_global_heading_font||||||||&#8220; background_layout=&#8220;dark&#8220; custom_margin=&#8220;|||-25px|false|false&#8220; custom_margin_tablet=&#8220;|||-25px|false|false&#8220; custom_margin_phone=&#8220;|||0px|false|false&#8220; custom_margin_last_edited=&#8220;on|phone&#8220; global_colors_info=&#8220;{}&#8220;][\/et_pb_button][\/et_pb_column][\/et_pb_row][et_pb_row _builder_version=&#8220;4.27.4&#8243; _module_preset=&#8220;default&#8220; global_colors_info=&#8220;{}&#8220;][et_pb_column type=&#8220;4_4&#8243; _builder_version=&#8220;4.27.4&#8243; _module_preset=&#8220;default&#8220; global_colors_info=&#8220;{}&#8220;][et_pb_image src=&#8220;https:\/\/inspirujmese.eu\/wp-content\/uploads\/2025\/01\/form_header_7.12.2022.png&#8220; title_text=&#8220;form_header_7.12.2022&#8243; _builder_version=&#8220;4.27.4&#8243; _module_preset=&#8220;default&#8220; global_colors_info=&#8220;{}&#8220;][\/et_pb_image][\/et_pb_column][\/et_pb_row][\/et_pb_section][et_pb_section fb_built=&#8220;1&#8243; module_id=&#8220;foto&#8220; _builder_version=&#8220;4.27.3&#8243; _module_preset=&#8220;default&#8220; global_colors_info=&#8220;{}&#8220;][et_pb_row _builder_version=&#8220;4.27.0&#8243; _module_preset=&#8220;default&#8220; global_colors_info=&#8220;{}&#8220;][et_pb_column type=&#8220;4_4&#8243; _builder_version=&#8220;4.27.0&#8243; _module_preset=&#8220;default&#8220; global_colors_info=&#8220;{}&#8220;][et_pb_gallery gallery_ids=&#8220;3664,3665,3666,3667,3668,3669,3670,3671,3672,3673,3674,3675,3676,3677,3678,3679,3680,3681,3682,3684,3685,3687,3686,3688,3689,3690,3691,3692,3693,3694,3695,3696,3697,3698,3699,3700,3701,3702,3703,3704,3705,3706,3707,3708,3709,3710,3711,3712,3713,3714,3715,3716,3717,3718,3719,3720,3721,3722,3723,3724,3725,3726,3727,3728,3729,3730,3731,3732,3733,3734,3735,3736,3737,3738,3739,3740,3741,3742,3743,3744,3745,3746,3747,3748,3749,3750,3751,3752,3753,3754,3756,3757,3755,3758,3759,3760,3761,3762,3763,3764,3765,3766,3767,3768,3769,3770,3771,3772,3773,3774,3775,3776,3777,3778,3779,3780,3781,3782,3783,3784,3785,3786,3787,3788,3789,3790,3791,3792,3793,3794,3795,3796,3797,3798,3799,3800,3801,3802,3803,3804,3805,3806,3807,3808,3809,3810,3811,3812,3813,3814,3815,3816,3817,3818,3819,3821,3820,3822,3823,3824&#8243; posts_number=&#8220;16&#8243; show_title_and_caption=&#8220;off&#8220; zoom_icon_color=&#8220;#707070&#8243; hover_icon=&#8220;&#x54;||divi||400&#8243; _builder_version=&#8220;4.27.4&#8243; _module_preset=&#8220;default&#8220; title_level=&#8220;h4&#8243; caption_text_color=&#8220;#000000&#8243; pagination_font=&#8220;||||||||&#8220; pagination_text_color=&#8220;#000000&#8243; custom_css_free_form=&#8220;.mfp-title { display: none !important; }&#8220; global_colors_info=&#8220;{}&#8220;][\/et_pb_gallery][\/et_pb_column][\/et_pb_row][\/et_pb_section][et_pb_section fb_built=&#8220;1&#8243; _builder_version=&#8220;4.27.4&#8243; _module_preset=&#8220;default&#8220; background_enable_color=&#8220;off&#8220; global_colors_info=&#8220;{}&#8220;][et_pb_row _builder_version=&#8220;4.27.4&#8243; _module_preset=&#8220;default&#8220; width=&#8220;100%&#8220; custom_padding=&#8220;0px||0px||false|false&#8220; global_colors_info=&#8220;{}&#8220;][et_pb_column type=&#8220;4_4&#8243; _builder_version=&#8220;4.27.0&#8243; _module_preset=&#8220;default&#8220; global_colors_info=&#8220;{}&#8220;][et_pb_code _builder_version=&#8220;4.27.4&#8243; _module_preset=&#8220;default&#8220; text_orientation=&#8220;center&#8220; hover_enabled=&#8220;0&#8243; global_colors_info=&#8220;{}&#8220; sticky_enabled=&#8220;0&#8243;]<\/p>\n<div  data-label=\"program\" data-id=\"content--2\" data-export-id=\"content-5-materialis\" data-category=\"content\" class=\"content-5m content-section-spacing-large content-section\" id=\"program-1\" style=\"background-color: rgb(255, 255, 255);\">\n<div  class=\"gridContainer\">\n<div  class=\"row\">\n<div  class=\"col-xs-12 col-sm-8 col-sm-offset-2 space-bottom text-center col-padding-small-xs\" data-type=\"column\"> <\/div>\n<div  class=\"col-xs-12 text-center large\" data-type=\"column\">\n<h2  class=\"\"><span  style=\"font-weight: 1000;\"><span  style=\"color: rgb(51, 51, 53);\">PROGRAM<\/span><span  id=\"_mce_caret\" data-mce-bogus=\"1\" data-mce-type=\"format-caret\"><span  style=\"color: rgb(51, 51, 53);\">\ufeff<\/span><\/span><\/span><\/h2>\n<pee  class=\"\"><span  style=\"color: rgb(51, 51, 53); font-weight: 1000;\"><!-- [et_pb_line_break_holder] -->STREDA 7. 12. 2022<\/span><!\u2013- [et_pb_br_holder] -\u2013><!-- [et_pb_line_break_holder] --><!\u2013- [et_pb_br_holder] -\u2013><span  style=\"color: rgb(44, 135, 13); font-weight: 1000;\">09:00\u201312:00 Registr\u00e1cia<!-- [et_pb_line_break_holder] --><\/span><!\u2013- [et_pb_br_holder] -\u2013><!\u2013- [et_pb_br_holder] -\u2013><!-- [et_pb_line_break_holder] --><span  style=\"color: rgb(51, 51, 53);\"><span  style=\"font-weight: 1000;\"><span  style=\"color: rgb(44, 135, 13);\">10:00\u201310:15 Otvorenie konferencie<\/span><\/span><!\u2013- [et_pb_br_holder] -\u2013><span  style=\"color: rgb(107, 124, 147);\"><!-- [et_pb_line_break_holder] --><!\u2013- [et_pb_br_holder] -\u2013>\u00davodn\u00e9 slovo <!-- [et_pb_line_break_holder] --><!\u2013- [et_pb_br_holder] -\u2013><span  style=\"font-style: italic; color: rgb(51, 51, 53);\">z\u00e1stupca Ministerstva \u017eivotn\u00e9ho prostredia SR<\/span><\/span><span  style=\"font-style: italic;\">,<!\u2013- [et_pb_br_holder] -\u2013>z\u00e1stupca \u010cesk\u00e9 informa\u010dn\u00ed agentury \u017eivotn\u00edho prost\u0159ed\u00ed<\/span><\/span><!\u2013- [et_pb_br_holder] -\u2013><!\u2013- [et_pb_br_holder] -\u2013><!-- [et_pb_line_break_holder] --><span  style=\"color: rgb(44, 135, 13); font-weight: 1000;\">10:15\u201311:45 Koncep\u010dn\u00e9 riadenie<\/span><!\u2013- [et_pb_br_holder] -\u2013><!-- [et_pb_line_break_holder] --><!\u2013- [et_pb_br_holder] -\u2013><strong ><a href=\"https:\/\/inspirujmese.eu\/2022\/prezentace\/01_2022_Rusnakova_systematicka_podpora.pdf?_t=1757949638\" target=\"_blank\" rel=\"noopener noreferrer\" class=\"\">Systematick\u00e1 podpora riadenia a rozvoja informatiz\u00e1cie M\u017dP SR<\/a><em > \u00a0<\/em><\/strong><a href=\"https:\/\/www.youtube.com\/watch?v=F1gOpB0UFHU&#038;t=0s\" target=\"_blank\" rel=\"noopener\" class=\"\"><img  decoding=\"async\" src=\"https:\/\/inspirujmese.eu\/2022\/80x57px-YouTube.png\" tittle=\"YouTube\" width=\"30\" align=\"middle\"><\/a><!-- [et_pb_line_break_holder] --><!\u2013- [et_pb_br_holder] -\u2013><span  style=\"font-style: italic; color: rgb(51, 51, 53); font-weight: 700;\">Eva Rusn\u00e1kov\u00e1, Ministerstvo \u017eivotn\u00e9ho prostredia SR<\/span><!\u2013- [et_pb_br_holder] -\u2013><!-- [et_pb_line_break_holder] --><!\u2013- [et_pb_br_holder] -\u2013><strong ><a href=\"https:\/\/inspirujmese.eu\/2022\/prezentace\/02_2022_Adamuska_aktualni_vyzvy.pdf?_t=1757949638\" target=\"_blank\" rel=\"noopener noreferrer\" class=\"\">Informa\u010dn\u00ed koncepce \u2013 aktu\u00e1ln\u00ed v\u00fdzvy rozvoje IT slu\u017eeb M\u017dP<!-- [et_pb_line_break_holder] --><\/a><em > \u00a0<\/em><\/strong><a href=\"https:\/\/www.youtube.com\/watch?v=F1gOpB0UFHU&#038;t=605s\" target=\"_blank\" rel=\"noopener\" class=\"\"><img  decoding=\"async\" src=\"https:\/\/inspirujmese.eu\/2022\/80x57px-YouTube.png\" tittle=\"YouTube\" width=\"30\" align=\"middle\"><\/a><!-- [et_pb_line_break_holder] --><!\u2013- [et_pb_br_holder] -\u2013><span  style=\"font-style: italic; color: rgb(51, 51, 53);\">Jarom\u00edr Adamu\u0161ka, Ministerstvo \u017eivotn\u00edho prost\u0159ed\u00ed \u010cR<\/span><!-- [et_pb_line_break_holder] --><!\u2013- [et_pb_br_holder] -\u2013><!-- [et_pb_line_break_holder] --><!\u2013- [et_pb_br_holder] -\u2013><strong ><a href=\"https:\/\/inspirujmese.eu\/2022\/prezentace\/03_2022_Tichy_implementace_geoinfostrategie.pdf?_t=1757949638\" target=\"_blank\" rel=\"noopener noreferrer\" class=\"\">Implementace GeoInfoStrategie2020+ na pln\u00e9 obr\u00e1tky<\/a><em > \u00a0<\/em><\/strong><a href=\"https:\/\/www.youtube.com\/watch?v=F1gOpB0UFHU&#038;t=1998s\" target=\"_blank\" rel=\"noopener\" class=\"\"><img  decoding=\"async\" src=\"https:\/\/inspirujmese.eu\/2022\/80x57px-YouTube.png\" tittle=\"YouTube\" width=\"30\" align=\"middle\"><\/a><!\u2013- [et_pb_br_holder] -\u2013><!-- [et_pb_line_break_holder] --><span  style=\"font-style: italic; color: rgb(51, 51, 53);\">Michal Tich\u00fd, Ministerstvo vnitra \u010cR\u00a0<!-- [et_pb_line_break_holder] --><\/span><!\u2013- [et_pb_br_holder] -\u2013><!-- [et_pb_line_break_holder] --><!\u2013- [et_pb_br_holder] -\u2013><strong ><a href=\"https:\/\/inspirujmese.eu\/2022\/prezentace\/04_2022_Faugnerova_Tuchyna_INSPIRE_v_CR_a_SR.pdf?_t=1757949638\" target=\"_blank\" rel=\"noopener noreferrer\" class=\"\">INSPIRE efektivn\u011b v \u010cR a SR<\/a><em > \u00a0<\/em><\/strong><a href=\"https:\/\/www.youtube.com\/watch?v=F1gOpB0UFHU&#038;t=3258s\" target=\"_blank\" rel=\"noopener\" class=\"\"><img  decoding=\"async\" src=\"https:\/\/inspirujmese.eu\/2022\/80x57px-YouTube.png\" tittle=\"YouTube\" width=\"30\" align=\"middle\"><\/a><!\u2013- [et_pb_br_holder] -\u2013><!-- [et_pb_line_break_holder] --><span  style=\"font-style: italic; color: rgb(51, 51, 53);\">Jitka Faugnerov\u00e1, \u010cesk\u00e1 informa\u010dn\u00ed agentura \u017eivotn\u00edho prost\u0159ed\u00ed,<!-- [et_pb_line_break_holder] --><!\u2013- [et_pb_br_holder] -\u2013>Martin Tuchy\u0148a, Ministerstvo \u017eivotn\u00e9ho prostredia SR<\/span>\u00a0<!-- [et_pb_line_break_holder] --><!\u2013- [et_pb_br_holder] -\u2013><!-- [et_pb_line_break_holder] --><!\u2013- [et_pb_br_holder] -\u2013><span  style=\"color: rgb(44, 135, 13);\"><span  style=\"font-weight: 1000;\"><!-- [et_pb_line_break_holder] -->11:45\u201312:00 Prest\u00e1vka<\/span><\/span><!-- [et_pb_line_break_holder] --><!\u2013- [et_pb_br_holder] -\u2013><span  style=\"color: rgb(44, 135, 13); font-weight: 1000;\">12:00\u201313:00 Efekt\u00edvna spr\u00e1va priestorov\u00fdch \u00fadajov a slu\u017eieb<\/span><!\u2013- [et_pb_br_holder] -\u2013><!-- [et_pb_line_break_holder] --><!\u2013- [et_pb_br_holder] -\u2013><strong ><a href=\"https:\/\/inspirujmese.eu\/2022\/prezentace\/05_2022_Tuchyna_ESPUS.pdf?_t=1757949638\" target=\"_blank\" rel=\"noopener noreferrer\" class=\"\">Projekt ESPUS<\/a><\/strong><!-- [et_pb_line_break_holder] --><em > \u00a0<\/em><a href=\"https:\/\/www.youtube.com\/watch?v=F1gOpB0UFHU&#038;t=4101s\" target=\"_blank\" rel=\"noopener\" class=\"\"><img  decoding=\"async\" src=\"https:\/\/inspirujmese.eu\/2022\/80x57px-YouTube.png\" tittle=\"YouTube\" width=\"30\" align=\"middle\"><\/a><!\u2013- [et_pb_br_holder] -\u2013><span  style=\"font-style: italic; color: rgb(51, 51, 53);\">D\u00e1tov\u00e1 kancel\u00e1ria NIPI, Ministerstvo \u017eivotn\u00e9ho prostredia SR<\/span>\u00a0\u00a0 <!\u2013- [et_pb_br_holder] -\u2013><!-- [et_pb_line_break_holder] --><!\u2013- [et_pb_br_holder] -\u2013><span  style=\"font-weight: 1000; color: rgb(51, 51, 53);\"><span  style=\"color: rgb(44, 135, 13);\">13:00\u201314:00 Obed<!-- [et_pb_line_break_holder] --><\/span><!\u2013- [et_pb_br_holder] -\u2013><!-- [et_pb_line_break_holder] --><!\u2013- [et_pb_br_holder] -\u2013><span  style=\"color: rgb(44, 135, 13);\">14:00\u201315:30 Pr\u00edklady implement\u00e1cie INSPIRE<\/span><!\u2013- [et_pb_br_holder] -\u2013><!-- [et_pb_line_break_holder] --><span  style=\"font-weight: 700; color: rgb(107, 124, 147);\"><!-- [et_pb_line_break_holder] --><!\u2013- [et_pb_br_holder] -\u2013><strong ><a href=\"https:\/\/inspirujmese.eu\/2022\/prezentace\/06_2022_Svata_Poskytovani_dat_CUZK.pdf?_t=1757949638\" target=\"_blank\" rel=\"noopener noreferrer\" class=\"\">Poskytov\u00e1n\u00ed dat a slu\u017eeb \u010c\u00daZK<\/a><\/strong><!-- [et_pb_line_break_holder] --><\/span><em > \u00a0<\/em><a href=\"https:\/\/www.youtube.com\/watch?v=F1gOpB0UFHU&#038;t=6429s\" target=\"_blank\" rel=\"noopener\" class=\"\"><img  decoding=\"async\" src=\"https:\/\/inspirujmese.eu\/2022\/80x57px-YouTube.png\" tittle=\"YouTube\" width=\"30\" align=\"middle\"><\/a><!\u2013- [et_pb_br_holder] -\u2013><span  style=\"font-style: italic; font-weight: 700;\">Ivana Svat\u00e1, \u010cesk\u00fd \u00fa\u0159ad zem\u011bm\u011b\u0159ick\u00fd a katastr\u00e1ln\u00ed<\/span><!\u2013- [et_pb_br_holder] -\u2013><!-- [et_pb_line_break_holder] --><!\u2013- [et_pb_br_holder] -\u2013><span  style=\"font-weight: 700; color: rgb(107, 124, 147);\"><!-- [et_pb_line_break_holder] --><strong ><a href=\"https:\/\/inspirujmese.eu\/2022\/prezentace\/07_2022_Dombiova_UGKK.pdf?_t=1757949638\" target=\"_blank\" rel=\"noopener noreferrer\" class=\"\">Rezort \u00daGKK SR na ceste ku kvalitnej\u0161\u00edm \u00fadajom<\/a><\/strong><!-- [et_pb_line_break_holder] --><\/span><em > \u00a0<\/em><a href=\"https:\/\/www.youtube.com\/watch?v=F1gOpB0UFHU&#038;t=7219s\" target=\"_blank\" rel=\"noopener\" class=\"\"><img  decoding=\"async\" src=\"https:\/\/inspirujmese.eu\/2022\/80x57px-YouTube.png\" tittle=\"YouTube\" width=\"30\" align=\"middle\"><\/a><span  style=\"font-weight: 700; font-style: italic;\"><!-- [et_pb_line_break_holder] --><!\u2013- [et_pb_br_holder] -\u2013>Kinga Dombiov\u00e1, \u00darad geod\u00e9zie, kartografie a katastra Slovenskej republiky<\/span><!\u2013- [et_pb_br_holder] -\u2013><!-- [et_pb_line_break_holder] --><!\u2013- [et_pb_br_holder] -\u2013><span  style=\"font-weight: 700; color: rgb(107, 124, 147);\"><strong ><a href=\"https:\/\/inspirujmese.eu\/2022\/prezentace\/08_2022_Junek_END.pdf?_t=1757949638\" target=\"_blank\" rel=\"noopener noreferrer\" class=\"\">END podle INSPIRE (Environment Noise Directive)<\/a><\/strong><\/span><span  style=\"font-style: italic; font-weight: 700;\"><em > \u00a0<\/em><a href=\"https:\/\/www.youtube.com\/watch?v=F1gOpB0UFHU&#038;t=8026s\" target=\"_blank\" rel=\"noopener\" class=\"\"><img  decoding=\"async\" src=\"https:\/\/inspirujmese.eu\/2022\/80x57px-YouTube.png\" tittle=\"YouTube\" width=\"30\" align=\"middle\"><\/a><!-- [et_pb_line_break_holder] --><!\u2013- [et_pb_br_holder] -\u2013>Pavel Junek, Zdravotn\u00ed \u00fastav se s\u00eddlem v Ostrav\u011b<!\u2013- [et_pb_br_holder] -\u2013><!-- [et_pb_line_break_holder] --><span  style=\"color: rgba(51, 51, 53, 0);\">\u2013<\/span><!\u2013- [et_pb_br_holder] -\u2013><!-- [et_pb_line_break_holder] --><\/span><span  style=\"font-weight: 700; color: rgb(107, 124, 147);\"><strong ><a href=\"https:\/\/inspirujmese.eu\/2022\/prezentace\/09_2022_Haluska_SHMU.pdf?_t=1757949638\" target=\"_blank\" rel=\"noopener noreferrer\" class=\"\">Implement\u00e1cia INSPIRE na SHM\u00da<\/a><\/strong><\/span><span  style=\"font-style: italic; font-weight: 700;\"><em > \u00a0<\/em><a href=\"https:\/\/www.youtube.com\/watch?v=F1gOpB0UFHU&#038;t=9143s\" target=\"_blank\" rel=\"noopener\" class=\"\"><img  decoding=\"async\" src=\"https:\/\/inspirujmese.eu\/2022\/80x57px-YouTube.png\" tittle=\"YouTube\" width=\"30\" align=\"middle\"><\/a><!\u2013- [et_pb_br_holder] -\u2013><!-- [et_pb_line_break_holder] -->Mari\u00e1n Halu\u0161ka, Slovensk\u00fd hydrometeorologick\u00fd \u00fastav<\/span><!-- [et_pb_line_break_holder] --><!\u2013- [et_pb_br_holder] -\u2013><!\u2013- [et_pb_br_holder] -\u2013><span  style=\"color: rgb(44, 135, 13);\">15:30\u201316:00 Prest\u00e1vka<\/span><!\u2013- [et_pb_br_holder] -\u2013><!-- [et_pb_line_break_holder] --><!\u2013- [et_pb_br_holder] -\u2013><span  style=\"color: rgb(44, 135, 13);\">16:00\u201317:00 Geod\u00e1ta v akcii a implementace INSPIRE<\/span><!\u2013- [et_pb_br_holder] -\u2013><!-- [et_pb_line_break_holder] --><!\u2013- [et_pb_br_holder] -\u2013><span  style=\"font-weight: 700;\"><\/span><\/span><span  style=\"color: rgb(107, 124, 147);\"><strong ><a href=\"https:\/\/inspirujmese.eu\/2022\/prezentace\/10_2022_Bindzarova_Udrzitelnost_v_kontexte_3D_dat.pdf?_t=1757949638\" target=\"_blank\" rel=\"noopener noreferrer\" class=\"\">Udr\u017eate\u013enos\u0165 v kontexte 3D d\u00e1t<\/a> <a href=\"https:\/\/inspirujmese.eu\/2022\/prezentace\/Sprievodne-video.mp4\" target=\"_blank\" rel=\"noopener noreferrer\" class=\"\">(video)<\/a><\/strong><\/span><span  style=\"font-style: italic; color: rgb(51, 51, 53);\"><em > \u00a0<\/em><a href=\"https:\/\/www.youtube.com\/watch?v=F1gOpB0UFHU&#038;t=9788s\" target=\"_blank\" rel=\"noopener\" class=\"\"><img  decoding=\"async\" src=\"https:\/\/inspirujmese.eu\/2022\/80x57px-YouTube.png\" tittle=\"YouTube\" width=\"30\" align=\"middle\"><\/a><!\u2013- [et_pb_br_holder] -\u2013>Marcela Bindz\u00e1rov\u00e1 Gerge\u013eov\u00e1, Martina Zele\u0148\u00e1kov\u00e1, Miroslav Garaj, Technick\u00e1 univerzita v Ko\u0161iciach<\/span><span  style=\"color: rgb(107, 124, 147);\"><!\u2013- [et_pb_br_holder] -\u2013><!-- [et_pb_line_break_holder] --><!\u2013- [et_pb_br_holder] -\u2013><strong ><a href=\"https:\/\/inspirujmese.eu\/2022\/prezentace\/11_2022_Charvat_Map_WhiteBoard.pdf?_t=1757949638\" target=\"_blank\" rel=\"noopener noreferrer\" class=\"\">Map WhiteBoard \u2013 kolaborativn\u00ed technologie pro prostorov\u00e1 data<\/a><\/strong><em > \u00a0<\/em><a href=\"https:\/\/www.youtube.com\/watch?v=F1gOpB0UFHU&#038;t=10924s\" target=\"_blank\" rel=\"noopener\" class=\"\"><img  decoding=\"async\" src=\"https:\/\/inspirujmese.eu\/2022\/80x57px-YouTube.png\" tittle=\"YouTube\" width=\"30\" align=\"middle\"><\/a><!\u2013- [et_pb_br_holder] -\u2013><!-- [et_pb_line_break_holder] --><span  style=\"font-style: italic; color: rgb(51, 51, 53);\">Karel Charv\u00e1t, WirelessInfo<!-- [et_pb_line_break_holder] --><\/span><!\u2013- [et_pb_br_holder] -\u2013><!-- [et_pb_line_break_holder] --><!\u2013- [et_pb_br_holder] -\u2013><strong ><a href=\"https:\/\/inspirujmese.eu\/2022\/prezentace\/12_2022_Fanta_ISSI.pdf?_t=1757949638\" target=\"_blank\" rel=\"noopener noreferrer\" class=\"\">Informa\u010dn\u00ed syst\u00e9m pro ve\u0159ejn\u00e9 slu\u017eby a slu\u017eby ve\u0159ejn\u00e9 spr\u00e1vy INSPIRE<\/a><\/strong><\/span><span  style=\"font-style: italic; color: rgb(51, 51, 53);\"><em > \u00a0<\/em><a href=\"https:\/\/www.youtube.com\/watch?v=F1gOpB0UFHU&#038;t=11822s\" target=\"_blank\" rel=\"noopener\" class=\"\"><img  decoding=\"async\" src=\"https:\/\/inspirujmese.eu\/2022\/80x57px-YouTube.png\" tittle=\"YouTube\" width=\"30\" align=\"middle\"><\/a><!\u2013- [et_pb_br_holder] -\u2013>Miroslav Fanta, \u010cesk\u00e1 informa\u010dn\u00ed agentura \u017eivotn\u00edho prost\u0159ed\u00ed<!\u2013- [et_pb_br_holder] -\u2013>Ji\u0159\u00ed Kocourek, Ministerstvo vnitra \u010cR, <!\u2013- [et_pb_br_holder] -\u2013>Radoslav Chud\u00fd, Marian Palu\u0161ka, SEVITECH<\/span><!\u2013- [et_pb_br_holder] -\u2013><!-- [et_pb_line_break_holder] --><!\u2013- [et_pb_br_holder] -\u2013><span  style=\"color: rgb(44, 135, 13); font-weight: 1000;\">17:00 Ukon\u010denie programu prv\u00e9ho d\u0148a<!-- [et_pb_line_break_holder] --><\/span><!\u2013- [et_pb_br_holder] -\u2013><!-- [et_pb_line_break_holder] --><!\u2013- [et_pb_br_holder] -\u2013><span  style=\"color: rgb(44, 135, 13); font-weight: 1000;\">20:00\u201323:30 Spolo\u010densk\u00fd ve\u010der<\/span><!\u2013- [et_pb_br_holder] -\u2013><!-- [et_pb_line_break_holder] --><!\u2013- [et_pb_br_holder] -\u2013><!\u2013- [et_pb_br_holder] -\u2013><span  style=\"color: rgb(51, 51, 53); font-weight: 1000;\">\u0160TVRTOK 8. 12. 2022<\/span><!\u2013- [et_pb_br_holder] -\u2013><!-- [et_pb_line_break_holder] --><!\u2013- [et_pb_br_holder] -\u2013><span  style=\"color: rgb(44, 135, 13); font-weight: 1000;\">9:00\u201311:00 N\u00e1rodn\u00e9 geoport\u00e1ly, geoport\u00e1ly lebo len port\u00e1ly?<\/span><!\u2013- [et_pb_br_holder] -\u2013><!-- [et_pb_line_break_holder] --><!\u2013- [et_pb_br_holder] -\u2013><strong ><a href=\"https:\/\/inspirujmese.eu\/2022\/prezentace\/13_2022_Chudy_RPI_Geoportal.pdf?_t=1757949782\" target=\"_blank\" rel=\"noopener noreferrer\" class=\"\">RPI 2.0<\/a> + <a href=\"https:\/\/inspirujmese.eu\/2022\/prezentace\/13_2022_Tuchyna_RPI_Geoportal.pdf?_t=1757949782\" target=\"_blank\" rel=\"noopener noreferrer\" class=\"\">N\u00e1rodn\u00fd geoport\u00e1l 2.0<\/a><em > \u00a0<\/em><a href=\"https:\/\/www.youtube.com\/watch?v=F1gOpB0UFHU&#038;t=12299s\" target=\"_blank\" rel=\"noopener\" class=\"\"><img  decoding=\"async\" src=\"https:\/\/inspirujmese.eu\/2022\/80x57px-YouTube.png\" tittle=\"YouTube\" width=\"30\" align=\"middle\"><\/a><\/strong><!\u2013- [et_pb_br_holder] -\u2013><span  style=\"font-style: italic; color: rgb(51, 51, 53);\">Martin Tuchy\u0148a, Radoslav Chud\u00fd, Martin Ko\u0161ka, Peter Mozol\u00edk,<!-- [et_pb_line_break_holder] --><!\u2013- [et_pb_br_holder] -\u2013>Ministerstvo \u017eivotn\u00e9ho prostredia SR<\/span><!-- [et_pb_line_break_holder] --><!\u2013- [et_pb_br_holder] -\u2013><!\u2013- [et_pb_br_holder] -\u2013><strong ><a href=\"https:\/\/inspirujmese.eu\/2022\/prezentace\/14_2022_Faugnerova_Hlousek_Geoportal.pdf?_t=1757949782\" target=\"_blank\" rel=\"noopener noreferrer\" class=\"\">Geoport\u00e1l 2.0 (N\u00e1rodn\u00ed geoport\u00e1l \u010cR)<\/a><\/strong><em > \u00a0<\/em><a href=\"https:\/\/www.youtube.com\/watch?v=F1gOpB0UFHU&#038;t=15743s\" target=\"_blank\" rel=\"noopener\" class=\"\"><img  decoding=\"async\" src=\"https:\/\/inspirujmese.eu\/2022\/80x57px-YouTube.png\" tittle=\"YouTube\" width=\"30\" align=\"middle\"><\/a><!\u2013- [et_pb_br_holder] -\u2013><span  style=\"font-style: italic; color: rgb(51, 51, 53);\">Jitka Faugnerov\u00e1, Lud\u011bk Hlou\u0161ek, \u010cesk\u00e1 informa\u010dn\u00ed agentura \u017eivotn\u00edho prost\u0159ed\u00ed<!-- [et_pb_line_break_holder] --><\/span><!\u2013- [et_pb_br_holder] -\u2013><!-- [et_pb_line_break_holder] --><!\u2013- [et_pb_br_holder] -\u2013><strong ><a href=\"https:\/\/inspirujmese.eu\/2022\/prezentace\/15_2022_Ambroz_portal_ZBGIS.pdf?_t=1757949782\" target=\"_blank\" rel=\"noopener noreferrer\" class=\"\">Produkty a slu\u017eby ZBGIS<\/a><\/strong><em > \u00a0<\/em><a href=\"https:\/\/www.youtube.com\/watch?v=F1gOpB0UFHU&#038;t=16651s\" target=\"_blank\" rel=\"noopener\" class=\"\"><img  decoding=\"async\" src=\"https:\/\/inspirujmese.eu\/2022\/80x57px-YouTube.png\" tittle=\"YouTube\" width=\"30\" align=\"middle\"><\/a><!-- [et_pb_line_break_holder] --><!\u2013- [et_pb_br_holder] -\u2013><span  style=\"font-style: italic; color: rgb(51, 51, 53);\">Jaroslav Ambr\u00f3z, Zymestic Solutions s.r.o.<!-- [et_pb_line_break_holder] --><\/span><!\u2013- [et_pb_br_holder] -\u2013><!-- [et_pb_line_break_holder] --><!\u2013- [et_pb_br_holder] -\u2013><strong ><a href=\"https:\/\/inspirujmese.eu\/2022\/prezentace\/16_2022_Baron_IPR.pdf?_t=1757949782\" target=\"_blank\" rel=\"noopener noreferrer\" class=\"\">Geoport\u00e1l hl. m. Prahy 2.0 <\/a><\/strong><em > \u00a0<\/em><a href=\"https:\/\/www.youtube.com\/watch?v=F1gOpB0UFHU&#038;t=17524s\" target=\"_blank\" rel=\"noopener\" class=\"\"><img  decoding=\"async\" src=\"https:\/\/inspirujmese.eu\/2022\/80x57px-YouTube.png\" tittle=\"YouTube\" width=\"30\" align=\"middle\"><\/a><!-- [et_pb_line_break_holder] --><!\u2013- [et_pb_br_holder] -\u2013><span  style=\"color: rgb(51, 51, 53);\">Lucie Kova\u0159\u00edkov\u00e1, Bohdan Baron, Institut pl\u00e1nov\u00e1n\u00ed a rozvoje hlavn\u00edho m\u011bsta Prahy<!-- [et_pb_line_break_holder] --><!\u2013- [et_pb_br_holder] -\u2013><!-- [et_pb_line_break_holder] --><span  style=\"color: rgb(107, 124, 147);\"><!\u2013- [et_pb_br_holder] -\u2013><strong ><a href=\"https:\/\/inspirujmese.eu\/2022\/prezentace\/17_2022_Zapotocky_ESPRIT.pdf?_t=1757949782\" target=\"_blank\" rel=\"noopener noreferrer\" class=\"\">Vyu\u017eitie webov\u00fdch GIS technol\u00f3gi\u00ed v ESPRIT spol. s r.o.<\/a><\/strong><em > \u00a0<\/em><a href=\"https:\/\/www.youtube.com\/watch?v=F1gOpB0UFHU&#038;t=18801s\" target=\"_blank\" rel=\"noopener\" class=\"\"><img  decoding=\"async\" src=\"https:\/\/inspirujmese.eu\/2022\/80x57px-YouTube.png\" tittle=\"YouTube\" width=\"30\" align=\"middle\"><\/a><!\u2013- [et_pb_br_holder] -\u2013><span  style=\"font-style: italic; color: rgb(51, 51, 53);\">Martin Z\u00e1potock\u00fd, ESPRIT spol. s r.o.<\/span><!\u2013- [et_pb_br_holder] -\u2013><!-- [et_pb_line_break_holder] --><!\u2013- [et_pb_br_holder] -\u2013><span  style=\"color: rgb(44, 135, 13); font-weight: 1000;\">11:00\u201311:30 Prest\u00e1vka<\/span><!\u2013- [et_pb_br_holder] -\u2013><!-- [et_pb_line_break_holder] --><!\u2013- [et_pb_br_holder] -\u2013><span  style=\"color: rgb(44, 135, 13); font-weight: 1000;\">11:30\u201312:30 Tatransk\u00e1 diel\u0148a II.<\/span><!\u2013- [et_pb_br_holder] -\u2013><!-- [et_pb_line_break_holder] --><!\u2013- [et_pb_br_holder] -\u2013><strong ><a href=\"https:\/\/inspirujmese.eu\/2022\/prezentace\/18_2022_TATRANSKA_DIELNA.pdf?_t=1757949782\" target=\"_blank\" rel=\"noopener noreferrer\" class=\"\">Tatransk\u00fd workshop 2022<\/a><\/strong><em > \u00a0<\/em><a href=\"https:\/\/www.youtube.com\/watch?v=F1gOpB0UFHU&#038;t=19819s\" target=\"_blank\" rel=\"noopener\" class=\"\"><img  decoding=\"async\" src=\"https:\/\/inspirujmese.eu\/2022\/80x57px-YouTube.png\" tittle=\"YouTube\" width=\"30\" align=\"middle\"><\/a><!\u2013- [et_pb_br_holder] -\u2013><span  style=\"font-style: italic; color: rgb(51, 51, 53);\">Jitka Faugnerov\u00e1, \u010cesk\u00e1 informa\u010dn\u00ed agentura \u017eivotn\u00edho prost\u0159ed\u00ed<!-- [et_pb_line_break_holder] --><!\u2013- [et_pb_br_holder] -\u2013>Martin Tuchy\u0148a<\/span><span  style=\"font-style: italic; color: rgb(51, 51, 53);\">, Ministerstvo \u017eivotn\u00e9ho prostredia SR<\/span><span  style=\"color: rgb(107, 124, 147);\"> <\/span><!\u2013- [et_pb_br_holder] -\u2013><!-- [et_pb_line_break_holder] --><!\u2013- [et_pb_br_holder] -\u2013><span  style=\"color: rgb(44, 135, 13); font-weight: 1000;\">12:30\u201313:30 Obed<\/span><!\u2013- [et_pb_br_holder] -\u2013><!-- [et_pb_line_break_holder] --><!\u2013- [et_pb_br_holder] -\u2013><span  style=\"color: rgb(51, 51, 53);\"><!-- [et_pb_line_break_holder] --><span  id=\"_mce_caret\" data-mce-bogus=\"1\" data-mce-type=\"format-caret\"><span  style=\"color: rgb(44, 135, 13); font-weight: 1000;\">\ufeff<\/span><\/span><span  style=\"font-weight: 1000; color: rgb(44, 135, 13);\">13:30\u201315:30 Otvorenos\u0165 a \u00fazemn\u00e9 pl\u00e1novanie \u2013 vieme, ako na to<!-- [et_pb_line_break_holder] --><\/span><!\u2013- [et_pb_br_holder] -\u2013><span  style=\"color: rgb(107, 124, 147);\"><strong ><a href=\"https:\/\/inspirujmese.eu\/2022\/prezentace\/20_Reitz_Spatial_data_infrastructures.pdf?_t=1760603150\" target=\"_blank\" rel=\"noopener noreferrer\" class=\"\">Spatial Data Infrastructures for Spatial Planning<\/a><\/strong><\/span><em > \u00a0<\/em><a href=\"https:\/\/www.youtube.com\/watch?v=F1gOpB0UFHU&#038;t=23192s\" target=\"_blank\" rel=\"noopener\" class=\"\"><img  decoding=\"async\" src=\"https:\/\/inspirujmese.eu\/2022\/80x57px-YouTube.png\" tittle=\"YouTube\" width=\"30\" align=\"middle\"><\/a><!\u2013- [et_pb_br_holder] -\u2013><span  style=\"font-style: italic;\">Thorsten Reitz, wetransform GmbH<\/span><!\u2013- [et_pb_br_holder] -\u2013><!-- [et_pb_line_break_holder] --><!\u2013- [et_pb_br_holder] -\u2013><span  style=\"color: rgb(107, 124, 147);\"><strong ><a href=\"https:\/\/inspirujmese.eu\/2022\/prezentace\/20_2022_Michalko_Open_geodata_uzemny_plan.pdf?_t=1757949782\" target=\"_blank\" rel=\"noopener noreferrer\" class=\"\">Open geodata a \u00fazemn\u00fd pl\u00e1n<\/a><\/strong><\/span><em > \u00a0<\/em><a href=\"https:\/\/www.youtube.com\/watch?v=F1gOpB0UFHU&#038;t=24263s\" target=\"_blank\" rel=\"noopener\" class=\"\"><img  decoding=\"async\" src=\"https:\/\/inspirujmese.eu\/2022\/80x57px-YouTube.png\" tittle=\"YouTube\" width=\"30\" align=\"middle\"><\/a><!\u2013- [et_pb_br_holder] -\u2013><span  style=\"font-style: italic;\">Miloslav Michalko, Svetov\u00e1 Banka<!-- [et_pb_line_break_holder] --><\/span><!\u2013- [et_pb_br_holder] -\u2013><!-- [et_pb_line_break_holder] --><!\u2013- [et_pb_br_holder] -\u2013><span  style=\"color: rgb(107, 124, 147);\"><strong ><a href=\"https:\/\/inspirujmese.eu\/2022\/prezentace\/21_2022_Soucek_RUIAN.pdf?_t=1757949782\" target=\"_blank\" rel=\"noopener noreferrer\" class=\"\">Veden\u00ed \u00fa\u010delov\u00fdch \u00fazemn\u00edch prvk\u016f v R\u00daIAN jako efektivn\u00ed zp\u016fsob sd\u00edlen\u00ed dat<\/a><\/strong><\/span><em > \u00a0<\/em><a href=\"https:\/\/www.youtube.com\/watch?v=F1gOpB0UFHU&#038;t=25391s\" target=\"_blank\" rel=\"noopener\" class=\"\"><img  decoding=\"async\" src=\"https:\/\/inspirujmese.eu\/2022\/80x57px-YouTube.png\" tittle=\"YouTube\" width=\"30\" align=\"middle\"><\/a><!\u2013- [et_pb_br_holder] -\u2013><span  style=\"font-style: italic;\">Petr Sou\u010dek, \u010cesk\u00fd \u00fa\u0159ad zem\u011bm\u011b\u0159ick\u00fd a katastr\u00e1ln\u00ed<\/span><!\u2013- [et_pb_br_holder] -\u2013><!-- [et_pb_line_break_holder] --><!\u2013- [et_pb_br_holder] -\u2013><span  style=\"color: rgb(107, 124, 147);\"><strong ><a href=\"https:\/\/inspirujmese.eu\/2022\/prezentace\/22_2022_Fuska_ATAPEX.pdf?_t=1757949782\" target=\"_blank\" rel=\"noopener noreferrer\" class=\"\">Otvorene v malej spolo\u010dnosti (ako pou\u017e\u00edvame otvoren\u00e9 d\u00e1ta a softv\u00e9r v ATAPEX s. r. o.)<\/a><\/strong><\/span><em > \u00a0<\/em><a href=\"https:\/\/www.youtube.com\/watch?v=F1gOpB0UFHU&#038;t=26272s\" target=\"_blank\" rel=\"noopener\" class=\"\"><img  decoding=\"async\" src=\"https:\/\/inspirujmese.eu\/2022\/80x57px-YouTube.png\" tittle=\"YouTube\" width=\"30\" align=\"middle\"><\/a><!\u2013- [et_pb_br_holder] -\u2013><span  style=\"font-style: italic;\">Jakub Fuska, ATAPEX s. r. o.<\/span><!\u2013- [et_pb_br_holder] -\u2013><!-- [et_pb_line_break_holder] --><!\u2013- [et_pb_br_holder] -\u2013><span  style=\"color: rgb(107, 124, 147);\"><strong ><a href=\"https:\/\/inspirujmese.eu\/2022\/prezentace\/23_2022_Zadrazil_Hub4Everybody.pdf?_t=1757949782\" target=\"_blank\" rel=\"noopener noreferrer\" class=\"\">Hub4Everybody open-source publikace a sd\u00edlen\u00ed geo-dat<\/a><\/strong><\/span><em > \u00a0<\/em><a href=\"https:\/\/www.youtube.com\/watch?v=F1gOpB0UFHU&#038;t=27363s\" target=\"_blank\" rel=\"noopener\" class=\"\"><img  decoding=\"async\" src=\"https:\/\/inspirujmese.eu\/2022\/80x57px-YouTube.png\" tittle=\"YouTube\" width=\"30\" align=\"middle\"><\/a><!\u2013- [et_pb_br_holder] -\u2013><span  style=\"font-style: italic;\">Franti\u0161ek Zadra\u017eil, LESPROJEKT-SLU\u017dBY s.r.o.<\/span><\/span><!-- [et_pb_line_break_holder] --><!\u2013- [et_pb_br_holder] -\u2013><span  id=\"_mce_caret\" data-mce-bogus=\"1\" data-mce-type=\"format-caret\"><span  style=\"color: rgb(51, 51, 53);\">\ufeff<\/span><\/span><!\u2013- [et_pb_br_holder] -\u2013><span  style=\"color: rgb(44, 135, 13); font-weight: 1000;\">15:30 Z\u00e1ver konferencie<\/span><!\u2013- [et_pb_br_holder] -\u2013><!-- [et_pb_line_break_holder] --><!\u2013- [et_pb_br_holder] -\u2013><span  id=\"_mce_caret\" data-mce-bogus=\"1\" data-mce-type=\"format-caret\"><span  style=\"color: rgb(51, 51, 53);\">\ufeff<\/span><\/span><!\u2013- [et_pb_br_holder] -\u2013><span  style=\"color: rgb(44, 135, 13); font-weight: 1000;\"><a href=\"https:\/\/inspirujmese.eu\/2022\/prezentace\/Prehled_abstraktu_2022.pdf?_t=1760603279\" target=\"_blank\" rel=\"noopener noreferrer\" class=\"\">Preh\u013ead abstraktov<\/a><\/span><!\u2013- [et_pb_br_holder] -\u2013><!-- [et_pb_line_break_holder] --><!\u2013- [et_pb_br_holder] -\u2013><!-- [et_pb_line_break_holder] --><span  id=\"_mce_caret\" data-mce-bogus=\"1\" data-mce-type=\"format-caret\"><span  style=\"color: rgb(51, 51, 53);\">\ufeff<\/span><\/span><\/span><\/span><\/pee><\/div>\n<\/p><\/div>\n<\/div><\/div>\n<p>[\/et_pb_code][\/et_pb_column][\/et_pb_row][\/et_pb_section][et_pb_section fb_built=&#8220;1&#8243; _builder_version=&#8220;4.27.0&#8243; _module_preset=&#8220;default&#8220; background_color=&#8220;#6f7070&#8243; global_colors_info=&#8220;{}&#8220;][et_pb_row _builder_version=&#8220;4.27.0&#8243; _module_preset=&#8220;default&#8220; global_colors_info=&#8220;{}&#8220;][et_pb_column type=&#8220;4_4&#8243; _builder_version=&#8220;4.27.0&#8243; _module_preset=&#8220;default&#8220; global_colors_info=&#8220;{}&#8220;][et_pb_image src=&#8220;https:\/\/inspirujmese.eu\/wp-content\/uploads\/2025\/01\/pozadi_zahlavi.png&#8220; title_text=&#8220;pozadi_zahlavi&#8220; _builder_version=&#8220;4.27.4&#8243; _module_preset=&#8220;default&#8220; global_colors_info=&#8220;{}&#8220;][\/et_pb_image][et_pb_text _builder_version=&#8220;4.27.4&#8243; _module_preset=&#8220;default&#8220; text_text_color=&#8220;#FFFFFF&#8220; header_2_text_color=&#8220;#FFFFFF&#8220; global_colors_info=&#8220;{}&#8220;]<\/p>\n<h2 class=\"\" style=\"text-align: center;\"><span>ORGANIZ\u00c1TORI<\/span><\/h2>\n<p class=\"lead\" style=\"text-align: center;\"><span>Kontakty na organiz\u00e1torov konferencie<\/span><\/p>\n<p>[\/et_pb_text][\/et_pb_column][\/et_pb_row][et_pb_row column_structure=&#8220;1_2,1_2&#8243; _builder_version=&#8220;4.27.4&#8243; _module_preset=&#8220;default&#8220; global_colors_info=&#8220;{}&#8220;][et_pb_column type=&#8220;1_2&#8243; _builder_version=&#8220;4.27.0&#8243; _module_preset=&#8220;default&#8220; global_colors_info=&#8220;{}&#8220;][et_pb_image src=&#8220;https:\/\/inspirujmese.eu\/2023\/Logo\/Cenia_pruhledne.png&#8220; align=&#8220;center&#8220; _builder_version=&#8220;4.27.0&#8243; _module_preset=&#8220;default&#8220; background_color=&#8220;#FFFFFF&#8220; width=&#8220;347px&#8220; module_alignment=&#8220;center&#8220; height=&#8220;79px&#8220; custom_margin=&#8220;||||false|false&#8220; global_colors_info=&#8220;{}&#8220;][\/et_pb_image][et_pb_text _builder_version=&#8220;4.27.4&#8243; _module_preset=&#8220;default&#8220; text_font=&#8220;&#8211;et_global_body_font||||||||&#8220; text_text_color=&#8220;#FFFFFF&#8220; text_font_size=&#8220;12px&#8220; text_orientation=&#8220;center&#8220; custom_margin=&#8220;||20px||false|false&#8220; global_colors_info=&#8220;{}&#8220;]<\/p>\n<p class=\"no-margin-bottom font-700\"><strong>\u010cesk\u00e1 informa\u010dn\u00ed agentura \u017eivotn\u00edho prost\u0159ed\u00ed<\/strong><br \/><span>Moskevsk\u00e1 1523\/63<br \/>101 00 Praha 10<\/span><br \/><span>tel.: + 420 797 872 011<\/span><\/p>\n<p>[\/et_pb_text][\/et_pb_column][et_pb_column type=&#8220;1_2&#8243; _builder_version=&#8220;4.27.0&#8243; _module_preset=&#8220;default&#8220; custom_padding=&#8220;||||false|false&#8220; global_colors_info=&#8220;{}&#8220;][et_pb_image src=&#8220;https:\/\/inspirujmese.eu\/2023\/Logo\/MZP_SR_LOGO_PRUSVITNE.png&#8220; align=&#8220;center&#8220; _builder_version=&#8220;4.27.0&#8243; _module_preset=&#8220;default&#8220; background_color=&#8220;#FFFFFF&#8220; width=&#8220;347px&#8220; max_width=&#8220;347px&#8220; height=&#8220;79px&#8220; custom_padding=&#8220;|10px||10px|false|false&#8220; global_colors_info=&#8220;{}&#8220;][\/et_pb_image][et_pb_text _builder_version=&#8220;4.27.4&#8243; _module_preset=&#8220;default&#8220; text_font=&#8220;&#8211;et_global_body_font||||||||&#8220; text_text_color=&#8220;#FFFFFF&#8220; text_font_size=&#8220;12px&#8220; text_orientation=&#8220;center&#8220; custom_margin=&#8220;||20px||false|false&#8220; global_colors_info=&#8220;{}&#8220;]<strong>Ministerstvo \u017eivotn\u00e9ho prostredia<br \/>\nSlovenskej republiky<\/strong><br \/>\n<span>N\u00e1m. L\u2018. \u0160t\u00fara 1<br \/>\n812 35 Bratislava<\/span><br \/>\n<span>tel.: +421 48 4374 523<\/span>[\/et_pb_text][\/et_pb_column][\/et_pb_row][et_pb_row _builder_version=&#8220;4.27.4&#8243; _module_preset=&#8220;default&#8220; global_colors_info=&#8220;{}&#8220;][et_pb_column type=&#8220;4_4&#8243; _builder_version=&#8220;4.27.4&#8243; _module_preset=&#8220;default&#8220; global_colors_info=&#8220;{}&#8220;][et_pb_text _builder_version=&#8220;4.27.4&#8243; _module_preset=&#8220;default&#8220; text_text_color=&#8220;#FFFFFF&#8220; header_2_text_color=&#8220;#FFFFFF&#8220; global_colors_info=&#8220;{}&#8220;]<\/p>\n<h2 class=\"\" style=\"text-align: center;\"><span>SPONZORI A MEDI\u00c1LNI PARTNERI<\/span><\/h2>\n<p>[\/et_pb_text][\/et_pb_column][\/et_pb_row][et_pb_row column_structure=&#8220;1_3,1_3,1_3&#8243; _builder_version=&#8220;4.27.4&#8243; _module_preset=&#8220;default&#8220; width=&#8220;70%&#8220; max_width=&#8220;60%&#8220; custom_margin=&#8220;||||false|false&#8220; global_colors_info=&#8220;{}&#8220;][et_pb_column type=&#8220;1_3&#8243; _builder_version=&#8220;4.27.0&#8243; _module_preset=&#8220;default&#8220; custom_padding=&#8220;|||80px|false|false&#8220; custom_padding_tablet=&#8220;|||80px|false|false&#8220; custom_padding_phone=&#8220;|||0px|false|false&#8220; custom_padding_last_edited=&#8220;on|phone&#8220; global_colors_info=&#8220;{}&#8220;][et_pb_image src=&#8220;https:\/\/inspirujmese.eu\/wp-content\/uploads\/2024\/06\/logo_gisportal_bila.jpg&#8220; title_text=&#8220;logo_gisportal_bila&#8220; align=&#8220;center&#8220; _builder_version=&#8220;4.27.4&#8243; _module_preset=&#8220;default&#8220; background_color=&#8220;#FFFFFF&#8220; max_width=&#8220;347px&#8220; max_height=&#8220;79px&#8220; global_colors_info=&#8220;{}&#8220;][\/et_pb_image][et_pb_button button_url=&#8220;https:\/\/gisportal.cz\/&#8220; url_new_window=&#8220;on&#8220; button_text=&#8220;GISportal.cz&#8220; button_alignment=&#8220;center&#8220; button_alignment_tablet=&#8220;left&#8220; button_alignment_phone=&#8220;center&#8220; button_alignment_last_edited=&#8220;on|phone&#8220; _builder_version=&#8220;4.27.4&#8243; _module_preset=&#8220;default&#8220; custom_button=&#8220;on&#8220; button_text_size=&#8220;14px&#8220; button_font=&#8220;&#8211;et_global_heading_font||||||||&#8220; background_layout=&#8220;dark&#8220; custom_margin=&#8220;||20px||false|false&#8220; custom_margin_tablet=&#8220;|||-25px|false|false&#8220; custom_margin_phone=&#8220;|||0px|false|false&#8220; custom_margin_last_edited=&#8220;on|phone&#8220; custom_padding=&#8220;||||false|false&#8220; global_colors_info=&#8220;{}&#8220;][\/et_pb_button][et_pb_text _builder_version=&#8220;4.27.4&#8243; _module_preset=&#8220;default&#8220; custom_margin=&#8220;0px||||false|false&#8220; custom_padding=&#8220;0px||||false|false&#8220; global_colors_info=&#8220;{}&#8220;]<\/p>\n<p style=\"text-align: center;\"><span style=\"color: #ffffff;\">partner konferencie<\/span><\/p>\n<p>[\/et_pb_text][\/et_pb_column][et_pb_column type=&#8220;1_3&#8243; _builder_version=&#8220;4.27.4&#8243; _module_preset=&#8220;default&#8220; custom_padding_tablet=&#8220;|80px|||false|false&#8220; custom_padding_phone=&#8220;|0px|||false|false&#8220; custom_padding_last_edited=&#8220;off|desktop&#8220; global_colors_info=&#8220;{}&#8220;][et_pb_image src=&#8220;https:\/\/inspirujmese.eu\/wp-content\/uploads\/2025\/01\/synchronix_logo.jpg&#8220; title_text=&#8220;synchronix_logo&#8220; align=&#8220;center&#8220; _builder_version=&#8220;4.27.4&#8243; _module_preset=&#8220;default&#8220; background_color=&#8220;#FFFFFF&#8220; max_width=&#8220;347px&#8220; max_height=&#8220;79px&#8220; global_colors_info=&#8220;{}&#8220;][\/et_pb_image][et_pb_button button_url=&#8220;https:\/\/synchronix.sk\/&#8220; url_new_window=&#8220;on&#8220; button_text=&#8220;SYNCHRONIX&#8220; button_alignment=&#8220;center&#8220; button_alignment_tablet=&#8220;left&#8220; button_alignment_phone=&#8220;center&#8220; button_alignment_last_edited=&#8220;on|phone&#8220; _builder_version=&#8220;4.27.4&#8243; _module_preset=&#8220;default&#8220; custom_button=&#8220;on&#8220; button_text_size=&#8220;14px&#8220; button_font=&#8220;&#8211;et_global_heading_font||||||||&#8220; background_layout=&#8220;dark&#8220; custom_margin=&#8220;||20px||false|false&#8220; custom_margin_tablet=&#8220;|||-25px|false|false&#8220; custom_margin_phone=&#8220;|||0px|false|false&#8220; custom_margin_last_edited=&#8220;on|phone&#8220; custom_padding=&#8220;||||false|false&#8220; global_colors_info=&#8220;{}&#8220;][\/et_pb_button][et_pb_text _builder_version=&#8220;4.27.4&#8243; _module_preset=&#8220;default&#8220; custom_margin=&#8220;0px||||false|false&#8220; custom_padding=&#8220;0px||||false|false&#8220; global_colors_info=&#8220;{}&#8220;]<\/p>\n<p style=\"text-align: center;\"><span style=\"color: #ffffff;\">partner konferencie<\/span><\/p>\n<p>[\/et_pb_text][\/et_pb_column][et_pb_column type=&#8220;1_3&#8243; _builder_version=&#8220;4.27.0&#8243; _module_preset=&#8220;default&#8220; custom_padding=&#8220;|80px|||false|false&#8220; custom_padding_tablet=&#8220;|80px|||false|false&#8220; custom_padding_phone=&#8220;|0px|||false|false&#8220; custom_padding_last_edited=&#8220;on|phone&#8220; global_colors_info=&#8220;{}&#8220;][et_pb_image src=&#8220;https:\/\/inspirujmese.eu\/wp-content\/uploads\/2025\/01\/sevitech_logo.jpg&#8220; title_text=&#8220;sevitech_logo&#8220; align=&#8220;center&#8220; _builder_version=&#8220;4.27.4&#8243; _module_preset=&#8220;default&#8220; background_color=&#8220;#FFFFFF&#8220; max_width=&#8220;347px&#8220; max_height=&#8220;79px&#8220; global_colors_info=&#8220;{}&#8220;][\/et_pb_image][et_pb_button button_url=&#8220;https:\/\/www.sevitech.cz\/&#8220; url_new_window=&#8220;on&#8220; button_text=&#8220;SEVITECH CZ&#8220; button_alignment=&#8220;center&#8220; button_alignment_tablet=&#8220;left&#8220; button_alignment_phone=&#8220;center&#8220; button_alignment_last_edited=&#8220;on|phone&#8220; _builder_version=&#8220;4.27.4&#8243; _module_preset=&#8220;default&#8220; custom_button=&#8220;on&#8220; button_text_size=&#8220;14px&#8220; button_font=&#8220;&#8211;et_global_heading_font||||||||&#8220; background_layout=&#8220;dark&#8220; custom_margin=&#8220;||20px||false|false&#8220; custom_margin_tablet=&#8220;|||-25px|false|false&#8220; custom_margin_phone=&#8220;|||0px|false|false&#8220; custom_margin_last_edited=&#8220;on|phone&#8220; custom_padding=&#8220;||||false|false&#8220; global_colors_info=&#8220;{}&#8220;][\/et_pb_button][et_pb_text _builder_version=&#8220;4.27.4&#8243; _module_preset=&#8220;default&#8220; custom_margin=&#8220;0px||||false|false&#8220; custom_padding=&#8220;0px||||false|false&#8220; global_colors_info=&#8220;{}&#8220;]<\/p>\n<p style=\"text-align: center;\"><span style=\"color: #ffffff;\">partner konferencie<\/span><\/p>\n<p>[\/et_pb_text][\/et_pb_column][\/et_pb_row][et_pb_row _builder_version=&#8220;4.27.4&#8243; _module_preset=&#8220;default&#8220; global_colors_info=&#8220;{}&#8220;][et_pb_column type=&#8220;4_4&#8243; _builder_version=&#8220;4.27.4&#8243; _module_preset=&#8220;default&#8220; global_colors_info=&#8220;{}&#8220;][et_pb_text _builder_version=&#8220;4.27.4&#8243; _module_preset=&#8220;default&#8220; text_text_color=&#8220;#FFFFFF&#8220; header_2_text_color=&#8220;#FFFFFF&#8220; global_colors_info=&#8220;{}&#8220;]<\/p>\n<h2 class=\"\" style=\"text-align: center;\"><span>Z\u00c1\u0160TITA<\/span><\/h2>\n<p class=\"lead\" style=\"text-align: center;\"><span>V roku 2022 sa akcia kon\u00e1 pod z\u00e1\u0161titou Ministerstva \u017eivotn\u00edho prost\u0159ed\u00ed \u010cesk\u00e9 republiky a Ministerstva \u017eivotn\u00e9ho prostredia Slovenskej republiky.<\/span><\/p>\n<p>[\/et_pb_text][\/et_pb_column][\/et_pb_row][et_pb_row column_structure=&#8220;1_2,1_2&#8243; _builder_version=&#8220;4.27.0&#8243; _module_preset=&#8220;default&#8220; custom_margin=&#8220;||||false|false&#8220; global_colors_info=&#8220;{}&#8220;][et_pb_column type=&#8220;1_2&#8243; _builder_version=&#8220;4.27.0&#8243; _module_preset=&#8220;default&#8220; custom_padding=&#8220;|||80px|false|false&#8220; custom_padding_tablet=&#8220;|||80px|false|false&#8220; custom_padding_phone=&#8220;|||0px|false|false&#8220; custom_padding_last_edited=&#8220;on|phone&#8220; global_colors_info=&#8220;{}&#8220;][et_pb_image src=&#8220;https:\/\/inspirujmese.eu\/2023\/Logo\/logo_mzp_cr_bila.jpg&#8220; align=&#8220;center&#8220; _builder_version=&#8220;4.27.4&#8243; _module_preset=&#8220;default&#8220; width=&#8220;347px&#8220; height=&#8220;79px&#8220; custom_padding=&#8220;|10px||10px|false|false&#8220; global_colors_info=&#8220;{}&#8220;][\/et_pb_image][et_pb_button button_url=&#8220;https:\/\/www.mzp.cz\/&#8220; url_new_window=&#8220;on&#8220; button_text=&#8220;M\u017dP \u010cR&#8220; button_alignment=&#8220;center&#8220; button_alignment_tablet=&#8220;left&#8220; button_alignment_phone=&#8220;center&#8220; button_alignment_last_edited=&#8220;on|phone&#8220; _builder_version=&#8220;4.27.4&#8243; _module_preset=&#8220;default&#8220; custom_button=&#8220;on&#8220; button_text_size=&#8220;14px&#8220; button_font=&#8220;&#8211;et_global_heading_font||||||||&#8220; background_layout=&#8220;dark&#8220; custom_margin_tablet=&#8220;|||-25px|false|false&#8220; custom_margin_phone=&#8220;|||0px|false|false&#8220; custom_margin_last_edited=&#8220;off|desktop&#8220; global_colors_info=&#8220;{}&#8220;][\/et_pb_button][\/et_pb_column][et_pb_column type=&#8220;1_2&#8243; _builder_version=&#8220;4.27.0&#8243; _module_preset=&#8220;default&#8220; custom_padding=&#8220;|80px|||false|false&#8220; custom_padding_tablet=&#8220;|80px|||false|false&#8220; custom_padding_phone=&#8220;|0px|||false|false&#8220; custom_padding_last_edited=&#8220;on|phone&#8220; global_colors_info=&#8220;{}&#8220;][et_pb_image src=&#8220;https:\/\/inspirujmese.eu\/2023\/Logo\/MZP_SR_LOGO_PRUSVITNE.png&#8220; align=&#8220;center&#8220; _builder_version=&#8220;4.27.0&#8243; _module_preset=&#8220;default&#8220; background_color=&#8220;#FFFFFF&#8220; width=&#8220;347px&#8220; max_width=&#8220;347px&#8220; height=&#8220;79px&#8220; custom_padding=&#8220;|10px||10px|false|false&#8220; global_colors_info=&#8220;{}&#8220;][\/et_pb_image][et_pb_button button_url=&#8220;https:\/\/www.minzp.sk\/&#8220; url_new_window=&#8220;on&#8220; button_text=&#8220;M\u017dP SK&#8220; button_alignment=&#8220;center&#8220; button_alignment_tablet=&#8220;left&#8220; button_alignment_phone=&#8220;center&#8220; button_alignment_last_edited=&#8220;on|phone&#8220; _builder_version=&#8220;4.27.4&#8243; _module_preset=&#8220;default&#8220; custom_button=&#8220;on&#8220; button_text_size=&#8220;14px&#8220; button_font=&#8220;&#8211;et_global_heading_font||||||||&#8220; background_layout=&#8220;dark&#8220; custom_margin=&#8220;||||false|false&#8220; custom_margin_tablet=&#8220;||||false|false&#8220; custom_margin_phone=&#8220;|||0px|false|false&#8220; custom_margin_last_edited=&#8220;on|desktop&#8220; global_colors_info=&#8220;{}&#8220;][\/et_pb_button][\/et_pb_column][\/et_pb_row][\/et_pb_section]<\/p>\n","protected":false},"excerpt":{"rendered":"<p>3. INSPIRE ESPUS konferencia &amp; Inspirujme se 2022 O KONFERENCII Ministerstvo \u017eivotn\u00e9ho prostredia Slovenskej republiky a \u010cesk\u00e1 informa\u010dn\u00ed agentura \u017eivotn\u00edho prost\u0159ed\u00ed V\u00e1s poz\u00fdvaj\u00fa\u00a07. \u2013 8. decembra 2022 na \u0160trbsk\u00e9 Pleso, kde sa uskuto\u010dn\u00ed \u201e3. INSPIRE ESPUS konferencia &amp; Inspirujme se 2022\u201c.ESPUS je akronym projektu Efekt\u00edvny mana\u017ement priestorov\u00fdch \u00fadajov a slu\u017eieb, ktor\u00fd realizuje Ministerstvo \u017eivotn\u00e9ho prostredia [&hellip;]<\/p>\n","protected":false},"author":3,"featured_media":0,"parent":0,"menu_order":0,"comment_status":"closed","ping_status":"closed","template":"","meta":{"_et_pb_use_builder":"on","_et_pb_old_content":"","_et_gb_content_width":"","footnotes":""},"folder":[],"class_list":["post-2037","page","type-page","status-publish","hentry"],"_links":{"self":[{"href":"https:\/\/inspirujmese.eu\/sk\/wp-json\/wp\/v2\/pages\/2037","targetHints":{"allow":["GET"]}}],"collection":[{"href":"https:\/\/inspirujmese.eu\/sk\/wp-json\/wp\/v2\/pages"}],"about":[{"href":"https:\/\/inspirujmese.eu\/sk\/wp-json\/wp\/v2\/types\/page"}],"author":[{"embeddable":true,"href":"https:\/\/inspirujmese.eu\/sk\/wp-json\/wp\/v2\/users\/3"}],"replies":[{"embeddable":true,"href":"https:\/\/inspirujmese.eu\/sk\/wp-json\/wp\/v2\/comments?post=2037"}],"version-history":[{"count":15,"href":"https:\/\/inspirujmese.eu\/sk\/wp-json\/wp\/v2\/pages\/2037\/revisions"}],"predecessor-version":[{"id":4070,"href":"https:\/\/inspirujmese.eu\/sk\/wp-json\/wp\/v2\/pages\/2037\/revisions\/4070"}],"wp:attachment":[{"href":"https:\/\/inspirujmese.eu\/sk\/wp-json\/wp\/v2\/media?parent=2037"}],"wp:term":[{"taxonomy":"folder","embeddable":true,"href":"https:\/\/inspirujmese.eu\/sk\/wp-json\/wp\/v2\/folder?post=2037"}],"curies":[{"name":"wp","href":"https:\/\/api.w.org\/{rel}","templated":true}]}}