{"id":3164,"date":"2025-08-13T14:31:29","date_gmt":"2025-08-13T12:31:29","guid":{"rendered":"https:\/\/inspirujmese.eu\/cs\/?page_id=3164"},"modified":"2026-03-05T15:04:15","modified_gmt":"2026-03-05T14:04:15","slug":"archiv-2017","status":"publish","type":"page","link":"https:\/\/inspirujmese.eu\/sk\/archiv-2017\/","title":{"rendered":"Archiv 2017"},"content":{"rendered":"[et_pb_section fb_built=&#8220;1&#8243; _builder_version=&#8220;4.27.4&#8243; _module_preset=&#8220;default&#8220; background_enable_color=&#8220;off&#8220; background_image=&#8220;https:\/\/inspirujmese.eu\/wp-content\/uploads\/2025\/08\/067_1.webp&#8220; background_position=&#8220;bottom_center&#8220; background_vertical_offset=&#8220;49%&#8220; global_colors_info=&#8220;{}&#8220;][et_pb_row _builder_version=&#8220;4.27.4&#8243; _module_preset=&#8220;default&#8220; width=&#8220;100%&#8220; max_width=&#8220;100%&#8220; min_height=&#8220;100%&#8220; height=&#8220;100%&#8220; global_colors_info=&#8220;{}&#8220;][et_pb_column type=&#8220;4_4&#8243; _builder_version=&#8220;4.27.0&#8243; _module_preset=&#8220;default&#8220; global_colors_info=&#8220;{}&#8220;][et_pb_text _builder_version=&#8220;4.27.4&#8243; _module_preset=&#8220;default&#8220; header_font=&#8220;|||on|||||&#8220; header_text_color=&#8220;#FFFFFF&#8220; header_font_size=&#8220;46px&#8220; header_font_size_tablet=&#8220;37px&#8220; header_font_size_phone=&#8220;29px&#8220; header_font_size_last_edited=&#8220;on|phone&#8220; content_sk_sk=&#8220;<h1 class=%22hero-title%22 style=%22text-align: center;%22><span style=%22color: #ffffff;%22>2017 \u2013 INSPIRUJME SE\u2026 UDR\u017dITELNOST\u00cd<\/span><\/h1>&#8220; global_colors_info=&#8220;{}&#8220;]<h1 class=\"hero-title\" style=\"text-align: center;\"><span style=\"color: #ffffff;\">2017 \u2013 INSPIRUJME SE\u2026 UDR\u017dITELNOST\u00cd<\/span><\/h1>[\/et_pb_text][\/et_pb_column][\/et_pb_row][\/et_pb_section][et_pb_section fb_built=&#8220;1&#8243; _builder_version=&#8220;4.27.4&#8243; _module_preset=&#8220;default&#8220; background_color=&#8220;#3c3d3f&#8220; global_colors_info=&#8220;{}&#8220;][et_pb_row _builder_version=&#8220;4.27.0&#8243; _module_preset=&#8220;default&#8220; global_colors_info=&#8220;{}&#8220;][et_pb_column type=&#8220;4_4&#8243; _builder_version=&#8220;4.27.0&#8243; _module_preset=&#8220;default&#8220; global_colors_info=&#8220;{}&#8220;][et_pb_text content_tablet=&#8220;<h2 class=%22space-bottom%22 style=%22text-align: center;%22>O KONFERENCI<\/h2>\n<div style=%22text-align: justify;%22>\n<div>Po prest\u00e1vke v roku 2016 si V\u00e1s CENIA, \u010desk\u00e1 informa\u010dn\u00e1 agent\u00fara \u017eivotn\u00e9ho prostredia a Slovensk\u00e1 agent\u00fara \u017eivotn\u00e9ho prostredia dovo\u013euj\u00fa pozva\u0165 na 5. ro\u010dn\u00edk \u010desko-slovenskej konferencie<span> <\/span><strong>INSPIRUJME SE \u2026 udr\u017eitelnost\u00ed<\/strong>, ktor\u00e1 je tento rok spojen\u00e1 s \u00favodnou konferenciou projektu<span> <\/span><span style=%22color: #ffffff;%22><a href=%22http:\/\/www.interreg-danube.eu\/approved-projects\/attractive-danube%22 style=%22color: #ffffff;%22>ATTRACTIVE DANUBE<\/a>,<\/span> realizovan\u00e9ho v r\u00e1mci programu<span style=%22color: #ffffff;%22> <\/span><a href=%22http:\/\/www.interreg-danube.eu\/%22><span style=%22color: #ffffff;%22>INTERREG DANUBE<\/span><\/a>.<\/div>\n<div>Zabezpe\u010denie d\u00f4sledn\u00e9ho uplat\u0148ovania princ\u00edpov udr\u017eate\u013en\u00e9ho rozvoja pri tvorbe verejn\u00fdch polit\u00edk je najv\u00e4\u010d\u0161ou v\u00fdzvou s\u00fa\u010dasnosti a to ako v medzin\u00e1rodnom, tak v n\u00e1rodnom aj region\u00e1lnom kontexte. V \u010ceskej republike i na Slovensku, podobne ako na eur\u00f3pskej \u00farovni prebieha aktu\u00e1lne intenz\u00edvna diskusia o hodnoten\u00ed a riaden\u00ed rozvoja spolo\u010dnosti s oh\u013eadom na glob\u00e1lnu zodpovednos\u0165 za jej \u010fal\u0161\u00ed v\u00fdvoj. Pre sledovanie a hodnotenie udr\u017eate\u013enosti eur\u00f3pskeho, n\u00e1rodn\u00e9ho i region\u00e1lneho rozvoja s\u00fa dostupn\u00e9 d\u00e1ta z\u00e1sadn\u00fdm a nevyhnutn\u00fdm predpokladom. V tejto s\u00favislosti rastie aj v\u00fdznam priestorov\u00fdch \u00fadajov a d\u00e1t pozorovania Zeme, ktor\u00e9 dok\u00e1\u017eu poskytn\u00fa\u0165 komplexn\u00e9 analytick\u00e9 poh\u013eady na v\u00fdvoj jednotliv\u00fdch regi\u00f3nov i celej plan\u00e9ty, zoh\u013ead\u0148uj\u00face nevyhnutn\u00e9 geografickej, tematick\u00e9 aj \u010dasov\u00e9 v\u00e4zby. Eur\u00f3pske iniciat\u00edvy INSPIRE a Copernicus, smeruj\u00face k zabezpe\u010deniu maxim\u00e1lnej dostupnosti a vyu\u017eite\u013enosti d\u00e1t na v\u0161etk\u00fdch \u00farovniach s\u00fa preto jedn\u00fdm z k\u013e\u00fa\u010dov\u00fdch n\u00e1strojov pre udr\u017eate\u013en\u00fd rozvoj spolo\u010dnosti.<\/div>\n<div>Tohtoro\u010dn\u00e1 konferencia Inspirujme se\u2026 udr\u017eitelnost\u00ed m\u00e1 za cie\u013e prepoji\u0165 komunity odborn\u00edkov z oblasti geoinformatiky a dia\u013ekov\u00e9ho prieskumu Zeme s t\u00fdmi, ktor\u00ed prakticky h\u013eadaj\u00fa cesty na zabezpe\u010denie udr\u017eate\u013en\u00e9ho rozvoja na\u0161ich regi\u00f3nov, kraj\u00edn aj spolo\u010dn\u00e9ho eur\u00f3pskeho priestoru \u2013 odborn\u00edkov vo verejnej spr\u00e1ve, dotknut\u00fdch ministerstiev a odbTematick\u00e9 zameranie konferencie m\u00e1 v\u00fdznamn\u00fa podporu eur\u00f3pskych in\u0161tit\u00faci\u00ed, ktor\u00fdch z\u00e1stupcovia sa rozhodli akcie akt\u00edvne z\u00fa\u010dastni\u0165. Navy\u0161e v\u010faka projektu ATTRACTIVE DANUBE priv\u00edtame medzi \u00fa\u010dastn\u00edkmi konferencie partnerov z \u010fal\u0161\u00edch desiatich kraj\u00edn dunajsk\u00e9ho regi\u00f3nu, kror\u00ed sa zaoberaj\u00fa hodnoten\u00edm rozvoja regi\u00f3nov z r\u00f4znych uhlov poh\u013eadu. \u00da\u010das\u0165 zahrani\u010dn\u00fdch partnerov je preto d\u00f4vodom pre zvolenie angli\u010dtiny ako rokovacieho jazyka pre cel\u00fd prv\u00fd de\u0148 spojenej konferencie Inspirujme se\u2026 a ATTRACTIVE DANUBE a tradi\u010dnej \u010de\u0161tiny a sloven\u010diny pre Inspirujme se \u2026 pre de\u0148 druh\u00fd.<\/div>\n<div>V\u00fdnimo\u010dn\u00fdm pr\u00edkladom udr\u017eate\u013enosti je samotn\u00e9 miesto konania, hotel Park Inn v Prahe. V roku 2007 v \u0148om po sto rokoch fungovania ukon\u010dila svoju prev\u00e1dzku tla\u010diare\u0148. V roku 2009 bol priestor po rekon\u0161trukcii otvoren\u00fd ako hotel, v ktorom sa s Vami radi stretneme. Prezrite si ho vo<span> <\/span><a href=%22http:\/\/inspirujmese.cz\/fotogaleria\/%22><span style=%22color: #ffffff;%22>fotogal\u00e9rii<\/span><\/a><span> <\/span>a<span> <\/span><strong>14. a 15.2.2017<\/strong><span> <\/span>tie\u017e osobne.<\/div>\n<div>Te\u0161\u00edme sa na stretnutie s Vami!<\/div>\n<div style=%22text-align: center;%22>INSPIRE t\u00edm CENIA a SA\u017dP<\/div>\n<\/div>&#8220; content_phone=&#8220;<h2 class=%22space-bottom%22 style=%22text-align: center;%22>O KONFERENCI<\/h2>\n<div style=%22text-align: justify;%22>\n<div>Po prest\u00e1vke v roku 2016 si V\u00e1s CENIA, \u010desk\u00e1 informa\u010dn\u00e1 agent\u00fara \u017eivotn\u00e9ho prostredia a Slovensk\u00e1 agent\u00fara \u017eivotn\u00e9ho prostredia dovo\u013euj\u00fa pozva\u0165 na 5. ro\u010dn\u00edk \u010desko-slovenskej konferencie<span> <\/span><strong>INSPIRUJME SE \u2026 udr\u017eitelnost\u00ed<\/strong>, ktor\u00e1 je tento rok spojen\u00e1 s \u00favodnou konferenciou projektu<span> <\/span><span style=%22color: #ffffff;%22><a href=%22http:\/\/www.interreg-danube.eu\/approved-projects\/attractive-danube%22 style=%22color: #ffffff;%22>ATTRACTIVE DANUBE<\/a>,<\/span> realizovan\u00e9ho v r\u00e1mci programu<span style=%22color: #ffffff;%22> <\/span><a href=%22http:\/\/www.interreg-danube.eu\/%22><span style=%22color: #ffffff;%22>INTERREG DANUBE<\/span><\/a>.<\/div>\n<div>Zabezpe\u010denie d\u00f4sledn\u00e9ho uplat\u0148ovania princ\u00edpov udr\u017eate\u013en\u00e9ho rozvoja pri tvorbe verejn\u00fdch polit\u00edk je najv\u00e4\u010d\u0161ou v\u00fdzvou s\u00fa\u010dasnosti a to ako v medzin\u00e1rodnom, tak v n\u00e1rodnom aj region\u00e1lnom kontexte. V \u010ceskej republike i na Slovensku, podobne ako na eur\u00f3pskej \u00farovni prebieha aktu\u00e1lne intenz\u00edvna diskusia o hodnoten\u00ed a riaden\u00ed rozvoja spolo\u010dnosti s oh\u013eadom na glob\u00e1lnu zodpovednos\u0165 za jej \u010fal\u0161\u00ed v\u00fdvoj. Pre sledovanie a hodnotenie udr\u017eate\u013enosti eur\u00f3pskeho, n\u00e1rodn\u00e9ho i region\u00e1lneho rozvoja s\u00fa dostupn\u00e9 d\u00e1ta z\u00e1sadn\u00fdm a nevyhnutn\u00fdm predpokladom. V tejto s\u00favislosti rastie aj v\u00fdznam priestorov\u00fdch \u00fadajov a d\u00e1t pozorovania Zeme, ktor\u00e9 dok\u00e1\u017eu poskytn\u00fa\u0165 komplexn\u00e9 analytick\u00e9 poh\u013eady na v\u00fdvoj jednotliv\u00fdch regi\u00f3nov i celej plan\u00e9ty, zoh\u013ead\u0148uj\u00face nevyhnutn\u00e9 geografickej, tematick\u00e9 aj \u010dasov\u00e9 v\u00e4zby. Eur\u00f3pske iniciat\u00edvy INSPIRE a Copernicus, smeruj\u00face k zabezpe\u010deniu maxim\u00e1lnej dostupnosti a vyu\u017eite\u013enosti d\u00e1t na v\u0161etk\u00fdch \u00farovniach s\u00fa preto jedn\u00fdm z k\u013e\u00fa\u010dov\u00fdch n\u00e1strojov pre udr\u017eate\u013en\u00fd rozvoj spolo\u010dnosti.<\/div>\n<div>Tohtoro\u010dn\u00e1 konferencia Inspirujme se\u2026 udr\u017eitelnost\u00ed m\u00e1 za cie\u013e prepoji\u0165 komunity odborn\u00edkov z oblasti geoinformatiky a dia\u013ekov\u00e9ho prieskumu Zeme s t\u00fdmi, ktor\u00ed prakticky h\u013eadaj\u00fa cesty na zabezpe\u010denie udr\u017eate\u013en\u00e9ho rozvoja na\u0161ich regi\u00f3nov, kraj\u00edn aj spolo\u010dn\u00e9ho eur\u00f3pskeho priestoru \u2013 odborn\u00edkov vo verejnej spr\u00e1ve, dotknut\u00fdch ministerstiev a odbTematick\u00e9 zameranie konferencie m\u00e1 v\u00fdznamn\u00fa podporu eur\u00f3pskych in\u0161tit\u00faci\u00ed, ktor\u00fdch z\u00e1stupcovia sa rozhodli akcie akt\u00edvne z\u00fa\u010dastni\u0165. Navy\u0161e v\u010faka projektu ATTRACTIVE DANUBE priv\u00edtame medzi \u00fa\u010dastn\u00edkmi konferencie partnerov z \u010fal\u0161\u00edch desiatich kraj\u00edn dunajsk\u00e9ho regi\u00f3nu, kror\u00ed sa zaoberaj\u00fa hodnoten\u00edm rozvoja regi\u00f3nov z r\u00f4znych uhlov poh\u013eadu. \u00da\u010das\u0165 zahrani\u010dn\u00fdch partnerov je preto d\u00f4vodom pre zvolenie angli\u010dtiny ako rokovacieho jazyka pre cel\u00fd prv\u00fd de\u0148 spojenej konferencie Inspirujme se\u2026 a ATTRACTIVE DANUBE a tradi\u010dnej \u010de\u0161tiny a sloven\u010diny pre Inspirujme se \u2026 pre de\u0148 druh\u00fd.<\/div>\n<div>V\u00fdnimo\u010dn\u00fdm pr\u00edkladom udr\u017eate\u013enosti je samotn\u00e9 miesto konania, hotel Park Inn v Prahe. V roku 2007 v \u0148om po sto rokoch fungovania ukon\u010dila svoju prev\u00e1dzku tla\u010diare\u0148. V roku 2009 bol priestor po rekon\u0161trukcii otvoren\u00fd ako hotel, v ktorom sa s Vami radi stretneme. Prezrite si ho vo<span> <\/span><a href=%22http:\/\/inspirujmese.cz\/fotogaleria\/%22><span style=%22color: #ffffff;%22>fotogal\u00e9rii<\/span><\/a><span> <\/span>a<span> <\/span><strong>14. a 15.2.2017<\/strong><span> <\/span>tie\u017e osobne.<\/div>\n<div>Te\u0161\u00edme sa na stretnutie s Vami!<\/div>\n<div style=%22text-align: center;%22>INSPIRE t\u00edm CENIA a SA\u017dP<\/div>\n<\/div>&#8220; content_last_edited=&#8220;on|phone&#8220; _builder_version=&#8220;4.27.5&#8243; _module_preset=&#8220;default&#8220; text_font=&#8220;&#8211;et_global_body_font|300|||||||&#8220; text_text_color=&#8220;#FFFFFF&#8220; text_font_size=&#8220;15px&#8220; text_line_height=&#8220;2em&#8220; header_font=&#8220;Roboto||||||||&#8220; header_2_font=&#8220;&#8211;et_global_heading_font|||||||#FFFFFF|&#8220; header_2_text_color=&#8220;#FFFFFF&#8220; header_2_font_size=&#8220;44px&#8220; header_3_text_color=&#8220;#FFFFFF&#8220; header_3_font_size=&#8220;30px&#8220; custom_padding=&#8220;||0px|||&#8220; hover_enabled=&#8220;0&#8243; text_font_size_tablet=&#8220;15px&#8220; text_font_size_phone=&#8220;12px&#8220; text_font_size_last_edited=&#8220;on|phone&#8220; content_sk_sk=&#8220;<h2 class=%22space-bottom%22 style=%22text-align: center;%22>O KONFERENCI<\/h2>\n<div style=%22text-align: justify;%22>\n<div>Po prest\u00e1vke v roku 2016 si V\u00e1s CENIA, \u010desk\u00e1 informa\u010dn\u00e1 agent\u00fara \u017eivotn\u00e9ho prostredia a Slovensk\u00e1 agent\u00fara \u017eivotn\u00e9ho prostredia dovo\u013euj\u00fa pozva\u0165 na 5. ro\u010dn\u00edk \u010desko-slovenskej konferencie<span> <\/span><strong>INSPIRUJME SE \u2026 udr\u017eitelnost\u00ed<\/strong>, ktor\u00e1 je tento rok spojen\u00e1 s \u00favodnou konferenciou projektu<span> <\/span><span style=%22color: #ffffff;%22><a href=%22http:\/\/www.interreg-danube.eu\/approved-projects\/attractive-danube%22 style=%22color: #ffffff;%22>ATTRACTIVE DANUBE<\/a>,<\/span> realizovan\u00e9ho v r\u00e1mci programu<span style=%22color: #ffffff;%22> <\/span><a href=%22http:\/\/www.interreg-danube.eu\/%22><span style=%22color: #ffffff;%22>INTERREG DANUBE<\/span><\/a>.<\/div>\n<div>Zabezpe\u010denie d\u00f4sledn\u00e9ho uplat\u0148ovania princ\u00edpov udr\u017eate\u013en\u00e9ho rozvoja pri tvorbe verejn\u00fdch polit\u00edk je najv\u00e4\u010d\u0161ou v\u00fdzvou s\u00fa\u010dasnosti a to ako v medzin\u00e1rodnom, tak v n\u00e1rodnom aj region\u00e1lnom kontexte. V \u010ceskej republike i na Slovensku, podobne ako na eur\u00f3pskej \u00farovni prebieha aktu\u00e1lne intenz\u00edvna diskusia o hodnoten\u00ed a riaden\u00ed rozvoja spolo\u010dnosti s oh\u013eadom na glob\u00e1lnu zodpovednos\u0165 za jej \u010fal\u0161\u00ed v\u00fdvoj. Pre sledovanie a hodnotenie udr\u017eate\u013enosti eur\u00f3pskeho, n\u00e1rodn\u00e9ho i region\u00e1lneho rozvoja s\u00fa dostupn\u00e9 d\u00e1ta z\u00e1sadn\u00fdm a nevyhnutn\u00fdm predpokladom. V tejto s\u00favislosti rastie aj v\u00fdznam priestorov\u00fdch \u00fadajov a d\u00e1t pozorovania Zeme, ktor\u00e9 dok\u00e1\u017eu poskytn\u00fa\u0165 komplexn\u00e9 analytick\u00e9 poh\u013eady na v\u00fdvoj jednotliv\u00fdch regi\u00f3nov i celej plan\u00e9ty, zoh\u013ead\u0148uj\u00face nevyhnutn\u00e9 geografickej, tematick\u00e9 aj \u010dasov\u00e9 v\u00e4zby. Eur\u00f3pske iniciat\u00edvy INSPIRE a Copernicus, smeruj\u00face k zabezpe\u010deniu maxim\u00e1lnej dostupnosti a vyu\u017eite\u013enosti d\u00e1t na v\u0161etk\u00fdch \u00farovniach s\u00fa preto jedn\u00fdm z k\u013e\u00fa\u010dov\u00fdch n\u00e1strojov pre udr\u017eate\u013en\u00fd rozvoj spolo\u010dnosti.<\/div>\n<div>Tohtoro\u010dn\u00e1 konferencia Inspirujme se\u2026 udr\u017eitelnost\u00ed m\u00e1 za cie\u013e prepoji\u0165 komunity odborn\u00edkov z oblasti geoinformatiky a dia\u013ekov\u00e9ho prieskumu Zeme s t\u00fdmi, ktor\u00ed prakticky h\u013eadaj\u00fa cesty na zabezpe\u010denie udr\u017eate\u013en\u00e9ho rozvoja na\u0161ich regi\u00f3nov, kraj\u00edn aj spolo\u010dn\u00e9ho eur\u00f3pskeho priestoru \u2013 odborn\u00edkov vo verejnej spr\u00e1ve, dotknut\u00fdch ministerstiev a odbTematick\u00e9 zameranie konferencie m\u00e1 v\u00fdznamn\u00fa podporu eur\u00f3pskych in\u0161tit\u00faci\u00ed, ktor\u00fdch z\u00e1stupcovia sa rozhodli akcie akt\u00edvne z\u00fa\u010dastni\u0165. Navy\u0161e v\u010faka projektu ATTRACTIVE DANUBE priv\u00edtame medzi \u00fa\u010dastn\u00edkmi konferencie partnerov z \u010fal\u0161\u00edch desiatich kraj\u00edn dunajsk\u00e9ho regi\u00f3nu, kror\u00ed sa zaoberaj\u00fa hodnoten\u00edm rozvoja regi\u00f3nov z r\u00f4znych uhlov poh\u013eadu. \u00da\u010das\u0165 zahrani\u010dn\u00fdch partnerov je preto d\u00f4vodom pre zvolenie angli\u010dtiny ako rokovacieho jazyka pre cel\u00fd prv\u00fd de\u0148 spojenej konferencie Inspirujme se\u2026 a ATTRACTIVE DANUBE a tradi\u010dnej \u010de\u0161tiny a sloven\u010diny pre Inspirujme se \u2026 pre de\u0148 druh\u00fd.<\/div>\n<div>V\u00fdnimo\u010dn\u00fdm pr\u00edkladom udr\u017eate\u013enosti je samotn\u00e9 miesto konania, hotel Park Inn v Prahe. V roku 2007 v \u0148om po sto rokoch fungovania ukon\u010dila svoju prev\u00e1dzku tla\u010diare\u0148. V roku 2009 bol priestor po rekon\u0161trukcii otvoren\u00fd ako hotel, v ktorom sa s Vami radi stretneme. Prezrite si ho vo<span> <\/span><a href=%22http:\/\/inspirujmese.cz\/fotogaleria\/%22><span style=%22color: #ffffff;%22>fotogal\u00e9rii<\/span><\/a><span> <\/span>a<span> <\/span><strong>14. a 15.2.2017<\/strong><span> <\/span>tie\u017e osobne.<\/div>\n<div>Te\u0161\u00edme sa na stretnutie s Vami!<\/div>\n<div style=%22text-align: center;%22>INSPIRE t\u00edm CENIA a SA\u017dP<\/div>\n<\/div>&#8220; global_colors_info=&#8220;{}&#8220; sticky_enabled=&#8220;0&#8243;]<div class=\"row col-xs-12\">\n<div class=\"section-title-col content-center-sm\" data-type=\"column\">\n<h2 class=\"space-bottom\" style=\"text-align: center;\">O KONFERENCI<\/h2>\n<div style=\"text-align: justify;\">\n<div>Po prest\u00e1vke v roku 2016 si V\u00e1s CENIA, \u010desk\u00e1 informa\u010dn\u00e1 agent\u00fara \u017eivotn\u00e9ho prostredia a Slovensk\u00e1 agent\u00fara \u017eivotn\u00e9ho prostredia dovo\u013euj\u00fa pozva\u0165 na 5. ro\u010dn\u00edk \u010desko-slovenskej konferencie<span>\u00a0<\/span><strong>INSPIRUJME SE \u2026 udr\u017eitelnost\u00ed<\/strong>, ktor\u00e1 je tento rok spojen\u00e1 s \u00favodnou konferenciou projektu<span>\u00a0<\/span><span style=\"color: #ffffff;\"><a href=\"http:\/\/www.interreg-danube.eu\/approved-projects\/attractive-danube\" style=\"color: #ffffff;\">ATTRACTIVE DANUBE<\/a>,<\/span> realizovan\u00e9ho v r\u00e1mci programu<span style=\"color: #ffffff;\">\u00a0<\/span><span style=\"text-decoration: underline;\"><a href=\"http:\/\/www.interreg-danube.eu\/\"><span style=\"color: #ffffff; text-decoration: underline;\">INTERREG DANUBE<\/span><\/a><\/span>.<\/div>\n<div>Zabezpe\u010denie d\u00f4sledn\u00e9ho uplat\u0148ovania princ\u00edpov udr\u017eate\u013en\u00e9ho rozvoja pri tvorbe verejn\u00fdch polit\u00edk je najv\u00e4\u010d\u0161ou v\u00fdzvou s\u00fa\u010dasnosti a to ako v medzin\u00e1rodnom, tak v n\u00e1rodnom aj region\u00e1lnom kontexte. V \u010ceskej republike i na Slovensku, podobne ako na eur\u00f3pskej \u00farovni prebieha aktu\u00e1lne intenz\u00edvna diskusia o hodnoten\u00ed a riaden\u00ed rozvoja spolo\u010dnosti s oh\u013eadom na glob\u00e1lnu zodpovednos\u0165 za jej \u010fal\u0161\u00ed v\u00fdvoj. Pre sledovanie a hodnotenie udr\u017eate\u013enosti eur\u00f3pskeho, n\u00e1rodn\u00e9ho i region\u00e1lneho rozvoja s\u00fa dostupn\u00e9 d\u00e1ta z\u00e1sadn\u00fdm a nevyhnutn\u00fdm predpokladom. V tejto s\u00favislosti rastie aj v\u00fdznam priestorov\u00fdch \u00fadajov a d\u00e1t pozorovania Zeme, ktor\u00e9 dok\u00e1\u017eu poskytn\u00fa\u0165 komplexn\u00e9 analytick\u00e9 poh\u013eady na v\u00fdvoj jednotliv\u00fdch regi\u00f3nov i celej plan\u00e9ty, zoh\u013ead\u0148uj\u00face nevyhnutn\u00e9 geografickej, tematick\u00e9 aj \u010dasov\u00e9 v\u00e4zby. Eur\u00f3pske iniciat\u00edvy INSPIRE a Copernicus, smeruj\u00face k zabezpe\u010deniu maxim\u00e1lnej dostupnosti a vyu\u017eite\u013enosti d\u00e1t na v\u0161etk\u00fdch \u00farovniach s\u00fa preto jedn\u00fdm z k\u013e\u00fa\u010dov\u00fdch n\u00e1strojov pre udr\u017eate\u013en\u00fd rozvoj spolo\u010dnosti.<\/div>\n<div>Tohtoro\u010dn\u00e1 konferencia Inspirujme se\u2026 udr\u017eitelnost\u00ed m\u00e1 za cie\u013e prepoji\u0165 komunity odborn\u00edkov z oblasti geoinformatiky a dia\u013ekov\u00e9ho prieskumu Zeme s t\u00fdmi, ktor\u00ed prakticky h\u013eadaj\u00fa cesty na zabezpe\u010denie udr\u017eate\u013en\u00e9ho rozvoja na\u0161ich regi\u00f3nov, kraj\u00edn aj spolo\u010dn\u00e9ho eur\u00f3pskeho priestoru \u2013 odborn\u00edkov vo verejnej spr\u00e1ve, dotknut\u00fdch ministerstiev a odbTematick\u00e9 zameranie konferencie m\u00e1 v\u00fdznamn\u00fa podporu eur\u00f3pskych in\u0161tit\u00faci\u00ed, ktor\u00fdch z\u00e1stupcovia sa rozhodli akcie akt\u00edvne z\u00fa\u010dastni\u0165. Navy\u0161e v\u010faka projektu ATTRACTIVE DANUBE priv\u00edtame medzi \u00fa\u010dastn\u00edkmi konferencie partnerov z \u010fal\u0161\u00edch desiatich kraj\u00edn dunajsk\u00e9ho regi\u00f3nu, kror\u00ed sa zaoberaj\u00fa hodnoten\u00edm rozvoja regi\u00f3nov z r\u00f4znych uhlov poh\u013eadu. \u00da\u010das\u0165 zahrani\u010dn\u00fdch partnerov je preto d\u00f4vodom pre zvolenie angli\u010dtiny ako rokovacieho jazyka pre cel\u00fd prv\u00fd de\u0148 spojenej konferencie Inspirujme se\u2026 a ATTRACTIVE DANUBE a tradi\u010dnej \u010de\u0161tiny a sloven\u010diny pre Inspirujme se \u2026 pre de\u0148 druh\u00fd.<\/div>\n<div>V\u00fdnimo\u010dn\u00fdm pr\u00edkladom udr\u017eate\u013enosti je samotn\u00e9 miesto konania, hotel Park Inn v Prahe. V roku 2007 v \u0148om po sto rokoch fungovania ukon\u010dila svoju prev\u00e1dzku tla\u010diare\u0148. V roku 2009 bol priestor po rekon\u0161trukcii otvoren\u00fd ako hotel, v ktorom sa s Vami radi stretneme.<\/div>\n<div>Te\u0161\u00edme sa na stretnutie s Vami!<\/div>\n<div style=\"text-align: center;\">INSPIRE t\u00edm CENIA a SA\u017dP<\/div>\n<\/div>\n<\/div>\n<\/div>[\/et_pb_text][\/et_pb_column][\/et_pb_row][\/et_pb_section][et_pb_section fb_built=&#8220;1&#8243; module_id=&#8220;foto&#8220; _builder_version=&#8220;4.27.3&#8243; _module_preset=&#8220;default&#8220; global_colors_info=&#8220;{}&#8220;][et_pb_row _builder_version=&#8220;4.27.0&#8243; _module_preset=&#8220;default&#8220; global_colors_info=&#8220;{}&#8220;][et_pb_column type=&#8220;4_4&#8243; _builder_version=&#8220;4.27.0&#8243; _module_preset=&#8220;default&#8220; global_colors_info=&#8220;{}&#8220;][et_pb_gallery gallery_ids=&#8220;3067,3068,3069,3070,3071,3072,3073,3074,3075,3076,3077,3078,3079,3080,3081,3082,3083,3084,3085,3086,3087,3088,3089,3090,3091,3092,3093,3094,3095,3096,3097,3098,3099,3100,3101,3102,3103,3104,3105,3106,3107,3108,3109,3110,3111,3112,3113,3114,3115,3116,3117,3118,3119,3120,3121,3122,3123,3124,3125,3126,3127,3128,3129,3130,3131,3132,3133,3134,3135,3136,3137,3138,3139,3140,3141,3142,3143,3144,3145,3146,3147,3148,3149,3150,3151,3152,3153,3154,3155,3156,3157,3158,3159,3160,3161,3162,3163&#8243; posts_number=&#8220;16&#8243; show_title_and_caption=&#8220;off&#8220; zoom_icon_color=&#8220;#707070&#8243; hover_icon=&#8220;&#x54;||divi||400&#8243; _builder_version=&#8220;4.27.4&#8243; _module_preset=&#8220;default&#8220; title_level=&#8220;h4&#8243; caption_text_color=&#8220;#000000&#8243; pagination_font=&#8220;||||||||&#8220; pagination_text_color=&#8220;#000000&#8243; custom_css_free_form=&#8220;.mfp-title { display: none !important; }&#8220; global_colors_info=&#8220;{}&#8220;][\/et_pb_gallery][\/et_pb_column][\/et_pb_row][\/et_pb_section][et_pb_section fb_built=&#8220;1&#8243; _builder_version=&#8220;4.27.4&#8243; _module_preset=&#8220;default&#8220; background_enable_color=&#8220;off&#8220; global_colors_info=&#8220;{}&#8220;][et_pb_row _builder_version=&#8220;4.27.4&#8243; _module_preset=&#8220;default&#8220; width=&#8220;100%&#8220; custom_padding=&#8220;0px||0px||false|false&#8220; global_colors_info=&#8220;{}&#8220;][et_pb_column type=&#8220;4_4&#8243; _builder_version=&#8220;4.27.0&#8243; _module_preset=&#8220;default&#8220; global_colors_info=&#8220;{}&#8220;][et_pb_code _builder_version=&#8220;4.27.4&#8243; _module_preset=&#8220;default&#8220; text_orientation=&#8220;center&#8220; global_colors_info=&#8220;{}&#8220;]<div  data-label=\"program\" data-id=\"content--3\" data-export-id=\"content-6-materialis\" data-category=\"content\" class=\"content-6m content-section-spacing-large content-section\" id=\"program\" style=\"background-color: rgba(255, 255, 255, 0.953); background-image: url(\"https:\/\/inspirujmese.eu\/2017\/obrazky\/20211005_092955.jpg\"); background-size: cover; background-position: center top;\" data-section-ov=\"1\"><div  class=\"gridContainer\"> <div  class=\"row\"><div  class=\"section-title-col large\" data-type=\"column\"> <h2  class=\"space-bottom\"><span  style=\"font-weight: 500;\">PROGRAM<span  id=\"_mce_caret\" data-mce-bogus=\"1\" data-mce-type=\"format-caret\"><\/span><\/span><\/h2><\/div><\/div><!-- [et_pb_line_break_holder] --><!-- [et_pb_line_break_holder] --><!-- [et_pb_line_break_holder] --><!-- [et_pb_line_break_holder] --><div style=\"color: #000000; font-size: 18px; font-family: Calibri; text-align: left; margin-top: 10px; margin-bottom: 20px;\"><strong>Tuesday\/ \u00dater\u00fd 14.2. 2017 Day 1 (EN) \/Den 1 (EN)<\/strong><\/div><!-- [et_pb_line_break_holder] --><div style=\"color: #000000; font-size: 18px; font-family: Calibri; text-align: left; margin-top: 10px; margin-bottom: 10px;\"><strong>ATTRACTIVE DANUBE<\/strong><\/div><!-- [et_pb_line_break_holder] --><div style=\"color: #000000; font-size: 18px; font-family: Calibri; text-align: left; margin-top: 10px; margin-bottom: 0px;\"><strong>Title:<\/strong> How to make Danube macro region an attractive place to live in<\/div><!-- [et_pb_line_break_holder] --><div style=\"color: #000000; font-size: 18px; font-family: Calibri; text-align: left; margin-top: 00px; margin-bottom: 10px;\"><strong>Subtitle:<\/strong> Join us in sharing the tools and services for quality territorial decision making<\/div><!-- [et_pb_line_break_holder] --><div style=\"color: #000000; font-size: 18px; font-family: Calibri; text-align: left; margin-top: 20px; margin-bottom: 10px;\"><strong>09:00 \u2013 10:00 Registration<\/strong><\/div><!-- [et_pb_line_break_holder] --><div style=\"color: #000000; font-size: 18px; font-family: Calibri; text-align: left; margin-top: 10px;\"><strong>10:00 \u2013 10:15 Conference opening<\/strong><\/div><!-- [et_pb_line_break_holder] --><div style=\"color: #000000; font-size: 18px; font-family: Calibri; text-align: left; margin-top: 0px;\"><em>Welcome by Petr J. Kala\u0161, Ministry of the Environment of the Czech Republic, Jan Pr\u00e1\u0161ek, deputy director of CENIA, Czech Environment Information Agency and by Milan Brajnik, director of Geodetic Institute of Slovenia<\/em><\/div><!-- [et_pb_line_break_holder] --><div style=\"color: #000000; font-size: 18px; font-family: Calibri; text-align: left; margin-top: 10px;\"><strong>10:15 \u2013 11:30 How to evaluate attractiveness of the regions<\/strong><\/div><!-- [et_pb_line_break_holder] --><div style=\"color: #000000; font-size: 18px; font-family: Calibri; text-align: left; margin-top: 10px;\"><strong><a href=\"https:\/\/inspirujmese.eu\/2017\/prezentace\/2017_i_1_blazbarboric_attractivedanube_v2.pdf?_t=1757944267\" target=\"_blank\" rel=\"noopener noreferrer\">ATTRACTIVE DANUBE: Introduction of project + use results of Attract SEE<\/a><\/strong><\/div><!-- [et_pb_line_break_holder] --><div style=\"color: #000000; font-size: 18px; font-family: Calibri; text-align: left; margin-top: 0px;\"><em>Bla\u017e Barbori\u010d, Geodetic Institute of Slovenia<\/em><\/div><!-- [et_pb_line_break_holder] --><div style=\"color: #000000; font-size: 18px; font-family: Calibri; text-align: left; margin-top: 10px;\"><strong><a href=\"https:\/\/inspirujmese.eu\/2017\/prezentace\/2017_i_2_roberttomas_martintuchyna_drdsi.pdf?_t=1757944285\" target=\"_blank\" rel=\"noopener noreferrer\">Danube Reference Data and Service Infrastructure<\/a><\/strong><\/div><!-- [et_pb_line_break_holder] --><div style=\"color: #000000; font-size: 18px; font-family: Calibri; text-align: left; margin-top: 0px;\"><em>Robert Tomas, DG JRC, European Commission, Italy<\/em><\/div><!-- [et_pb_line_break_holder] --><div style=\"color: #000000; font-size: 18px; font-family: Calibri; text-align: left; margin-top: 0px;\"><em>Martin Tuchy\u0148a, Slovak Environment Agency<\/em><\/div><!-- [et_pb_line_break_holder] --><div style=\"color: #000000; font-size: 18px; font-family: Calibri; text-align: left; margin-top: 10px;\"><strong><a href=\"https:\/\/inspirujmese.eu\/2017\/prezentace\/2017_i_3_tomazmiklavcic_establishmentofterritorialmonitoringsysteminslovenia.pdf?_t=1757944300\" target=\"_blank\" rel=\"noopener noreferrer\">Establishment of territorial monitoring system in Slovenia<\/a><\/strong><\/div><!-- [et_pb_line_break_holder] --><div style=\"color: #000000; font-size: 18px; font-family: Calibri; text-align: left; margin-top: 0px;\"><em>Toma\u017e Miklav\u010di\u010d, Ministry of Spatial planning of Slovenia<\/em><\/div><!-- [et_pb_line_break_holder] --><div style=\"color: #000000; font-size: 18px; font-family: Calibri; text-align: left; margin-top: 20px; margin-bottom: 20px;\"><strong>11:30 \u2013 12:00 Coffee breaks<\/strong><\/div><!-- [et_pb_line_break_holder] --><div style=\"color: #000000; font-size: 18px; font-family: Calibri; text-align: left; margin-top: 10px; margin-bottom: 10px;\"><strong>12:00 \u2013 14:00 Data and tools for a quality territorial decision making<\/strong><\/div><!-- [et_pb_line_break_holder] --><div style=\"color: #000000; font-size: 18px; font-family: Calibri; text-align: left; margin-top: 10px;\"><strong><a href=\"https:\/\/inspirujmese.eu\/2017\/prezentace\/2017_ii_1_jirictyroky_spatialinformationanddecisionsupportsystemfordevelopmentplanning.pdf?_t=1757944314\" target=\"_blank\" rel=\"noopener noreferrer\">Spatial information and Decision Support System for Development Planning<\/a><\/strong><\/div><!-- [et_pb_line_break_holder] --><div style=\"color: #000000; font-size: 18px; font-family: Calibri; text-align: left; margin-top: 0px;\"><em>Ji\u0159\u00ed \u010ctyrok\u00fd, Institute for Planning and Development, City of Prague, Czech Republic<\/em><\/div><!-- [et_pb_line_break_holder] --><div style=\"color: #000000; font-size: 18px; font-family: Calibri; text-align: left; margin-top: 10px;\"><strong><a href=\"https:\/\/inspirujmese.eu\/2017\/prezentace\/2017_ii_2_rainerhaselberger_dataforthesmartcity-theviennaexample.pdf?_t=1757944329\" target=\"_blank\" rel=\"noopener noreferrer\">Data for the Smart City \u2013 the Vienna example<\/a><\/strong><\/div><!-- [et_pb_line_break_holder] --><div style=\"color: #000000; font-size: 18px; font-family: Calibri; text-align: left; margin-top: 0px;\"><em>Rainer Haselberger, City of Vienna, Austria<\/em><\/div><!-- [et_pb_line_break_holder] --><div style=\"color: #000000; font-size: 18px; font-family: Calibri; text-align: left; margin-top: 10px;\"><strong><a href=\"https:\/\/inspirujmese.eu\/2017\/prezentace\/2017_ii_3_gianandreaesposito_territorialattractivenessconceptappliedtoinvestmentpromotion.pdf?_t=1757944342\" target=\"_blank\" rel=\"noopener noreferrer\">Territorial attractiveness concept applied to investment promotion<\/a><\/strong><\/div><!-- [et_pb_line_break_holder] --><div style=\"color: #000000; font-size: 18px; font-family: Calibri; text-align: left; margin-top: 0px;\"><em>Gianandrea Esposito, ERVET \u2013 Emilia-Romagna Valorizzazione Economica del Territorio, Italy<\/em><\/div><!-- [et_pb_line_break_holder] --><div style=\"color: #000000; font-size: 18px; font-family: Calibri; text-align: left; margin-top: 10px;\"><strong><a href=\"https:\/\/inspirujmese.eu\/2017\/prezentace\/2017_ii_4_igorkuzma_stage.pdf?_t=1757944440\" target=\"_blank\" rel=\"noopener noreferrer\">STAGE \u2013 integrated system for dissemination of geospatial statistical data<\/a><\/strong><\/div><!-- [et_pb_line_break_holder] --><div style=\"color: #000000; font-size: 18px; font-family: Calibri; text-align: left; margin-top: 0px;\"><em>Igor Kuzma, Statistical Office of the Republic of Slovenia<\/em><\/div><!-- [et_pb_line_break_holder] --><div style=\"color: #000000; font-size: 18px; font-family: Calibri; text-align: left; margin-top: 10px;\"><strong><a href=\"https:\/\/inspirujmese.eu\/2017\/prezentace\/2017_ii_5_katharinaschleidt_datacovestatisticalviewer.pdf?_t=1757944450\" target=\"_blank\" rel=\"noopener noreferrer\">DataCove Data Ghosting \u2013 Statistical Viewer Example<\/a><\/strong><\/div><!-- [et_pb_line_break_holder] --><div style=\"color: #000000; font-size: 18px; font-family: Calibri; text-align: left; margin-top: 0px;\"><em>Katharina Schleidt, DataCove e.U., Austria<\/em><\/div><!-- [et_pb_line_break_holder] --><div style=\"color: #000000; font-size: 18px; font-family: Calibri; text-align: left; margin-top: 20px; margin-bottom: 20px;\"><strong>14:00 \u2013 15:00 Lunch<\/strong><\/div><!-- [et_pb_line_break_holder] --><div style=\"color: #000000; font-size: 18px; font-family: Calibri; text-align: left; margin-top: 10px; margin-bottom: 10px;\"><strong>15:00 \u2013 17:00 European spatial data infrastructure for regional attractiveness<\/strong><\/div><!-- [et_pb_line_break_holder] --><div style=\"color: #000000; font-size: 18px; font-family: Calibri; text-align: left;\"><strong><a href=\"https:\/\/inspirujmese.eu\/2017\/prezentace\/2017_iii_1_robertkonrad_inspire-theprioritiesandworkprogramme2017-2020.pdf?_t=1757944461\" target=\"_blank\" rel=\"noopener noreferrer\">INSPIRE \u2013 the priorities and work programme 2017\u20132020<\/a><\/strong><\/div><!-- [et_pb_line_break_holder] --><div style=\"color: #000000; font-size: 18px; font-family: Calibri; text-align: left; margin-top: 0px;\"><em>Robert Konrad, DG ENV, European Commission, Belgium<\/em><\/div><!-- [et_pb_line_break_holder] --><div style=\"color: #000000; font-size: 18px; font-family: Calibri; text-align: left; margin-top: 10px;\"><strong><a href=\"https:\/\/inspirujmese.eu\/2017\/prezentace\/2017_iii_2_roberttomas_inspire_miwp.pdf?_t=1757944471\" target=\"_blank\" rel=\"noopener noreferrer\">INSPIRE maintenance and implementation work program<\/a><\/strong><\/div><!-- [et_pb_line_break_holder] --><div style=\"color: #000000; font-size: 18px; font-family: Calibri; text-align: left; margin-top: 0px;\"><em>Robert Tomas, DG JRC, European Commission, Italy<\/em><\/div><!-- [et_pb_line_break_holder] --><div style=\"color: #000000; font-size: 18px; font-family: Calibri; text-align: left; margin-top: 10px;\"><strong><a href=\"https:\/\/inspirujmese.eu\/2017\/prezentace\/2017_iii_3_jiripolacek_inspireimplementationasalinkbetweenegovernmentandenvironmentalpurposes.pdf?_t=1757944483\" target=\"_blank\" rel=\"noopener noreferrer\">INSPIRE implementation as a link between eGovernment and environmental purposes<\/a><\/strong><\/div><!-- [et_pb_line_break_holder] --><div style=\"color: #000000; font-size: 18px; font-family: Calibri; text-align: left; margin-top: 0px;\"><em>Ji\u0159\u00ed Pol\u00e1\u010dek, Czech Office for Surveying, Mapping and Cadastre, Czech Republic<\/em><\/div><!-- [et_pb_line_break_holder] --><div style=\"color: #000000; font-size: 18px; font-family: Calibri; text-align: left; margin-top: 10px;\"><strong><a href=\"https:\/\/inspirujmese.eu\/2017\/prezentace\/2017_iii_4_primozkete_inspiredpracticalexamplesofimplementationofthedirectiveinslovenia.pdf?_t=1757944492\" target=\"_blank\" rel=\"noopener noreferrer\">INSPIREd practical examples of implementation of the directive in Slovenia<\/a><\/strong><\/div><!-- [et_pb_line_break_holder] --><div style=\"color: #000000; font-size: 18px; font-family: Calibri; text-align: left; margin-top: 0px;\"><em>Primo\u017e Kete, Geodetic Institute of Slovenia<\/em><\/div><!-- [et_pb_line_break_holder] --><div style=\"color: #000000; font-size: 18px; font-family: Calibri; text-align: left; margin-top: 10px;\"><strong><a href=\"https:\/\/inspirujmese.eu\/2017\/prezentace\/2017_iii_5_martintuchyna_slovakianinspireatthecrossroads.pdf?_t=1757944501\" target=\"_blank\" rel=\"noopener noreferrer\">Slovakian INSPIRE at the crossroads<\/a><\/strong><\/div><!-- [et_pb_line_break_holder] --><div style=\"color: #000000; font-size: 18px; font-family: Calibri; text-align: left; margin-top: 0px;\"><em>Martin Tuchy\u0148a, Slovak Environment Agency<\/em><\/div><!-- [et_pb_line_break_holder] --><div style=\"color: #000000; font-size: 18px; font-family: Calibri; text-align: left; margin-top: 10px;\"><strong><a href=\"https:\/\/inspirujmese.eu\/2017\/prezentace\/2017_iii_6_pietroelisei_bridginginnovationsmartcities.pdf?_t=1757944510\" target=\"_blank\" rel=\"noopener noreferrer\">Bridging innovation, smart cities and integrated development<\/a><\/strong><\/div><!-- [et_pb_line_break_holder] --><div style=\"color: #000000; font-size: 18px; font-family: Calibri; text-align: left; margin-top: 0px;\"><em>Pietro Elisei, Urbasofia, Romania<\/em><\/div><!-- [et_pb_line_break_holder] --><div style=\"color: #000000; font-size: 18px; font-family: Calibri; text-align: left; margin-top: 20px; margin-bottom: 20px;\"><strong>17:00 \u2013 17:30 Coffee break<\/strong><\/div><!-- [et_pb_line_break_holder] --><div style=\"color: #000000; font-size: 18px; font-family: Calibri; text-align: left; margin-top: 10px; margin-bottom: 00px;\"><strong>17:30 \u2013 18:30 Panel discussion &#8211; Questions for panellists:<!\u2013- [et_pb_br_holder] -\u2013><\/strong><\/div><!-- [et_pb_line_break_holder] --><div style=\"color: #000000; font-size: 18px; font-family: Calibri; text-align: left; margin-top: 0px;\"><em>Data driven (regional) management (towards sustainability) \u2013 fact or fiction?<!\u2013- [et_pb_br_holder] -\u2013>What do we need, to be able to manage our regions as living parts of a common space, not as isolated parts of a fragmented territory?<!\u2013- [et_pb_br_holder] -\u2013>Which are the appropriate tools for the objective assessment of a region&#8217;s attractiveness status and its (sustainable) development (hidden) potential?<\/em><\/div><!-- [et_pb_line_break_holder] --><div style=\"color: #000000; font-size: 18px; font-family: Calibri; text-align: left; margin-top: 10px; margin-bottom: 00px;\"><strong>Panellists:<\/strong><\/div><!-- [et_pb_line_break_holder] --><div style=\"color: #000000; font-size: 18px; font-family: Calibri; text-align: left; margin-top: 0px;\"><em>representative of European Commission<\/em><\/div><!-- [et_pb_line_break_holder] --><div style=\"color: #000000; font-size: 18px; font-family: Calibri; text-align: left; margin-top: 0px;\"><em>Marie Petrov\u00e1, Ministry of the Environment, Czech Republic<\/em><\/div><!-- [et_pb_line_break_holder] --><div style=\"color: #000000; font-size: 18px; font-family: Calibri; text-align: left; margin-top: 0px;\"><em>Toma\u017e Miklav\u010di\u010d, Ministry of Spatial Planning, Slovenia<\/em><\/div><!-- [et_pb_line_break_holder] --><div style=\"color: #000000; font-size: 18px; font-family: Calibri; text-align: left; margin-top: 0px;\"><em>Petr Hol\u00fd, Vyso\u010dina Region, Czech Republic<\/em><\/div><!-- [et_pb_line_break_holder] --><div style=\"color: #000000; font-size: 18px; font-family: Calibri; text-align: left; margin-top: 0px;\"><em>Katharina Schleidt, DataCove, Austria<\/em><\/div><!-- [et_pb_line_break_holder] --><div style=\"color: #000000; font-size: 18px; font-family: Calibri; text-align: left; margin-top: 10px; margin-bottom: 00px;\"><strong>18:30 \u2013 18:45 Closing of the Attractive Danube kick off conference, <a href=\"https:\/\/inspirujmese.eu\/2017\/prezentace\/voucher_attractive.pdf?_t=1759928262\">Winning ceremony<\/a><\/strong><\/div><!-- [et_pb_line_break_holder] --><div style=\"color: #000000; font-size: 18px; font-family: Calibri; text-align: left; margin-top: 0px;\"><em>Filled in questionnaires will be collected at the registration desk till 6 .m. Winners of the prizes have to be present in the conference room at the time of the winning ceremony.<\/em><\/div><!-- [et_pb_line_break_holder] --><div style=\"color: #000000; font-size: 18px; font-family: Calibri; text-align: left; margin-top: 20px; margin-bottom: 20px;\"><strong>19:00 Social event<\/strong><\/div><!-- [et_pb_line_break_holder] --><div style=\"color: #000000; font-size: 18px; font-family: Calibri; text-align: left; margin-top: 0px;\"><em>Program is subject to change <\/em><\/div><!-- [et_pb_line_break_holder] --><div style=\"color: #000000; font-size: 18px; font-family: Calibri; text-align: left; margin-top: 10px; margin-bottom: 00px;\"><strong><a href=\"https:\/\/inspirujmese.eu\/2017\/prezentace\/Book_of_abstracts_Attractive.pdf?_t=1757944520\" target=\"_blank\" rel=\"noopener noreferrer\">All abstracts from the first conference day<\/a><\/strong><\/div><!-- [et_pb_line_break_holder] --><div style=\"color: #000000; font-size: 18px; font-family: Calibri; text-align: left; margin-top: 00px; margin-bottom: 00px;\"><strong><a href=\"https:\/\/inspirujmese.eu\/2017\/prezentace_attractive.zip\">All presentations from the first conference day<\/a><\/strong><\/div><!-- [et_pb_line_break_holder] --><div style=\"color: #000000; font-size: 18px; font-family: Calibri; text-align: left; margin-top: 0px; margin-bottom: 00px;\"><strong><a href=\"https:\/\/www.youtube.com\/watch?v=R6ClIWXJGW4\">Video from the first conference day<\/a> <\/strong><\/div><!-- [et_pb_line_break_holder] --><hr class=\"wp-block-separator\"><!-- [et_pb_line_break_holder] --><div style=\"color: #000000; font-size: 18px; font-family: Calibri; text-align: left; margin-top: 10px; margin-bottom: 20px;\"><strong>Wednesday\/St\u0159eda 15.2. 2017 Day 2 (CS\/SK) \/Den 2 (CS\/SK)<\/strong><\/div><!-- [et_pb_line_break_holder] --><div style=\"color: #000000; font-size: 18px; font-family: Calibri; text-align: left; margin-top: 10px; margin-bottom: 10px;\"><strong>INSPIRUJME SE&#8230;UDR\u017dITELNOST\u00cd<\/strong><\/div><!-- [et_pb_line_break_holder] --><div style=\"color: #000000; font-size: 18px; font-family: Calibri; text-align: left; margin-top: 10px; margin-bottom: 10px;\"><strong>09:00 \u2013 10:30 INSPIREm k udr\u017eiteln\u00e9mu rozvoji<!\u2013- [et_pb_br_holder] -\u2013><\/strong><\/div><!-- [et_pb_line_break_holder] --><div style=\"color: #000000; font-size: 18px; font-family: Calibri; text-align: left; margin-top: 10px;\"><strong><a href=\"https:\/\/inspirujmese.eu\/2017\/prezentace\/2017_iv_1_michalbroza_svetvpohybu.pdf?_t=1757944534\" target=\"_blank\" rel=\"noopener noreferrer\">Sv\u011bt v pohybu: Rizika a p\u0159\u00edle\u017eitosti<\/a><\/strong><\/div><!-- [et_pb_line_break_holder] --><div style=\"color: #000000; font-size: 18px; font-family: Calibri; text-align: left; margin-top: 0px;\"><em>Michal Bro\u017ea, Informa\u010dn\u00ed centrum OSN v Praze<\/em><\/div><!-- [et_pb_line_break_holder] --><div style=\"color: #000000; font-size: 18px; font-family: Calibri; text-align: left; margin-top: 10px;\"><strong><a href=\"https:\/\/inspirujmese.eu\/2017\/prezentace\/2017_iv_2_mariepetrova_ma21.pdf?_t=1757944543\" target=\"_blank\" rel=\"noopener noreferrer\">Udr\u017eiteln\u00fd rozvoj a M\u00edstn\u00ed Agenda 21 v \u010cR a mezin\u00e1rodn\u00edm kontextu<\/a><\/strong><\/div><!-- [et_pb_line_break_holder] --><div style=\"color: #000000; font-size: 18px; font-family: Calibri; text-align: left; margin-top: 0px;\"><em>Marie Petrov\u00e1, Ministerstvo \u017eivotn\u00edho prost\u0159ed\u00ed<\/em><\/div><!-- [et_pb_line_break_holder] --><div style=\"color: #000000; font-size: 18px; font-family: Calibri; text-align: left; margin-top: 10px;\"><strong><a href=\"https:\/\/inspirujmese.eu\/2017\/prezentace\/2017_iv_3_jarmilacikankova_svetsestalevyviji.pdf?_t=1757944555\" target=\"_blank\" rel=\"noopener noreferrer\">Sv\u011bt se st\u00e1le vyv\u00edj\u00ed. Kdo chce, je veden, kdo nechce, je vle\u010den.<\/a><\/strong><\/div><!-- [et_pb_line_break_holder] --><div style=\"color: #000000; font-size: 18px; font-family: Calibri; text-align: left; margin-top: 0px;\"><em>Jarmila Cik\u00e1nkov\u00e1, CENIA, \u010desk\u00e1 informa\u010dn\u00ed agentura \u017eivotn\u00edho prost\u0159ed\u00ed<\/em><\/div><!-- [et_pb_line_break_holder] --><div style=\"color: #000000; font-size: 18px; font-family: Calibri; text-align: left; margin-top: 10px;\"><strong><a href=\"https:\/\/inspirujmese.eu\/2017\/prezentace\/2017_iv_4_janhelebrant_komunitniprojektsafecast.pdf?_t=1757944571\" target=\"_blank\" rel=\"noopener noreferrer\">Komunitn\u00ed projekt SAFECAST \u2013 otev\u0159en\u00fd p\u0159\u00edstup a zapojen\u00ed ve\u0159ejnosti do m\u011b\u0159en\u00ed radioaktivity<\/a><\/strong><\/div><!-- [et_pb_line_break_holder] --><div style=\"color: #000000; font-size: 18px; font-family: Calibri; text-align: left; margin-top: 0px;\"><em>Jan Helebrant, St\u00e1tn\u00ed \u00fa\u0159ad radia\u010dn\u00ed ochrany v. v. i.<\/em><\/div><!-- [et_pb_line_break_holder] --><div style=\"color: #000000; font-size: 18px; font-family: Calibri; text-align: left; margin-top: 20px; margin-bottom: 20px;\"><strong>10:30 \u2013 11:00 P\u0159est\u00e1vka<\/strong><\/div><!-- [et_pb_line_break_holder] --><div style=\"color: #000000; font-size: 18px; font-family: Calibri; text-align: left; margin-top: 10px; margin-bottom: 10px;\"><strong>11:00 \u2013 13:00 (INSPIRE) data dostupn\u00e1 a kvalitn\u00ed<!\u2013- [et_pb_br_holder] -\u2013><\/strong><\/div><!-- [et_pb_line_break_holder] --><div style=\"color: #000000; font-size: 18px; font-family: Calibri; text-align: left; margin-top: 10px;\"><strong><a href=\"https:\/\/inspirujmese.eu\/2017\/prezentace\/2017_v_1_jirikvapil_ngi.pdf?_t=1757944582\" target=\"_blank\" rel=\"noopener noreferrer\">N\u00e1rodn\u00ed geoport\u00e1l INSPIRE \u2013 data pro u\u017eivatele<\/a><\/strong><\/div><!-- [et_pb_line_break_holder] --><div style=\"color: #000000; font-size: 18px; font-family: Calibri; text-align: left; margin-top: 0px;\"><em>Ji\u0159\u00ed Kvapil, CENIA, \u010desk\u00e1 informa\u010dn\u00ed agentura \u017eivotn\u00edho prost\u0159ed\u00ed<\/em><\/div><!-- [et_pb_line_break_holder] --><div style=\"color: #000000; font-size: 18px; font-family: Calibri; text-align: left; margin-top: 10px;\"><strong><a href=\"https:\/\/inspirujmese.eu\/2017\/prezentace\/2017_v_2_peterdeak_novinkyvrezortegkk.pdf?_t=1757944593\" target=\"_blank\" rel=\"noopener noreferrer\">Novinky v rezorte Geod\u00e9zie, kartografie a katastra SR<\/a><\/strong><\/div><!-- [et_pb_line_break_holder] --><div style=\"color: #000000; font-size: 18px; font-family: Calibri; text-align: left; margin-top: 0px;\"><em>Peter De\u00e1k, V\u00fdskumn\u00fd \u00fastav geod\u00e9zie a kartografie v Bratislave<\/em><\/div><!-- [et_pb_line_break_holder] --><div style=\"color: #000000; font-size: 18px; font-family: Calibri; text-align: left; margin-top: 10px;\"><strong><a href=\"https:\/\/inspirujmese.eu\/2017\/prezentace\/2017_v_3_janvotrubec_prubehharmonizacedataopk.pdf?_t=1757944602\" target=\"_blank\" rel=\"noopener noreferrer\">Pr\u016fb\u011bh harmonizace dat pro t\u00e9ma I.9. Chr\u00e1n\u011bn\u00e1 \u00fazem\u00ed na AOPK \u010cR<\/a><\/strong><\/div><!-- [et_pb_line_break_holder] --><div style=\"color: #000000; font-size: 18px; font-family: Calibri; text-align: left; margin-top: 0px;\"><em>Jan Votrubec, Agentura ochrany p\u0159\u00edrody a krajiny \u010cR<\/em><\/div><!-- [et_pb_line_break_holder] --><div style=\"color: #000000; font-size: 18px; font-family: Calibri; text-align: left; margin-top: 10px;\"><strong><a href=\"https:\/\/inspirujmese.eu\/2017\/prezentace\/2017_v_4_roberttomas_findyourscope.pdf?_t=1757944611\" target=\"_blank\" rel=\"noopener noreferrer\">Interaktivn\u00ed n\u00e1stroj pro datov\u00e9 specifikace v\u010detn\u011b aplikace \u201eFind your scope\u201c<\/a><\/strong><\/div><!-- [et_pb_line_break_holder] --><div style=\"color: #000000; font-size: 18px; font-family: Calibri; text-align: left; margin-top: 0px;\"><em>Robert Tomas, DG JRC, Evropsk\u00e1 komise<\/em><\/div><!-- [et_pb_line_break_holder] --><div style=\"color: #000000; font-size: 18px; font-family: Calibri; text-align: left; margin-top: 10px;\"><strong><a href=\"https:\/\/inspirujmese.eu\/2017\/prezentace\/2017_v_5_tatianahorecka_kontrolainspirepovinnostinaslovensku.pdf?_t=1757944621\" target=\"_blank\" rel=\"noopener noreferrer\">Kontrola INSPIRE povinnost\u00ed na Slovensku<\/a><\/strong><\/div><!-- [et_pb_line_break_holder] --><div style=\"color: #000000; font-size: 18px; font-family: Calibri; text-align: left; margin-top: 0px;\">Tatiana Horeck\u00e1, Slovensk\u00e1 in\u0161pekcia \u017eivotn\u00e9ho prostredia<\/div><!-- [et_pb_line_break_holder] --><div style=\"color: #000000; font-size: 18px; font-family: Calibri; text-align: left; margin-top: 10px;\"><strong><a href=\"https:\/\/inspirujmese.eu\/2017\/prezentace\/2017_v_6_jitkafaugnerova_kontrolainspirepovinnostivcr.pdf?_t=1757944629\" target=\"_blank\" rel=\"noopener noreferrer\">Kontrola INSPIRE povinnost\u00ed v \u010cesk\u00e9 republice<\/a><\/strong><\/div><!-- [et_pb_line_break_holder] --><div style=\"color: #000000; font-size: 18px; font-family: Calibri; text-align: left; margin-top: 0px;\"><em>Jitka Faugnerov\u00e1, CENIA, \u010desk\u00e1 informa\u010dn\u00ed agentura \u017eivotn\u00edho prost\u0159ed\u00ed<\/em><\/div><!-- [et_pb_line_break_holder] --><div style=\"color: #000000; font-size: 18px; font-family: Calibri; text-align: left; margin-top: 20px; margin-bottom: 20px;\"><strong>13:00 \u2013 14:00 Ob\u011bd<\/strong><\/div><!-- [et_pb_line_break_holder] --><div style=\"color: #000000; font-size: 18px; font-family: Calibri; text-align: left; margin-top: 10px; margin-bottom: 10px;\"><strong>14:00 \u2013 15:30 (INSPIRE) data a praxe udr\u017eiteln\u00e9ho rozvoje<\/strong><\/div><!-- [et_pb_line_break_holder] --><div style=\"color: #000000; font-size: 18px; font-family: Calibri; text-align: left;\"><strong><a href=\"https:\/\/inspirujmese.eu\/2017\/prezentace\/2017_vi_1_terezakalinova_indikatoryjakomerenipostupukudrzitelnemurozvoji.pdf?_t=1757944637\" target=\"_blank\" rel=\"noopener noreferrer\">Indik\u00e1tory jako m\u011b\u0159en\u00ed postupu k udr\u017eiteln\u00e9mu rozvoji na m\u00edstn\u00ed \u00farovni<\/a><\/strong><\/div><!-- [et_pb_line_break_holder] --><div style=\"color: #000000; font-size: 18px; font-family: Calibri; text-align: left; margin-top: 0px;\"><em>Tereza Kalinov\u00e1, m\u011bsto Litom\u011b\u0159ice<\/em><\/div><!-- [et_pb_line_break_holder] --><div style=\"color: #000000; font-size: 18px; font-family: Calibri; text-align: left; margin-top: 10px;\"><strong><a href=\"https:\/\/inspirujmese.eu\/2017\/prezentace\/2017_vi_2_marianahurna_poskytovanieudajovzprepojenychevidencii.pdf?_t=1757944647\" target=\"_blank\" rel=\"noopener noreferrer\">Poskytovanie \u00fadajov z prepojen\u00fdch evidenci\u00ed mestsk\u00e9ho \u00faradu a geoinform\u00e1ci\u00ed<\/a><\/strong><\/div><!-- [et_pb_line_break_holder] --><div style=\"color: #000000; font-size: 18px; font-family: Calibri; text-align: left; margin-top: 0px;\"><em>Mariana Hurn\u00e1, Mestsk\u00fd \u00farad v Pre\u0161ove<\/em><\/div><!-- [et_pb_line_break_holder] --><div style=\"color: #000000; font-size: 18px; font-family: Calibri; text-align: left; margin-top: 10px;\"><strong><a href=\"https:\/\/inspirujmese.eu\/2017\/prezentace\/2017_vi_3_lukasmakovsky_modelrozvojemesta.pdf?_t=1757944657\" target=\"_blank\" rel=\"noopener noreferrer\">Model rozvoje m\u011bsta a o\u010dek\u00e1van\u00e9 n\u00e1klady a externality<\/a><\/strong><\/div><!-- [et_pb_line_break_holder] --><div style=\"color: #000000; font-size: 18px; font-family: Calibri; text-align: left; margin-top: 0px;\"><em>Luk\u00e1\u0161 Makovsk\u00fd, Institut pl\u00e1nov\u00e1n\u00ed a rozvoje Hlavn\u00edho m\u011bsta Prahy<\/em><\/div><!-- [et_pb_line_break_holder] --><div style=\"color: #000000; font-size: 18px; font-family: Calibri; text-align: left; margin-top: 10px;\"><strong><a href=\"https:\/\/inspirujmese.eu\/2017\/prezentace\/2017_vi_4_oldrichsklenarcistavysocinajakoaplikacevgis.pdf?_t=1757944664\" target=\"_blank\" rel=\"noopener noreferrer\">\u010cist\u00e1 Vyso\u010dina jako aplikace v GIS<\/a><\/strong><\/div><!-- [et_pb_line_break_holder] --><div style=\"color: #000000; font-size: 18px; font-family: Calibri; text-align: left; margin-top: 0px;\"><em>Old\u0159ich Sklen\u00e1\u0159, Kraj Vyso\u010dina<\/em><\/div><!-- [et_pb_line_break_holder] --><div style=\"color: #000000; font-size: 18px; font-family: Calibri; text-align: left; margin-top: 20px; margin-bottom: 20px;\"><strong>15:30 \u2013 16:00 P\u0159est\u00e1vka<\/strong><\/div><!-- [et_pb_line_break_holder] --><div style=\"color: #000000; font-size: 18px; font-family: Calibri; text-align: left; margin-top: 10px; margin-bottom: 10px;\"><strong>16:30 \u2013 17:30 St\u00e1tem garantovan\u00e1 data a jejich vyu\u017eit\u00ed<!\u2013- [et_pb_br_holder] -\u2013><\/strong><\/div><!-- [et_pb_line_break_holder] --><div style=\"color: #000000; font-size: 18px; font-family: Calibri; text-align: left;\"><strong><a href=\"https:\/\/inspirujmese.eu\/2017\/prezentace\/2017_vii_1_katerinakonecna_aktualnistavimplementacegeoinfostrategie.pdf?_t=1757944673\" target=\"_blank\" rel=\"noopener noreferrer\">Aktu\u00e1ln\u00ed stav implementace GeoInfoStrategie<\/a><\/strong><\/div><!-- [et_pb_line_break_holder] --><div style=\"color: #000000; font-size: 18px; font-family: Calibri; text-align: left; margin-top: 0px;\"><em>Kate\u0159ina Kone\u010dn\u00e1, Ministerstvo vnitra<\/em><\/div><!-- [et_pb_line_break_holder] --><div style=\"color: #000000; font-size: 18px; font-family: Calibri; text-align: left; margin-top: 10px;\"><strong><a href=\"https:\/\/inspirujmese.eu\/2017\/prezentace\/2017_vii_2_stanislavstastny_uzemnistudiekrajiny.pdf?_t=1757944687\" target=\"_blank\" rel=\"noopener noreferrer\">\u00dazemn\u00ed studie krajiny s d\u016frazem na pou\u017eit\u00e1 geoinformatick\u00e1 data a podklady<\/a><\/strong><\/div><!-- [et_pb_line_break_holder] --><div style=\"color: #000000; font-size: 18px; font-family: Calibri; text-align: left; margin-top: 0px;\"><em>Stanislav \u0160\u0165astn\u00fd, Hana Tr\u00e1vn\u00ed\u010dkov\u00e1, Ekotoxa s.r.o.<\/em><\/div><!-- [et_pb_line_break_holder] --><div style=\"color: #000000; font-size: 18px; font-family: Calibri; text-align: left; margin-top: 10px;\"><strong><a href=\"https:\/\/inspirujmese.eu\/2017\/prezentace\/2017_vii_3_erichpacola_informacnysystemenvironmentalnichzatezi.pdf?_t=1757944698\" target=\"_blank\" rel=\"noopener noreferrer\">Informa\u010dn\u00fd syst\u00e9m environment\u00e1lnych z\u00e1\u0165a\u017e\u00ed \u2013 integr\u00e1cia registrov verejnej spr\u00e1vy<\/a><\/strong><\/div><!-- [et_pb_line_break_holder] --><div style=\"color: #000000; font-size: 18px; font-family: Calibri; text-align: left; margin-top: 0px;\"><em>Erich Pacola, Slovensk\u00e1 agent\u00fara \u017eivotn\u00e9ho prostredia<\/em><\/div><!-- [et_pb_line_break_holder] --><div style=\"color: #000000; font-size: 18px; font-family: Calibri; text-align: left; margin-top: 10px;\"><strong><a href=\"https:\/\/inspirujmese.eu\/2017\/prezentace\/2017_vii_4_abstrakt_inspirujmese_pauknerova_elf.pdf?_t=1757944706\" target=\"_blank\" rel=\"noopener noreferrer\">ELF \u2013 jak podporuje INSPIRE a co nab\u00edz\u00ed u\u017eivatel\u016fm<\/a><\/strong><\/div><!-- [et_pb_line_break_holder] --><div style=\"color: #000000; font-size: 18px; font-family: Calibri; text-align: left; margin-top: 0px;\"><em>Eva Pauknerov\u00e1, \u010cesk\u00fd \u00fa\u0159ad zem\u011bm\u011b\u0159ick\u00fd a katastr\u00e1ln\u00ed<\/em><\/div><!-- [et_pb_line_break_holder] --><div style=\"color: #000000; font-size: 18px; font-family: Calibri; text-align: left; margin-top: 20px;\"><strong>17:30 Z\u00e1v\u011br konference, slosov\u00e1n\u00ed dotazn\u00edk\u016f o <a href=\"https:\/\/inspirujmese.eu\/2017\/prezentace\/voucher_inspirujmese.pdf?_t=1759929240\">zaj\u00edmav\u00e9 ceny<\/a><!\u2013- [et_pb_br_holder] -\u2013><\/strong><\/div><!-- [et_pb_line_break_holder] --><div style=\"color: #000000; font-size: 18px; font-family: Calibri; text-align: left; margin-top: 0px;\"><em>Dotazn\u00edky bude mo\u017en\u00e9 odevzdat b\u011bhem cel\u00e9ho dne u registrace. V\u011bcn\u00e9 ceny obdr\u017e\u00ed pouze \u00fa\u010dastn\u00edci p\u0159\u00edtomni v s\u00e1le v dob\u011b slosov\u00e1n\u00ed. <\/em><\/div><!-- [et_pb_line_break_holder] --><div style=\"color: #000000; font-size: 18px; font-family: Calibri; text-align: left; margin-top: 20px; margin-bottom: 10px;\"><strong>17:45\u00a0\u2013 18:30 Z\u00e1v\u011bre\u010dn\u00fd p\u0159\u00edpitek<!\u2013- [et_pb_br_holder] -\u2013><\/strong><\/div><!-- [et_pb_line_break_holder] --><div style=\"color: #000000; font-size: 18px; font-family: Calibri; text-align: left; margin-top: 0px;\"><em>Zm\u011bna programu vyhrazena<\/em><\/div><!-- [et_pb_line_break_holder] --><div style=\"color: #000000; font-size: 18px; font-family: Calibri; text-align: left; margin-top: 10px; margin-bottom: 00px;\"><a href=\"https:\/\/inspirujmese.eu\/2017\/prezentace\/book_of_abstracts_inspirujmese.pdf?_t=1757944717\" target=\"_blank\" rel=\"noopener noreferrer\"><strong>Abstrakty z druh\u00e9ho dne konference<\/strong><\/a><\/div><!-- [et_pb_line_break_holder] --><div style=\"color: #000000; font-size: 18px; font-family: Calibri; text-align: left; margin-top: 00px; margin-bottom: 00px;\"><a href=\"https:\/\/inspirujmese.eu\/2017\/prezentace_inspirujmese.zip\"><strong>Prezentace z druh\u00e9ho dne konference<\/strong><\/a><\/div><!-- [et_pb_line_break_holder] -->[\/et_pb_code][\/et_pb_column][\/et_pb_row][\/et_pb_section]","protected":false},"excerpt":{"rendered":"<p>2017 \u2013 INSPIRUJME SE\u2026 UDR\u017dITELNOST\u00cd O KONFERENCI Po prest\u00e1vke v roku 2016 si V\u00e1s CENIA, \u010desk\u00e1 informa\u010dn\u00e1 agent\u00fara \u017eivotn\u00e9ho prostredia a Slovensk\u00e1 agent\u00fara \u017eivotn\u00e9ho prostredia dovo\u013euj\u00fa pozva\u0165 na 5. ro\u010dn\u00edk \u010desko-slovenskej konferencie\u00a0INSPIRUJME SE \u2026 udr\u017eitelnost\u00ed, ktor\u00e1 je tento rok spojen\u00e1 s \u00favodnou konferenciou projektu\u00a0ATTRACTIVE DANUBE, realizovan\u00e9ho v r\u00e1mci programu\u00a0INTERREG DANUBE. Zabezpe\u010denie d\u00f4sledn\u00e9ho uplat\u0148ovania princ\u00edpov udr\u017eate\u013en\u00e9ho [&hellip;]<\/p>\n","protected":false},"author":5,"featured_media":0,"parent":0,"menu_order":0,"comment_status":"closed","ping_status":"closed","template":"","meta":{"_et_pb_use_builder":"on","_et_pb_old_content":"","_et_gb_content_width":"","footnotes":""},"folder":[],"class_list":["post-3164","page","type-page","status-publish","hentry"],"_links":{"self":[{"href":"https:\/\/inspirujmese.eu\/sk\/wp-json\/wp\/v2\/pages\/3164","targetHints":{"allow":["GET"]}}],"collection":[{"href":"https:\/\/inspirujmese.eu\/sk\/wp-json\/wp\/v2\/pages"}],"about":[{"href":"https:\/\/inspirujmese.eu\/sk\/wp-json\/wp\/v2\/types\/page"}],"author":[{"embeddable":true,"href":"https:\/\/inspirujmese.eu\/sk\/wp-json\/wp\/v2\/users\/5"}],"replies":[{"embeddable":true,"href":"https:\/\/inspirujmese.eu\/sk\/wp-json\/wp\/v2\/comments?post=3164"}],"version-history":[{"count":9,"href":"https:\/\/inspirujmese.eu\/sk\/wp-json\/wp\/v2\/pages\/3164\/revisions"}],"predecessor-version":[{"id":4490,"href":"https:\/\/inspirujmese.eu\/sk\/wp-json\/wp\/v2\/pages\/3164\/revisions\/4490"}],"wp:attachment":[{"href":"https:\/\/inspirujmese.eu\/sk\/wp-json\/wp\/v2\/media?parent=3164"}],"wp:term":[{"taxonomy":"folder","embeddable":true,"href":"https:\/\/inspirujmese.eu\/sk\/wp-json\/wp\/v2\/folder?post=3164"}],"curies":[{"name":"wp","href":"https:\/\/api.w.org\/{rel}","templated":true}]}}