{"id":3278,"date":"2025-08-13T15:16:10","date_gmt":"2025-08-13T13:16:10","guid":{"rendered":"https:\/\/inspirujmese.eu\/cs\/?page_id=3278"},"modified":"2025-10-16T14:05:43","modified_gmt":"2025-10-16T12:05:43","slug":"archiv-2014","status":"publish","type":"page","link":"https:\/\/inspirujmese.eu\/sk\/archiv-2014\/","title":{"rendered":"Archiv 2014"},"content":{"rendered":"[et_pb_section fb_built=&#8220;1&#8243; _builder_version=&#8220;4.27.4&#8243; _module_preset=&#8220;default&#8220; background_enable_color=&#8220;off&#8220; background_image=&#8220;https:\/\/inspirujmese.eu\/wp-content\/uploads\/2025\/08\/DSCF2629-scaled.webp&#8220; background_position=&#8220;bottom_center&#8220; background_vertical_offset=&#8220;68%&#8220; global_colors_info=&#8220;{}&#8220;][et_pb_row _builder_version=&#8220;4.27.4&#8243; _module_preset=&#8220;default&#8220; width=&#8220;100%&#8220; max_width=&#8220;100%&#8220; min_height=&#8220;100%&#8220; height=&#8220;100%&#8220; global_colors_info=&#8220;{}&#8220;][et_pb_column type=&#8220;4_4&#8243; _builder_version=&#8220;4.27.0&#8243; _module_preset=&#8220;default&#8220; global_colors_info=&#8220;{}&#8220;][et_pb_text _builder_version=&#8220;4.27.4&#8243; _module_preset=&#8220;default&#8220; header_font=&#8220;|||on|||||&#8220; header_text_color=&#8220;#FFFFFF&#8220; header_font_size=&#8220;46px&#8220; header_font_size_tablet=&#8220;37px&#8220; header_font_size_phone=&#8220;29px&#8220; header_font_size_last_edited=&#8220;on|phone&#8220; content_sk_sk=&#8220;<h1 class=%22hero-title%22 style=%22text-align: center;%22><span style=%22color: #ffffff;%22>2014 \u2013 INSPIRUJME SE\u2026 HODNOCEN\u00cdM<\/span><\/h1>&#8220; global_colors_info=&#8220;{}&#8220;]<h1 class=\"hero-title\" style=\"text-align: center;\"><span style=\"color: #ffffff;\">2014 \u2013 INSPIRUJME SE\u2026 HODNOCEN\u00cdM<\/span><\/h1>[\/et_pb_text][\/et_pb_column][\/et_pb_row][\/et_pb_section][et_pb_section fb_built=&#8220;1&#8243; _builder_version=&#8220;4.27.4&#8243; _module_preset=&#8220;default&#8220; background_color=&#8220;#3c3d3f&#8220; global_colors_info=&#8220;{}&#8220;][et_pb_row _builder_version=&#8220;4.27.0&#8243; _module_preset=&#8220;default&#8220; global_colors_info=&#8220;{}&#8220;][et_pb_column type=&#8220;4_4&#8243; _builder_version=&#8220;4.27.0&#8243; _module_preset=&#8220;default&#8220; global_colors_info=&#8220;{}&#8220;][et_pb_text content_tablet=&#8220;<h2 class=%22space-bottom%22 style=%22text-align: center;%22>O KONFERENCI<\/h2>\n<div style=%22text-align: justify;%22>\n<div>CENIA, \u010desk\u00e1 informa\u010dn\u00ed agentura \u017eivotn\u00edho prost\u0159ed\u00ed a Slovensk\u00e1 agentura \u017eivotn\u00e9ho prostredia si v\u00e1s dovoluj\u00ed pozvat na 3. ro\u010dn\u00edk \u010desko-slovensk\u00e9 konference Inspirujme se\u2026 Rok 2014 je pro Sm\u011brnici INSPIRE rokem hodnocen\u00ed, tedy rokem, kdy Evropsk\u00e1 komise vyhodnocuje, cht\u011blo by se \u0159\u00edct \u00fasp\u011bchy nebo ne\u00fasp\u011bchy implementace Sm\u011brnice INSPIRE, spr\u00e1vn\u011bji v\u0161ak v\u00fdsledky implementace. K takov\u00e9mu hodnocen\u00ed doch\u00e1z\u00ed u ka\u017ed\u00e9 sm\u011brnice 7 let po jej\u00edm vstupu v platnost. Ano, a u\u017e je 6 let od momentu, kdy se ze Sm\u011brnice stala \u010d\u00e1st jednoho \u010desk\u00e9ho z\u00e1kona a 5 let, kdy vznikl jeden nov\u00fd z\u00e1kon slovensk\u00fd. Rozhodli jsme se tedy, \u017ee i my budeme spolu s V\u00e1mi na leto\u0161n\u00edm Inspirujme se\u2026 hodnotit. Tedy Inspirujme se \u2026hodnocen\u00edm.<\/div>\n<div>\n<div>Vn\u00edm\u00e1te INSPIRE jako v\u00fdznamn\u00fd miln\u00edk? Rozd\u011blujete svoje pracovn\u00ed zku\u0161enosti a dobu \u201ep\u0159ed INSPIRE\u201c a \u201es INSPIRE\u201c? Mysl\u00edte si, \u017ee se n\u011bkdy na t\u00e9to konferenci budeme bavit i o dob\u011b \u201epo INSPIRE\u201c? M\u00e1te d\u00edky INSPIRE novou pr\u00e1ci? Nebo jste o ni kv\u016fli INSPIRE p\u0159i\u0161li? Otev\u0159ely se v\u00e1m nebo va\u0161\u00ed firm\u011b d\u00edky INSPIRE nov\u00e9 mo\u017enosti? Jak posledn\u00edch 7 let hodnot\u00edte? P\u0159ij\u010fte nebo p\u0159ije\u010fte se sv\u00fdm hodnocen\u00edm 25. a 26. 11. 2014 do Floretu v Pr\u016fhonic\u00edch, a\u0165 jste povinn\u00fd poskytovatel zahlcen\u00fd po\u017eadavky, u\u017eivatel nad\u0161en\u00fd dostupnost\u00ed dat, kter\u00e9 INSPIRE jist\u011b pomohl, nebo firma nab\u00edzej\u00edc\u00ed n\u00e1stroje, kter\u00e9 cel\u00fd INSPIRE ob\u011bma stran\u00e1m usnad\u0148uj\u00ed.<\/div>\n<\/div>\n<div>T\u011b\u0161\u00edme se na setk\u00e1n\u00ed s v\u00e1mi!<\/div>\n<div style=%22text-align: center;%22>INSPIRE t\u00fdm CENIA a SA\u017dP<\/div>\n<\/div>&#8220; content_phone=&#8220;<h2 class=%22space-bottom%22 style=%22text-align: center;%22>O KONFERENCI<\/h2>\n<div style=%22text-align: justify;%22>\n<div>CENIA, \u010desk\u00e1 informa\u010dn\u00ed agentura \u017eivotn\u00edho prost\u0159ed\u00ed a Slovensk\u00e1 agentura \u017eivotn\u00e9ho prostredia si v\u00e1s dovoluj\u00ed pozvat na 3. ro\u010dn\u00edk \u010desko-slovensk\u00e9 konference Inspirujme se\u2026 Rok 2014 je pro Sm\u011brnici INSPIRE rokem hodnocen\u00ed, tedy rokem, kdy Evropsk\u00e1 komise vyhodnocuje, cht\u011blo by se \u0159\u00edct \u00fasp\u011bchy nebo ne\u00fasp\u011bchy implementace Sm\u011brnice INSPIRE, spr\u00e1vn\u011bji v\u0161ak v\u00fdsledky implementace. K takov\u00e9mu hodnocen\u00ed doch\u00e1z\u00ed u ka\u017ed\u00e9 sm\u011brnice 7 let po jej\u00edm vstupu v platnost. Ano, a u\u017e je 6 let od momentu, kdy se ze Sm\u011brnice stala \u010d\u00e1st jednoho \u010desk\u00e9ho z\u00e1kona a 5 let, kdy vznikl jeden nov\u00fd z\u00e1kon slovensk\u00fd. Rozhodli jsme se tedy, \u017ee i my budeme spolu s V\u00e1mi na leto\u0161n\u00edm Inspirujme se\u2026 hodnotit. Tedy Inspirujme se \u2026hodnocen\u00edm.<\/div>\n<div>\n<div>Vn\u00edm\u00e1te INSPIRE jako v\u00fdznamn\u00fd miln\u00edk? Rozd\u011blujete svoje pracovn\u00ed zku\u0161enosti a dobu \u201ep\u0159ed INSPIRE\u201c a \u201es INSPIRE\u201c? Mysl\u00edte si, \u017ee se n\u011bkdy na t\u00e9to konferenci budeme bavit i o dob\u011b \u201epo INSPIRE\u201c? M\u00e1te d\u00edky INSPIRE novou pr\u00e1ci? Nebo jste o ni kv\u016fli INSPIRE p\u0159i\u0161li? Otev\u0159ely se v\u00e1m nebo va\u0161\u00ed firm\u011b d\u00edky INSPIRE nov\u00e9 mo\u017enosti? Jak posledn\u00edch 7 let hodnot\u00edte? P\u0159ij\u010fte nebo p\u0159ije\u010fte se sv\u00fdm hodnocen\u00edm 25. a 26. 11. 2014 do Floretu v Pr\u016fhonic\u00edch, a\u0165 jste povinn\u00fd poskytovatel zahlcen\u00fd po\u017eadavky, u\u017eivatel nad\u0161en\u00fd dostupnost\u00ed dat, kter\u00e9 INSPIRE jist\u011b pomohl, nebo firma nab\u00edzej\u00edc\u00ed n\u00e1stroje, kter\u00e9 cel\u00fd INSPIRE ob\u011bma stran\u00e1m usnad\u0148uj\u00ed.<\/div>\n<\/div>\n<div>T\u011b\u0161\u00edme se na setk\u00e1n\u00ed s v\u00e1mi!<\/div>\n<div style=%22text-align: center;%22>INSPIRE t\u00fdm CENIA a SA\u017dP<\/div>\n<\/div>\n<div style=%22text-align: justify;%22><\/div>\n<div style=%22text-align: justify;%22><\/div>&#8220; content_last_edited=&#8220;on|phone&#8220; _builder_version=&#8220;4.27.4&#8243; _module_preset=&#8220;default&#8220; text_font=&#8220;&#8211;et_global_body_font|300|||||||&#8220; text_text_color=&#8220;#FFFFFF&#8220; text_font_size=&#8220;15px&#8220; text_line_height=&#8220;2em&#8220; header_font=&#8220;Roboto||||||||&#8220; header_2_font=&#8220;&#8211;et_global_heading_font|||||||#FFFFFF|&#8220; header_2_text_color=&#8220;#FFFFFF&#8220; header_2_font_size=&#8220;44px&#8220; header_3_text_color=&#8220;#FFFFFF&#8220; header_3_font_size=&#8220;30px&#8220; custom_padding=&#8220;||0px|||&#8220; text_font_size_tablet=&#8220;15px&#8220; text_font_size_phone=&#8220;12px&#8220; text_font_size_last_edited=&#8220;on|phone&#8220; content_sk_sk=&#8220;<h2 class=%22space-bottom%22 style=%22text-align: center;%22>O KONFERENCI<\/h2>\n<div style=%22text-align: justify;%22>\n<div>CENIA, \u010desk\u00e1 informa\u010dn\u00ed agentura \u017eivotn\u00edho prost\u0159ed\u00ed a Slovensk\u00e1 agentura \u017eivotn\u00e9ho prostredia si v\u00e1s dovoluj\u00ed pozvat na 3. ro\u010dn\u00edk \u010desko-slovensk\u00e9 konference Inspirujme se\u2026 Rok 2014 je pro Sm\u011brnici INSPIRE rokem hodnocen\u00ed, tedy rokem, kdy Evropsk\u00e1 komise vyhodnocuje, cht\u011blo by se \u0159\u00edct \u00fasp\u011bchy nebo ne\u00fasp\u011bchy implementace Sm\u011brnice INSPIRE, spr\u00e1vn\u011bji v\u0161ak v\u00fdsledky implementace. K takov\u00e9mu hodnocen\u00ed doch\u00e1z\u00ed u ka\u017ed\u00e9 sm\u011brnice 7 let po jej\u00edm vstupu v platnost. Ano, a u\u017e je 6 let od momentu, kdy se ze Sm\u011brnice stala \u010d\u00e1st jednoho \u010desk\u00e9ho z\u00e1kona a 5 let, kdy vznikl jeden nov\u00fd z\u00e1kon slovensk\u00fd. Rozhodli jsme se tedy, \u017ee i my budeme spolu s V\u00e1mi na leto\u0161n\u00edm Inspirujme se\u2026 hodnotit. Tedy Inspirujme se \u2026hodnocen\u00edm.<\/div>\n<div>\n<div>Vn\u00edm\u00e1te INSPIRE jako v\u00fdznamn\u00fd miln\u00edk? Rozd\u011blujete svoje pracovn\u00ed zku\u0161enosti a dobu \u201ep\u0159ed INSPIRE\u201c a \u201es INSPIRE\u201c? Mysl\u00edte si, \u017ee se n\u011bkdy na t\u00e9to konferenci budeme bavit i o dob\u011b \u201epo INSPIRE\u201c? M\u00e1te d\u00edky INSPIRE novou pr\u00e1ci? Nebo jste o ni kv\u016fli INSPIRE p\u0159i\u0161li? Otev\u0159ely se v\u00e1m nebo va\u0161\u00ed firm\u011b d\u00edky INSPIRE nov\u00e9 mo\u017enosti? Jak posledn\u00edch 7 let hodnot\u00edte? P\u0159ij\u010fte nebo p\u0159ije\u010fte se sv\u00fdm hodnocen\u00edm 25. a 26. 11. 2014 do Floretu v Pr\u016fhonic\u00edch, a\u0165 jste povinn\u00fd poskytovatel zahlcen\u00fd po\u017eadavky, u\u017eivatel nad\u0161en\u00fd dostupnost\u00ed dat, kter\u00e9 INSPIRE jist\u011b pomohl, nebo firma nab\u00edzej\u00edc\u00ed n\u00e1stroje, kter\u00e9 cel\u00fd INSPIRE ob\u011bma stran\u00e1m usnad\u0148uj\u00ed.<\/div>\n<\/div>\n<div>T\u011b\u0161\u00edme se na setk\u00e1n\u00ed s v\u00e1mi!<\/div>\n<div style=%22text-align: center;%22>INSPIRE t\u00fdm CENIA a SA\u017dP<\/div>\n<\/div>&#8220; global_colors_info=&#8220;{}&#8220;]<div class=\"row col-xs-12\">\n<div class=\"section-title-col content-center-sm\" data-type=\"column\">\n<h2 class=\"space-bottom\" style=\"text-align: center;\">O KONFERENCI<\/h2>\n<div style=\"text-align: justify;\">\n<div>CENIA, \u010desk\u00e1 informa\u010dn\u00ed agentura \u017eivotn\u00edho prost\u0159ed\u00ed a Slovensk\u00e1 agentura \u017eivotn\u00e9ho prostredia si v\u00e1s dovoluj\u00ed pozvat na 3. ro\u010dn\u00edk \u010desko-slovensk\u00e9 konference Inspirujme se\u2026 Rok 2014 je pro Sm\u011brnici INSPIRE rokem hodnocen\u00ed, tedy rokem, kdy Evropsk\u00e1 komise vyhodnocuje, cht\u011blo by se \u0159\u00edct \u00fasp\u011bchy nebo ne\u00fasp\u011bchy implementace Sm\u011brnice INSPIRE, spr\u00e1vn\u011bji v\u0161ak v\u00fdsledky implementace. K takov\u00e9mu hodnocen\u00ed doch\u00e1z\u00ed u ka\u017ed\u00e9 sm\u011brnice 7 let po jej\u00edm vstupu v platnost. Ano, a u\u017e je 6 let od momentu, kdy se ze Sm\u011brnice stala \u010d\u00e1st jednoho \u010desk\u00e9ho z\u00e1kona a 5 let, kdy vznikl jeden nov\u00fd z\u00e1kon slovensk\u00fd. Rozhodli jsme se tedy, \u017ee i my budeme spolu s V\u00e1mi na leto\u0161n\u00edm Inspirujme se\u2026 hodnotit. Tedy Inspirujme se \u2026hodnocen\u00edm.<\/div>\n<div>\n<div>Vn\u00edm\u00e1te INSPIRE jako v\u00fdznamn\u00fd miln\u00edk? Rozd\u011blujete svoje pracovn\u00ed zku\u0161enosti a dobu \u201ep\u0159ed INSPIRE\u201c a \u201es INSPIRE\u201c? Mysl\u00edte si, \u017ee se n\u011bkdy na t\u00e9to konferenci budeme bavit i o dob\u011b \u201epo INSPIRE\u201c? M\u00e1te d\u00edky INSPIRE novou pr\u00e1ci? Nebo jste o ni kv\u016fli INSPIRE p\u0159i\u0161li? Otev\u0159ely se v\u00e1m nebo va\u0161\u00ed firm\u011b d\u00edky INSPIRE nov\u00e9 mo\u017enosti? Jak posledn\u00edch 7 let hodnot\u00edte? P\u0159ij\u010fte nebo p\u0159ije\u010fte se sv\u00fdm hodnocen\u00edm 25. a 26. 11. 2014 do Floretu v Pr\u016fhonic\u00edch, a\u0165 jste povinn\u00fd poskytovatel zahlcen\u00fd po\u017eadavky, u\u017eivatel nad\u0161en\u00fd dostupnost\u00ed dat, kter\u00e9 INSPIRE jist\u011b pomohl, nebo firma nab\u00edzej\u00edc\u00ed n\u00e1stroje, kter\u00e9 cel\u00fd INSPIRE ob\u011bma stran\u00e1m usnad\u0148uj\u00ed.<\/div>\n<\/div>\n<div>T\u011b\u0161\u00edme se na setk\u00e1n\u00ed s v\u00e1mi!<\/div>\n<div style=\"text-align: center;\">INSPIRE t\u00fdm CENIA a SA\u017dP<\/div>\n<\/div>\n<\/div>\n<\/div>[\/et_pb_text][\/et_pb_column][\/et_pb_row][\/et_pb_section][et_pb_section fb_built=&#8220;1&#8243; module_id=&#8220;foto&#8220; _builder_version=&#8220;4.27.3&#8243; _module_preset=&#8220;default&#8220; global_colors_info=&#8220;{}&#8220;][et_pb_row _builder_version=&#8220;4.27.0&#8243; _module_preset=&#8220;default&#8220; global_colors_info=&#8220;{}&#8220;][et_pb_column type=&#8220;4_4&#8243; _builder_version=&#8220;4.27.0&#8243; _module_preset=&#8220;default&#8220; global_colors_info=&#8220;{}&#8220;][et_pb_gallery gallery_ids=&#8220;3281,3282,3283,3284,3285,3286,3287,3288,3289,3290,3291,3292,3293,3295,3296,3297,3298,3299,3300&#8243; posts_number=&#8220;16&#8243; show_title_and_caption=&#8220;off&#8220; zoom_icon_color=&#8220;#707070&#8243; hover_icon=&#8220;&#x54;||divi||400&#8243; _builder_version=&#8220;4.27.4&#8243; _module_preset=&#8220;default&#8220; title_level=&#8220;h4&#8243; caption_text_color=&#8220;#000000&#8243; pagination_font=&#8220;||||||||&#8220; pagination_text_color=&#8220;#000000&#8243; custom_css_free_form=&#8220;.mfp-title { display: none !important; }&#8220; global_colors_info=&#8220;{}&#8220;][\/et_pb_gallery][\/et_pb_column][\/et_pb_row][\/et_pb_section][et_pb_section fb_built=&#8220;1&#8243; _builder_version=&#8220;4.27.4&#8243; _module_preset=&#8220;default&#8220; background_enable_color=&#8220;off&#8220; global_colors_info=&#8220;{}&#8220;][et_pb_row _builder_version=&#8220;4.27.4&#8243; _module_preset=&#8220;default&#8220; width=&#8220;100%&#8220; custom_padding=&#8220;0px||0px||false|false&#8220; global_colors_info=&#8220;{}&#8220;][et_pb_column type=&#8220;4_4&#8243; _builder_version=&#8220;4.27.0&#8243; _module_preset=&#8220;default&#8220; global_colors_info=&#8220;{}&#8220;][et_pb_code _builder_version=&#8220;4.27.4&#8243; _module_preset=&#8220;default&#8220; text_orientation=&#8220;center&#8220; hover_enabled=&#8220;0&#8243; global_colors_info=&#8220;{}&#8220; sticky_enabled=&#8220;0&#8243;]<div  data-label=\"program\" data-id=\"content--3\" data-export-id=\"content-6-materialis\" data-category=\"content\" class=\"content-6m content-section-spacing-large content-section\" id=\"program\" style=\"background-color: rgba(255, 255, 255, 0.953); background-image: url(\"https:\/\/inspirujmese.eu\/2014\/obrazky\/20211005_092955.jpg\"); background-size: cover; background-position: center top;\" data-section-ov=\"1\"><div  class=\"gridContainer\"> <div  class=\"row\"><div  class=\"section-title-col large\" data-type=\"column\"> <h2  class=\"space-bottom\"><span  style=\"font-weight: 500;\">PROGRAM<span  id=\"_mce_caret\" data-mce-bogus=\"1\" data-mce-type=\"format-caret\"><\/span><\/span><\/h2><\/div><\/div><!-- [et_pb_line_break_holder] --><!-- [et_pb_line_break_holder] --><!-- [et_pb_line_break_holder] --><div style=\"color: #000000; font-size: 18px; font-family: Calibri; text-align: left; margin-top: 10px; margin-bottom: 30px;\"><strong>\u00daTER\u00dd 25. LISTOPADU<\/strong><\/div><!-- [et_pb_line_break_holder] --><div style=\"color: #000000; font-size: 18px; font-family: Calibri; text-align: left; margin-top: 20px; margin-bottom: 20px;\"><strong>09:00 \u2013 13:00 Registrace<\/strong><\/div><!-- [et_pb_line_break_holder] --><div style=\"color: #000000; font-size: 18px; font-family: Calibri; text-align: left; margin-top: 10px; margin-bottom: 00px;\"><strong>10:00 \u2013 10:05 Zah\u00e1jen\u00ed konference<\/strong><\/div><!-- [et_pb_line_break_holder] --><div style=\"color: #000000; font-size: 18px; font-family: Calibri; text-align: left; margin-top: 0px;\"><em>Jan Landa, n\u00e1m\u011bstek ministra, Ministerstvo \u017eivotn\u00edho prost\u0159ed\u00ed \u010cR<\/em><\/div><!-- [et_pb_line_break_holder] --><div style=\"color: #000000; font-size: 18px; font-family: Calibri; text-align: left; margin-top: 10px; margin-bottom: 10px;\"><strong>10:05\u201311:15 7 let s INSPIRE &#8211; kr\u00e1tk\u00e9 ohl\u00e9dnut\u00ed<\/strong><\/div><!-- [et_pb_line_break_holder] --><div style=\"color: #000000; font-size: 18px; font-family: Calibri; text-align: left; margin-top: 10px;\"><strong>Ond\u0159ej Kliment<\/strong><\/div><!-- [et_pb_line_break_holder] --><div style=\"color: #000000; font-size: 18px; font-family: Calibri; text-align: left; margin-top: 0px;\"><em>z\u00e1stupce Ministerstva \u017eivotn\u00e9ho prostredia SR<\/em><\/div><!-- [et_pb_line_break_holder] --><div style=\"color: #000000; font-size: 18px; font-family: Calibri; text-align: left; margin-top: 10px;\"><strong><a href=\"https:\/\/inspirujmese.eu\/2014\/prezentace\/1_2_Fanta_Konference-Inspirujme-se-..-2014.pdf?_t=1757945904\" target=\"_blank\" rel=\"noopener noreferrer\">Vladim\u00edr Fanta<\/a><\/strong><\/div><!-- [et_pb_line_break_holder] --><div style=\"color: #000000; font-size: 18px; font-family: Calibri; text-align: left; margin-top: 0px;\"><em>\u0159editel agentury, CENIA, \u010desk\u00e1 informa\u010dn\u00ed agentura \u017eivotn\u00edho prost\u0159ed\u00ed<\/em><\/div><!-- [et_pb_line_break_holder] --><div style=\"color: #000000; font-size: 18px; font-family: Calibri; text-align: left; margin-top: 10px;\"><strong>Marek \u017dia\u010dik<\/strong><\/div><!-- [et_pb_line_break_holder] --><div style=\"color: #000000; font-size: 18px; font-family: Calibri; text-align: left; margin-top: 0px;\"><em>ved\u00faci rezortn\u00e9ho strediska environment\u00e1lnych dat a informacnych sluzieb, Slovensk\u00e1 agent\u00fara \u017eivotn\u00e9ho prostredia<\/em><\/div><!-- [et_pb_line_break_holder] --><div style=\"color: #000000; font-size: 18px; font-family: Calibri; text-align: left; margin-top: 10px;\"><strong><a href=\"https:\/\/inspirujmese.eu\/2014\/prezentace\/1_4_%C5%A0tencel_Inspire_2014.pdf?_t=1757945913\" target=\"_blank\" rel=\"noopener noreferrer\">Karel \u0160tencel<\/a><\/strong><\/div><!-- [et_pb_line_break_holder] --><div style=\"color: #000000; font-size: 18px; font-family: Calibri; text-align: left; margin-top: 0px;\"><em>m\u00edstop\u0159eseda \u00fa\u0159adu, \u010cesk\u00fd \u00fa\u0159ad zem\u011bm\u011b\u0159ick\u00fd a katastr\u00e1ln\u00ed<\/em><\/div><!-- [et_pb_line_break_holder] --><div style=\"color: #000000; font-size: 18px; font-family: Calibri; text-align: left; margin-top: 10px;\"><strong><a href=\"https:\/\/inspirujmese.eu\/2014\/prezentace\/1_5_Deak_Prezent%C3%A1cia1.pdf?_t=1757945927\" target=\"_blank\" rel=\"noopener noreferrer\">Peter De\u00e1k<\/a><\/strong><\/div><!-- [et_pb_line_break_holder] --><div style=\"color: #000000; font-size: 18px; font-family: Calibri; text-align: left; margin-top: 0px;\"><em>z\u00e1stupce p\u0159edsedkyn\u011b, \u00darad geod\u00e9zie, kartografie a katastra Slovenskej republiky<\/em><\/div><!-- [et_pb_line_break_holder] --><div style=\"color: #000000; font-size: 18px; font-family: Calibri; text-align: left; margin-top: 10px;\"><strong><a href=\"https:\/\/inspirujmese.eu\/2014\/prezentace\/1_6_Holy_inspirujmese_hsrs_2014.pdf?_t=1757945936\" target=\"_blank\" rel=\"noopener noreferrer\">Stanislav Hol\u00fd<\/a><\/strong><\/div><!-- [et_pb_line_break_holder] --><div style=\"color: #000000; font-size: 18px; font-family: Calibri; text-align: left; margin-top: 0px;\"><em>z\u00e1stupce gener\u00e1ln\u00edho partnera konference, Help Service Remote Sensing<\/em><\/div><!-- [et_pb_line_break_holder] --><div style=\"color: #000000; font-size: 18px; font-family: Calibri; text-align: left; margin-top: 20px; margin-bottom: 20px;\"><strong>11:15 \u2013 11:30 P\u0159est\u00e1vka<\/strong><\/div><!-- [et_pb_line_break_holder] --><div style=\"color: #000000; font-size: 18px; font-family: Calibri; text-align: left; margin-top: 10px; margin-bottom: 10px;\"><strong>11:30 \u2013 13:00 INSPIRE na k\u0159i\u017eovatce\u2026<\/strong><\/div><!-- [et_pb_line_break_holder] --><div style=\"color: #000000; font-size: 18px; font-family: Calibri; text-align: left;\"><strong><a href=\"https:\/\/inspirujmese.eu\/2014\/prezentace\/2_1_Konrad_INSPIRE_4_CZ_Konrad.pdf?_t=1757945948\" target=\"_blank\" rel=\"noopener noreferrer\">INSPIRE na kri\u017eovatke\u2013 strednodob\u00e9 hodnotenie sk\u00fasenost\u00ed a v\u00fdziev<\/a><\/strong><\/div><!-- [et_pb_line_break_holder] --><div style=\"color: #000000; font-size: 18px; font-family: Calibri; text-align: left; margin-top: 0px;\"><em>Robert Konrad, European Commission<\/em><\/div><!-- [et_pb_line_break_holder] --><div style=\"color: #000000; font-size: 18px; font-family: Calibri; text-align: left; margin-top: 10px;\"><strong><a href=\"https:\/\/inspirujmese.eu\/2014\/prezentace\/2_2_Tomas_Czech_Slovak_INSPIRE_RT.pdf?_t=1757945959\" target=\"_blank\" rel=\"noopener noreferrer\">INSPIRE \u2013 maintenance, implementace a evoluce<\/a><\/strong><\/div><!-- [et_pb_line_break_holder] --><div style=\"color: #000000; font-size: 18px; font-family: Calibri; text-align: left; margin-top: 0px;\"><em>Robert Tomas, EC&#038;EEA INSPIRE Coordination Team<\/em><\/div><!-- [et_pb_line_break_holder] --><div style=\"color: #000000; font-size: 18px; font-family: Calibri; text-align: left; margin-top: 10px;\"><strong><a href=\"https:\/\/inspirujmese.eu\/2014\/prezentace\/2_3_Jensen_CZ-SK-INSPIRE-2014.pdf?_t=1757945968\" target=\"_blank\" rel=\"noopener noreferrer\">INSPIRE at mid-term &#8211; how to use this basis for environmental information<\/a><\/strong><\/div><!-- [et_pb_line_break_holder] --><div style=\"color: #000000; font-size: 18px; font-family: Calibri; text-align: left; margin-top: 0px;\"><em>Stefan Jensen, European Environment Agency<\/em><\/div><!-- [et_pb_line_break_holder] --><div style=\"color: #000000; font-size: 18px; font-family: Calibri; text-align: left; margin-top: 20px; margin-bottom: 20px;\"><strong>13:00 \u2013 14:30 Ob\u011bd<\/strong><\/div><!-- [et_pb_line_break_holder] --><div style=\"color: #000000; font-size: 18px; font-family: Calibri; text-align: left; margin-top: 10px; margin-bottom: 10px;\"><strong>14:30 \u2013 16:30 Implementace INSPIRE a vyu\u017eit\u00ed dat<\/strong><\/div><!-- [et_pb_line_break_holder] --><div style=\"color: #000000; font-size: 18px; font-family: Calibri; text-align: left; margin-top: 10px;\"><strong><a href=\"https:\/\/inspirujmese.eu\/2014\/prezentace\/3_1_inspirujmese_ziacik_2014_7_rokov_INSPIRE.pdf?_t=1757945976\" target=\"_blank\" rel=\"noopener noreferrer\">Stav implement\u00e1cie smernice INSPIRE v SR po 7 rokoch<\/a><\/strong><\/div><!-- [et_pb_line_break_holder] --><div style=\"color: #000000; font-size: 18px; font-family: Calibri; text-align: left; margin-top: 0px;\"><em>Marek \u017dia\u010dik, Slovensk\u00e1 agent\u00fara \u017eivotn\u00e9ho prostredia<\/em><\/div><!-- [et_pb_line_break_holder] --><div style=\"color: #000000; font-size: 18px; font-family: Calibri; text-align: left; margin-top: 10px;\"><strong><a href=\"https:\/\/inspirujmese.eu\/2014\/prezentace\/3_2_inspirujme_se2014_Sidlochovsky.pdf?_t=1757945984\" target=\"_blank\" rel=\"noopener noreferrer\">P\u0159ehled v\u00fdsledk\u016f implementace INSPIRE v resortu \u010c\u00daZK za posledn\u00ed rok<\/a><\/strong><\/div><!-- [et_pb_line_break_holder] --><div style=\"color: #000000; font-size: 18px; font-family: Calibri; text-align: left; margin-top: 0px;\"><em>Petr Dvo\u0159\u00e1\u010dek, Pavel \u0160idlichovsk\u00fd, \u010cesk\u00fd \u00fa\u0159ad zem\u011bm\u011b\u0159ick\u00fd a katastr\u00e1ln\u00ed<\/em><\/div><!-- [et_pb_line_break_holder] --><div style=\"color: #000000; font-size: 18px; font-family: Calibri; text-align: left; margin-top: 10px;\"><strong><a href=\"https:\/\/inspirujmese.eu\/2014\/prezentace\/3_3_DRDSI_mildorf.pdf?_t=1757945991\" target=\"_blank\" rel=\"noopener noreferrer\">Dunajsk\u00e1 infrastruktura pro referen\u010dn\u00ed data a slu\u017eby<\/a><\/strong><\/div><!-- [et_pb_line_break_holder] --><div style=\"color: #000000; font-size: 18px; font-family: Calibri; text-align: left; margin-top: 0px;\"><em>Tom\u00e1\u0161 Mildorf, Z\u00e1pado\u010desk\u00e1 univerzita v Plzni<\/em><\/div><!-- [et_pb_line_break_holder] --><div style=\"color: #000000; font-size: 18px; font-family: Calibri; text-align: left; margin-top: 0px;\"><em>Martin Tuchy\u0148a, Slovensk\u00e1 agent\u00fara \u017eivotn\u00e9ho prostredia<\/em><\/div><!-- [et_pb_line_break_holder] --><div style=\"color: #000000; font-size: 18px; font-family: Calibri; text-align: left; margin-top: 0px;\"><em>Karel Charv\u00e1t, Help Service Remote Sensing<\/em><\/div><!-- [et_pb_line_break_holder] --><div style=\"color: #000000; font-size: 18px; font-family: Calibri; text-align: left; margin-top: 10px;\"><strong><a href=\"https:\/\/inspirujmese.eu\/2014\/prezentace\/3_4_inspirujme-se-UVP_CHUDY-po-oprave.pdf?_t=1759922641\" target=\"_blank\" rel=\"noopener noreferrer\">Univerzitn\u00fd vedeck\u00fd park UK \u2013 Enviro medic\u00edna pre 21.storo\u010die \u2013 geografick\u00fd info-syst\u00e9m a enviroment\u00e1lne zdravie<\/a><\/strong><\/div><!-- [et_pb_line_break_holder] --><div style=\"color: #000000; font-size: 18px; font-family: Calibri; text-align: left; margin-top: 0px;\"><em>Radoslav Chud\u00fd, Pr\u00edrodovedeck\u00e1 fakulta Univerzity Komensk\u00e9ho<\/em><\/div><!-- [et_pb_line_break_holder] --><div style=\"color: #000000; font-size: 18px; font-family: Calibri; text-align: left; margin-top: 10px;\"><strong><a href=\"https:\/\/inspirujmese.eu\/2014\/prezentace\/3_5_20141125-26_Inspirujmese-eENVplus_JiriRoubinek.pdf?_t=1757946003\" target=\"_blank\" rel=\"noopener noreferrer\">Inspirujme se eENVplus<\/a><\/strong><\/div><!-- [et_pb_line_break_holder] --><div style=\"color: #000000; font-size: 18px; font-family: Calibri; text-align: left; margin-top: 0px;\"><em>Ji\u0159\u00ed Roub\u00ednek, CENIA, \u010desk\u00e1 informa\u010dn\u00ed agentura \u017eivotn\u00edho prost\u0159ed\u00ed<\/em><\/div><!-- [et_pb_line_break_holder] --><div style=\"color: #000000; font-size: 18px; font-family: Calibri; text-align: left; margin-top: 10px;\"><strong><a href=\"https:\/\/inspirujmese.eu\/2014\/prezentace\/3_6_Reznik_et_al_Projekt_FOODIE.pdf?_t=1757946029\" target=\"_blank\" rel=\"noopener noreferrer\">Projekt Foodie: jak vyu\u017e\u00edt datov\u00e9 modely INSPIRE (nejen) v precizn\u00edm zem\u011bd\u011blstv\u00ed<\/a><\/strong><\/div><!-- [et_pb_line_break_holder] --><div style=\"color: #000000; font-size: 18px; font-family: Calibri; text-align: left; margin-top: 0px;\"><em>Tom\u00e1\u0161 \u0158ezn\u00edk, Masarykova univerzita<\/em><\/div><!-- [et_pb_line_break_holder] --><div style=\"color: #000000; font-size: 18px; font-family: Calibri; text-align: left; margin-top: 0px;\"><em>Karel Charv\u00e1t, Karel Charv\u00e1t junior, Help Service Remote Sensing<\/em><\/div><!-- [et_pb_line_break_holder] --><div style=\"color: #000000; font-size: 18px; font-family: Calibri; text-align: left; margin-top: 0px;\"><em>Vojt\u011bch Lukas, Mendelova univerzita<\/em><\/div><!-- [et_pb_line_break_holder] --><div style=\"color: #000000; font-size: 18px; font-family: Calibri; text-align: left; margin-top: 0px;\"><em>\u0160\u00e1rka Hor\u00e1kov\u00e1, Wireless Info<\/em><\/div><!-- [et_pb_line_break_holder] --><div style=\"color: #000000; font-size: 18px; font-family: Calibri; text-align: left; margin-top: 10px;\"><strong><a href=\"https:\/\/inspirujmese.eu\/2014\/prezentace\/3_7_kafka_inspirujmese2014.pdf?_t=1757946038\" target=\"_blank\" rel=\"noopener noreferrer\">INSPIRE metadata a s\u00e9mantick\u00fd web (prezentace partnera konference)<\/a><\/strong><\/div><!-- [et_pb_line_break_holder] --><div style=\"color: #000000; font-size: 18px; font-family: Calibri; text-align: left; margin-top: 0px;\"><em>\u0160t\u011bp\u00e1n Kafka, Help Service Remote Sensing<\/em><\/div><!-- [et_pb_line_break_holder] --><div style=\"color: #000000; font-size: 18px; font-family: Calibri; text-align: left; margin-top: 20px; margin-bottom: 20px;\"><strong>16:30 \u2013 17:00 P\u0159est\u00e1vka<\/strong><\/div><!-- [et_pb_line_break_holder] --><div style=\"color: #000000; font-size: 18px; font-family: Calibri; text-align: left; margin-top: 10px; margin-bottom: 10px;\"><strong>17:00 \u2013 19:00 INSPIRE a povinn\u00ed poskytovatel\u00e9<\/strong><\/div><!-- [et_pb_line_break_holder] --><div style=\"color: #000000; font-size: 18px; font-family: Calibri; text-align: left; margin-top: 10px;\"><strong><a href=\"https:\/\/inspirujmese.eu\/2014\/prezentace\/4_1_INSPIRE_7letPote_Faugnerova.pdf?_t=1757946047\" target=\"_blank\" rel=\"noopener noreferrer\">INSPIRE 7 let pot\u00e9&#8230;Ond\u0159ej Kliment<\/a><\/strong><\/div><!-- [et_pb_line_break_holder] --><div style=\"color: #000000; font-size: 18px; font-family: Calibri; text-align: left; margin-top: 0px;\"><em>Jitka Faugnerov\u00e1, CENIA, \u010desk\u00e1 informa\u010dn\u00ed agentura \u017eivotn\u00edho prost\u0159ed\u00ed<\/em><\/div><!-- [et_pb_line_break_holder] --><div style=\"color: #000000; font-size: 18px; font-family: Calibri; text-align: left; margin-top: 10px;\"><strong><a href=\"https:\/\/inspirujmese.eu\/2014\/prezentace\/4_2_Udrzalova_projektSSREG_napojen%C3%ADRUIAN_v1final.pdf?_t=1757946058\" target=\"_blank\" rel=\"noopener noreferrer\">V\u00fdstupy projektu soustavy statistick\u00fdch registr\u016f napojen\u00e9 na R\u00daIAN Vladim\u00edr Fanta<\/a><\/strong><\/div><!-- [et_pb_line_break_holder] --><div style=\"color: #000000; font-size: 18px; font-family: Calibri; text-align: left; margin-top: 0px;\"><em>Zde\u0148ka Udr\u017ealov\u00e1, \u010cesk\u00fd statistick\u00fd \u00fa\u0159ad<\/em><\/div><!-- [et_pb_line_break_holder] --><div style=\"color: #000000; font-size: 18px; font-family: Calibri; text-align: left; margin-top: 10px;\"><strong><a href=\"https:\/\/inspirujmese.eu\/2014\/prezentace\/4_3_1_kacer-cibula-inspirujmese-pruhonice-2014.pdf?_t=1757946067\" >Nov\u00fd mapov\u00fd port\u00e1l \u0160G\u00daD\u0160<\/a>\u00a0 <\/strong><a href=\"https:\/\/inspirujmese.eu\/2014\/prezentace\/4_3_2_Cibula.pdf?_t=1759922930\">(uk\u00e1zka)<\/a><\/div><!-- [et_pb_line_break_holder] --><div style=\"color: #000000; font-size: 18px; font-family: Calibri; text-align: left; margin-top: 0px;\"><em>\u0160tefan K\u00e1\u010der, Robert Cibula, \u0160t\u00e1tny geologick\u00fd \u00fastav Dion\u00fdsa \u0160t\u00fara<\/em><\/div><!-- [et_pb_line_break_holder] --><div style=\"color: #000000; font-size: 18px; font-family: Calibri; text-align: left; margin-top: 10px;\"><strong><a href=\"https:\/\/inspirujmese.eu\/2014\/prezentace\/4_4_NPU_Prezentace_cenia20141125_final2.pdf?_t=1757946077\" target=\"_blank\" rel=\"noopener noreferrer\">Od IISPP k European\u011b (n\u00e1zorn\u00e9 p\u0159edveden\u00ed na t\u00e9matu \u017eidovsk\u00e9 h\u0159bitovy a sv\u011bteck\u00e9 a morov\u00e9 sloupy)<\/a><\/strong><\/div><!-- [et_pb_line_break_holder] --><div style=\"color: #000000; font-size: 18px; font-family: Calibri; text-align: left; margin-top: 0px;\"><em>Alena \u0160\u0165ov\u00ed\u010dkov\u00e1, N\u00e1rodn\u00ed pam\u00e1tkov\u00fd \u00fastav<\/em><\/div><!-- [et_pb_line_break_holder] --><div style=\"color: #000000; font-size: 18px; font-family: Calibri; text-align: left; margin-top: 10px;\"><strong><a href=\"https:\/\/inspirujmese.eu\/2014\/prezentace\/4_5_Plan4all_mildorf.pdf?_t=1757946088\" target=\"_blank\" rel=\"noopener noreferrer\">Plan4all \u2013 platforma pro otev\u0159en\u00e1 data \u00fazemn\u00edho pl\u00e1nov\u00e1n\u00ed<\/a><\/strong><\/div><!-- [et_pb_line_break_holder] --><div style=\"color: #000000; font-size: 18px; font-family: Calibri; text-align: left; margin-top: 0px;\"><em>Tom\u00e1\u0161 Mildorf, Z\u00e1pado\u010desk\u00e1 univerzita<\/em><\/div><!-- [et_pb_line_break_holder] --><div style=\"color: #000000; font-size: 18px; font-family: Calibri; text-align: left; margin-top: 10px;\"><strong><a href=\"https:\/\/inspirujmese.eu\/2014\/prezentace\/4_6_VUC_Chudy.pdf?_t=1757946097\" target=\"_blank\" rel=\"noopener noreferrer\">Inform\u00e1cie samospr\u00e1vneho kraja<\/a><\/strong><\/div><!-- [et_pb_line_break_holder] --><div style=\"color: #000000; font-size: 18px; font-family: Calibri; text-align: left; margin-top: 0px;\"><em><em>Radoslav Chud\u00fd, G-BASE, s.r.o.<\/em><\/em><\/div><!-- [et_pb_line_break_holder] --><div style=\"color: #000000; font-size: 18px; font-family: Calibri; text-align: left; margin-top: 10px;\"><strong><a href=\"https:\/\/inspirujmese.eu\/2014\/prezentace\/4_7_Kuttelwascher.pdf?_t=1757946104\" target=\"_blank\" rel=\"noopener noreferrer\">Platforma ArcGIS n\u00e1strojem pro efektivn\u00ed spr\u00e1vu prostorov\u00fdch informac\u00ed (prezentace partnera konference)<\/a><\/strong><\/div><!-- [et_pb_line_break_holder] --><div style=\"color: #000000; font-size: 18px; font-family: Calibri; text-align: left; margin-top: 0px;\"><em>Radek Kuttelwascher, ARCDATA PRAHA, s.r.o.<\/em><\/div><!-- [et_pb_line_break_holder] --><div style=\"color: #000000; font-size: 18px; font-family: Calibri; text-align: left; margin-top: 20px;\"><strong>19:00 Zakon\u010den\u00ed prvn\u00edho dne, slosov\u00e1n\u00ed dotazn\u00edk\u016f, spole\u010densk\u00fd ve\u010der<\/strong><\/div><!-- [et_pb_line_break_holder] --><div style=\"color: #000000; font-size: 18px; font-family: Calibri; text-align: left; margin-top: 30px; margin-bottom: 20px;\"><strong>ST\u0158EDA 26. LISTOPADU<\/strong><\/div><!-- [et_pb_line_break_holder] --><div style=\"color: #000000; font-size: 18px; font-family: Calibri; text-align: left; margin-top: 10px; margin-bottom: 10px;\"><strong>09:00 \u2013 11:00 Workshop N\u00e1rodn\u00ed geoport\u00e1l INSPIRE a projekt eENVplus<\/strong><\/div><!-- [et_pb_line_break_holder] --><div style=\"color: #000000; font-size: 18px; font-family: Calibri; text-align: left; margin-top: 10px;\"><strong><a href=\"https:\/\/inspirujmese.eu\/2014\/prezentace\/5_1_90-minut_geoport%C3%A1lu.pdf?_t=1757946113\" target=\"_blank\" rel=\"noopener noreferrer\">90 minut n\u00e1vod\u016f pro u\u017eivatele geoport\u00e1lu<\/a><\/strong><\/div><!-- [et_pb_line_break_holder] --><div style=\"color: #000000; font-size: 18px; font-family: Calibri; text-align: left; margin-top: 0px;\"><em>Lenka Jir\u00e1skov\u00e1, Zbyn\u011bk Stein, Jana Ba\u0161istov\u00e1, CENIA, \u010desk\u00e1 informa\u010dn\u00ed agentura \u017eivotn\u00edho prost\u0159ed\u00ed<\/em><\/div><!-- [et_pb_line_break_holder] --><div style=\"color: #000000; font-size: 18px; font-family: Calibri; text-align: left; margin-top: 10px;\"><strong><a href=\"https:\/\/inspirujmese.eu\/2014\/prezentace\/5_2_HALE_201s.pdf?_t=1757946123\" target=\"_blank\" rel=\"noopener noreferrer\">Vyu\u017eit\u00ed harmonizace dat v projektu eENVplus pro INSPIRE<\/a><\/strong><\/div><!-- [et_pb_line_break_holder] --><div style=\"color: #000000; font-size: 18px; font-family: Calibri; text-align: left; margin-top: 0px;\"><em>Ji\u0159\u00ed Roub\u00ednek, CENIA, \u010desk\u00e1 informa\u010dn\u00ed agentura \u017eivotn\u00edho prost\u0159ed\u00ed<\/em><\/div><!-- [et_pb_line_break_holder] --><div style=\"color: #000000; font-size: 18px; font-family: Calibri; text-align: left; margin-top: 20px; margin-bottom: 20px;\"><strong>11:00 \u2013 11:30 P\u0159est\u00e1vka<\/strong><\/div><!-- [et_pb_line_break_holder] --><div style=\"color: #000000; font-size: 18px; font-family: Calibri; text-align: left; margin-top: 10px; margin-bottom: 10px;\"><strong>11:30 \u2013 13:00 INSPIRE &#8211; strategie, legislativa, licence<\/strong><\/div><!-- [et_pb_line_break_holder] --><div style=\"color: #000000; font-size: 18px; font-family: Calibri; text-align: left; margin-top: 10px;\"><strong><a href=\"https:\/\/inspirujmese.eu\/2014\/prezentace\/6_1_141126_GeoInfoStrategie.pdf?_t=1757946132\" target=\"_blank\" rel=\"noopener noreferrer\">GeoInfoStrategie &#8211; \u010cesk\u00e1 republika na startu nov\u00e9 etapy<\/a><\/strong><\/div><!-- [et_pb_line_break_holder] --><div style=\"color: #000000; font-size: 18px; font-family: Calibri; text-align: left; margin-top: 0px;\"><em>Eva Kub\u00e1tov\u00e1, Ministerstvo vnitra \u010cesk\u00e9 republiky<\/em><\/div><!-- [et_pb_line_break_holder] --><div style=\"color: #000000; font-size: 18px; font-family: Calibri; text-align: left; margin-top: 10px;\"><strong><a href=\"https:\/\/inspirujmese.eu\/2014\/prezentace\/6_2_20141126_TPVSS.pdf?_t=1757946145\" target=\"_blank\" rel=\"noopener noreferrer\">SK GEO licen\u010dn\u00fd r\u00e1mec<\/a><\/strong><\/div><!-- [et_pb_line_break_holder] --><div style=\"color: #000000; font-size: 18px; font-family: Calibri; text-align: left; margin-top: 0px;\">Martin Tuchy\u0148a, Slovensk\u00e1 agent\u00fara \u017eivotn\u00e9ho prostredia<\/div><!-- [et_pb_line_break_holder] --><div style=\"color: #000000; font-size: 18px; font-family: Calibri; text-align: left; margin-top: 10px;\"><strong><a href=\"https:\/\/inspirujmese.eu\/2014\/prezentace\/6_3_141126_Inspirujmese-soucekp-20141125.pdf?_t=1757946155\" target=\"_blank\" rel=\"noopener noreferrer\">N\u00e1rodn\u00ed sady INSPIRE v ot\u00e1zk\u00e1ch a odpov\u011bd\u00edch<\/a><\/strong><\/div><!-- [et_pb_line_break_holder] --><div style=\"color: #000000; font-size: 18px; font-family: Calibri; text-align: left; margin-top: 0px;\"><em>Petr Sou\u010dek, \u010cesk\u00fd \u00fa\u0159ad zem\u011bm\u011b\u0159ick\u00fd a katastr\u00e1ln\u00ed<\/em><\/div><!-- [et_pb_line_break_holder] --><div style=\"color: #000000; font-size: 18px; font-family: Calibri; text-align: left; margin-top: 10px;\"><strong><a href=\"https:\/\/inspirujmese.eu\/2014\/prezentace\/6_4_TopGis-Prezentace2_Zednickova.pdf?_t=1757946164\" target=\"_blank\" rel=\"noopener noreferrer\">DATA \u2013 1x po\u0159\u00edzen\u00e1, 1000x vyu\u017eit\u00e1 (prezentace partnera konference)<\/a><\/strong><\/div><!-- [et_pb_line_break_holder] --><div style=\"color: #000000; font-size: 18px; font-family: Calibri; text-align: left; margin-top: 0px;\">Drahom\u00edra Zedn\u00ed\u010dkov\u00e1, TopGIS s.r.o.<\/div><!-- [et_pb_line_break_holder] --><div style=\"color: #000000; font-size: 18px; font-family: Calibri; text-align: left; margin-top: 20px; margin-bottom: 20px;\"><strong>13:00 \u2013 14:00 Ob\u011bd<\/strong><\/div><!-- [et_pb_line_break_holder] --><div style=\"color: #000000; font-size: 18px; font-family: Calibri; text-align: left; margin-top: 10px; margin-bottom: 10px;\"><strong>14:00 \u2013 15:30 Otev\u0159en\u00fd SW a otev\u0159en\u00e1 data<\/strong><\/div><!-- [et_pb_line_break_holder] --><div style=\"color: #000000; font-size: 18px; font-family: Calibri; text-align: left; margin-top: 10px;\"><strong>Otev\u0159en\u00fd software, otev\u0159en\u00e1 data, otev\u0159en\u00e9 standardy<\/strong><\/div><!-- [et_pb_line_break_holder] --><div style=\"color: #000000; font-size: 18px; font-family: Calibri; text-align: left; margin-top: 0px;\"><em>J\u00e1chym \u010cepick\u00fd, Otev\u0159en\u00e1 GeoInfrastruktura z.s., OSGeo.org<\/em><\/div><!-- [et_pb_line_break_holder] --><div style=\"color: #000000; font-size: 18px; font-family: Calibri; text-align: left; margin-top: 10px;\"><strong><a href=\"https:\/\/inspirujmese.eu\/2014\/prezentace\/7_2_ng2_Koska.pdf?_t=1757946178\" target=\"_blank\" rel=\"noopener noreferrer\">N\u00e1rodny geoport\u00e1l SR<\/a><\/strong><\/div><!-- [et_pb_line_break_holder] --><div style=\"color: #000000; font-size: 18px; font-family: Calibri; text-align: left; margin-top: 0px;\">Martin Ko\u0161ka, Slovensk\u00e1 agent\u00fara \u017eivotn\u00e9ho prostredia<\/div><!-- [et_pb_line_break_holder] --><div style=\"color: #000000; font-size: 18px; font-family: Calibri; text-align: left; margin-top: 10px;\"><strong><a href=\"https:\/\/inspirujmese.eu\/2014\/prezentace\/7_3_inspirujme_se_ccss_sazp.pdf?_t=1757946187\" target=\"_blank\" rel=\"noopener noreferrer\">Smart Open Data<\/a><\/strong><\/div><!-- [et_pb_line_break_holder] --><div style=\"color: #000000; font-size: 18px; font-family: Calibri; text-align: left; margin-top: 0px;\"><em>Josef Fryml, \u010cesk\u00e9 centrum pro v\u011bdu a spole\u010dnost<\/em><\/div><!-- [et_pb_line_break_holder] --><div style=\"color: #000000; font-size: 18px; font-family: Calibri; text-align: left; margin-top: 10px;\"><strong><a href=\"https:\/\/inspirujmese.eu\/2014\/prezentace\/7_4_Piroh_Inspirujme-se_ext.pdf?_t=1757946195\" target=\"_blank\" rel=\"noopener noreferrer\">Mo\u017enosti vyu\u017eit\u00ed geografickej platformy Google v oblasti marketingu a propag\u00e1cie<\/a><\/strong><\/div><!-- [et_pb_line_break_holder] --><div style=\"color: #000000; font-size: 18px; font-family: Calibri; text-align: left; margin-top: 0px;\"><em>Jaroslav Piroh, Skeyemap s.r.o.<\/em><\/div><!-- [et_pb_line_break_holder] --><div style=\"color: #000000; font-size: 18px; font-family: Calibri; text-align: left; margin-top: 10px;\"><strong><a href=\"https:\/\/inspirujmese.eu\/2014\/prezentace\/7_5_20141126_sdi4apps.pdf?_t=1757946210\" target=\"_blank\" rel=\"noopener noreferrer\">Projekt SDI4Apps<\/a><\/strong><\/div><!-- [et_pb_line_break_holder] --><div style=\"color: #000000; font-size: 18px; font-family: Calibri; text-align: left; margin-top: 0px;\"><em>Martin Tuchy\u0148a, Slovensk\u00e1 agent\u00fara \u017eivotn\u00e9ho prostredia<\/em><\/div><!-- [et_pb_line_break_holder] --><div style=\"color: #000000; font-size: 18px; font-family: Calibri; text-align: left; margin-top: 20px; margin-bottom: 20px;\"><strong>15:30 \u2013 16:00 P\u0159est\u00e1vka<\/strong><\/div><!-- [et_pb_line_break_holder] --><div style=\"color: #000000; font-size: 18px; font-family: Calibri; text-align: left; margin-top: 10px; margin-bottom: 10px;\"><strong><strong>16:00 \u2013 17:00 Workshop<\/strong><\/strong><\/div><!-- [et_pb_line_break_holder] --><div style=\"color: #000000; font-size: 18px; font-family: Calibri; text-align: left; margin-top: 10px;\"><strong><a href=\"https:\/\/inspirujmese.eu\/2014\/prezentace\/8_1_GI_N2K_Inspirujme_2014.pdf?_t=1757946219\" target=\"_blank\" rel=\"noopener noreferrer\">Po\u017eadavky trhu pr\u00e1ce a praxe v profesn\u00edm vzd\u011bl\u00e1v\u00e1n\u00ed v geoinformatice<\/a><\/strong><\/div><!-- [et_pb_line_break_holder] --><div style=\"color: #000000; font-size: 18px; font-family: Calibri; text-align: left; margin-top: 0px;\"><em>Petr Kub\u00ed\u010dek, Masarykova univerzita<\/em><\/div><!-- [et_pb_line_break_holder] --><div style=\"color: #000000; font-size: 18px; font-family: Calibri; text-align: left; margin-top: 10px;\"><strong><a href=\"https:\/\/inspirujmese.eu\/2014\/prezentace\/8_2_INSPIRE_vyhledavaci_sluzby_Inspirujme_se_2014.pdf?_t=1757946227\" target=\"_blank\" rel=\"noopener noreferrer\">M\u00e1 normalizovan\u00e9 hodnocen\u00ed vyhled\u00e1vac\u00edch slu\u017eeb podle INSPIRE vypov\u00eddac\u00ed hodnotu?<\/a><\/strong><\/div><!-- [et_pb_line_break_holder] --><div style=\"color: #000000; font-size: 18px; font-family: Calibri; text-align: left; margin-top: 0px;\"><em>Tom\u00e1\u0161 \u0158ezn\u00edk, Petr Kub\u00ed\u010dek, Masarykova univerzita<\/em><\/div><!-- [et_pb_line_break_holder] --><div style=\"color: #000000; font-size: 18px; font-family: Calibri; text-align: left; margin-top: 20px;\"><strong>17:00 Slosov\u00e1n\u00ed dotazn\u00edk\u016f, zakon\u010den\u00ed konference<\/strong><\/div><!-- [et_pb_line_break_holder] --><div style=\"color: #000000; font-size: 18px; font-family: Calibri; text-align: left; margin-top: 20px;\"><a href=\"https:\/\/inspirujmese.eu\/2014\/prezentace\/9_0_Abstrakty_Inspirujme_se.pdf?_t=1757946288\"><em><strong>Abstrakty p\u0159\u00edsp\u011bvk\u016f<\/strong><\/em><\/a><\/div><!-- [et_pb_line_break_holder] --><!-- [et_pb_line_break_holder] -->[\/et_pb_code][\/et_pb_column][\/et_pb_row][\/et_pb_section]","protected":false},"excerpt":{"rendered":"<p>2014 \u2013 INSPIRUJME SE\u2026 HODNOCEN\u00cdM O KONFERENCI CENIA, \u010desk\u00e1 informa\u010dn\u00ed agentura \u017eivotn\u00edho prost\u0159ed\u00ed a Slovensk\u00e1 agentura \u017eivotn\u00e9ho prostredia si v\u00e1s dovoluj\u00ed pozvat na 3. ro\u010dn\u00edk \u010desko-slovensk\u00e9 konference Inspirujme se\u2026 Rok 2014 je pro Sm\u011brnici INSPIRE rokem hodnocen\u00ed, tedy rokem, kdy Evropsk\u00e1 komise vyhodnocuje, cht\u011blo by se \u0159\u00edct \u00fasp\u011bchy nebo ne\u00fasp\u011bchy implementace Sm\u011brnice INSPIRE, spr\u00e1vn\u011bji v\u0161ak [&hellip;]<\/p>\n","protected":false},"author":5,"featured_media":0,"parent":0,"menu_order":0,"comment_status":"closed","ping_status":"closed","template":"","meta":{"_et_pb_use_builder":"on","_et_pb_old_content":"","_et_gb_content_width":"","footnotes":""},"folder":[],"class_list":["post-3278","page","type-page","status-publish","hentry"],"_links":{"self":[{"href":"https:\/\/inspirujmese.eu\/sk\/wp-json\/wp\/v2\/pages\/3278","targetHints":{"allow":["GET"]}}],"collection":[{"href":"https:\/\/inspirujmese.eu\/sk\/wp-json\/wp\/v2\/pages"}],"about":[{"href":"https:\/\/inspirujmese.eu\/sk\/wp-json\/wp\/v2\/types\/page"}],"author":[{"embeddable":true,"href":"https:\/\/inspirujmese.eu\/sk\/wp-json\/wp\/v2\/users\/5"}],"replies":[{"embeddable":true,"href":"https:\/\/inspirujmese.eu\/sk\/wp-json\/wp\/v2\/comments?post=3278"}],"version-history":[{"count":8,"href":"https:\/\/inspirujmese.eu\/sk\/wp-json\/wp\/v2\/pages\/3278\/revisions"}],"predecessor-version":[{"id":4082,"href":"https:\/\/inspirujmese.eu\/sk\/wp-json\/wp\/v2\/pages\/3278\/revisions\/4082"}],"wp:attachment":[{"href":"https:\/\/inspirujmese.eu\/sk\/wp-json\/wp\/v2\/media?parent=3278"}],"wp:term":[{"taxonomy":"folder","embeddable":true,"href":"https:\/\/inspirujmese.eu\/sk\/wp-json\/wp\/v2\/folder?post=3278"}],"curies":[{"name":"wp","href":"https:\/\/api.w.org\/{rel}","templated":true}]}}