{"id":3382,"date":"2025-08-13T15:42:31","date_gmt":"2025-08-13T13:42:31","guid":{"rendered":"https:\/\/inspirujmese.eu\/cs\/?page_id=3382"},"modified":"2025-10-16T13:55:14","modified_gmt":"2025-10-16T11:55:14","slug":"archiv-2011","status":"publish","type":"page","link":"https:\/\/inspirujmese.eu\/sk\/archiv-2011\/","title":{"rendered":"Archiv 2011"},"content":{"rendered":"[et_pb_section fb_built=&#8220;1&#8243; _builder_version=&#8220;4.27.4&#8243; _module_preset=&#8220;default&#8220; background_enable_color=&#8220;off&#8220; background_image=&#8220;https:\/\/inspirujmese.eu\/wp-content\/uploads\/2025\/08\/P1030308.webp&#8220; background_position=&#8220;bottom_center&#8220; background_vertical_offset=&#8220;69%&#8220; global_colors_info=&#8220;{}&#8220;][et_pb_row _builder_version=&#8220;4.27.4&#8243; _module_preset=&#8220;default&#8220; width=&#8220;100%&#8220; max_width=&#8220;100%&#8220; min_height=&#8220;100%&#8220; height=&#8220;100%&#8220; global_colors_info=&#8220;{}&#8220;][et_pb_column type=&#8220;4_4&#8243; _builder_version=&#8220;4.27.0&#8243; _module_preset=&#8220;default&#8220; global_colors_info=&#8220;{}&#8220;][et_pb_text _builder_version=&#8220;4.27.4&#8243; _module_preset=&#8220;default&#8220; header_font=&#8220;|||on|||||&#8220; header_text_color=&#8220;#FFFFFF&#8220; header_font_size=&#8220;46px&#8220; header_font_size_tablet=&#8220;37px&#8220; header_font_size_phone=&#8220;29px&#8220; header_font_size_last_edited=&#8220;on|phone&#8220; content_sk_sk=&#8220;<h1 class=%22hero-title%22 style=%22text-align: center;%22><span style=%22color: #333333;%22>2011 \u2013 INSPIRUJME SE\u2026 POT\u0158EBAMI<\/span><\/h1>&#8220; global_colors_info=&#8220;{}&#8220;]<h1 class=\"hero-title\" style=\"text-align: center;\"><span style=\"color: #333333;\">2011 \u2013 INSPIRUJME SE\u2026 POT\u0158EBAMI<\/span><\/h1>[\/et_pb_text][\/et_pb_column][\/et_pb_row][\/et_pb_section][et_pb_section fb_built=&#8220;1&#8243; _builder_version=&#8220;4.27.4&#8243; _module_preset=&#8220;default&#8220; background_color=&#8220;#3c3d3f&#8220; global_colors_info=&#8220;{}&#8220;][et_pb_row _builder_version=&#8220;4.27.0&#8243; _module_preset=&#8220;default&#8220; global_colors_info=&#8220;{}&#8220;][et_pb_column type=&#8220;4_4&#8243; _builder_version=&#8220;4.27.0&#8243; _module_preset=&#8220;default&#8220; global_colors_info=&#8220;{}&#8220;][et_pb_text content_tablet=&#8220;<div class=%22section-title-col content-center-sm%22 data-type=%22column%22>\n<div class=%22section-title-col content-center-sm%22 data-type=%22column%22>\n<h2 class=%22space-bottom%22 style=%22text-align: center;%22>O KONFERENCI<\/h2>\n<div style=%22text-align: justify;%22><span>Dne 30. listopadu 2011 prob\u011bhla v pr\u016fhonick\u00e9m centru FLORET konference Inspirujme se\u2026 pot\u0159ebami. Konference byla tentokr\u00e1t zam\u011b\u0159ena na napl\u0148ov\u00e1n\u00ed pot\u0159eb v\u0161ech b\u011b\u017en\u00fdch \u201enegisov\u00fdch\u201c u\u017eivatel\u016f, v\u0161ech t\u011bch, kte\u0159\u00ed nepot\u0159ebuj\u00ed kompatibiln\u00ed data a slu\u017eby, ale \u017e\u00e1daj\u00ed konzistentn\u00ed informaci zalo\u017eenou na datech. Samoz\u0159ejm\u011b jsme se v\u011bnovali tak\u00e9 souladu s INSPIRE a v\u00fdsledk\u016fm z testov\u00e1n\u00ed datov\u00fdch specifikac\u00ed p\u0159\u00edlohy II a III, kter\u00e9 prob\u011bhlo v l\u00e9t\u011b. Do programu k jednotliv\u00fdm t\u00e9mat\u016fm byly zahrnuty tak\u00e9 prezentace os slovensk\u00e9ho koordin\u00e1tora INSPIRE \u2013 Slovensk\u00e9 agentury \u017eivotn\u00e9ho prostredia.<\/span><\/div>\n<\/div>\n<div style=%22text-align: justify;%22><\/div>\n<\/div>\n<div style=%22text-align: justify;%22><\/div>\n<div style=%22text-align: justify;%22><\/div>&#8220; content_phone=&#8220;<div class=%22section-title-col content-center-sm%22 data-type=%22column%22>\n<div class=%22section-title-col content-center-sm%22 data-type=%22column%22>\n<h2 class=%22space-bottom%22 style=%22text-align: center;%22>O KONFERENCI<\/h2>\n<div style=%22text-align: justify;%22><span>Dne 30. listopadu 2011 prob\u011bhla v pr\u016fhonick\u00e9m centru FLORET konference Inspirujme se\u2026 pot\u0159ebami. Konference byla tentokr\u00e1t zam\u011b\u0159ena na napl\u0148ov\u00e1n\u00ed pot\u0159eb v\u0161ech b\u011b\u017en\u00fdch \u201enegisov\u00fdch\u201c u\u017eivatel\u016f, v\u0161ech t\u011bch, kte\u0159\u00ed nepot\u0159ebuj\u00ed kompatibiln\u00ed data a slu\u017eby, ale \u017e\u00e1daj\u00ed konzistentn\u00ed informaci zalo\u017eenou na datech. Samoz\u0159ejm\u011b jsme se v\u011bnovali tak\u00e9 souladu s INSPIRE a v\u00fdsledk\u016fm z testov\u00e1n\u00ed datov\u00fdch specifikac\u00ed p\u0159\u00edlohy II a III, kter\u00e9 prob\u011bhlo v l\u00e9t\u011b. Do programu k jednotliv\u00fdm t\u00e9mat\u016fm byly zahrnuty tak\u00e9 prezentace os slovensk\u00e9ho koordin\u00e1tora INSPIRE \u2013 Slovensk\u00e9 agentury \u017eivotn\u00e9ho prostredia.<\/span><\/div>\n<\/div>\n<div style=%22text-align: justify;%22><\/div>\n<\/div>\n<div style=%22text-align: justify;%22><\/div>\n<div style=%22text-align: justify;%22><\/div>\n<div style=%22text-align: justify;%22><\/div>\n<div style=%22text-align: justify;%22><\/div>&#8220; content_last_edited=&#8220;on|phone&#8220; _builder_version=&#8220;4.27.4&#8243; _module_preset=&#8220;default&#8220; text_font=&#8220;&#8211;et_global_body_font|300|||||||&#8220; text_text_color=&#8220;#FFFFFF&#8220; text_font_size=&#8220;15px&#8220; text_line_height=&#8220;2em&#8220; header_font=&#8220;Roboto||||||||&#8220; header_2_font=&#8220;&#8211;et_global_heading_font|||||||#FFFFFF|&#8220; header_2_text_color=&#8220;#FFFFFF&#8220; header_2_font_size=&#8220;44px&#8220; header_3_text_color=&#8220;#FFFFFF&#8220; header_3_font_size=&#8220;30px&#8220; custom_padding=&#8220;||0px|||&#8220; text_font_size_tablet=&#8220;15px&#8220; text_font_size_phone=&#8220;12px&#8220; text_font_size_last_edited=&#8220;on|phone&#8220; content_sk_sk=&#8220;<div class=%22section-title-col content-center-sm%22 data-type=%22column%22>\n<div class=%22section-title-col content-center-sm%22 data-type=%22column%22>\n<h2 class=%22space-bottom%22 style=%22text-align: center;%22>O KONFERENCI<\/h2>\n<div style=%22text-align: justify;%22><span>Dne 30. listopadu 2011 prob\u011bhla v pr\u016fhonick\u00e9m centru FLORET konference Inspirujme se\u2026 pot\u0159ebami. Konference byla tentokr\u00e1t zam\u011b\u0159ena na napl\u0148ov\u00e1n\u00ed pot\u0159eb v\u0161ech b\u011b\u017en\u00fdch \u201enegisov\u00fdch\u201c u\u017eivatel\u016f, v\u0161ech t\u011bch, kte\u0159\u00ed nepot\u0159ebuj\u00ed kompatibiln\u00ed data a slu\u017eby, ale \u017e\u00e1daj\u00ed konzistentn\u00ed informaci zalo\u017eenou na datech. Samoz\u0159ejm\u011b jsme se v\u011bnovali tak\u00e9 souladu s INSPIRE a v\u00fdsledk\u016fm z testov\u00e1n\u00ed datov\u00fdch specifikac\u00ed p\u0159\u00edlohy II a III, kter\u00e9 prob\u011bhlo v l\u00e9t\u011b. Do programu k jednotliv\u00fdm t\u00e9mat\u016fm byly zahrnuty tak\u00e9 prezentace os slovensk\u00e9ho koordin\u00e1tora INSPIRE \u2013 Slovensk\u00e9 agentury \u017eivotn\u00e9ho prostredia.<\/span><\/div>\n<\/div>\n<\/div>&#8220; global_colors_info=&#8220;{}&#8220;]<div class=\"row col-xs-12\">\n<div class=\"section-title-col content-center-sm\" data-type=\"column\">\n<h2 class=\"space-bottom\" style=\"text-align: center;\">O KONFERENCI<\/h2>\n<div style=\"text-align: justify;\"><span>Dne 30. listopadu 2011 prob\u011bhla v pr\u016fhonick\u00e9m centru FLORET konference Inspirujme se\u2026 pot\u0159ebami. Konference byla tentokr\u00e1t zam\u011b\u0159ena na napl\u0148ov\u00e1n\u00ed pot\u0159eb v\u0161ech b\u011b\u017en\u00fdch \u201enegisov\u00fdch\u201c u\u017eivatel\u016f, v\u0161ech t\u011bch, kte\u0159\u00ed nepot\u0159ebuj\u00ed kompatibiln\u00ed data a slu\u017eby, ale \u017e\u00e1daj\u00ed konzistentn\u00ed informaci zalo\u017eenou na datech. Samoz\u0159ejm\u011b jsme se v\u011bnovali tak\u00e9 souladu s INSPIRE a v\u00fdsledk\u016fm z testov\u00e1n\u00ed datov\u00fdch specifikac\u00ed p\u0159\u00edlohy II a III, kter\u00e9 prob\u011bhlo v l\u00e9t\u011b. Do programu k jednotliv\u00fdm t\u00e9mat\u016fm byly zahrnuty tak\u00e9 prezentace os slovensk\u00e9ho koordin\u00e1tora INSPIRE \u2013 Slovensk\u00e9 agentury \u017eivotn\u00e9ho prostredia.<\/span><\/div>\n<\/div>\n<\/div>[\/et_pb_text][\/et_pb_column][\/et_pb_row][\/et_pb_section][et_pb_section fb_built=&#8220;1&#8243; module_id=&#8220;foto&#8220; _builder_version=&#8220;4.27.3&#8243; _module_preset=&#8220;default&#8220; global_colors_info=&#8220;{}&#8220;][et_pb_row _builder_version=&#8220;4.27.0&#8243; _module_preset=&#8220;default&#8220; global_colors_info=&#8220;{}&#8220;][et_pb_column type=&#8220;4_4&#8243; _builder_version=&#8220;4.27.0&#8243; _module_preset=&#8220;default&#8220; global_colors_info=&#8220;{}&#8220;][et_pb_gallery gallery_ids=&#8220;3380,3381,3383,3385,3387&#8243; posts_number=&#8220;16&#8243; show_title_and_caption=&#8220;off&#8220; zoom_icon_color=&#8220;#707070&#8243; hover_icon=&#8220;&#x54;||divi||400&#8243; _builder_version=&#8220;4.27.4&#8243; _module_preset=&#8220;default&#8220; title_level=&#8220;h4&#8243; caption_text_color=&#8220;#000000&#8243; pagination_font=&#8220;||||||||&#8220; pagination_text_color=&#8220;#000000&#8243; custom_css_free_form=&#8220;.mfp-title { display: none !important; }&#8220; global_colors_info=&#8220;{}&#8220;][\/et_pb_gallery][\/et_pb_column][\/et_pb_row][\/et_pb_section][et_pb_section fb_built=&#8220;1&#8243; _builder_version=&#8220;4.27.4&#8243; _module_preset=&#8220;default&#8220; background_enable_color=&#8220;off&#8220; global_colors_info=&#8220;{}&#8220;][et_pb_row _builder_version=&#8220;4.27.4&#8243; _module_preset=&#8220;default&#8220; width=&#8220;100%&#8220; custom_padding=&#8220;0px||0px||false|false&#8220; global_colors_info=&#8220;{}&#8220;][et_pb_column type=&#8220;4_4&#8243; _builder_version=&#8220;4.27.0&#8243; _module_preset=&#8220;default&#8220; global_colors_info=&#8220;{}&#8220;][et_pb_code _builder_version=&#8220;4.27.4&#8243; _module_preset=&#8220;default&#8220; text_orientation=&#8220;center&#8220; hover_enabled=&#8220;0&#8243; global_colors_info=&#8220;{}&#8220; sticky_enabled=&#8220;0&#8243;]<div  data-label=\"program\" data-id=\"content--3\" data-export-id=\"content-6-materialis\" data-category=\"content\" class=\"content-6m content-section-spacing-large content-section\" id=\"program\" style=\"background-color: rgba(255, 255, 255, 0.953); background-image: url(\"https:\/\/inspirujmese.eu\/2011\/obrazky\/20211005_092955.jpg\"); background-size: cover; background-position: center top;\" data-section-ov=\"1\"><div  class=\"gridContainer\"> <div  class=\"row\"><div  class=\"section-title-col large\" data-type=\"column\"> <h2  class=\"space-bottom\"><span  style=\"font-weight: 500;\">PROGRAM<span  id=\"_mce_caret\" data-mce-bogus=\"1\" data-mce-type=\"format-caret\"><\/span><\/span><\/h2><\/div><\/div><!-- [et_pb_line_break_holder] --><!-- [et_pb_line_break_holder] --><!-- [et_pb_line_break_holder] --><div style=\"color: #000000; font-size: 18px; font-family: Calibri; text-align: left; margin-top: 10px; margin-bottom: 20px;\"><strong>ST\u0158EDA 30. LISTOPADU<\/strong><\/div><!-- [et_pb_line_break_holder] --><div style=\"color: #000000; font-size: 18px; font-family: Calibri; text-align: left; margin-top: 10px; margin-bottom: 10px;\"><strong>09:00 \u2013 10:00 Registrace<\/strong><\/div><!-- [et_pb_line_break_holder] --><div style=\"color: #000000; font-size: 18px; font-family: Calibri; text-align: left; margin-top: 10px; margin-bottom: 10px;\"><strong>10:00 \u2013 10:30 Zah\u00e1jen\u00ed akce<!\u2013- [et_pb_br_holder] -\u2013><\/strong><\/div><!-- [et_pb_line_break_holder] --><div style=\"color: #000000; font-size: 18px; font-family: Calibri; text-align: left; margin-top: 10px; margin-bottom: 0px;\"><strong>\u00davodn\u00ed slovo<!\u2013- [et_pb_br_holder] -\u2013><\/strong><\/div><!-- [et_pb_line_break_holder] --><div style=\"color: #000000; font-size: 18px; font-family: Calibri; text-align: left; margin-top: 0px;\"><em>Tom\u00e1\u0161 Vrb\u00edk, Ministerstvo \u017eivotn\u00edho prost\u0159ed\u00ed<\/em><\/div><!-- [et_pb_line_break_holder] --><div style=\"color: #000000; font-size: 18px; font-family: Calibri; text-align: left; margin-top: 10px;\"><strong><a href=\"https:\/\/inspirujmese.eu\/2011\/prezentace\/2011_02_anatomie_cloudu_v_podaani_ibm.pdf?_t=1757948758\" target=\"_blank\" rel=\"noopener noreferrer\">Anatomie cloudu v pojet\u00ed IBM<\/a><\/strong><\/div><!-- [et_pb_line_break_holder] --><div style=\"color: #000000; font-size: 18px; font-family: Calibri; text-align: left; margin-top: 0px;\"><em>M. Votava, IBM \u010cesk\u00e1 republika<\/em><\/div><!-- [et_pb_line_break_holder] --><div style=\"color: #000000; font-size: 18px; font-family: Calibri; text-align: left; margin-top: 10px;\"><strong><a href=\"https:\/\/inspirujmese.eu\/2011\/prezentace\/2011_03_hsrs_reseni_pro_vasi_budoucnost.pdf?_t=1757948767\" target=\"_blank\" rel=\"noopener noreferrer\">HSRS \u0159e\u0161en\u00ed pro va\u0161i budoucnost<\/a><\/strong><\/div><!-- [et_pb_line_break_holder] --><div style=\"color: #000000; font-size: 18px; font-family: Calibri; text-align: left; margin-top: 0px;\"><em>Karel Charv\u00e1t, Help service remote sensing s.r.o.<\/em><\/div><!-- [et_pb_line_break_holder] --><div style=\"color: #000000; font-size: 18px; font-family: Calibri; text-align: left; margin-top: 10px; margin-bottom: 10px;\"><strong>10:30 \u2013 12:00 INSPIRE slu\u017eby<\/strong><\/div><!-- [et_pb_line_break_holder] --><div style=\"color: #000000; font-size: 18px; font-family: Calibri; text-align: left; margin-top: 10px;\"><strong><a href=\"https:\/\/inspirujmese.eu\/2011\/prezentace\/2011_04_sluzby_pro_inspire.pdf?_t=1757948776\" target=\"_blank\" rel=\"noopener noreferrer\">Slu\u017eby pro INSPIRE \u2013 pro\u010d a jak?<\/a><\/strong><\/div><!-- [et_pb_line_break_holder] --><div style=\"color: #000000; font-size: 18px; font-family: Calibri; text-align: left; margin-top: 0px;\"><em>Ji\u0159\u00ed Kvapil, CENIA, \u010desk\u00e1 informa\u010dn\u00ed agentura \u017eivotn\u00edho prost\u0159ed\u00ed<\/em><\/div><!-- [et_pb_line_break_holder] --><div style=\"color: #000000; font-size: 18px; font-family: Calibri; text-align: left; margin-top: 10px;\"><strong><a href=\"https:\/\/inspirujmese.eu\/2011\/prezentace\/2011_05_geoportal_cuzk_transformace_souradnic.pdf?_t=1757948784\" target=\"_blank\" rel=\"noopener noreferrer\">Geoport\u00e1l \u010c\u00daZK \u2013 webov\u00e1 slu\u017eba transformace sou\u0159adnic<\/a><\/strong><\/div><!-- [et_pb_line_break_holder] --><div style=\"color: #000000; font-size: 18px; font-family: Calibri; text-align: left; margin-top: 0px;\"><em>Bohumil Vl\u010dek, \u010cesk\u00fd \u00fa\u0159ad zem\u011bm\u011b\u0159ick\u00fd a katastr\u00e1ln\u00ed<\/em><\/div><!-- [et_pb_line_break_holder] --><div style=\"color: #000000; font-size: 18px; font-family: Calibri; text-align: left; margin-top: 10px;\"><strong><a href=\"https:\/\/inspirujmese.eu\/2011\/prezentace\/2011_06_mapproxy.pdf?_t=1757948793\" target=\"_blank\" rel=\"noopener noreferrer\">Mapproxy \u2013 integr\u00e1cia webov\u00fdch mapov\u00fdch slu\u017eeb<\/a><\/strong><\/div><!-- [et_pb_line_break_holder] --><div style=\"color: #000000; font-size: 18px; font-family: Calibri; text-align: left; margin-top: 0px;\"><em>Peter Mozol\u00edk, Slovensk\u00e1 agent\u00fara \u017eivotn\u00e9ho prostredia<\/em><\/div><!-- [et_pb_line_break_holder] --><div style=\"color: #000000; font-size: 18px; font-family: Calibri; text-align: left; margin-top: 10px;\"><strong><a href=\"https:\/\/inspirujmese.eu\/2011\/prezentace\/2011_07_webova_sluzby_a_portaly.pdf?_t=1757948801\" target=\"_blank\" rel=\"noopener noreferrer\">Webov\u00e9 slu\u017eby a port\u00e1ly &#8211; inspirace nejen pro \u010cR<\/a><\/strong><\/div><!-- [et_pb_line_break_holder] --><div style=\"color: #000000; font-size: 18px; font-family: Calibri; text-align: left; margin-top: 0px;\"><em>K. Charv\u00e1t, \u0160. Kafka, J. \u010cepick\u00fd, M. \u0160r\u00e9dl,P. Vohnout, J. Je\u017eek, M. Kepka, M. Vlk, Help Service Remote Sensing s. r. o.<\/em><\/div><!-- [et_pb_line_break_holder] --><div style=\"color: #000000; font-size: 18px; font-family: Calibri; text-align: left; margin-top: 20px; margin-bottom: 20px;\"><strong>12:00 \u2013 13:30 Ob\u011bd<\/strong><\/div><!-- [et_pb_line_break_holder] --><div style=\"color: #000000; font-size: 18px; font-family: Calibri; text-align: left; margin-top: 10px; margin-bottom: 0px;\"><strong>13:30 \u2013 15:00 INSPIRE Data I. \u2013 Mo\u017enosti elektronick\u00e9ho vzd\u011bl\u00e1v\u00e1n\u00ed v oblasti Sm\u011brnice INSPIRE II.<!\u2013- [et_pb_br_holder] -\u2013><\/strong><\/div><!-- [et_pb_line_break_holder] --><div style=\"color: #000000; font-size: 18px; font-family: Calibri; text-align: left; margin-top: 10px;\"><strong><a href=\"https:\/\/inspirujmese.eu\/2011\/prezentace\/2011_08_jak_cist_ds_inspire.pdf?_t=1757948810\" target=\"_blank\" rel=\"noopener noreferrer\">Jak \u010d\u00edst datov\u00e9 specifikace INSPIRE<\/a><\/strong><\/div><!-- [et_pb_line_break_holder] --><div style=\"color: #000000; font-size: 18px; font-family: Calibri; text-align: left; margin-top: 0px;\"><em>Z. \u0160t\u011brba, R. \u0160tampach, P. Kub\u00ed\u010dek, Masarykova univerzita Brno<\/em><\/div><!-- [et_pb_line_break_holder] --><div style=\"color: #000000; font-size: 18px; font-family: Calibri; text-align: left; margin-top: 10px;\"><strong><a href=\"https:\/\/inspirujmese.eu\/2011\/prezentace\/2011_09_senzorova_pozorovani_a_inspire.pdf?_t=1757948819\" target=\"_blank\" rel=\"noopener noreferrer\">Senzorov\u00e1 pozorov\u00e1n\u00ed a INSPIRE<\/a><\/strong><\/div><!-- [et_pb_line_break_holder] --><div style=\"color: #000000; font-size: 18px; font-family: Calibri; text-align: left; margin-top: 0px;\"><em>P. Duda, R. \u0160tampach, Masarykova univerzita Brno<\/em><\/div><!-- [et_pb_line_break_holder] --><!-- [et_pb_line_break_holder] --><div style=\"color: #000000; font-size: 18px; font-family: Calibri; text-align: left; margin-top: 20px; margin-bottom: 20px;\"><strong>15:00 \u2013 15:30 P\u0159est\u00e1vka<\/strong><\/div><!-- [et_pb_line_break_holder] --><div style=\"color: #000000; font-size: 18px; font-family: Calibri; text-align: left; margin-top: 10px; margin-bottom: 10px;\"><strong>13:30 \u2013 15:00 INSPIRE Data II. \u2013 Testov\u00e1n\u00ed datov\u00fdch specifikac\u00ed p\u0159\u00edlohy II a III<!\u2013- [et_pb_br_holder] -\u2013><\/strong><\/div><!-- [et_pb_line_break_holder] --><div style=\"color: #000000; font-size: 18px; font-family: Calibri; text-align: left; margin-top: 10px;\"><strong><a href=\"https:\/\/inspirujmese.eu\/2011\/prezentace\/2011_10_jrc_stav_tvorby_specifikaci_dat.pdf?_t=1757948827\" target=\"_blank\" rel=\"noopener noreferrer\">Videop\u0159enos: Testov\u00e1n\u00ed a odborn\u00e1 konzultace specifikac\u00ed dat P\u0159\u00edloh II a III z pohledu JRC<\/a><\/strong><\/div><!-- [et_pb_line_break_holder] --><div style=\"color: #000000; font-size: 18px; font-family: Calibri; text-align: left; margin-top: 0px;\"><em>Tom\u00e1\u0161 \u0158ezn\u00edk, Robert Tomas, Martin Tuchy\u0148a, Joint Research Centre<\/em><\/div><!-- [et_pb_line_break_holder] --><div style=\"color: #000000; font-size: 18px; font-family: Calibri; text-align: left; margin-top: 10px;\"><strong><a href=\"https:\/\/inspirujmese.eu\/2011\/prezentace\/2011_11_testovani_dat_prilohy_iii.pdf?_t=1757948834\" target=\"_blank\" rel=\"noopener noreferrer\">Testov\u00e1n\u00ed dat p\u0159\u00edlohy III &#8211; stanovi\u0161t\u011b a biotopy, rozlo\u017een\u00ed druh\u016f, bioregiony<\/a><\/strong><\/div><!-- [et_pb_line_break_holder] --><div style=\"color: #000000; font-size: 18px; font-family: Calibri; text-align: left; margin-top: 0px;\"><em>Martin Ko\u0161ka, Slovensk\u00e1 agent\u00fara \u017eivotn\u00e9ho prostredia<\/em><\/div><!-- [et_pb_line_break_holder] --><div style=\"color: #000000; font-size: 18px; font-family: Calibri; text-align: left; margin-top: 10px;\"><strong><a href=\"https:\/\/inspirujmese.eu\/2011\/prezentace\/2011_12_testovani_ds_land_use.pdf?_t=1757948843\" target=\"_blank\" rel=\"noopener noreferrer\">Testov\u00e1n\u00ed datov\u00fdch specifikac\u00ed v r\u00e1mci Technick\u00e9 pracovn\u00ed skupiny Data \u2013 Land Use<\/a><\/strong><\/div><!-- [et_pb_line_break_holder] --><div style=\"color: #000000; font-size: 18px; font-family: Calibri; text-align: left; margin-top: 0px;\"><em>Bohdan Baron, \u00daRM hl. m. Praha<\/em><\/div><!-- [et_pb_line_break_holder] --><div style=\"color: #000000; font-size: 18px; font-family: Calibri; text-align: left;\"><!-- [et_pb_line_break_holder] --><div style=\"color: #000000; font-size: 18px; font-family: Calibri; text-align: left; margin-top: 20px; margin-bottom: 20px;\"><strong>17:00 \u2013 17:30 P\u0159est\u00e1vka<\/strong><\/div><!-- [et_pb_line_break_holder] --><div style=\"color: #000000; font-size: 18px; font-family: Calibri; text-align: left; margin-top: 10px; margin-bottom: 10px;\"><strong>17:30 \u2013 19:00 Strategie implementace INSPIRE<!\u2013- [et_pb_br_holder] -\u2013><\/strong><\/div><!-- [et_pb_line_break_holder] --><div style=\"color: #000000; font-size: 18px; font-family: Calibri; text-align: left; margin-top: 10px;\"><strong><a href=\"https:\/\/inspirujmese.eu\/2011\/prezentace\/2011_13_strategie_implementace_inspire_slovensko.pdf?_t=1757948851\" target=\"_blank\" rel=\"noopener noreferrer\">Strategie implementace INSPIRE na Slovensku<\/a><\/strong><\/div><!-- [et_pb_line_break_holder] --><div style=\"color: #000000; font-size: 18px; font-family: Calibri; text-align: left; margin-top: 0px;\"><em>Marek \u017dia\u010dik, Slovensk\u00e1 agent\u00fara \u017eivotn\u00e9ho prostredia<\/em><\/div><!-- [et_pb_line_break_holder] --><div style=\"color: #000000; font-size: 18px; font-family: Calibri; text-align: left; margin-top: 10px;\"><strong><a href=\"https:\/\/inspirujmese.eu\/2011\/prezentace\/2011_14_data_k_uziti_cr.pdf?_t=1757948858\" target=\"_blank\" rel=\"noopener noreferrer\">Data k u\u017eit\u00ed &#8211; aneb jak jsme na tom v \u010cech\u00e1ch<\/a><\/strong><\/div><!-- [et_pb_line_break_holder] --><div style=\"color: #000000; font-size: 18px; font-family: Calibri; text-align: left; margin-top: 0px;\"><em>Jarmila Cik\u00e1nkov\u00e1, Renata Hor\u00e1kov\u00e1, Jitka Faugnerov\u00e1, Pavl\u00edna Slav\u00edkov\u00e1, Ji\u0159\u00ed Hradec CENIA, \u010desk\u00e1 informa\u010dn\u00ed agentura \u017eivotn\u00edho prost\u0159ed\u00ed<\/em><\/div><!-- [et_pb_line_break_holder] --><div style=\"color: #000000; font-size: 18px; font-family: Calibri; text-align: left; margin-top: 10px;\"><strong>19:00 \u2013 23:00 Ukon\u010den\u00ed akce, spole\u010densk\u00fd ve\u010der<!\u2013- [et_pb_br_holder] -\u2013><\/strong><\/div><!-- [et_pb_line_break_holder] --><div style=\"color: #000000; font-size: 18px; font-family: Calibri; text-align: left;\">\u00a0<\/div><!-- [et_pb_line_break_holder] -->[\/et_pb_code][\/et_pb_column][\/et_pb_row][\/et_pb_section]","protected":false},"excerpt":{"rendered":"<p>2011 \u2013 INSPIRUJME SE\u2026 POT\u0158EBAMI O KONFERENCI Dne 30. listopadu 2011 prob\u011bhla v pr\u016fhonick\u00e9m centru FLORET konference Inspirujme se\u2026 pot\u0159ebami. Konference byla tentokr\u00e1t zam\u011b\u0159ena na napl\u0148ov\u00e1n\u00ed pot\u0159eb v\u0161ech b\u011b\u017en\u00fdch \u201enegisov\u00fdch\u201c u\u017eivatel\u016f, v\u0161ech t\u011bch, kte\u0159\u00ed nepot\u0159ebuj\u00ed kompatibiln\u00ed data a slu\u017eby, ale \u017e\u00e1daj\u00ed konzistentn\u00ed informaci zalo\u017eenou na datech. Samoz\u0159ejm\u011b jsme se v\u011bnovali tak\u00e9 souladu s INSPIRE a [&hellip;]<\/p>\n","protected":false},"author":5,"featured_media":0,"parent":0,"menu_order":0,"comment_status":"closed","ping_status":"closed","template":"","meta":{"_et_pb_use_builder":"on","_et_pb_old_content":"","_et_gb_content_width":"","footnotes":""},"folder":[],"class_list":["post-3382","page","type-page","status-publish","hentry"],"_links":{"self":[{"href":"https:\/\/inspirujmese.eu\/sk\/wp-json\/wp\/v2\/pages\/3382","targetHints":{"allow":["GET"]}}],"collection":[{"href":"https:\/\/inspirujmese.eu\/sk\/wp-json\/wp\/v2\/pages"}],"about":[{"href":"https:\/\/inspirujmese.eu\/sk\/wp-json\/wp\/v2\/types\/page"}],"author":[{"embeddable":true,"href":"https:\/\/inspirujmese.eu\/sk\/wp-json\/wp\/v2\/users\/5"}],"replies":[{"embeddable":true,"href":"https:\/\/inspirujmese.eu\/sk\/wp-json\/wp\/v2\/comments?post=3382"}],"version-history":[{"count":7,"href":"https:\/\/inspirujmese.eu\/sk\/wp-json\/wp\/v2\/pages\/3382\/revisions"}],"predecessor-version":[{"id":4075,"href":"https:\/\/inspirujmese.eu\/sk\/wp-json\/wp\/v2\/pages\/3382\/revisions\/4075"}],"wp:attachment":[{"href":"https:\/\/inspirujmese.eu\/sk\/wp-json\/wp\/v2\/media?parent=3382"}],"wp:term":[{"taxonomy":"folder","embeddable":true,"href":"https:\/\/inspirujmese.eu\/sk\/wp-json\/wp\/v2\/folder?post=3382"}],"curies":[{"name":"wp","href":"https:\/\/api.w.org\/{rel}","templated":true}]}}