{"id":4446,"date":"2026-03-05T13:08:12","date_gmt":"2026-03-05T12:08:12","guid":{"rendered":"https:\/\/inspirujmese.eu\/?page_id=4446"},"modified":"2026-03-05T15:00:18","modified_gmt":"2026-03-05T14:00:18","slug":"geoportal-2-0-aktualizace-uzivatelskych-pozadavku","status":"publish","type":"page","link":"https:\/\/inspirujmese.eu\/sk\/geoportal-2-0-aktualizace-uzivatelskych-pozadavku\/","title":{"rendered":"GEOPORT\u00c1L 2.0 \u2013 AKTUALIZACE U\u017dIVATELSK\u00ddCH PO\u017dADAVK\u016e"},"content":{"rendered":"<p>[et_pb_section fb_built=&#8220;1&#8243; _builder_version=&#8220;4.27.5&#8243; _module_preset=&#8220;default&#8220; background_color=&#8220;RGBA(255,255,255,0)&#8220; global_colors_info=&#8220;{}&#8220;][et_pb_row _builder_version=&#8220;4.27.0&#8243; _module_preset=&#8220;default&#8220; global_colors_info=&#8220;{}&#8220;][et_pb_column type=&#8220;4_4&#8243; _builder_version=&#8220;4.27.0&#8243; _module_preset=&#8220;default&#8220; global_colors_info=&#8220;{}&#8220;][et_pb_text _builder_version=&#8220;4.27.5&#8243; _module_preset=&#8220;default&#8220; header_font=&#8220;|||on|||||&#8220; header_text_color=&#8220;#FFFFFF&#8220; header_font_size=&#8220;37px&#8220; header_line_height=&#8220;1.4em&#8220; header_font_size_tablet=&#8220;37px&#8220; header_font_size_phone=&#8220;29px&#8220; header_font_size_last_edited=&#8220;on|phone&#8220; global_colors_info=&#8220;{}&#8220;]<\/p>\n<h1 style=\"text-align: center;\">GEOPORT\u00c1L 2.0 \u2013 AKTUALIZACE U\u017dIVATELSK\u00ddCH PO\u017dADAVK\u016e<\/h1>\n<p>[\/et_pb_text][\/et_pb_column][\/et_pb_row][\/et_pb_section][et_pb_section fb_built=&#8220;1&#8243; _builder_version=&#8220;4.27.5&#8243; _module_preset=&#8220;default&#8220; background_color=&#8220;#d5d9db&#8220; global_colors_info=&#8220;{}&#8220;][et_pb_row column_structure=&#8220;1_2,1_2&#8243; _builder_version=&#8220;4.27.0&#8243; _module_preset=&#8220;default&#8220; global_colors_info=&#8220;{}&#8220;][et_pb_column type=&#8220;1_2&#8243; _builder_version=&#8220;4.27.0&#8243; _module_preset=&#8220;default&#8220; custom_padding=&#8220;|0px|||false|false&#8220; global_colors_info=&#8220;{}&#8220;][et_pb_button button_url=&#8220;https:\/\/www.youtube.com\/watch?v=7AcTYJJST14&#8243; url_new_window=&#8220;on&#8220; button_text=&#8220;VIDEOZ\u00c1ZNAM&#8220; button_alignment=&#8220;right&#8220; button_alignment_tablet=&#8220;right&#8220; button_alignment_phone=&#8220;center&#8220; button_alignment_last_edited=&#8220;on|phone&#8220; _builder_version=&#8220;4.27.5&#8243; _module_preset=&#8220;default&#8220; custom_button=&#8220;on&#8220; button_text_size=&#8220;14px&#8220; button_text_color=&#8220;#000000&#8243; button_bg_color=&#8220;RGBA(255,255,255,0)&#8220; button_border_radius=&#8220;3px&#8220; button_letter_spacing=&#8220;0px&#8220; button_font=&#8220;&#8211;et_global_heading_font||||||||&#8220; button_icon=&#8220;&#xf03d;||fa||900&#8243; button_icon_placement=&#8220;left&#8220; button_on_hover=&#8220;off&#8220; background_layout=&#8220;dark&#8220; custom_margin=&#8220;|-25px|||false|false&#8220; custom_margin_tablet=&#8220;|-25px|||false|false&#8220; custom_margin_phone=&#8220;|0px|||false|false&#8220; custom_margin_last_edited=&#8220;on|phone&#8220; custom_padding=&#8220;||||false|false&#8220; global_colors_info=&#8220;{}&#8220; button_border_color__hover_enabled=&#8220;off|desktop&#8220;][\/et_pb_button][\/et_pb_column][et_pb_column type=&#8220;1_2&#8243; _builder_version=&#8220;4.27.0&#8243; _module_preset=&#8220;default&#8220; custom_padding=&#8220;|||0px|false|false&#8220; global_colors_info=&#8220;{}&#8220;][et_pb_button button_url=&#8220;https:\/\/inspirujmese.eu\/souvisejici-akce\/GEOPORTAL-2.0-%E2%80%93-AKTUALIZACE-UZIVATELSKYCH-POZADAVKU-4.-1.-2023.pdf?_t=1772711470&#8243; button_text=&#8220;PREZENTACE&#8220; button_alignment=&#8220;left&#8220; button_alignment_tablet=&#8220;left&#8220; button_alignment_phone=&#8220;center&#8220; button_alignment_last_edited=&#8220;on|phone&#8220; _builder_version=&#8220;4.27.5&#8243; _module_preset=&#8220;default&#8220; custom_button=&#8220;on&#8220; button_text_size=&#8220;14px&#8220; button_text_color=&#8220;#000000&#8243; button_bg_color=&#8220;RGBA(255,255,255,0)&#8220; button_font=&#8220;&#8211;et_global_heading_font||||||||&#8220; background_layout=&#8220;dark&#8220; custom_margin=&#8220;|||-25px|false|false&#8220; custom_margin_tablet=&#8220;|||-25px|false|false&#8220; custom_margin_phone=&#8220;|||0px|false|false&#8220; custom_margin_last_edited=&#8220;on|phone&#8220; global_colors_info=&#8220;{}&#8220;][\/et_pb_button][\/et_pb_column][\/et_pb_row][et_pb_row _builder_version=&#8220;4.27.0&#8243; _module_preset=&#8220;default&#8220; global_colors_info=&#8220;{}&#8220;][et_pb_column type=&#8220;4_4&#8243; _builder_version=&#8220;4.27.0&#8243; _module_preset=&#8220;default&#8220; global_colors_info=&#8220;{}&#8220;][et_pb_text content_tablet=&#8220;<\/p>\n<div class=%22row col-xs-12%22>\n<div class=%22section-title-col content-center-sm%22 data-type=%22column%22>\n<h2 class=%22%22 style=%22text-align: center;%22><span>O KONFERENCI<\/span><\/h2>\n<p><span><\/span><\/p>\n<p class=%22lead%22 style=%22text-align: center;%22><strong>Zveme v\u00e1s na konferenci \u201eCopernicus forum a Inspirujme se 2023\u201c, kter\u00e1 se uskute\u010dn\u00ed ve dnech 29. \u2013 30. 11. 2023 ve Hv\u011bzd\u00e1rn\u011b a planet\u00e1riu Brno.<\/strong><span><\/span><\/p>\n<p class=%22lead%22 style=%22text-align: center;%22><strong><\/strong><\/p>\n<\/div>\n<\/div>\n<div class=%22row col-xs-12%22>\n<div class=%22button-holder space-bottom space-bottom-small content-center-sm%22 data-type=%22column%22>\n<p class=%22lead%22 style=%22text-align: center;%22><span>Evropsk\u00e1 unie i v dne\u0161n\u00ed dob\u011b pln\u00e9 nejistoty podporuje vyu\u017e\u00edv\u00e1n\u00ed modern\u00edch technologi\u00ed a lidsk\u00e9ho potenci\u00e1lu pro podporu sb\u011bru, tvorby a vyu\u017e\u00edv\u00e1n\u00ed dat o planet\u011b Zemi.<\/span><br \/><span>Program Copernicus zam\u011b\u0159en\u00fd na d\u00e1lkov\u00fd pr\u016fzkum Zem\u011b a infrastruktura INSPIRE adresuj\u00edc\u00ed harmonizovan\u00e9 sd\u00edlen\u00ed prostorov\u00fdch dat pat\u0159\u00ed mezi d\u016fle\u017eit\u00e9 iniciativy \u0159\u00edzen\u00e9 a podporovan\u00e9 Evropskou komis\u00ed ve spolupr\u00e1ci s Evropskou vesm\u00edrnou agenturou (ESA), Evropskou agenturou \u017eivotn\u00edho prost\u0159ed\u00ed (EEA), Evropskou organizac\u00ed pro vyu\u017e\u00edv\u00e1n\u00ed meteorologick\u00fdch dru\u017eic (EUMETSAT), Evropsk\u00fdm centrem pro st\u0159edn\u011bdobou p\u0159edpov\u011b\u010f po\u010das\u00ed (ECMWF) a dal\u0161\u00edmi institucemi.<\/span><br \/><span>Ob\u011b iniciativy vznikly za \u00fa\u010delem chr\u00e1nit \u017eivotn\u00ed prost\u0159ed\u00ed vyu\u017e\u00edv\u00e1n\u00edm dostate\u010dn\u00e9ho mno\u017estv\u00ed harmonizovan\u00fdch dat, kter\u00e1 jsou pro ochranu planety nezbytn\u00e9. Spojen\u00e1 konference organizov\u00e1na pod nejv\u011bt\u0161\u00ed akc\u00ed zam\u011b\u0159enou na kosmick\u00fd pr\u016fmysl Czech Space Week proto p\u0159irozen\u011b vytv\u00e1\u0159\u00ed prost\u0159ed\u00ed pro propojen\u00ed komunit a hled\u00e1n\u00ed synergi\u00ed mezi potenci\u00e1ly a v\u00fdzvami obou iniciativ.<\/span><br \/><span>V\u011b\u0159\u00edme, \u017ee tato akce p\u0159inese \u00fa\u010dastn\u00edk\u016fm novou inspiraci a poskytne p\u0159\u00edle\u017eitost pro nov\u00e9 formy spolupr\u00e1ce. Leto\u0161n\u00ed ro\u010dn\u00edk spojen\u00fdch konferenc\u00ed \u010cesk\u00e9 u\u017eivatelsk\u00e9 f\u00f3rum Copernicus a Inspirujme se tak\u00e9 poprv\u00e9 prob\u011bhne na p\u016fl cesty mezi \u010deskou a slovenskou komunitou v inspirativn\u00edm prost\u0159ed\u00ed Hv\u011bzd\u00e1rny a planet\u00e1ria v Brn\u011b.<\/span><br \/><span>Samotn\u00e1 konference v r\u00e1mci nov\u00e9ho konceptu nab\u00eddne dva dny rozd\u011blen\u00e9 dle t\u00e9mat, ka\u017ed\u00e9 z nich bude m\u00edt sv\u016fj konferen\u010dn\u00ed den a den pouze pro workshopy. Program Copernicus dostane prostor pro p\u0159edn\u00e1\u0161ky v prvn\u00edm dni, druh\u00fd den bude zam\u011b\u0159en na praktick\u00e9 workshopy. INSPIRE prob\u011bhne naopak. V nult\u00e9m dni (tedy 28. 11. 2023) pro v\u00e1s tak\u00e9 chyst\u00e1me kulturn\u00ed program.<\/span><\/p>\n<\/div>\n<\/div>\n<p>&#8220; content_phone=&#8220;<\/p>\n<div class=%22row col-xs-12%22>\n<div class=%22section-title-col content-center-sm%22 data-type=%22column%22>\n<h3 style=%22text-align: center;%22><span>O KONFERENCI<\/span><\/h3>\n<p><span><\/span><\/p>\n<p class=%22lead%22 style=%22text-align: center;%22><strong>Zveme v\u00e1s na konferenci \u201eCopernicus forum a Inspirujme se 2023\u201c, kter\u00e1 se uskute\u010dn\u00ed ve dnech 29. \u2013 30. 11. 2023 ve Hv\u011bzd\u00e1rn\u011b a planet\u00e1riu Brno.<\/strong><span><\/span><\/p>\n<p class=%22lead%22 style=%22text-align: center;%22><strong><\/strong><\/p>\n<\/div>\n<\/div>\n<div class=%22row col-xs-12%22>\n<div class=%22button-holder space-bottom space-bottom-small content-center-sm%22 data-type=%22column%22>\n<p class=%22lead%22 style=%22text-align: center;%22><span>Evropsk\u00e1 unie i v dne\u0161n\u00ed dob\u011b pln\u00e9 nejistoty podporuje vyu\u017e\u00edv\u00e1n\u00ed modern\u00edch technologi\u00ed a lidsk\u00e9ho potenci\u00e1lu pro podporu sb\u011bru, tvorby a vyu\u017e\u00edv\u00e1n\u00ed dat o planet\u011b Zemi.<\/span><br \/><span>Program Copernicus zam\u011b\u0159en\u00fd na d\u00e1lkov\u00fd pr\u016fzkum Zem\u011b a infrastruktura INSPIRE adresuj\u00edc\u00ed harmonizovan\u00e9 sd\u00edlen\u00ed prostorov\u00fdch dat pat\u0159\u00ed mezi d\u016fle\u017eit\u00e9 iniciativy \u0159\u00edzen\u00e9 a podporovan\u00e9 Evropskou komis\u00ed ve spolupr\u00e1ci s Evropskou vesm\u00edrnou agenturou (ESA), Evropskou agenturou \u017eivotn\u00edho prost\u0159ed\u00ed (EEA), Evropskou organizac\u00ed pro vyu\u017e\u00edv\u00e1n\u00ed meteorologick\u00fdch dru\u017eic (EUMETSAT), Evropsk\u00fdm centrem pro st\u0159edn\u011bdobou p\u0159edpov\u011b\u010f po\u010das\u00ed (ECMWF) a dal\u0161\u00edmi institucemi.<\/span><br \/><span>Ob\u011b iniciativy vznikly za \u00fa\u010delem chr\u00e1nit \u017eivotn\u00ed prost\u0159ed\u00ed vyu\u017e\u00edv\u00e1n\u00edm dostate\u010dn\u00e9ho mno\u017estv\u00ed harmonizovan\u00fdch dat, kter\u00e1 jsou pro ochranu planety nezbytn\u00e9. Spojen\u00e1 konference organizov\u00e1na pod nejv\u011bt\u0161\u00ed akc\u00ed zam\u011b\u0159enou na kosmick\u00fd pr\u016fmysl Czech Space Week proto p\u0159irozen\u011b vytv\u00e1\u0159\u00ed prost\u0159ed\u00ed pro propojen\u00ed komunit a hled\u00e1n\u00ed synergi\u00ed mezi potenci\u00e1ly a v\u00fdzvami obou iniciativ.<\/span><br \/><span>V\u011b\u0159\u00edme, \u017ee tato akce p\u0159inese \u00fa\u010dastn\u00edk\u016fm novou inspiraci a poskytne p\u0159\u00edle\u017eitost pro nov\u00e9 formy spolupr\u00e1ce. Leto\u0161n\u00ed ro\u010dn\u00edk spojen\u00fdch konferenc\u00ed \u010cesk\u00e9 u\u017eivatelsk\u00e9 f\u00f3rum Copernicus a Inspirujme se tak\u00e9 poprv\u00e9 prob\u011bhne na p\u016fl cesty mezi \u010deskou a slovenskou komunitou v inspirativn\u00edm prost\u0159ed\u00ed Hv\u011bzd\u00e1rny a planet\u00e1ria v Brn\u011b.<\/span><br \/><span>Samotn\u00e1 konference v r\u00e1mci nov\u00e9ho konceptu nab\u00eddne dva dny rozd\u011blen\u00e9 dle t\u00e9mat, ka\u017ed\u00e9 z nich bude m\u00edt sv\u016fj konferen\u010dn\u00ed den a den pouze pro workshopy. Program Copernicus dostane prostor pro p\u0159edn\u00e1\u0161ky v prvn\u00edm dni, druh\u00fd den bude zam\u011b\u0159en na praktick\u00e9 workshopy. INSPIRE prob\u011bhne naopak. V nult\u00e9m dni (tedy 28. 11. 2023) pro v\u00e1s tak\u00e9 chyst\u00e1me kulturn\u00ed program.<\/span><\/p>\n<\/div>\n<\/div>\n<p>&#8220; content_last_edited=&#8220;off|desktop&#8220; _builder_version=&#8220;4.27.5&#8243; _module_preset=&#8220;default&#8220; text_font=&#8220;&#8211;et_global_body_font|300|||||||&#8220; text_text_color=&#8220;#FFFFFF&#8220; text_font_size=&#8220;15px&#8220; text_line_height=&#8220;2em&#8220; header_font=&#8220;Roboto||||||||&#8220; header_2_font=&#8220;&#8211;et_global_heading_font||||on|||#FFFFFF|&#8220; header_2_text_color=&#8220;#FFFFFF&#8220; header_2_font_size=&#8220;44px&#8220; header_3_text_color=&#8220;#FFFFFF&#8220; header_3_font_size=&#8220;30px&#8220; hover_enabled=&#8220;0&#8243; text_font_size_tablet=&#8220;15px&#8220; text_font_size_phone=&#8220;12px&#8220; text_font_size_last_edited=&#8220;on|phone&#8220; content_sk_sk=&#8220;<\/p>\n<div class=%22row col-xs-12%22>\n<div class=%22section-title-col content-center-sm%22 data-type=%22column%22>\n<h2 class=%22%22 style=%22text-align: center;%22><span>O KONFERENCI<\/span><\/h2>\n<p><span><\/span><\/p>\n<p class=%22lead%22 style=%22text-align: center;%22><strong>Zveme v\u00e1s na konferenci \u201eCopernicus forum a Inspirujme se 2023\u201c, kter\u00e1 se uskute\u010dn\u00ed ve dnech 29. \u2013 30. 11. 2023 ve Hv\u011bzd\u00e1rn\u011b a planet\u00e1riu Brno.<\/strong><span><\/span><\/p>\n<p class=%22lead%22 style=%22text-align: center;%22><strong><\/strong><\/p>\n<\/div>\n<\/div>\n<div class=%22row col-xs-12%22>\n<div class=%22button-holder space-bottom space-bottom-small content-center-sm%22 data-type=%22column%22>\n<p class=%22lead%22 style=%22text-align: center;%22><span>Evropsk\u00e1 unie i v dne\u0161n\u00ed dob\u011b pln\u00e9 nejistoty podporuje vyu\u017e\u00edv\u00e1n\u00ed modern\u00edch technologi\u00ed a lidsk\u00e9ho potenci\u00e1lu pro podporu sb\u011bru, tvorby a vyu\u017e\u00edv\u00e1n\u00ed dat o planet\u011b Zemi.<\/span><br \/><span>Program Copernicus zam\u011b\u0159en\u00fd na d\u00e1lkov\u00fd pr\u016fzkum Zem\u011b a infrastruktura INSPIRE adresuj\u00edc\u00ed harmonizovan\u00e9 sd\u00edlen\u00ed prostorov\u00fdch dat pat\u0159\u00ed mezi d\u016fle\u017eit\u00e9 iniciativy \u0159\u00edzen\u00e9 a podporovan\u00e9 Evropskou komis\u00ed ve spolupr\u00e1ci s Evropskou vesm\u00edrnou agenturou (ESA), Evropskou agenturou \u017eivotn\u00edho prost\u0159ed\u00ed (EEA), Evropskou organizac\u00ed pro vyu\u017e\u00edv\u00e1n\u00ed meteorologick\u00fdch dru\u017eic (EUMETSAT), Evropsk\u00fdm centrem pro st\u0159edn\u011bdobou p\u0159edpov\u011b\u010f po\u010das\u00ed (ECMWF) a dal\u0161\u00edmi institucemi.<\/span><br \/><span>Ob\u011b iniciativy vznikly za \u00fa\u010delem chr\u00e1nit \u017eivotn\u00ed prost\u0159ed\u00ed vyu\u017e\u00edv\u00e1n\u00edm dostate\u010dn\u00e9ho mno\u017estv\u00ed harmonizovan\u00fdch dat, kter\u00e1 jsou pro ochranu planety nezbytn\u00e9. Spojen\u00e1 konference organizov\u00e1na pod nejv\u011bt\u0161\u00ed akc\u00ed zam\u011b\u0159enou na kosmick\u00fd pr\u016fmysl Czech Space Week proto p\u0159irozen\u011b vytv\u00e1\u0159\u00ed prost\u0159ed\u00ed pro propojen\u00ed komunit a hled\u00e1n\u00ed synergi\u00ed mezi potenci\u00e1ly a v\u00fdzvami obou iniciativ.<\/span><br \/><span>V\u011b\u0159\u00edme, \u017ee tato akce p\u0159inese \u00fa\u010dastn\u00edk\u016fm novou inspiraci a poskytne p\u0159\u00edle\u017eitost pro nov\u00e9 formy spolupr\u00e1ce. Leto\u0161n\u00ed ro\u010dn\u00edk spojen\u00fdch konferenc\u00ed \u010cesk\u00e9 u\u017eivatelsk\u00e9 f\u00f3rum Copernicus a Inspirujme se tak\u00e9 poprv\u00e9 prob\u011bhne na p\u016fl cesty mezi \u010deskou a slovenskou komunitou v inspirativn\u00edm prost\u0159ed\u00ed Hv\u011bzd\u00e1rny a planet\u00e1ria v Brn\u011b.<\/span><br \/><span>Samotn\u00e1 konference v r\u00e1mci nov\u00e9ho konceptu nab\u00eddne dva dny rozd\u011blen\u00e9 dle t\u00e9mat, ka\u017ed\u00e9 z nich bude m\u00edt sv\u016fj konferen\u010dn\u00ed den a den pouze pro workshopy. Program Copernicus dostane prostor pro p\u0159edn\u00e1\u0161ky v prvn\u00edm dni, druh\u00fd den bude zam\u011b\u0159en na praktick\u00e9 workshopy. INSPIRE prob\u011bhne naopak. V nult\u00e9m dni (tedy 28. 11. 2023) pro v\u00e1s tak\u00e9 chyst\u00e1me kulturn\u00ed program.<\/span><\/p>\n<\/div>\n<\/div>\n<p>&#8220; global_colors_info=&#8220;{}&#8220; sticky_enabled=&#8220;0&#8243;]<\/p>\n<div class=\"row col-xs-12\">\n<div class=\"section-title-col content-center-sm\" data-type=\"column\"><\/div>\n<\/div>\n<div class=\"row col-xs-12\">\n<div class=\"button-holder space-bottom space-bottom-small content-center-sm\" data-type=\"column\">\n<p class=\"lead\" style=\"text-align: left;\"><span style=\"color: #000000;\"><strong>\u010cesk\u00e1 informa\u010dn\u00ed agentura \u017eivotn\u00edho prost\u0159ed\u00ed (CENIA) zah\u00e1j\u00ed nov\u00fd rok aktualizac\u00ed u\u017eivatelsk\u00fdch po\u017eadavk\u016f ke geoport\u00e1lu.<\/strong><br \/>V t\u00e9to souvislosti bychom v\u00e1s r\u00e1di pozvali na semin\u00e1\u0159, kter\u00fd se uskute\u010dn\u00ed\u00a0<strong>dne 4. 1. 2023 v \u010dase 9:30\u201313:00 v budov\u011b CENIA, Moskevsk\u00e1 1523\/63, Praha 10<\/strong>, v m\u00edstnosti 514+515.<br \/>(V okol\u00ed budovy jsou placen\u00e9 parkovac\u00ed z\u00f3ny, nejbli\u017e\u0161\u00ed zast\u00e1vka MHD je Bohdalec nebo Koh-i-noor).<\/span><\/p>\n<p><span style=\"color: #000000;\"><strong>Na akci je nutn\u00e9 se zaregistrovat a vybrat prezen\u010dn\u00ed nebo on-line \u00fa\u010dast.<\/strong>\u00a0Upozor\u0148ujeme, \u017ee kapacita pro prezen\u010dn\u00ed \u00fa\u010dast bude omezena, po jej\u00edm vy\u010derp\u00e1n\u00ed budou \u00fa\u010dastn\u00edci automaticky registrov\u00e1ni pro \u00fa\u010dast on-line. Pro on-line \u00fa\u010dastn\u00edky bude vyu\u017eita platforma MS Teams,\u00a0<strong>link na sch\u016fzku bude zasl\u00e1n den p\u0159edem.<\/strong><\/span><\/p>\n<p><span style=\"color: #000000;\"><strong><\/strong><\/span><\/p>\n<p><span style=\"color: #000000;\"><strong><\/strong><\/span><\/p>\n<\/div>\n<\/div>\n<p>[\/et_pb_text][\/et_pb_column][\/et_pb_row][et_pb_row column_structure=&#8220;1_2,1_2&#8243; _builder_version=&#8220;4.27.5&#8243; _module_preset=&#8220;default&#8220; height=&#8220;45vh&#8220; custom_margin=&#8220;||||false|false&#8220; custom_padding=&#8220;||||false|false&#8220; global_colors_info=&#8220;{}&#8220;][et_pb_column type=&#8220;1_2&#8243; _builder_version=&#8220;4.27.5&#8243; _module_preset=&#8220;default&#8220; global_colors_info=&#8220;{}&#8220;][et_pb_text _builder_version=&#8220;4.27.5&#8243; _module_preset=&#8220;default&#8220; text_text_color=&#8220;#FFFFFF&#8220; hover_enabled=&#8220;0&#8243; global_colors_info=&#8220;{}&#8220; sticky_enabled=&#8220;0&#8243;]<\/p>\n<p><span style=\"color: #000000;\">Semin\u00e1\u0159 navazuje na akci, kter\u00e1 se konala ji\u017e v prosinci roku 2019. Tehdy byl jej\u00edm v\u00fdsledkem ucelen\u00fd\u00a0<strong><span style=\"text-decoration: underline;\"><span><a href=\"https:\/\/inspirujmese.cz\/wp-content\/uploads\/2022\/12\/Geoportal_Analyza_uzivatelskych_pozadavku.pdf\" target=\"_blank\" rel=\"noopener noreferrer\" class=\"\" style=\"color: #000000; text-decoration: underline;\">seznam u\u017eivatelsk\u00fdch po\u017eadavk\u016f<\/a><\/span><\/span><\/strong><span style=\"text-decoration: underline;\"><span>,<\/span><\/span> zpracovan\u00fdch z pohledu st\u00e1tn\u00ed spr\u00e1vy, samospr\u00e1vy, akademik\u016f a jednotliv\u00fdch u\u017eivatel\u016f. Jeliko\u017e u\u017e ub\u011bhly 3 roky, bylo by vhodn\u00e9 p\u016fvodn\u00ed seznam po\u017eadavk\u016f na geoport\u00e1l aktualizovat.<\/span><\/p>\n<p><span style=\"color: #000000;\"><strong>O \u010dem bychom cht\u011bli diskutovat:<\/strong><\/span><\/p>\n<p><span style=\"color: #000000;\">Pot\u0159ebuj\u00ed organizace ve\u0159ejn\u00e9 spr\u00e1vy sv\u00e9 geoport\u00e1ly?<\/span><\/p>\n<p><span style=\"color: #000000;\">Co jin\u00e9ho, krom\u011b obvykl\u00e9ho vyhled\u00e1n\u00ed dat a zobrazen\u00ed map, by m\u011bly geoport\u00e1ly um\u011bt?<\/span><\/p>\n<p><span style=\"color: #000000;\">Vyhovuje v\u00e1m sou\u010dasn\u00fd geoport\u00e1l?<\/span><\/p>\n<p><span style=\"color: #000000;\">N\u00e1stroje geoport\u00e1lu, kter\u00e9 byste rozhodn\u011b do budoucna nepot\u0159ebovali.<\/span><\/p>\n<p><span style=\"color: #000000;\">N\u00e1stroje geoport\u00e1lu, kter\u00e9 by i v budouc\u00edm \u0159e\u0161en\u00ed m\u011bly z\u016fstat.<\/span><\/p>\n<p>[\/et_pb_text][\/et_pb_column][et_pb_column type=&#8220;1_2&#8243; _builder_version=&#8220;4.27.5&#8243; _module_preset=&#8220;default&#8220; global_colors_info=&#8220;{}&#8220;][et_pb_image src=&#8220;https:\/\/inspirujmese.eu\/wp-content\/uploads\/2026\/03\/geoportal_stary.jpg&#8220; title_text=&#8220;geoportal_stary&#8220; _builder_version=&#8220;4.27.5&#8243; _module_preset=&#8220;default&#8220; border_radii=&#8220;on|11px|11px|11px|11px&#8220; global_colors_info=&#8220;{}&#8220;][\/et_pb_image][et_pb_text _builder_version=&#8220;4.27.5&#8243; _module_preset=&#8220;default&#8220; background_color=&#8220;#00717f&#8220; transform_translate=&#8220;56px|-544px&#8220; transform_translate_linked=&#8220;off&#8220; z_index=&#8220;-1&#8243; border_radii=&#8220;on|18px|18px|18px|18px&#8220; box_shadow_style=&#8220;preset2&#8243; global_colors_info=&#8220;{}&#8220;]<\/p>\n<p>&nbsp;<\/p>\n<p>&nbsp;<\/p>\n<p>&nbsp;<\/p>\n<p>&nbsp;<\/p>\n<p>&nbsp;<\/p>\n<p>&nbsp;<\/p>\n<p>&nbsp;<\/p>\n<p>&nbsp;<\/p>\n<p>&nbsp;<\/p>\n<p>&nbsp;<\/p>\n<p>&nbsp;<\/p>\n<p>&nbsp;<\/p>\n<p>&nbsp;<\/p>\n<p>&nbsp;<\/p>\n<p>&nbsp;<\/p>\n<p>[\/et_pb_text][\/et_pb_column][\/et_pb_row][\/et_pb_section]<\/p>\n","protected":false},"excerpt":{"rendered":"<p>GEOPORT\u00c1L 2.0 \u2013 AKTUALIZACE U\u017dIVATELSK\u00ddCH PO\u017dADAVK\u016e \u010cesk\u00e1 informa\u010dn\u00ed agentura \u017eivotn\u00edho prost\u0159ed\u00ed (CENIA) zah\u00e1j\u00ed nov\u00fd rok aktualizac\u00ed u\u017eivatelsk\u00fdch po\u017eadavk\u016f ke geoport\u00e1lu.V t\u00e9to souvislosti bychom v\u00e1s r\u00e1di pozvali na semin\u00e1\u0159, kter\u00fd se uskute\u010dn\u00ed\u00a0dne 4. 1. 2023 v \u010dase 9:30\u201313:00 v budov\u011b CENIA, Moskevsk\u00e1 1523\/63, Praha 10, v m\u00edstnosti 514+515.(V okol\u00ed budovy jsou placen\u00e9 parkovac\u00ed z\u00f3ny, nejbli\u017e\u0161\u00ed zast\u00e1vka [&hellip;]<\/p>\n","protected":false},"author":3,"featured_media":0,"parent":0,"menu_order":0,"comment_status":"closed","ping_status":"closed","template":"","meta":{"_et_pb_use_builder":"on","_et_pb_old_content":"","_et_gb_content_width":"","footnotes":""},"folder":[],"class_list":["post-4446","page","type-page","status-publish","hentry"],"_links":{"self":[{"href":"https:\/\/inspirujmese.eu\/sk\/wp-json\/wp\/v2\/pages\/4446","targetHints":{"allow":["GET"]}}],"collection":[{"href":"https:\/\/inspirujmese.eu\/sk\/wp-json\/wp\/v2\/pages"}],"about":[{"href":"https:\/\/inspirujmese.eu\/sk\/wp-json\/wp\/v2\/types\/page"}],"author":[{"embeddable":true,"href":"https:\/\/inspirujmese.eu\/sk\/wp-json\/wp\/v2\/users\/3"}],"replies":[{"embeddable":true,"href":"https:\/\/inspirujmese.eu\/sk\/wp-json\/wp\/v2\/comments?post=4446"}],"version-history":[{"count":8,"href":"https:\/\/inspirujmese.eu\/sk\/wp-json\/wp\/v2\/pages\/4446\/revisions"}],"predecessor-version":[{"id":4486,"href":"https:\/\/inspirujmese.eu\/sk\/wp-json\/wp\/v2\/pages\/4446\/revisions\/4486"}],"wp:attachment":[{"href":"https:\/\/inspirujmese.eu\/sk\/wp-json\/wp\/v2\/media?parent=4446"}],"wp:term":[{"taxonomy":"folder","embeddable":true,"href":"https:\/\/inspirujmese.eu\/sk\/wp-json\/wp\/v2\/folder?post=4446"}],"curies":[{"name":"wp","href":"https:\/\/api.w.org\/{rel}","templated":true}]}}