{"id":4458,"date":"2026-03-05T13:57:06","date_gmt":"2026-03-05T12:57:06","guid":{"rendered":"https:\/\/inspirujmese.eu\/?page_id=4458"},"modified":"2026-03-05T14:59:39","modified_gmt":"2026-03-05T13:59:39","slug":"seminar-ke-geoportalu-inspire","status":"publish","type":"page","link":"https:\/\/inspirujmese.eu\/sk\/seminar-ke-geoportalu-inspire\/","title":{"rendered":"SEMIN\u00c1\u0158 KE GEOPORT\u00c1LU INSPIRE"},"content":{"rendered":"<p>[et_pb_section fb_built=&#8220;1&#8243; _builder_version=&#8220;4.27.5&#8243; _module_preset=&#8220;default&#8220; background_color=&#8220;RGBA(255,255,255,0)&#8220; global_colors_info=&#8220;{}&#8220;][et_pb_row _builder_version=&#8220;4.27.0&#8243; _module_preset=&#8220;default&#8220; global_colors_info=&#8220;{}&#8220;][et_pb_column type=&#8220;4_4&#8243; _builder_version=&#8220;4.27.0&#8243; _module_preset=&#8220;default&#8220; global_colors_info=&#8220;{}&#8220;][et_pb_text _builder_version=&#8220;4.27.5&#8243; _module_preset=&#8220;default&#8220; header_font=&#8220;|||on|||||&#8220; header_text_color=&#8220;#FFFFFF&#8220; header_font_size=&#8220;37px&#8220; header_line_height=&#8220;1.4em&#8220; header_font_size_tablet=&#8220;37px&#8220; header_font_size_phone=&#8220;29px&#8220; header_font_size_last_edited=&#8220;on|phone&#8220; global_colors_info=&#8220;{}&#8220;]<\/p>\n<h1 style=\"text-align: center;\">SEMIN\u00c1\u0158 KE GEOPORT\u00c1LU INSPIRE<\/h1>\n<p>[\/et_pb_text][\/et_pb_column][\/et_pb_row][\/et_pb_section][et_pb_section fb_built=&#8220;1&#8243; _builder_version=&#8220;4.27.5&#8243; _module_preset=&#8220;default&#8220; background_color=&#8220;#d5d9db&#8220; global_colors_info=&#8220;{}&#8220;][et_pb_row _builder_version=&#8220;4.27.0&#8243; _module_preset=&#8220;default&#8220; global_colors_info=&#8220;{}&#8220;][et_pb_column type=&#8220;4_4&#8243; _builder_version=&#8220;4.27.0&#8243; _module_preset=&#8220;default&#8220; global_colors_info=&#8220;{}&#8220;][et_pb_text content_tablet=&#8220;<\/p>\n<div class=%22row col-xs-12%22>\n<div class=%22section-title-col content-center-sm%22 data-type=%22column%22>\n<h2 class=%22%22 style=%22text-align: center;%22><span>O KONFERENCI<\/span><\/h2>\n<p><span><\/span><\/p>\n<p class=%22lead%22 style=%22text-align: center;%22><strong>Zveme v\u00e1s na konferenci \u201eCopernicus forum a Inspirujme se 2023\u201c, kter\u00e1 se uskute\u010dn\u00ed ve dnech 29. \u2013 30. 11. 2023 ve Hv\u011bzd\u00e1rn\u011b a planet\u00e1riu Brno.<\/strong><span><\/span><\/p>\n<p class=%22lead%22 style=%22text-align: center;%22><strong><\/strong><\/p>\n<\/div>\n<\/div>\n<div class=%22row col-xs-12%22>\n<div class=%22button-holder space-bottom space-bottom-small content-center-sm%22 data-type=%22column%22>\n<p class=%22lead%22 style=%22text-align: center;%22><span>Evropsk\u00e1 unie i v dne\u0161n\u00ed dob\u011b pln\u00e9 nejistoty podporuje vyu\u017e\u00edv\u00e1n\u00ed modern\u00edch technologi\u00ed a lidsk\u00e9ho potenci\u00e1lu pro podporu sb\u011bru, tvorby a vyu\u017e\u00edv\u00e1n\u00ed dat o planet\u011b Zemi.<\/span><br \/><span>Program Copernicus zam\u011b\u0159en\u00fd na d\u00e1lkov\u00fd pr\u016fzkum Zem\u011b a infrastruktura INSPIRE adresuj\u00edc\u00ed harmonizovan\u00e9 sd\u00edlen\u00ed prostorov\u00fdch dat pat\u0159\u00ed mezi d\u016fle\u017eit\u00e9 iniciativy \u0159\u00edzen\u00e9 a podporovan\u00e9 Evropskou komis\u00ed ve spolupr\u00e1ci s Evropskou vesm\u00edrnou agenturou (ESA), Evropskou agenturou \u017eivotn\u00edho prost\u0159ed\u00ed (EEA), Evropskou organizac\u00ed pro vyu\u017e\u00edv\u00e1n\u00ed meteorologick\u00fdch dru\u017eic (EUMETSAT), Evropsk\u00fdm centrem pro st\u0159edn\u011bdobou p\u0159edpov\u011b\u010f po\u010das\u00ed (ECMWF) a dal\u0161\u00edmi institucemi.<\/span><br \/><span>Ob\u011b iniciativy vznikly za \u00fa\u010delem chr\u00e1nit \u017eivotn\u00ed prost\u0159ed\u00ed vyu\u017e\u00edv\u00e1n\u00edm dostate\u010dn\u00e9ho mno\u017estv\u00ed harmonizovan\u00fdch dat, kter\u00e1 jsou pro ochranu planety nezbytn\u00e9. Spojen\u00e1 konference organizov\u00e1na pod nejv\u011bt\u0161\u00ed akc\u00ed zam\u011b\u0159enou na kosmick\u00fd pr\u016fmysl Czech Space Week proto p\u0159irozen\u011b vytv\u00e1\u0159\u00ed prost\u0159ed\u00ed pro propojen\u00ed komunit a hled\u00e1n\u00ed synergi\u00ed mezi potenci\u00e1ly a v\u00fdzvami obou iniciativ.<\/span><br \/><span>V\u011b\u0159\u00edme, \u017ee tato akce p\u0159inese \u00fa\u010dastn\u00edk\u016fm novou inspiraci a poskytne p\u0159\u00edle\u017eitost pro nov\u00e9 formy spolupr\u00e1ce. Leto\u0161n\u00ed ro\u010dn\u00edk spojen\u00fdch konferenc\u00ed \u010cesk\u00e9 u\u017eivatelsk\u00e9 f\u00f3rum Copernicus a Inspirujme se tak\u00e9 poprv\u00e9 prob\u011bhne na p\u016fl cesty mezi \u010deskou a slovenskou komunitou v inspirativn\u00edm prost\u0159ed\u00ed Hv\u011bzd\u00e1rny a planet\u00e1ria v Brn\u011b.<\/span><br \/><span>Samotn\u00e1 konference v r\u00e1mci nov\u00e9ho konceptu nab\u00eddne dva dny rozd\u011blen\u00e9 dle t\u00e9mat, ka\u017ed\u00e9 z nich bude m\u00edt sv\u016fj konferen\u010dn\u00ed den a den pouze pro workshopy. Program Copernicus dostane prostor pro p\u0159edn\u00e1\u0161ky v prvn\u00edm dni, druh\u00fd den bude zam\u011b\u0159en na praktick\u00e9 workshopy. INSPIRE prob\u011bhne naopak. V nult\u00e9m dni (tedy 28. 11. 2023) pro v\u00e1s tak\u00e9 chyst\u00e1me kulturn\u00ed program.<\/span><\/p>\n<\/div>\n<\/div>\n<p>&#8220; content_phone=&#8220;<\/p>\n<div class=%22row col-xs-12%22>\n<div class=%22section-title-col content-center-sm%22 data-type=%22column%22>\n<h3 style=%22text-align: center;%22><span>O KONFERENCI<\/span><\/h3>\n<p><span><\/span><\/p>\n<p class=%22lead%22 style=%22text-align: center;%22><strong>Zveme v\u00e1s na konferenci \u201eCopernicus forum a Inspirujme se 2023\u201c, kter\u00e1 se uskute\u010dn\u00ed ve dnech 29. \u2013 30. 11. 2023 ve Hv\u011bzd\u00e1rn\u011b a planet\u00e1riu Brno.<\/strong><span><\/span><\/p>\n<p class=%22lead%22 style=%22text-align: center;%22><strong><\/strong><\/p>\n<\/div>\n<\/div>\n<div class=%22row col-xs-12%22>\n<div class=%22button-holder space-bottom space-bottom-small content-center-sm%22 data-type=%22column%22>\n<p class=%22lead%22 style=%22text-align: center;%22><span>Evropsk\u00e1 unie i v dne\u0161n\u00ed dob\u011b pln\u00e9 nejistoty podporuje vyu\u017e\u00edv\u00e1n\u00ed modern\u00edch technologi\u00ed a lidsk\u00e9ho potenci\u00e1lu pro podporu sb\u011bru, tvorby a vyu\u017e\u00edv\u00e1n\u00ed dat o planet\u011b Zemi.<\/span><br \/><span>Program Copernicus zam\u011b\u0159en\u00fd na d\u00e1lkov\u00fd pr\u016fzkum Zem\u011b a infrastruktura INSPIRE adresuj\u00edc\u00ed harmonizovan\u00e9 sd\u00edlen\u00ed prostorov\u00fdch dat pat\u0159\u00ed mezi d\u016fle\u017eit\u00e9 iniciativy \u0159\u00edzen\u00e9 a podporovan\u00e9 Evropskou komis\u00ed ve spolupr\u00e1ci s Evropskou vesm\u00edrnou agenturou (ESA), Evropskou agenturou \u017eivotn\u00edho prost\u0159ed\u00ed (EEA), Evropskou organizac\u00ed pro vyu\u017e\u00edv\u00e1n\u00ed meteorologick\u00fdch dru\u017eic (EUMETSAT), Evropsk\u00fdm centrem pro st\u0159edn\u011bdobou p\u0159edpov\u011b\u010f po\u010das\u00ed (ECMWF) a dal\u0161\u00edmi institucemi.<\/span><br \/><span>Ob\u011b iniciativy vznikly za \u00fa\u010delem chr\u00e1nit \u017eivotn\u00ed prost\u0159ed\u00ed vyu\u017e\u00edv\u00e1n\u00edm dostate\u010dn\u00e9ho mno\u017estv\u00ed harmonizovan\u00fdch dat, kter\u00e1 jsou pro ochranu planety nezbytn\u00e9. Spojen\u00e1 konference organizov\u00e1na pod nejv\u011bt\u0161\u00ed akc\u00ed zam\u011b\u0159enou na kosmick\u00fd pr\u016fmysl Czech Space Week proto p\u0159irozen\u011b vytv\u00e1\u0159\u00ed prost\u0159ed\u00ed pro propojen\u00ed komunit a hled\u00e1n\u00ed synergi\u00ed mezi potenci\u00e1ly a v\u00fdzvami obou iniciativ.<\/span><br \/><span>V\u011b\u0159\u00edme, \u017ee tato akce p\u0159inese \u00fa\u010dastn\u00edk\u016fm novou inspiraci a poskytne p\u0159\u00edle\u017eitost pro nov\u00e9 formy spolupr\u00e1ce. Leto\u0161n\u00ed ro\u010dn\u00edk spojen\u00fdch konferenc\u00ed \u010cesk\u00e9 u\u017eivatelsk\u00e9 f\u00f3rum Copernicus a Inspirujme se tak\u00e9 poprv\u00e9 prob\u011bhne na p\u016fl cesty mezi \u010deskou a slovenskou komunitou v inspirativn\u00edm prost\u0159ed\u00ed Hv\u011bzd\u00e1rny a planet\u00e1ria v Brn\u011b.<\/span><br \/><span>Samotn\u00e1 konference v r\u00e1mci nov\u00e9ho konceptu nab\u00eddne dva dny rozd\u011blen\u00e9 dle t\u00e9mat, ka\u017ed\u00e9 z nich bude m\u00edt sv\u016fj konferen\u010dn\u00ed den a den pouze pro workshopy. Program Copernicus dostane prostor pro p\u0159edn\u00e1\u0161ky v prvn\u00edm dni, druh\u00fd den bude zam\u011b\u0159en na praktick\u00e9 workshopy. INSPIRE prob\u011bhne naopak. V nult\u00e9m dni (tedy 28. 11. 2023) pro v\u00e1s tak\u00e9 chyst\u00e1me kulturn\u00ed program.<\/span><\/p>\n<\/div>\n<\/div>\n<p>&#8220; content_last_edited=&#8220;off|desktop&#8220; _builder_version=&#8220;4.27.5&#8243; _module_preset=&#8220;default&#8220; text_font=&#8220;&#8211;et_global_body_font|300|||||||&#8220; text_text_color=&#8220;#000000&#8243; text_font_size=&#8220;15px&#8220; text_line_height=&#8220;2em&#8220; header_font=&#8220;Roboto||||||||&#8220; header_2_font=&#8220;&#8211;et_global_heading_font||||on|||#FFFFFF|&#8220; header_2_text_color=&#8220;#FFFFFF&#8220; header_2_font_size=&#8220;44px&#8220; header_3_text_color=&#8220;#FFFFFF&#8220; header_3_font_size=&#8220;30px&#8220; hover_enabled=&#8220;0&#8243; text_font_size_tablet=&#8220;15px&#8220; text_font_size_phone=&#8220;12px&#8220; text_font_size_last_edited=&#8220;on|phone&#8220; content_sk_sk=&#8220;<\/p>\n<div class=%22row col-xs-12%22>\n<div class=%22section-title-col content-center-sm%22 data-type=%22column%22>\n<h2 class=%22%22 style=%22text-align: center;%22><span>O KONFERENCI<\/span><\/h2>\n<p><span><\/span><\/p>\n<p class=%22lead%22 style=%22text-align: center;%22><strong>Zveme v\u00e1s na konferenci \u201eCopernicus forum a Inspirujme se 2023\u201c, kter\u00e1 se uskute\u010dn\u00ed ve dnech 29. \u2013 30. 11. 2023 ve Hv\u011bzd\u00e1rn\u011b a planet\u00e1riu Brno.<\/strong><span><\/span><\/p>\n<p class=%22lead%22 style=%22text-align: center;%22><strong><\/strong><\/p>\n<\/div>\n<\/div>\n<div class=%22row col-xs-12%22>\n<div class=%22button-holder space-bottom space-bottom-small content-center-sm%22 data-type=%22column%22>\n<p class=%22lead%22 style=%22text-align: center;%22><span>Evropsk\u00e1 unie i v dne\u0161n\u00ed dob\u011b pln\u00e9 nejistoty podporuje vyu\u017e\u00edv\u00e1n\u00ed modern\u00edch technologi\u00ed a lidsk\u00e9ho potenci\u00e1lu pro podporu sb\u011bru, tvorby a vyu\u017e\u00edv\u00e1n\u00ed dat o planet\u011b Zemi.<\/span><br \/><span>Program Copernicus zam\u011b\u0159en\u00fd na d\u00e1lkov\u00fd pr\u016fzkum Zem\u011b a infrastruktura INSPIRE adresuj\u00edc\u00ed harmonizovan\u00e9 sd\u00edlen\u00ed prostorov\u00fdch dat pat\u0159\u00ed mezi d\u016fle\u017eit\u00e9 iniciativy \u0159\u00edzen\u00e9 a podporovan\u00e9 Evropskou komis\u00ed ve spolupr\u00e1ci s Evropskou vesm\u00edrnou agenturou (ESA), Evropskou agenturou \u017eivotn\u00edho prost\u0159ed\u00ed (EEA), Evropskou organizac\u00ed pro vyu\u017e\u00edv\u00e1n\u00ed meteorologick\u00fdch dru\u017eic (EUMETSAT), Evropsk\u00fdm centrem pro st\u0159edn\u011bdobou p\u0159edpov\u011b\u010f po\u010das\u00ed (ECMWF) a dal\u0161\u00edmi institucemi.<\/span><br \/><span>Ob\u011b iniciativy vznikly za \u00fa\u010delem chr\u00e1nit \u017eivotn\u00ed prost\u0159ed\u00ed vyu\u017e\u00edv\u00e1n\u00edm dostate\u010dn\u00e9ho mno\u017estv\u00ed harmonizovan\u00fdch dat, kter\u00e1 jsou pro ochranu planety nezbytn\u00e9. Spojen\u00e1 konference organizov\u00e1na pod nejv\u011bt\u0161\u00ed akc\u00ed zam\u011b\u0159enou na kosmick\u00fd pr\u016fmysl Czech Space Week proto p\u0159irozen\u011b vytv\u00e1\u0159\u00ed prost\u0159ed\u00ed pro propojen\u00ed komunit a hled\u00e1n\u00ed synergi\u00ed mezi potenci\u00e1ly a v\u00fdzvami obou iniciativ.<\/span><br \/><span>V\u011b\u0159\u00edme, \u017ee tato akce p\u0159inese \u00fa\u010dastn\u00edk\u016fm novou inspiraci a poskytne p\u0159\u00edle\u017eitost pro nov\u00e9 formy spolupr\u00e1ce. Leto\u0161n\u00ed ro\u010dn\u00edk spojen\u00fdch konferenc\u00ed \u010cesk\u00e9 u\u017eivatelsk\u00e9 f\u00f3rum Copernicus a Inspirujme se tak\u00e9 poprv\u00e9 prob\u011bhne na p\u016fl cesty mezi \u010deskou a slovenskou komunitou v inspirativn\u00edm prost\u0159ed\u00ed Hv\u011bzd\u00e1rny a planet\u00e1ria v Brn\u011b.<\/span><br \/><span>Samotn\u00e1 konference v r\u00e1mci nov\u00e9ho konceptu nab\u00eddne dva dny rozd\u011blen\u00e9 dle t\u00e9mat, ka\u017ed\u00e9 z nich bude m\u00edt sv\u016fj konferen\u010dn\u00ed den a den pouze pro workshopy. Program Copernicus dostane prostor pro p\u0159edn\u00e1\u0161ky v prvn\u00edm dni, druh\u00fd den bude zam\u011b\u0159en na praktick\u00e9 workshopy. INSPIRE prob\u011bhne naopak. V nult\u00e9m dni (tedy 28. 11. 2023) pro v\u00e1s tak\u00e9 chyst\u00e1me kulturn\u00ed program.<\/span><\/p>\n<\/div>\n<\/div>\n<p>&#8220; global_colors_info=&#8220;{}&#8220; sticky_enabled=&#8220;0&#8243;]<\/p>\n<div class=\"row col-xs-12\">\n<div class=\"section-title-col content-center-sm\" data-type=\"column\">\n<p><span style=\"color: #000000;\">CENIA, \u010desk\u00e1 informa\u010dn\u00ed agentura \u017eivotn\u00edho prost\u0159ed\u00ed, V\u00e1s zve na semin\u00e1\u0159 ke sb\u011bru u\u017eivatelsk\u00fdch po\u017eadavk\u016f pro nov\u00fd Geoport\u00e1l INSPIRE. Akce se bude konat dne\u00a0<strong>3.12.2019 od 10:00 do 12:30 v budov\u011b Ministerstva \u017eivotn\u00edho prost\u0159ed\u00ed, Vr\u0161ovick\u00e1 1442\/65, Praha 10, m\u00edstnost 900.<\/strong>\u00a0Novinkou tohoto semin\u00e1\u0159e bude tak\u00e9\u00a0<strong>p\u0159enos online<\/strong>, prost\u0159ednictv\u00edm kter\u00e9ho se budete moci zapojit i ze sv\u00e9 kancel\u00e1\u0159e nebo z domova.<\/span><\/p>\n<div><span style=\"color: #000000;\">Sou\u010dasn\u00fd\u00a0<a href=\"https:\/\/geoportal.gov.cz\/\" target=\"_blank\" rel=\"noopener noreferrer\" style=\"color: #000000;\">N\u00e1rodn\u00ed geoport\u00e1l INSPIRE<\/a>, kter\u00fd CENIA provozuje ji\u017e od roku 2011, \u010dek\u00e1 obnova. Pro nov\u00fd geoport\u00e1l sb\u00edr\u00e1me podn\u011bty a n\u00e1pady a chceme zn\u00e1t v\u00e1\u0161 n\u00e1zor na st\u00e1vaj\u00edc\u00ed \u0159e\u0161en\u00ed.<\/span><\/div>\n<div><span style=\"color: #000000;\"><strong>Body k diskuzi:<\/strong><\/span><\/div>\n<ul>\n<li><span style=\"color: #000000;\">Aktu\u00e1ln\u00ed geoport\u00e1l z pohledu u\u017eivatele a poskytovatele dat<\/span><\/li>\n<li><span style=\"color: #000000;\">N\u00e1stroje geoport\u00e1lu, kter\u00e9 byste rozhodn\u011b do budoucna nepot\u0159ebovali<\/span><\/li>\n<li><span style=\"color: #000000;\">N\u00e1stroje geoport\u00e1lu, kter\u00e9 by i v budouc\u00edm \u0159e\u0161en\u00ed m\u011bly z\u016fstat<\/span><\/li>\n<li><span style=\"color: #000000;\">N\u00e1pady na nov\u00e9 funkcionality geoport\u00e1lu<\/span><\/li>\n<li><span style=\"color: #000000;\">Agendy, kter\u00e9 by v\u00e1m nov\u00fd geoport\u00e1l mohl pomoci vy\u0159e\u0161it nebo zjednodu\u0161it<\/span><\/li>\n<\/ul>\n<\/div>\n<\/div>\n<p>[\/et_pb_text][\/et_pb_column][\/et_pb_row][\/et_pb_section]<\/p>\n","protected":false},"excerpt":{"rendered":"<p>SEMIN\u00c1\u0158 KE GEOPORT\u00c1LU INSPIRE CENIA, \u010desk\u00e1 informa\u010dn\u00ed agentura \u017eivotn\u00edho prost\u0159ed\u00ed, V\u00e1s zve na semin\u00e1\u0159 ke sb\u011bru u\u017eivatelsk\u00fdch po\u017eadavk\u016f pro nov\u00fd Geoport\u00e1l INSPIRE. Akce se bude konat dne\u00a03.12.2019 od 10:00 do 12:30 v budov\u011b Ministerstva \u017eivotn\u00edho prost\u0159ed\u00ed, Vr\u0161ovick\u00e1 1442\/65, Praha 10, m\u00edstnost 900.\u00a0Novinkou tohoto semin\u00e1\u0159e bude tak\u00e9\u00a0p\u0159enos online, prost\u0159ednictv\u00edm kter\u00e9ho se budete moci zapojit i ze [&hellip;]<\/p>\n","protected":false},"author":3,"featured_media":0,"parent":0,"menu_order":0,"comment_status":"closed","ping_status":"closed","template":"","meta":{"_et_pb_use_builder":"on","_et_pb_old_content":"","_et_gb_content_width":"","footnotes":""},"folder":[],"class_list":["post-4458","page","type-page","status-publish","hentry"],"_links":{"self":[{"href":"https:\/\/inspirujmese.eu\/sk\/wp-json\/wp\/v2\/pages\/4458","targetHints":{"allow":["GET"]}}],"collection":[{"href":"https:\/\/inspirujmese.eu\/sk\/wp-json\/wp\/v2\/pages"}],"about":[{"href":"https:\/\/inspirujmese.eu\/sk\/wp-json\/wp\/v2\/types\/page"}],"author":[{"embeddable":true,"href":"https:\/\/inspirujmese.eu\/sk\/wp-json\/wp\/v2\/users\/3"}],"replies":[{"embeddable":true,"href":"https:\/\/inspirujmese.eu\/sk\/wp-json\/wp\/v2\/comments?post=4458"}],"version-history":[{"count":4,"href":"https:\/\/inspirujmese.eu\/sk\/wp-json\/wp\/v2\/pages\/4458\/revisions"}],"predecessor-version":[{"id":4485,"href":"https:\/\/inspirujmese.eu\/sk\/wp-json\/wp\/v2\/pages\/4458\/revisions\/4485"}],"wp:attachment":[{"href":"https:\/\/inspirujmese.eu\/sk\/wp-json\/wp\/v2\/media?parent=4458"}],"wp:term":[{"taxonomy":"folder","embeddable":true,"href":"https:\/\/inspirujmese.eu\/sk\/wp-json\/wp\/v2\/folder?post=4458"}],"curies":[{"name":"wp","href":"https:\/\/api.w.org\/{rel}","templated":true}]}}